{"id":6939,"date":"2022-11-09T19:43:25","date_gmt":"2022-11-09T19:43:25","guid":{"rendered":"https:\/\/www.produccionesmaestras.com\/?page_id=6939"},"modified":"2025-02-20T19:44:05","modified_gmt":"2025-02-20T19:44:05","slug":"festival-litercrearte","status":"publish","type":"page","link":"https:\/\/litercreartefestival.com\/eu\/festival-litercrearte\/","title":{"rendered":"Festival Litercrearte"},"content":{"rendered":"<div class=\"vc_row wpb_row vc_row-fluid vc_custom_1667416357248 vc_row-has-fill\" ><div class=\"wpb_column vc_column_container vc_col-sm-6\"><div class=\"vc_column-inner\"><div class=\"wpb_wrapper\"><div class=\"mkdf-elements-holder    mkdf-one-column  mkdf-responsive-mode-768\" ><div class=\"mkdf-eh-item\"  data-item-class=\"mkdf-eh-custom-6956\">\n\t<div class=\"mkdf-eh-item-inner\">\n\t\t<div class=\"mkdf-eh-item-content mkdf-eh-custom-6956\" >\n\t\t\t\n\t<div  class=\"wpb_single_image wpb_content_element vc_align_left  wpb_animate_when_almost_visible wpb_flipInX flipInX vc_custom_1668100021294\">\n\t\t\n\t\t<figure class=\"wpb_wrapper vc_figure\">\n\t\t\t<div class=\"vc_single_image-wrapper vc_box_shadow_3d  vc_box_border_grey\"><\/div>\n\t\t<\/figure>\n\t<\/div>\n\t\t<\/div>\n\t<\/div>\n<\/div><\/div><\/div><\/div><\/div><div class=\"wpb_column vc_column_container vc_col-sm-6\"><div class=\"vc_column-inner\"><div class=\"wpb_wrapper\"><div class=\"mkdf-elements-holder    mkdf-one-column  mkdf-responsive-mode-768\" ><div class=\"mkdf-eh-item\"  data-item-class=\"mkdf-eh-custom-2289\">\n\t<div class=\"mkdf-eh-item-inner\">\n\t\t<div class=\"mkdf-eh-item-content mkdf-eh-custom-2289\" >\n\t\t\t<div class=\"vc_empty_space  vc_custom_1667907625836\"   style=\"height: 100px\"><span class=\"vc_empty_space_inner\"><\/span><\/div><section class=\"vc_cta3-container vc_cta3-size-md\"><div class=\"vc_general vc_cta3 vc_cta3-style-custom vc_cta3-shape-rounded vc_cta3-align-left vc_cta3-icon-size-md\"><div class=\"vc_cta3_content-container\"><div class=\"vc_cta3-content\"><header class=\"vc_cta3-content-header\"><\/header><h2><span style=\"color: #123c5d;\">Nuestra motivaci\u00f3n&#8230;<\/span><\/h2>\n<h5 class=\"translation-block\">Literatura eta antzerkia dira gure pasioetako bi. Horiek uztartzeak bultzatu gaitu <strong>LiterArte Jaialdia sortzera.<\/strong><\/h5>\n<h5><span style=\"color: #123c5d;\">Bi arte-adierazpen horiek aukera ematen digute butakatik, aulkitik edo besaulkitik gizakiarentzako oinarrizkoak diren esperientzia emozional eta zirraragarriak imajinatzeko, amesteko, gogoratzeko eta, azken batean, bizitzeko.<\/span><\/h5>\n<\/div><\/div><\/div><\/section>\t\t<\/div>\n\t<\/div>\n<\/div><\/div><\/div><\/div><\/div><\/div><div class=\"vc_row wpb_row vc_row-fluid vc_custom_1667416357248 vc_row-has-fill\" ><div class=\"wpb_column vc_column_container vc_col-sm-12\"><div class=\"vc_column-inner\"><div class=\"wpb_wrapper\"><div class=\"vc_empty_space\"   style=\"height: 15px\"><span class=\"vc_empty_space_inner\"><\/span><\/div><div class=\"mkdf-elements-holder    mkdf-one-column  mkdf-responsive-mode-768\" ><div class=\"mkdf-eh-item\"  data-item-class=\"mkdf-eh-custom-1916\">\n\t<div class=\"mkdf-eh-item-inner\">\n\t\t<div class=\"mkdf-eh-item-content mkdf-eh-custom-1916\" >\n\t\t\t\n\t<div class=\"wpb_text_column wpb_content_element  wpb_animate_when_almost_visible wpb_fadeIn fadeIn\" >\n\t\t<div class=\"wpb_wrapper\">\n\t\t\t<h2 style=\"text-align: center;\"><span style=\"color: #123c5d;\">\u2026eta gure helburuak.<\/span><\/h2>\n\n\t\t<\/div>\n\t<\/div>\n<div class=\"vc_empty_space\"   style=\"height: 15px\"><span class=\"vc_empty_space_inner\"><\/span><\/div>\t\t<\/div>\n\t<\/div>\n<\/div><\/div><\/div><\/div><\/div><\/div><div class=\"mkdf-row-grid-section-wrapper\"  ><div class=\"mkdf-row-grid-section\"><div class=\"vc_row wpb_row vc_row-fluid vc_custom_1663431775374\" ><div class=\"wpb_column vc_column_container vc_col-sm-4\"><div class=\"vc_column-inner\"><div class=\"wpb_wrapper\"><div class=\"mkdf-elements-holder    mkdf-one-column  mkdf-responsive-mode-768\" ><div class=\"mkdf-eh-item   mkdf-horizontal-alignment-center\"  data-item-class=\"mkdf-eh-custom-4632\">\n\t<div class=\"mkdf-eh-item-inner\">\n\t\t<div class=\"mkdf-eh-item-content mkdf-eh-custom-4632\" >\n\t\t\t<div class=\"mkdf-visual-effects-holder  mkdf-veh-uncover mkdf-veh-from-left\" >\n\t<div class=\"mkdf-veh-inner\">\n\t\t\t\t\t<div class=\"mkdf-veh-mask\"  style=\"background-color: #ffffff\"><\/div>\n\t\t\t\t<div class=\"mkdf-veh-content\">\n\t\t\t\n\t<div class=\"wpb_text_column wpb_content_element\" >\n\t\t<div class=\"wpb_wrapper\">\n\t\t\t<h6 style=\"text-align: center;\">Antzergintza garaikidea sortzen laguntzea.<\/h6>\n\n\t\t<\/div>\n\t<\/div>\n\t\t<\/div>\n\t<\/div>\n<\/div>\t\t<\/div>\n\t<\/div>\n<\/div><\/div><\/div><\/div><\/div><div class=\"wpb_column vc_column_container vc_col-sm-4\"><div class=\"vc_column-inner\"><div class=\"wpb_wrapper\"><div class=\"mkdf-elements-holder    mkdf-one-column  mkdf-responsive-mode-768\" ><div class=\"mkdf-eh-item   mkdf-horizontal-alignment-center\"  data-item-class=\"mkdf-eh-custom-5769\">\n\t<div class=\"mkdf-eh-item-inner\">\n\t\t<div class=\"mkdf-eh-item-content mkdf-eh-custom-5769\" >\n\t\t\t<div class=\"mkdf-visual-effects-holder  mkdf-veh-uncover mkdf-veh-from-left\" >\n\t<div class=\"mkdf-veh-inner\">\n\t\t\t\t\t<div class=\"mkdf-veh-mask\"  style=\"background-color: #ffffff\"><\/div>\n\t\t\t\t<div class=\"mkdf-veh-content\">\n\t\t\t\n\t<div class=\"wpb_text_column wpb_content_element\" >\n\t\t<div class=\"wpb_wrapper\">\n\t\t\t<h6 style=\"text-align: center;\">Gure erkidegoko egileen jatorrizko testuak sortzen laguntzea, lehendik dagoen literatura-lan bat inspirazio-iturritzat hartuta.<\/h6>\n\n\t\t<\/div>\n\t<\/div>\n\t\t<\/div>\n\t<\/div>\n<\/div>\t\t<\/div>\n\t<\/div>\n<\/div><\/div><\/div><\/div><\/div><div class=\"wpb_column vc_column_container vc_col-sm-4\"><div class=\"vc_column-inner\"><div class=\"wpb_wrapper\"><div class=\"mkdf-elements-holder    mkdf-one-column  mkdf-responsive-mode-768\" ><div class=\"mkdf-eh-item   mkdf-horizontal-alignment-center\"  data-item-class=\"mkdf-eh-custom-3586\">\n\t<div class=\"mkdf-eh-item-inner\">\n\t\t<div class=\"mkdf-eh-item-content mkdf-eh-custom-3586\" >\n\t\t\t<div class=\"mkdf-visual-effects-holder  mkdf-veh-uncover mkdf-veh-from-left\" >\n\t<div class=\"mkdf-veh-inner\">\n\t\t\t\t\t<div class=\"mkdf-veh-mask\"  style=\"background-color: #ffffff\"><\/div>\n\t\t\t\t<div class=\"mkdf-veh-content\">\n\t\t\t\n\t<div class=\"wpb_text_column wpb_content_element\" >\n\t\t<div class=\"wpb_wrapper\">\n\t\t\t<h6 style=\"text-align: center;\">Nafarroako antzerkigintza-sorkuntza aitortzea, bultzatzea eta ikusaraztea, gaztelaniaz eta euskaraz.<\/h6>\n\n\t\t<\/div>\n\t<\/div>\n\t\t<\/div>\n\t<\/div>\n<\/div>\t\t<\/div>\n\t<\/div>\n<\/div><\/div><\/div><\/div><\/div><\/div><\/div><\/div><div class=\"mkdf-row-grid-section-wrapper\"  ><div class=\"mkdf-row-grid-section\"><div class=\"vc_row wpb_row vc_row-fluid vc_custom_1663431775374\" ><div class=\"wpb_column vc_column_container vc_col-sm-4\"><div class=\"vc_column-inner\"><div class=\"wpb_wrapper\"><div class=\"mkdf-elements-holder    mkdf-one-column  mkdf-responsive-mode-768\" ><div class=\"mkdf-eh-item   mkdf-horizontal-alignment-center\"  data-item-class=\"mkdf-eh-custom-2597\">\n\t<div class=\"mkdf-eh-item-inner\">\n\t\t<div class=\"mkdf-eh-item-content mkdf-eh-custom-2597\" >\n\t\t\t<div class=\"mkdf-visual-effects-holder  mkdf-veh-uncover mkdf-veh-from-left\" >\n\t<div class=\"mkdf-veh-inner\">\n\t\t\t\t\t<div class=\"mkdf-veh-mask\"  style=\"background-color: #ffffff\"><\/div>\n\t\t\t\t<div class=\"mkdf-veh-content\">\n\t\t\t\n\t<div class=\"wpb_text_column wpb_content_element\" >\n\t\t<div class=\"wpb_wrapper\">\n\t\t\t<h6 style=\"text-align: center;\" class=\"translation-block\"><a href=\"https:\/\/www.navarra.es\/es\/bibliotecas\" target=\"_self\"><strong>Nafarroako liburutegien sareko<\/strong><\/a> irakurketa-kluben jardueran laguntzea, klub horiek sustatzea, ikusaraztea eta babestea.<\/h6>\n\n\t\t<\/div>\n\t<\/div>\n\t\t<\/div>\n\t<\/div>\n<\/div>\t\t<\/div>\n\t<\/div>\n<\/div><\/div><\/div><\/div><\/div><div class=\"wpb_column vc_column_container vc_col-sm-4\"><div class=\"vc_column-inner\"><div class=\"wpb_wrapper\"><div class=\"mkdf-elements-holder    mkdf-one-column  mkdf-responsive-mode-768\" ><div class=\"mkdf-eh-item   mkdf-horizontal-alignment-center\"  data-item-class=\"mkdf-eh-custom-9647\">\n\t<div class=\"mkdf-eh-item-inner\">\n\t\t<div class=\"mkdf-eh-item-content mkdf-eh-custom-9647\" >\n\t\t\t<div class=\"mkdf-visual-effects-holder  mkdf-veh-uncover mkdf-veh-from-left\" >\n\t<div class=\"mkdf-veh-inner\">\n\t\t\t\t\t<div class=\"mkdf-veh-mask\"  style=\"background-color: #ffffff\"><\/div>\n\t\t\t\t<div class=\"mkdf-veh-content\">\n\t\t\t\n\t<div class=\"wpb_text_column wpb_content_element\" >\n\t\t<div class=\"wpb_wrapper\">\n\t\t\t<h6 style=\"text-align: center;\">Parte hartzen duten herrietako kultura-etxeen, jokaespazioe\nn eta liburutegien lana babestea, tokiko kultura-ekosistema propio baten dinamizatzaile gisa.<\/h6>\n\n\t\t<\/div>\n\t<\/div>\n\t\t<\/div>\n\t<\/div>\n<\/div>\t\t<\/div>\n\t<\/div>\n<\/div><\/div><\/div><\/div><\/div><div class=\"wpb_column vc_column_container vc_col-sm-4\"><div class=\"vc_column-inner\"><div class=\"wpb_wrapper\"><div class=\"mkdf-elements-holder    mkdf-one-column  mkdf-responsive-mode-768\" ><div class=\"mkdf-eh-item   mkdf-horizontal-alignment-center\"  data-item-class=\"mkdf-eh-custom-9595\">\n\t<div class=\"mkdf-eh-item-inner\">\n\t\t<div class=\"mkdf-eh-item-content mkdf-eh-custom-9595\" >\n\t\t\t<div class=\"mkdf-visual-effects-holder  mkdf-veh-uncover mkdf-veh-from-left\" >\n\t<div class=\"mkdf-veh-inner\">\n\t\t\t\t\t<div class=\"mkdf-veh-mask\"  style=\"background-color: #ffffff\"><\/div>\n\t\t\t\t<div class=\"mkdf-veh-content\">\n\t\t\t\n\t<div class=\"wpb_text_column wpb_content_element\" >\n\t\t<div class=\"wpb_wrapper\">\n\t\t\t<h6 style=\"text-align: center;\">Jendeari prozesua ezagutzeko eta antzerki-proposamen bat sortzeak esan nahi duenaren esperientzia partekatzako aukera eskaintzea<\/h6>\n\n\t\t<\/div>\n\t<\/div>\n\t\t<\/div>\n\t<\/div>\n<\/div>\t\t<\/div>\n\t<\/div>\n<\/div><\/div><\/div><\/div><\/div><\/div><\/div><\/div><div class=\"vc_row wpb_row vc_row-fluid vc_custom_1667416357248 vc_row-has-fill\" ><div class=\"wpb_column vc_column_container vc_col-sm-12\"><div class=\"vc_column-inner\"><div class=\"wpb_wrapper\"><div class=\"mkdf-elements-holder    mkdf-one-column  mkdf-responsive-mode-768\" ><div class=\"mkdf-eh-item\"  data-item-class=\"mkdf-eh-custom-8211\">\n\t<div class=\"mkdf-eh-item-inner\">\n\t\t<div class=\"mkdf-eh-item-content mkdf-eh-custom-8211\" >\n\t\t\t<div class=\"vc_empty_space\"   style=\"height: 15px\"><span class=\"vc_empty_space_inner\"><\/span><\/div>\n\t<div class=\"wpb_text_column wpb_content_element\" >\n\t\t<div class=\"wpb_wrapper\">\n\t\t\t<h2 style=\"text-align: center;\"><span style=\"color: #123c5d;\">Emanaldia...<\/span><\/h2>\n\n\t\t<\/div>\n\t<\/div>\n\t\t<\/div>\n\t<\/div>\n<\/div><\/div><\/div><\/div><\/div><\/div><div class=\"mkdf-row-grid-section-wrapper mkdf-content-aligment-center\"  ><div class=\"mkdf-row-grid-section\"><div class=\"vc_row wpb_row vc_row-fluid vc_custom_1663431812009\" ><div class=\"wpb_column vc_column_container vc_col-sm-2\"><div class=\"vc_column-inner\"><div class=\"wpb_wrapper\"><\/div><\/div><\/div><div class=\"wpb_column vc_column_container vc_col-sm-8\"><div class=\"vc_column-inner\"><div class=\"wpb_wrapper\"><div class=\"mkdf-elements-holder    mkdf-one-column  mkdf-responsive-mode-768\" ><div class=\"mkdf-eh-item\"  data-item-class=\"mkdf-eh-custom-3847\">\n\t<div class=\"mkdf-eh-item-inner\">\n\t\t<div class=\"mkdf-eh-item-content mkdf-eh-custom-3847\" >\n\t\t\t<div class=\"mkdf-show-list-holder mkdf-sl-gallery  mkdf-no-space mkdf-sl-one-columns mkdf-sl-pag-no-pagination\"  data-type=\"gallery\" data-number-of-columns=\"1\" data-space-between-items=\"no\" data-number-of-items=\"-1\" data-category=\"literarte\" data-selected-shows=\"7005\" data-title-tag=\"h3\" data-image-proportions=\"medium\" data-enable-fixed-proportions=\"no\" data-orderby=\"date\" data-order=\"ASC\" data-show-single-layout=\"info-bellow\" data-show-slider=\"no\" data-slider-navigation=\"no\" data-slider-pagination=\"no\" data-pagination-type=\"no-pagination\" data-slider-autoplay=\"no\" data-max-num-pages=\"0\" data-next-page=\"2\">\n\t<div class=\"mkdf-sl-inner mkdf-outer-space\" data-number-of-items=\"1\" data-enable-navigation=\"no\" data-enable-pagination=\"no\" data-enable-autoplay=\"no\">\n\t\tSorry, no posts matched your criteria.\t<\/div>\n\t<\/div>\t\t<\/div>\n\t<\/div>\n<\/div><\/div><\/div><\/div><\/div><div class=\"wpb_column vc_column_container vc_col-sm-2\"><div class=\"vc_column-inner\"><div class=\"wpb_wrapper\"><\/div><\/div><\/div><\/div><\/div><\/div><div class=\"mkdf-row-grid-section-wrapper mkdf-content-aligment-center\"  ><div class=\"mkdf-row-grid-section\"><div class=\"vc_row wpb_row vc_row-fluid vc_custom_1663431812009\" ><div class=\"wpb_column vc_column_container vc_col-sm-2\"><div class=\"vc_column-inner\"><div class=\"wpb_wrapper\"><\/div><\/div><\/div><div class=\"wpb_column vc_column_container vc_col-sm-8\"><div class=\"vc_column-inner\"><div class=\"wpb_wrapper\"><div class=\"mkdf-elements-holder    mkdf-one-column  mkdf-responsive-mode-768 mkdf-one-column-alignment-center\" ><div class=\"mkdf-eh-item   mkdf-horizontal-alignment-center\"  data-item-class=\"mkdf-eh-custom-5721\">\n\t<div class=\"mkdf-eh-item-inner\">\n\t\t<div class=\"mkdf-eh-item-content mkdf-eh-custom-5721\" >\n\t\t\t<div class=\"wpb_images_carousel wpb_content_element vc_clearfix\"><div class=\"wpb_wrapper\"><div id=\"vc_images-carousel-1-1788255959\" data-ride=\"vc_carousel\" data-wrap=\"false\" style=\"width: 800px;\" data-interval=\"8000\" data-auto-height=\"yes\" data-mode=\"horizontal\" data-partial=\"false\" data-per-view=\"1\" data-hide-on-end=\"false\" class=\"vc_slide vc_images_carousel\"><div class=\"vc_carousel-inner\"><div class=\"vc_carousel-slideline\"><div class=\"vc_carousel-slideline-inner\"><div class=\"vc_item\"><div class=\"vc_inner\"><a class=\"prettyphoto\" href=\"\" data-rel=\"prettyPhoto[rel-6939-3090249409]\"><\/a><\/div><\/div><div class=\"vc_item\"><div class=\"vc_inner\"><a class=\"prettyphoto\" href=\"\" data-rel=\"prettyPhoto[rel-6939-3090249409]\"><\/a><\/div><\/div><div class=\"vc_item\"><div class=\"vc_inner\"><a class=\"prettyphoto\" href=\"\" data-rel=\"prettyPhoto[rel-6939-3090249409]\"><\/a><\/div><\/div><div class=\"vc_item\"><div class=\"vc_inner\"><a class=\"prettyphoto\" href=\"\" data-rel=\"prettyPhoto[rel-6939-3090249409]\"><\/a><\/div><\/div><div class=\"vc_item\"><div class=\"vc_inner\"><a class=\"prettyphoto\" href=\"\" data-rel=\"prettyPhoto[rel-6939-3090249409]\"><\/a><\/div><\/div><div class=\"vc_item\"><div class=\"vc_inner\"><a class=\"prettyphoto\" href=\"\" data-rel=\"prettyPhoto[rel-6939-3090249409]\"><\/a><\/div><\/div><div class=\"vc_item\"><div class=\"vc_inner\"><a class=\"prettyphoto\" href=\"\" data-rel=\"prettyPhoto[rel-6939-3090249409]\"><\/a><\/div><\/div><div class=\"vc_item\"><div class=\"vc_inner\"><a class=\"prettyphoto\" href=\"\" data-rel=\"prettyPhoto[rel-6939-3090249409]\"><\/a><\/div><\/div><\/div><\/div><\/div><a class=\"vc_left vc_carousel-control\" href=\"#vc_images-carousel-1-1788255959\" data-slide=\"prev\"><span class=\"icon-prev\"><\/span><\/a><a class=\"vc_right vc_carousel-control\" href=\"#vc_images-carousel-1-1788255959\" data-slide=\"next\"><span class=\"icon-next\"><\/span><\/a><\/div><\/div><\/div>\t\t<\/div>\n\t<\/div>\n<\/div><\/div><\/div><\/div><\/div><div class=\"wpb_column vc_column_container vc_col-sm-2\"><div class=\"vc_column-inner\"><div class=\"wpb_wrapper\"><\/div><\/div><\/div><\/div><\/div><\/div><div class=\"vc_row wpb_row vc_row-fluid vc_custom_1667416357248 vc_row-has-fill\" ><div class=\"wpb_column vc_column_container vc_col-sm-12\"><div class=\"vc_column-inner\"><div class=\"wpb_wrapper\"><div class=\"vc_empty_space\"   style=\"height: 15px\"><span class=\"vc_empty_space_inner\"><\/span><\/div><div class=\"mkdf-elements-holder    mkdf-one-column  mkdf-responsive-mode-768\" ><div class=\"mkdf-eh-item\"  data-item-class=\"mkdf-eh-custom-5566\">\n\t<div class=\"mkdf-eh-item-inner\">\n\t\t<div class=\"mkdf-eh-item-content mkdf-eh-custom-5566\" >\n\t\t\t\n\t<div class=\"wpb_text_column wpb_content_element\" >\n\t\t<div class=\"wpb_wrapper\">\n\t\t\t<h2 style=\"text-align: center;\"><span style=\"color: #123c5d;\">Dramaturgia...<\/span><\/h2>\n\n\t\t<\/div>\n\t<\/div>\n\t\t<\/div>\n\t<\/div>\n<\/div><\/div><\/div><\/div><\/div><\/div><div class=\"vc_row wpb_row vc_row-fluid vc_custom_1663410136159\" ><div class=\"wpb_column vc_column_container vc_col-sm-12\"><div class=\"vc_column-inner\"><div class=\"wpb_wrapper\"><\/div><\/div><\/div><div class=\"wpb_column vc_column_container vc_col-sm-12\"><div class=\"vc_column-inner\"><div class=\"wpb_wrapper\"><div class=\"mkdf-elements-holder    mkdf-one-column  mkdf-responsive-mode-768\" ><div class=\"mkdf-eh-item\"  data-item-class=\"mkdf-eh-custom-6863\" data-1366-1600=\"0 4.5% 0\" data-1024-1366=\"0 5.5% 0\" data-768-1024=\"0 4.5% 0\" data-680-768=\"0 4% 0\" data-680=\"0 0% 0\">\n\t<div class=\"mkdf-eh-item-inner\">\n\t\t<div class=\"mkdf-eh-item-content mkdf-eh-custom-6863\" style=\"padding: 0 16.5% 0\">\n\t\t\t<div class=\"mkdf-role-list-holder mkdf-normal-space mkdf-rl-two-columns mkdf-rl-appear-fx\">\n\t<div class=\"mkdf-rl-inner mkdf-outer-space\" data-number-of-items=\"2\" data-enable-navigation=\"no\" data-enable-pagination=\"no\">\n\t\t\n<div class=\"mkdf-role mkdf-item-space info-bellow mkdf-hidden-item\">\n\t<div class=\"mkdf-role-inner\">\n\t\t\t\t\t<div class=\"mkdf-role-image\">\n\t\t\t\t<a itemprop=\"url\" href=\"https:\/\/litercreartefestival.com\/eu\/role-member\/literarte-i-ana-maestrojuan\/\" target=\"_self\">\n\t\t\t\t\t\t\t\t\t\t\t<img loading=\"lazy\" decoding=\"async\" width=\"912\" height=\"912\" src=\"https:\/\/litercreartefestival.com\/wp-content\/uploads\/2016\/08\/Ana-Maestrojuan-web.jpg\" class=\"attachment-full size-full wp-post-image\" alt=\"\" srcset=\"https:\/\/litercreartefestival.com\/wp-content\/uploads\/2016\/08\/Ana-Maestrojuan-web.jpg 912w, https:\/\/litercreartefestival.com\/wp-content\/uploads\/2016\/08\/Ana-Maestrojuan-web-300x300.jpg 300w, https:\/\/litercreartefestival.com\/wp-content\/uploads\/2016\/08\/Ana-Maestrojuan-web-150x150.jpg 150w, https:\/\/litercreartefestival.com\/wp-content\/uploads\/2016\/08\/Ana-Maestrojuan-web-768x768.jpg 768w, https:\/\/litercreartefestival.com\/wp-content\/uploads\/2016\/08\/Ana-Maestrojuan-web-550x550.jpg 550w\" sizes=\"auto, (max-width: 912px) 100vw, 912px\" \/>\t\t\t\t\t\t\t\t\t<\/a>\n\t\t\t<\/div>\n\t\t\t\t<div class=\"mkdf-role-info\">\n            <div class=\"mkdf-role-title-holder\">\n                <h5 itemprop=\"name\" class=\"mkdf-role-name entry-title\">\n                    <a itemprop=\"url\" href=\"https:\/\/litercreartefestival.com\/eu\/role-member\/literarte-i-ana-maestrojuan\/\">LiterArte I: Ana Maestroju\u00e1n<\/a>\n                <\/h5>\n\n                                    <h6 class=\"mkdf-role-position\">Dramaturgia<\/h6>\n                            <\/div>\n\t\t\t\t\t\t\t\t<\/div>\n\t<\/div>\n<\/div>\n<div class=\"mkdf-role mkdf-item-space info-bellow mkdf-hidden-item\">\n\t<div class=\"mkdf-role-inner\">\n\t\t\t\t\t<div class=\"mkdf-role-image\">\n\t\t\t\t<a itemprop=\"url\" href=\"https:\/\/litercreartefestival.com\/eu\/role-member\/literarte-laura-laiglesia-lizarazu\/\" target=\"_self\">\n\t\t\t\t\t\t\t\t\t\t\t\t\t\t\t\t\t\t\t\t<\/a>\n\t\t\t<\/div>\n\t\t\t\t<div class=\"mkdf-role-info\">\n            <div class=\"mkdf-role-title-holder\">\n                <h5 itemprop=\"name\" class=\"mkdf-role-name entry-title\">\n                    <a itemprop=\"url\" href=\"https:\/\/litercreartefestival.com\/eu\/role-member\/literarte-laura-laiglesia-lizarazu\/\">LiterArte: Laura Laiglesia Lizarazu<\/a>\n                <\/h5>\n\n                                    <h6 class=\"mkdf-role-position\">Dramaturgia<\/h6>\n                            <\/div>\n\t\t\t\t\t\t\t\t<\/div>\n\t<\/div>\n<\/div>\n<div class=\"mkdf-role mkdf-item-space info-bellow mkdf-hidden-item\">\n\t<div class=\"mkdf-role-inner\">\n\t\t\t\t\t<div class=\"mkdf-role-image\">\n\t\t\t\t<a itemprop=\"url\" href=\"https:\/\/litercreartefestival.com\/eu\/role-member\/literarte-miguel-goikoetxandia\/\" target=\"_self\">\n\t\t\t\t\t\t\t\t\t\t\t<img loading=\"lazy\" decoding=\"async\" width=\"912\" height=\"912\" src=\"https:\/\/litercreartefestival.com\/wp-content\/uploads\/2016\/08\/Miguel-Goikoetxandia-web.jpg\" class=\"attachment-full size-full wp-post-image\" alt=\"\" srcset=\"https:\/\/litercreartefestival.com\/wp-content\/uploads\/2016\/08\/Miguel-Goikoetxandia-web.jpg 912w, https:\/\/litercreartefestival.com\/wp-content\/uploads\/2016\/08\/Miguel-Goikoetxandia-web-300x300.jpg 300w, https:\/\/litercreartefestival.com\/wp-content\/uploads\/2016\/08\/Miguel-Goikoetxandia-web-150x150.jpg 150w, https:\/\/litercreartefestival.com\/wp-content\/uploads\/2016\/08\/Miguel-Goikoetxandia-web-768x768.jpg 768w, https:\/\/litercreartefestival.com\/wp-content\/uploads\/2016\/08\/Miguel-Goikoetxandia-web-550x550.jpg 550w\" sizes=\"auto, (max-width: 912px) 100vw, 912px\" \/>\t\t\t\t\t\t\t\t\t<\/a>\n\t\t\t<\/div>\n\t\t\t\t<div class=\"mkdf-role-info\">\n            <div class=\"mkdf-role-title-holder\">\n                <h5 itemprop=\"name\" class=\"mkdf-role-name entry-title\">\n                    <a itemprop=\"url\" href=\"https:\/\/litercreartefestival.com\/eu\/role-member\/literarte-miguel-goikoetxandia\/\">LiterArte: Miguel Goikoetxandia<\/a>\n                <\/h5>\n\n                                    <h6 class=\"mkdf-role-position\">Dramaturgia<\/h6>\n                            <\/div>\n\t\t\t\t\t\t\t\t<\/div>\n\t<\/div>\n<\/div>\n<div class=\"mkdf-role mkdf-item-space info-bellow mkdf-hidden-item\">\n\t<div class=\"mkdf-role-inner\">\n\t\t\t\t\t<div class=\"mkdf-role-image\">\n\t\t\t\t<a itemprop=\"url\" href=\"https:\/\/litercreartefestival.com\/eu\/role-member\/literarte-virginia-moriones\/\" target=\"_self\">\n\t\t\t\t\t\t\t\t\t\t\t\t\t\t\t\t\t\t\t\t<\/a>\n\t\t\t<\/div>\n\t\t\t\t<div class=\"mkdf-role-info\">\n            <div class=\"mkdf-role-title-holder\">\n                <h5 itemprop=\"name\" class=\"mkdf-role-name entry-title\">\n                    <a itemprop=\"url\" href=\"https:\/\/litercreartefestival.com\/eu\/role-member\/literarte-virginia-moriones\/\">LiterArte: Virginia Moriones<\/a>\n                <\/h5>\n\n                                    <h6 class=\"mkdf-role-position\">Dramaturgia<\/h6>\n                            <\/div>\n\t\t\t\t\t\t\t\t<\/div>\n\t<\/div>\n<\/div>\t<\/div>\n<\/div>\t\t<\/div>\n\t<\/div>\n<\/div><\/div><\/div><\/div><\/div><\/div><div class=\"vc_row wpb_row vc_row-fluid vc_custom_1667416357248 vc_row-has-fill\" ><div class=\"wpb_column vc_column_container vc_col-sm-12\"><div class=\"vc_column-inner\"><div class=\"wpb_wrapper\"><div class=\"mkdf-elements-holder    mkdf-one-column  mkdf-responsive-mode-768\" ><div class=\"mkdf-eh-item\"  data-item-class=\"mkdf-eh-custom-4156\">\n\t<div class=\"mkdf-eh-item-inner\">\n\t\t<div class=\"mkdf-eh-item-content mkdf-eh-custom-4156\" >\n\t\t\t<div class=\"vc_empty_space\"   style=\"height: 15px\"><span class=\"vc_empty_space_inner\"><\/span><\/div>\n\t<div class=\"wpb_text_column wpb_content_element\" >\n\t\t<div class=\"wpb_wrapper\">\n\t\t\t<h2 style=\"text-align: center;\"><span style=\"color: #123c5d;\">...eta literatura<\/span><\/h2>\n\n\t\t<\/div>\n\t<\/div>\n\t\t<\/div>\n\t<\/div>\n<\/div><\/div><\/div><\/div><\/div><\/div><div class=\"vc_row wpb_row vc_row-fluid\" ><div class=\"wpb_column vc_column_container vc_col-sm-3\"><div class=\"vc_column-inner\"><div class=\"wpb_wrapper\"><\/div><\/div><\/div><div class=\"wpb_column vc_column_container vc_col-sm-3\"><div class=\"vc_column-inner\"><div class=\"wpb_wrapper\"><div class=\"mkdf-image-with-text-holder La t\u00eda Tula mkdf-has-shadow\">\n    <div class=\"mkdf-iwt-image\">\n                                                            <\/div>\n    <div class=\"mkdf-iwt-text-holder\">\n        \t\t    <\/div>\n<\/div><\/div><\/div><\/div><div class=\"wpb_column vc_column_container vc_col-sm-3\"><div class=\"vc_column-inner\"><div class=\"wpb_wrapper\"><div class=\"vc_empty_space\"   style=\"height: 50px\"><span class=\"vc_empty_space_inner\"><\/span><\/div><div  class=\"vc_wp_text wpb_content_element\"><div class=\"widget widget_text\">\t\t\t<div class=\"textwidget\"><\/p>\n<h4 style=\"text-align: left;\"><span style=\"color: #123c5d;\"><strong>La t\u00eda Tula<\/strong><\/span><\/h4>\n<h5 style=\"text-align: left;\"><em>\u00ab<strong>La t\u00eda Tula<\/strong> es una tragedia feminista de cuando el feminismo no hab\u00eda germinado en todo su esplendor y las claves de su desarrollo no pod\u00edan sino conectarse en un contexto de beater\u00edo.\u00bb<\/em><\/h5>\n<h6 style=\"text-align: left;\">\u00c1lvaro Romero<\/h6>\n<p>\n<\/div>\n\t\t<\/div><\/div><\/div><\/div><\/div><div class=\"wpb_column vc_column_container vc_col-sm-3\"><div class=\"vc_column-inner\"><div class=\"wpb_wrapper\"><\/div><\/div><\/div><\/div><div class=\"vc_row wpb_row vc_row-fluid\" ><div class=\"wpb_column vc_column_container vc_col-sm-3\"><div class=\"vc_column-inner\"><div class=\"wpb_wrapper\"><\/div><\/div><\/div><div class=\"wpb_column vc_column_container vc_col-sm-3\"><div class=\"vc_column-inner\"><div class=\"wpb_wrapper\"><div class=\"vc_empty_space\"   style=\"height: 50px\"><span class=\"vc_empty_space_inner\"><\/span><\/div><div  class=\"vc_wp_text wpb_content_element\"><div class=\"widget widget_text\">\t\t\t<div class=\"textwidget\"><\/p>\n<h4 style=\"text-align: right;\"><span style=\"color: #123c5d;\"><strong>Rewind<\/strong><\/span><\/h4>\n<h5 style=\"text-align: right;\"><em>\u00abHay mucha realidad encendida en la novela <strong>Rewind<\/strong>. Tambi\u00e9n mucha verdad meramente literaria, esa clase de verdad que a quien le gusta leer le gusta que le sea mostrada, exhibida, enunciada, iluminada.\u00bb<\/em><\/h5>\n<h6 style=\"text-align: right;\">Jos\u00e9 Luis Ib\u00e1\u00f1ez Salas<\/h6>\n<p>\n<\/div>\n\t\t<\/div><\/div><\/div><\/div><\/div><div class=\"wpb_column vc_column_container vc_col-sm-3\"><div class=\"vc_column-inner\"><div class=\"wpb_wrapper\"><div class=\"mkdf-image-with-text-holder Rewind mkdf-has-shadow\">\n    <div class=\"mkdf-iwt-image\">\n                                                            <\/div>\n    <div class=\"mkdf-iwt-text-holder\">\n        \t\t    <\/div>\n<\/div><\/div><\/div><\/div><div class=\"wpb_column vc_column_container vc_col-sm-3\"><div class=\"vc_column-inner\"><div class=\"wpb_wrapper\"><\/div><\/div><\/div><\/div><div class=\"vc_row wpb_row vc_row-fluid\" ><div class=\"wpb_column vc_column_container vc_col-sm-3\"><div class=\"vc_column-inner\"><div class=\"wpb_wrapper\"><\/div><\/div><\/div><div class=\"wpb_column vc_column_container vc_col-sm-3\"><div class=\"vc_column-inner\"><div class=\"wpb_wrapper\"><div class=\"mkdf-image-with-text-holder  mkdf-has-shadow\">\n    <div class=\"mkdf-iwt-image\">\n                                                            <\/div>\n    <div class=\"mkdf-iwt-text-holder\">\n        \t\t    <\/div>\n<\/div><\/div><\/div><\/div><div class=\"wpb_column vc_column_container vc_col-sm-3\"><div class=\"vc_column-inner\"><div class=\"wpb_wrapper\"><div class=\"vc_empty_space\"   style=\"height: 50px\"><span class=\"vc_empty_space_inner\"><\/span><\/div><div  class=\"vc_wp_text wpb_content_element\"><div class=\"widget widget_text\">\t\t\t<div class=\"textwidget\"><\/p>\n<h4 style=\"text-align: left;\"><span style=\"color: #123c5d;\"><strong>La rid\u00edcula idea de no volver a verte<\/strong><\/span><\/h4>\n<h5 style=\"text-align: left;\"><em>\u00ab<strong>La rid\u00edcula idea de no volver a verte<\/strong> es un libro libre. Sin cors\u00e9s de g\u00e9nero: ni novela, ni ensayo, ni memorias, ni biograf\u00eda. Aunque todo eso est\u00e1 a ratos en esta caja m\u00e1gica\u00bb.<\/em><\/h5>\n<h6 style=\"text-align: left;\">Tereixa Constenla<\/h6>\n<p>\n<\/div>\n\t\t<\/div><\/div><\/div><\/div><\/div><div class=\"wpb_column vc_column_container vc_col-sm-3\"><div class=\"vc_column-inner\"><div class=\"wpb_wrapper\"><\/div><\/div><\/div><\/div><div class=\"vc_row wpb_row vc_row-fluid\" ><div class=\"wpb_column vc_column_container vc_col-sm-3\"><div class=\"vc_column-inner\"><div class=\"wpb_wrapper\"><\/div><\/div><\/div><div class=\"wpb_column vc_column_container vc_col-sm-3\"><div class=\"vc_column-inner\"><div class=\"wpb_wrapper\"><div class=\"vc_empty_space\"   style=\"height: 50px\"><span class=\"vc_empty_space_inner\"><\/span><\/div><div  class=\"vc_wp_text wpb_content_element\"><div class=\"widget widget_text\">\t\t\t<div class=\"textwidget\"><\/p>\n<h4 style=\"text-align: right;\"><span style=\"color: #123c5d;\"><strong>El infinito en un junco<\/strong><\/span><\/h4>\n<h5 style=\"text-align: right;\"><em>\u00abQuiz\u00e1 la causa de su \u00e9xito la encontremos en el propio texto, un equilibro perfecto entre erudici\u00f3n y divulgaci\u00f3n, y en la pasi\u00f3n con que la autora lo defiende\u00bb.<\/em><\/h5>\n<h6 style=\"text-align: right;\">Ofelia Grande<\/h6>\n<p>\n<\/div>\n\t\t<\/div><\/div><\/div><\/div><\/div><div class=\"wpb_column vc_column_container vc_col-sm-3\"><div class=\"vc_column-inner\"><div class=\"wpb_wrapper\"><div class=\"mkdf-image-with-text-holder  mkdf-has-shadow\">\n    <div class=\"mkdf-iwt-image\">\n                                                            <\/div>\n    <div class=\"mkdf-iwt-text-holder\">\n        \t\t    <\/div>\n<\/div><\/div><\/div><\/div><div class=\"wpb_column vc_column_container vc_col-sm-3\"><div class=\"vc_column-inner\"><div class=\"wpb_wrapper\"><\/div><\/div><\/div><\/div><div class=\"vc_row wpb_row vc_row-fluid vc_custom_1667416357248 vc_row-has-fill\" ><div class=\"wpb_column vc_column_container vc_col-sm-3\"><div class=\"vc_column-inner\"><div class=\"wpb_wrapper\"><\/div><\/div><\/div><div class=\"wpb_column vc_column_container vc_col-sm-6\"><div class=\"vc_column-inner\"><div class=\"wpb_wrapper\"><div class=\"mkdf-elements-holder    mkdf-one-column  mkdf-responsive-mode-768\" ><div class=\"mkdf-eh-item\"  data-item-class=\"mkdf-eh-custom-7191\">\n\t<div class=\"mkdf-eh-item-inner\">\n\t\t<div class=\"mkdf-eh-item-content mkdf-eh-custom-7191\" >\n\t\t\t<div class=\"vc_empty_space\"   style=\"height: 15px\"><span class=\"vc_empty_space_inner\"><\/span><\/div>\n\t<div class=\"wpb_text_column wpb_content_element\" >\n\t\t<div class=\"wpb_wrapper\">\n\t\t\t<h2 style=\"text-align: center;\"><span style=\"color: #123c5d;\">Los encuentros&#8230;<\/span><\/h2>\n\n\t\t<\/div>\n\t<\/div>\n\t\t<\/div>\n\t<\/div>\n<\/div><\/div><\/div><\/div><\/div><div class=\"wpb_column vc_column_container vc_col-sm-3\"><div class=\"vc_column-inner\"><div class=\"wpb_wrapper\"><\/div><\/div><\/div><\/div><div class=\"vc_row wpb_row vc_row-fluid vc_custom_1667416357248 vc_row-has-fill\" ><div class=\"wpb_column vc_column_container vc_col-sm-3\"><div class=\"vc_column-inner\"><div class=\"wpb_wrapper\"><\/div><\/div><\/div><div class=\"wpb_column vc_column_container vc_col-sm-6\"><div class=\"vc_column-inner\"><div class=\"wpb_wrapper\"><div class=\"mkdf-elements-holder    mkdf-three-columns  mkdf-responsive-mode-768\" ><div class=\"mkdf-eh-item   mkdf-horizontal-alignment-center\"  data-item-class=\"mkdf-eh-custom-2975\">\n\t<div class=\"mkdf-eh-item-inner\">\n\t\t<div class=\"mkdf-eh-item-content mkdf-eh-custom-2975\" >\n\t\t\t\n\t<div class=\"wpb_gallery wpb_posts_slider wpb_content_element\" >\n\t\t<div class=\"wpb_wrapper\">\n\t\t\t\n\t\t\t<div class=\"wpb_gallery_slides wpb_flexslider flexslider_slide flexslider\" data-interval=\"3\" data-flex_fx=\"slide\"><ul class=\"slides\"><li><a class=\"link_image\" href=\"https:\/\/litercreartefestival.com\/eu\/7155-2\/\" title=\"Permalink to en la Biblioteca\"><\/a><div class=\"flex-caption\"><h2 class=\"post-title\"><a class=\"link_image\" href=\"https:\/\/litercreartefestival.com\/eu\/7155-2\/\" title=\"Permalink to en la Biblioteca\">en la Biblioteca<\/a><\/h2>... en la Biblioteca \"Ha sido un encuentro emocionante en torno a recuerdos y perdidas. Hemos salido con la sensaci\u00f3n de compartir, m\u00e1s all\u00e1 de las palabras, algo m\u00e1s de cada persona. Algo m\u00e1s \u00edntimo\" Miguel Goikoetxandia<\/div><\/li><li><a class=\"link_image\" href=\"https:\/\/litercreartefestival.com\/eu\/en-la-biblioteca-de-burlada\/\" title=\"Permalink to Burlada\"><\/a><div class=\"flex-caption\"><h2 class=\"post-title\"><a class=\"link_image\" href=\"https:\/\/litercreartefestival.com\/eu\/en-la-biblioteca-de-burlada\/\" title=\"Permalink to Burlada\">Burlada<\/a><\/h2>...en la Biblioteca de Burlada Las palabras una vez m\u00e1s han hecho su magia. \"Un mismo espacio, un mismo tiempo y un mont\u00f3n de personas diferentes unidas por \u201cEl infinito en un Junco\u201c de Irene Vallejo. Para que luego digan que los libros no tienen poder. Y al igual que un libro espera vaciar su contenido sobre el [...]<\/div><\/li><li><a class=\"link_image\" href=\"https:\/\/litercreartefestival.com\/eu\/en-la-biblioteca-de-noain\/\" title=\"Permalink to Noain 2022\"><\/a><div class=\"flex-caption\"><h2 class=\"post-title\"><a class=\"link_image\" href=\"https:\/\/litercreartefestival.com\/eu\/en-la-biblioteca-de-noain\/\" title=\"Permalink to Noain 2022\">Noain 2022<\/a><\/h2>...en la Biblioteca de Noa\u00edn De cuando compartir no suma, multiplica \"Siempre se ha comentado como una de las maravillosas caracter\u00edsticas de los clubes de lectura el hecho de conocer otros puntos de vista, poder \u201cleer\u201d y acercarnos a las historias con otros ojos, otras vivencias, otras opiniones. Y cuando parec\u00eda que la experiencia hab\u00eda llegado a su [...]<\/div><\/li><li><a class=\"link_image\" href=\"https:\/\/litercreartefestival.com\/eu\/en-la-biblioteca-de-navarra\/\" title=\"Permalink to Biblioteca de Navarra 2022\"><\/a><div class=\"flex-caption\"><h2 class=\"post-title\"><a class=\"link_image\" href=\"https:\/\/litercreartefestival.com\/eu\/en-la-biblioteca-de-navarra\/\" title=\"Permalink to Biblioteca de Navarra 2022\">Biblioteca de Navarra 2022<\/a><\/h2>...en la Biblioteca de Navarra \"Tras la charla del otro d\u00eda una cosa me qued\u00f3 clara: merecen mucho la pena los clubs de lectura. Me encantar\u00eda formar parte de alguno. Como coment\u00f3 una compa\u00f1era, un libro compartido se disfruta el doble. No s\u00f3lo lo lees y te creas una idea seg\u00fan tus vivencias, tu cultura, tus experiencias, tu [...]<\/div><\/li><\/ul><\/div>\n\t\t<\/div>\n\t<\/div>\n\t\t<\/div>\n\t<\/div>\n<\/div><\/div><\/div><\/div><\/div><div class=\"wpb_column vc_column_container vc_col-sm-3\"><div class=\"vc_column-inner\"><div class=\"wpb_wrapper\"><\/div><\/div><\/div><\/div><div class=\"vc_row wpb_row vc_row-fluid vc_custom_1667416357248 vc_row-has-fill\" ><div class=\"wpb_column vc_column_container vc_col-sm-12\"><div class=\"vc_column-inner\"><div class=\"wpb_wrapper\"><div class=\"mkdf-elements-holder    mkdf-one-column  mkdf-responsive-mode-768\" ><div class=\"mkdf-eh-item\"  data-item-class=\"mkdf-eh-custom-8198\">\n\t<div class=\"mkdf-eh-item-inner\">\n\t\t<div class=\"mkdf-eh-item-content mkdf-eh-custom-8198\" >\n\t\t\t<div class=\"vc_empty_space\"   style=\"height: 15px\"><span class=\"vc_empty_space_inner\"><\/span><\/div>\n\t<div class=\"wpb_text_column wpb_content_element\" >\n\t\t<div class=\"wpb_wrapper\">\n\t\t\t<h2 style=\"text-align: center;\"><span style=\"color: #123c5d;\">Compartiendo en&#8230;<\/span><\/h2>\n\n\t\t<\/div>\n\t<\/div>\n\t\t<\/div>\n\t<\/div>\n<\/div><\/div><\/div><\/div><\/div><\/div><div class=\"mkdf-row-grid-section-wrapper mkdf-content-aligment-center\"  ><div class=\"mkdf-row-grid-section\"><div class=\"vc_row wpb_row vc_row-fluid vc_custom_1696177563740\" ><div class=\"wpb_column vc_column_container vc_col-sm-2\"><div class=\"vc_column-inner\"><div class=\"wpb_wrapper\"><\/div><\/div><\/div><div class=\"wpb_column vc_column_container vc_col-sm-8\"><div class=\"vc_column-inner\"><div class=\"wpb_wrapper\"><div class=\"mkdf-elements-holder    mkdf-one-column  mkdf-responsive-mode-768 mkdf-one-column-alignment-center\" ><div class=\"mkdf-eh-item   mkdf-horizontal-alignment-center\"  data-item-class=\"mkdf-eh-custom-4649\">\n\t<div class=\"mkdf-eh-item-inner\">\n\t\t<div class=\"mkdf-eh-item-content mkdf-eh-custom-4649\" >\n\t\t\t<div class=\"wpb_gallery wpb_content_element vc_clearfix\" ><div class=\"wpb_wrapper\"><div class=\"wpb_gallery_slides wpb_slider_nivo theme-default\" data-interval=\"3\"><div class=\"nivoSlider\"><a class=\"prettyphoto\" href=\"https:\/\/litercreartefestival.com\/wp-content\/uploads\/2023\/10\/ZIZUR-230223-1024x768.jpeg\" data-rel=\"prettyPhoto[rel-7039-2412734769]\"><img loading=\"lazy\" decoding=\"async\" class=\"\" src=\"https:\/\/litercreartefestival.com\/wp-content\/uploads\/2023\/10\/ZIZUR-230223-800x600.jpeg\" width=\"800\" height=\"600\" alt=\"ZIZUR 230223\" title=\"ZIZUR 23 febrero 2023\" \/><\/a><a class=\"prettyphoto\" href=\"https:\/\/litercreartefestival.com\/wp-content\/uploads\/2023\/10\/SANGUESA-010623-768x1024.jpeg\" data-rel=\"prettyPhoto[rel-7039-2412734769]\"><img loading=\"lazy\" decoding=\"async\" class=\"\" src=\"https:\/\/litercreartefestival.com\/wp-content\/uploads\/2023\/10\/SANGUESA-010623-800x600.jpeg\" width=\"800\" height=\"600\" alt=\"SANGU\u0308ESA 010623\" title=\"SANGU\u0308ESA 1 junio 2023\" \/><\/a><a class=\"prettyphoto\" href=\"https:\/\/litercreartefestival.com\/wp-content\/uploads\/2023\/10\/NOAIN-180523-1024x768.jpeg\" data-rel=\"prettyPhoto[rel-7039-2412734769]\"><img loading=\"lazy\" decoding=\"async\" class=\"\" src=\"https:\/\/litercreartefestival.com\/wp-content\/uploads\/2023\/10\/NOAIN-180523-800x600.jpeg\" width=\"800\" height=\"600\" alt=\"NOAIN 180523\" title=\"NOAIN 18 abril 2023\" \/><\/a><a class=\"prettyphoto\" href=\"https:\/\/litercreartefestival.com\/wp-content\/uploads\/2023\/10\/MARCILLA-240223-1024x576.jpeg\" data-rel=\"prettyPhoto[rel-7039-2412734769]\"><img loading=\"lazy\" decoding=\"async\" class=\"\" src=\"https:\/\/litercreartefestival.com\/wp-content\/uploads\/2023\/10\/MARCILLA-240223-800x600.jpeg\" width=\"800\" height=\"600\" alt=\"MARCILLA 240223\" title=\"MARCILLA 24 febrero 2023\" \/><\/a><a class=\"prettyphoto\" href=\"https:\/\/litercreartefestival.com\/wp-content\/uploads\/2023\/10\/ESTELLA-250423-768x1024.jpeg\" data-rel=\"prettyPhoto[rel-7039-2412734769]\"><img loading=\"lazy\" decoding=\"async\" class=\"\" src=\"https:\/\/litercreartefestival.com\/wp-content\/uploads\/2023\/10\/ESTELLA-250423-800x600.jpeg\" width=\"800\" height=\"600\" alt=\"ESTELLA 250423\" title=\"ESTELLA 25 abril 2023\" \/><\/a><a class=\"prettyphoto\" href=\"https:\/\/litercreartefestival.com\/wp-content\/uploads\/2023\/10\/CIVICAN-080623-768x1024.jpeg\" data-rel=\"prettyPhoto[rel-7039-2412734769]\"><img loading=\"lazy\" decoding=\"async\" class=\"\" src=\"https:\/\/litercreartefestival.com\/wp-content\/uploads\/2023\/10\/CIVICAN-080623-800x600.jpeg\" width=\"800\" height=\"600\" alt=\"CIVICAN 080623\" title=\"CIVICAN Pamplona 8 junio 2023\" \/><\/a><a class=\"prettyphoto\" href=\"https:\/\/litercreartefestival.com\/wp-content\/uploads\/2023\/10\/BIBLIOTECA-DE-NAVARRA-240123-1024x768.jpeg\" data-rel=\"prettyPhoto[rel-7039-2412734769]\"><img loading=\"lazy\" decoding=\"async\" class=\"\" src=\"https:\/\/litercreartefestival.com\/wp-content\/uploads\/2023\/10\/BIBLIOTECA-DE-NAVARRA-240123-800x600.jpeg\" width=\"800\" height=\"600\" alt=\"BIBLIOTECA DE NAVARRA 240123\" title=\"BIBLIOTECA DE NAVARRA Pamplona 24 enero 2023\" \/><\/a><a class=\"prettyphoto\" href=\"https:\/\/litercreartefestival.com\/wp-content\/uploads\/2023\/10\/BARANAIN-240523-1024x576.jpeg\" data-rel=\"prettyPhoto[rel-7039-2412734769]\"><img loading=\"lazy\" decoding=\"async\" class=\"\" src=\"https:\/\/litercreartefestival.com\/wp-content\/uploads\/2023\/10\/BARANAIN-240523-800x600.jpeg\" width=\"800\" height=\"600\" alt=\"BARAN\u0303A\u0301IN 240523\" title=\"BARAN\u0303A\u0301IN 24 mayo 2023\" \/><\/a><a class=\"prettyphoto\" href=\"https:\/\/litercreartefestival.com\/wp-content\/uploads\/2023\/10\/ALSASUA-190423-846x1024.jpeg\" data-rel=\"prettyPhoto[rel-7039-2412734769]\"><img loading=\"lazy\" decoding=\"async\" class=\"\" src=\"https:\/\/litercreartefestival.com\/wp-content\/uploads\/2023\/10\/ALSASUA-190423-800x600.jpeg\" width=\"800\" height=\"600\" alt=\"ALSASUA 190423\" title=\"ALSASUA 19 abril 2023\" \/><\/a><\/div><\/div><\/div><\/div>\t\t<\/div>\n\t<\/div>\n<\/div><\/div><\/div><\/div><\/div><div class=\"wpb_column vc_column_container vc_col-sm-2\"><div class=\"vc_column-inner\"><div class=\"wpb_wrapper\"><\/div><\/div><\/div><\/div><\/div><\/div><div class=\"mkdf-row-grid-section-wrapper mkdf-content-aligment-center\"  ><div class=\"mkdf-row-grid-section\"><div class=\"vc_row wpb_row vc_row-fluid vc_custom_1663431812009\" ><div class=\"wpb_column vc_column_container vc_col-sm-12\"><div class=\"vc_column-inner\"><div class=\"wpb_wrapper\"><div class=\"mkdf-elements-holder    mkdf-one-column  mkdf-responsive-mode-768\" ><div class=\"mkdf-eh-item\"  data-item-class=\"mkdf-eh-custom-5075\">\n\t<div class=\"mkdf-eh-item-inner\">\n\t\t<div class=\"mkdf-eh-item-content mkdf-eh-custom-5075\" >\n\t\t\t<div class=\"vc_empty_space\"   style=\"height: 15px\"><span class=\"vc_empty_space_inner\"><\/span><\/div>\n\t<div class=\"wpb_text_column wpb_content_element\" >\n\t\t<div class=\"wpb_wrapper\">\n\t\t\t<h2 style=\"text-align: center;\"><span style=\"color: #123c5d;\">Nola parte hartu?<\/span><\/h2>\n\n\t\t<\/div>\n\t<\/div>\n\t\t<\/div>\n\t<\/div>\n<\/div><\/div><\/div><\/div><\/div><\/div><\/div><\/div><div class=\"mkdf-row-grid-section-wrapper mkdf-content-aligment-center\"  ><div class=\"mkdf-row-grid-section\"><div class=\"vc_row wpb_row vc_row-fluid vc_custom_1663431812009\" ><div class=\"wpb_column vc_column_container vc_col-sm-4\"><div class=\"vc_column-inner\"><div class=\"wpb_wrapper\"><div class=\"mkdf-elements-holder    mkdf-one-column  mkdf-responsive-mode-768\" ><div class=\"mkdf-eh-item\"  data-item-class=\"mkdf-eh-custom-5544\">\n\t<div class=\"mkdf-eh-item-inner\">\n\t\t<div class=\"mkdf-eh-item-content mkdf-eh-custom-5544\" >\n\t\t\t<div class=\"mkdf-visual-effects-holder  mkdf-veh-parallax\" data-parallax=\"{&quot;y&quot;: -60, &quot;smoothness&quot;: 40}\">\n\t<div class=\"mkdf-veh-inner\">\n\t\t\t\t<div class=\"mkdf-veh-content\">\n\t\t\t\n\t<div class=\"wpb_text_column wpb_content_element  wpb_animate_when_almost_visible wpb_bounceIn bounceIn\" >\n\t\t<div class=\"wpb_wrapper\">\n\t\t\t<h6 style=\"text-align: left;\" class=\"translation-block\">Antzerki-emanaldiaren aurretik, aukeratutako literatura-lana ezagutuz, udal-liburutegiek eta horien irakurketa-klubek eskaintzen duten plataformatik bultzatutako proposamen eszenikorako erreferentzia sortzaile izanen dena.<\/h6>\n\n\t\t<\/div>\n\t<\/div>\n\t\t<\/div>\n\t<\/div>\n<\/div>\t\t<\/div>\n\t<\/div>\n<\/div><\/div><\/div><\/div><\/div><div class=\"wpb_column vc_column_container vc_col-sm-4\"><div class=\"vc_column-inner\"><div class=\"wpb_wrapper\"><div class=\"mkdf-elements-holder    mkdf-one-column  mkdf-responsive-mode-768\" ><div class=\"mkdf-eh-item\"  data-item-class=\"mkdf-eh-custom-4886\">\n\t<div class=\"mkdf-eh-item-inner\">\n\t\t<div class=\"mkdf-eh-item-content mkdf-eh-custom-4886\" >\n\t\t\t<div class=\"mkdf-visual-effects-holder  mkdf-veh-parallax\" data-parallax=\"{&quot;y&quot;: -60, &quot;smoothness&quot;: 40}\">\n\t<div class=\"mkdf-veh-inner\">\n\t\t\t\t<div class=\"mkdf-veh-content\">\n\t\t\t\n\t<div class=\"wpb_text_column wpb_content_element  wpb_animate_when_almost_visible wpb_bounceIn bounceIn\" >\n\t\t<div class=\"wpb_wrapper\">\n\t\t\t<h6 style=\"text-align: left;\" class=\"translation-block\">Jaialdiaren programazioaren barnean zure herrian sortutako ikuskizunera joanez.<\/h6>\n\n\t\t<\/div>\n\t<\/div>\n\t\t<\/div>\n\t<\/div>\n<\/div>\t\t<\/div>\n\t<\/div>\n<\/div><\/div><\/div><\/div><\/div><div class=\"wpb_column vc_column_container vc_col-sm-4\"><div class=\"vc_column-inner\"><div class=\"wpb_wrapper\"><div class=\"mkdf-elements-holder    mkdf-one-column  mkdf-responsive-mode-768\" ><div class=\"mkdf-eh-item\"  data-item-class=\"mkdf-eh-custom-6157\">\n\t<div class=\"mkdf-eh-item-inner\">\n\t\t<div class=\"mkdf-eh-item-content mkdf-eh-custom-6157\" >\n\t\t\t<div class=\"mkdf-visual-effects-holder  mkdf-veh-parallax\" data-parallax=\"{&quot;y&quot;: -60, &quot;smoothness&quot;: 40}\">\n\t<div class=\"mkdf-veh-inner\">\n\t\t\t\t<div class=\"mkdf-veh-content\">\n\t\t\t\n\t<div class=\"wpb_text_column wpb_content_element  wpb_animate_when_almost_visible wpb_bounceIn bounceIn\" >\n\t\t<div class=\"wpb_wrapper\">\n\t\t\t<h6 style=\"text-align: left;\" class=\"translation-block\">\u201cPartekatzeko\u201d espazio batean esku hartuz. antzerki-ikuskizuna amaitzean, arte- eta sorkuntza-taldearekin elkartzeko, hitz egiteko eta trukatzeko une irekia.<\/h6>\n\n\t\t<\/div>\n\t<\/div>\n\t\t<\/div>\n\t<\/div>\n<\/div>\t\t<\/div>\n\t<\/div>\n<\/div><\/div><\/div><\/div><\/div><\/div><\/div><\/div><div class=\"vc_row wpb_row vc_row-fluid\" ><div class=\"wpb_column vc_column_container vc_col-sm-6\"><div class=\"vc_column-inner vc_custom_1667767069005\"><div class=\"wpb_wrapper\">\n\t<div class=\"wpb_text_column wpb_content_element\" >\n\t\t<div class=\"wpb_wrapper\">\n\t\t\t<h6><strong><span style=\"color: #0b5c73;\">ANTOLAKUNTZA:<\/span><\/strong><\/h6>\n\n\t\t<\/div>\n\t<\/div>\n<div class=\"vc_empty_space\"   style=\"height: 10px\"><span class=\"vc_empty_space_inner\"><\/span><\/div><div class=\"mkdf-elements-holder    mkdf-one-column  mkdf-responsive-mode-768\" ><div class=\"mkdf-eh-item\"  data-item-class=\"mkdf-eh-custom-7149\">\n\t<div class=\"mkdf-eh-item-inner\">\n\t\t<div class=\"mkdf-eh-item-content mkdf-eh-custom-7149\" >\n\t\t\t<div class=\"mkdf-clients-carousel-holder mkdf-cc-hover-switch-images\">\n\t<div class=\"mkdf-cc-inner mkdf-owl-slider\" data-number-of-items=\"1\" data-enable-loop=\"yes\" data-enable-autoplay=\"yes\" data-slider-speed=\"5000\" data-slider-speed-animation=\"600\" data-enable-navigation=\"no\" data-enable-pagination=\"no\">\n\t\t<div class=\"mkdf-cc-item\">\n\t\t\t<a itemprop=\"url\" class=\"mkdf-cc-link mkdf-block-drag-link\" href=\"http:\/\/www.produccionesmaestras.com\" target=\"_blank\">\n\t\t\t\t\t\t<img decoding=\"async\" itemprop=\"image\" class=\"mkdf-cc-image\" src=\"\" alt=\"\" \/>\n\t\t\t\t\t\t\t<img decoding=\"async\" itemprop=\"image\" class=\"mkdf-cc-hover-image\" src=\"\" alt=\"\" \/>\n\t\t\t\t\t<\/a>\n\t<\/div><div class=\"mkdf-cc-item\">\n\t\t\t<a itemprop=\"url\" class=\"mkdf-cc-link mkdf-block-drag-link\" href=\"https:\/\/www.navarra.es\/es\/bibliotecas\" target=\"_blank\">\n\t\t\t\t\t\t<img decoding=\"async\" itemprop=\"image\" class=\"mkdf-cc-image\" src=\"\" alt=\"\" \/>\n\t\t\t\t\t\t\t<img decoding=\"async\" itemprop=\"image\" class=\"mkdf-cc-hover-image\" src=\"\" alt=\"\" \/>\n\t\t\t\t\t<\/a>\n\t<\/div>\t<\/div>\n<\/div>\t\t<\/div>\n\t<\/div>\n<\/div><\/div><\/div><\/div><\/div><div class=\"wpb_column vc_column_container vc_col-sm-6\"><div class=\"vc_column-inner vc_custom_1667767141405\"><div class=\"wpb_wrapper\">\n\t<div class=\"wpb_text_column wpb_content_element\" >\n\t\t<div class=\"wpb_wrapper\">\n\t\t\t<h6><strong><span style=\"color: #0b5c73;\">LANKIDETZAN:<\/span><\/strong><\/h6>\n\n\t\t<\/div>\n\t<\/div>\n<div class=\"vc_empty_space\"   style=\"height: 10px\"><span class=\"vc_empty_space_inner\"><\/span><\/div><div class=\"mkdf-elements-holder    mkdf-one-column  mkdf-responsive-mode-768\" ><div class=\"mkdf-eh-item\"  data-item-class=\"mkdf-eh-custom-3560\">\n\t<div class=\"mkdf-eh-item-inner\">\n\t\t<div class=\"mkdf-eh-item-content mkdf-eh-custom-3560\" >\n\t\t\t<div class=\"mkdf-clients-carousel-holder mkdf-cc-hover-switch-images\">\n\t<div class=\"mkdf-cc-inner mkdf-owl-slider\" data-number-of-items=\"1\" data-enable-loop=\"yes\" data-enable-autoplay=\"yes\" data-slider-speed=\"5000\" data-slider-speed-animation=\"600\" data-enable-navigation=\"no\" data-enable-pagination=\"no\">\n\t\t<div class=\"mkdf-cc-item\">\n\t\t\t<a itemprop=\"url\" class=\"mkdf-cc-link mkdf-block-drag-link\" href=\"https:\/\/www.culturaydeporte.gob.es\/cultura\/artesescenicas\/portada.html\" target=\"_blank\">\n\t\t\t\t\t\t<img decoding=\"async\" itemprop=\"image\" class=\"mkdf-cc-image\" src=\"\" alt=\"\" \/>\n\t\t\t\t\t\t\t<img decoding=\"async\" itemprop=\"image\" class=\"mkdf-cc-hover-image\" src=\"\" alt=\"\" \/>\n\t\t\t\t\t<\/a>\n\t<\/div><div class=\"mkdf-cc-item\">\n\t\t\t<a itemprop=\"url\" class=\"mkdf-cc-link mkdf-block-drag-link\" href=\"https:\/\/www.culturaydeporte.gob.es\/cultura\/artesescenicas\/portada.html\" target=\"_blank\">\n\t\t\t\t\t\t<img decoding=\"async\" itemprop=\"image\" class=\"mkdf-cc-image\" src=\"\" alt=\"\" \/>\n\t\t\t\t\t\t\t<img decoding=\"async\" itemprop=\"image\" class=\"mkdf-cc-hover-image\" src=\"\" alt=\"\" \/>\n\t\t\t\t\t<\/a>\n\t<\/div><div class=\"mkdf-cc-item\">\n\t\t\t<a itemprop=\"url\" class=\"mkdf-cc-link mkdf-block-drag-link\" href=\"https:\/\/www.culturaydeporte.gob.es\/cultura\/artesescenicas\/portada.html\" target=\"_blank\">\n\t\t\t\t\t\t<img decoding=\"async\" itemprop=\"image\" class=\"mkdf-cc-image\" src=\"\" alt=\"\" \/>\n\t\t\t\t\t\t\t<img decoding=\"async\" itemprop=\"image\" class=\"mkdf-cc-hover-image\" src=\"\" alt=\"\" \/>\n\t\t\t\t\t<\/a>\n\t<\/div><div class=\"mkdf-cc-item\">\n\t\t\t<a itemprop=\"url\" class=\"mkdf-cc-link mkdf-block-drag-link\" href=\"https:\/\/www.navarra.es\/es\/inicio\" target=\"_blank\">\n\t\t\t\t\t\t<img decoding=\"async\" itemprop=\"image\" class=\"mkdf-cc-image\" src=\"\" alt=\"\" \/>\n\t\t\t\t\t\t\t<\/a>\n\t<\/div><div class=\"mkdf-cc-item\">\n\t\t\t<a itemprop=\"url\" class=\"mkdf-cc-link mkdf-block-drag-link\" href=\"https:\/\/www.fundacioncajanavarra.es\/es\/\" target=\"_blank\">\n\t\t\t\t\t\t<img decoding=\"async\" itemprop=\"image\" class=\"mkdf-cc-image\" src=\"\" alt=\"\" \/>\n\t\t\t\t\t\t\t<img decoding=\"async\" itemprop=\"image\" class=\"mkdf-cc-hover-image\" src=\"\" alt=\"\" \/>\n\t\t\t\t\t<\/a>\n\t<\/div><div class=\"mkdf-cc-item\">\n\t\t\t<a itemprop=\"url\" class=\"mkdf-cc-link mkdf-block-drag-link\" href=\"https:\/\/programa-innova.es\/cultural\/\" target=\"_blank\">\n\t\t\t\t\t\t<img decoding=\"async\" itemprop=\"image\" class=\"mkdf-cc-image\" src=\"\" alt=\"\" \/>\n\t\t\t\t\t\t\t<img decoding=\"async\" itemprop=\"image\" class=\"mkdf-cc-hover-image\" src=\"\" alt=\"\" \/>\n\t\t\t\t\t<\/a>\n\t<\/div>\t<\/div>\n<\/div>\t\t<\/div>\n\t<\/div>\n<\/div><\/div><\/div><\/div><\/div><\/div>","protected":false},"excerpt":{"rendered":"...en la Biblioteca de Navarra \"Tras la charla del otro d\u00eda una cosa me qued\u00f3 clara: merecen mucho la pena los clubs de lectura. Me encantar\u00eda formar parte de alguno. Como coment\u00f3 una compa\u00f1era, un libro compartido se disfruta el doble. No s\u00f3lo lo lees y te creas una idea seg\u00fan tus vivencias, tu cultura, tus experiencias, tu [...]","protected":false},"author":1,"featured_media":0,"parent":0,"menu_order":0,"comment_status":"closed","ping_status":"closed","template":"full-width.php","meta":{"footnotes":""},"class_list":["post-6939","page","type-page","status-publish","hentry"],"yoast_head":"<!-- This site is optimized with the Yoast SEO plugin v23.3 - https:\/\/yoast.com\/wordpress\/plugins\/seo\/ -->\n<title>Festival Litercrearte - FESTIVAL LITERCREARTE JAIALDIA<\/title>\n<meta name=\"robots\" content=\"index, follow, max-snippet:-1, max-image-preview:large, max-video-preview:-1\" \/>\n<link rel=\"canonical\" href=\"https:\/\/litercreartefestival.com\/eu\/festival-litercrearte\/\" \/>\n<meta property=\"og:locale\" content=\"en_US\" \/>\n<meta property=\"og:type\" content=\"article\" \/>\n<meta property=\"og:title\" content=\"Festival Litercrearte - FESTIVAL LITERCREARTE JAIALDIA\" \/>\n<meta property=\"og:url\" content=\"https:\/\/litercreartefestival.com\/eu\/festival-litercrearte\/\" \/>\n<meta property=\"og:site_name\" content=\"FESTIVAL LITERCREARTE JAIALDIA\" \/>\n<meta property=\"article:modified_time\" content=\"2025-02-20T19:44:05+00:00\" \/>\n<meta name=\"twitter:card\" content=\"summary_large_image\" \/>\n<meta name=\"twitter:label1\" content=\"Est. reading time\" \/>\n\t<meta name=\"twitter:data1\" content=\"13 minutua\" \/>\n<script type=\"application\/ld+json\" class=\"yoast-schema-graph\">{\"@context\":\"https:\/\/schema.org\",\"@graph\":[{\"@type\":\"WebPage\",\"@id\":\"https:\/\/litercreartefestival.com\/festival-litercrearte\/\",\"url\":\"https:\/\/litercreartefestival.com\/festival-litercrearte\/\",\"name\":\"Festival Litercrearte - FESTIVAL LITERCREARTE JAIALDIA\",\"isPartOf\":{\"@id\":\"https:\/\/litercreartefestival.com\/#website\"},\"datePublished\":\"2022-11-09T19:43:25+00:00\",\"dateModified\":\"2025-02-20T19:44:05+00:00\",\"breadcrumb\":{\"@id\":\"https:\/\/litercreartefestival.com\/festival-litercrearte\/#breadcrumb\"},\"inLanguage\":\"eu\",\"potentialAction\":[{\"@type\":\"ReadAction\",\"target\":[\"https:\/\/litercreartefestival.com\/festival-litercrearte\/\"]}]},{\"@type\":\"BreadcrumbList\",\"@id\":\"https:\/\/litercreartefestival.com\/festival-litercrearte\/#breadcrumb\",\"itemListElement\":[{\"@type\":\"ListItem\",\"position\":1,\"name\":\"Portada\",\"item\":\"https:\/\/litercreartefestival.com\/\"},{\"@type\":\"ListItem\",\"position\":2,\"name\":\"Festival Litercrearte\"}]},{\"@type\":\"WebSite\",\"@id\":\"https:\/\/litercreartefestival.com\/#website\",\"url\":\"https:\/\/litercreartefestival.com\/\",\"name\":\"FESTIVAL LITERCREARTE JAIALDIA\",\"description\":\"Festival que une teatro y literatura\",\"potentialAction\":[{\"@type\":\"SearchAction\",\"target\":{\"@type\":\"EntryPoint\",\"urlTemplate\":\"https:\/\/litercreartefestival.com\/?s={search_term_string}\"},\"query-input\":\"required name=search_term_string\"}],\"inLanguage\":\"eu\"}]}<\/script>\n<!-- \/ Yoast SEO plugin. -->","yoast_head_json":{"title":"Festival Litercrearte - FESTIVAL LITERCREARTE JAIALDIA","robots":{"index":"index","follow":"follow","max-snippet":"max-snippet:-1","max-image-preview":"max-image-preview:large","max-video-preview":"max-video-preview:-1"},"canonical":"https:\/\/litercreartefestival.com\/eu\/festival-litercrearte\/","og_locale":"en_US","og_type":"article","og_title":"Festival Litercrearte - FESTIVAL LITERCREARTE JAIALDIA","og_url":"https:\/\/litercreartefestival.com\/eu\/festival-litercrearte\/","og_site_name":"FESTIVAL LITERCREARTE JAIALDIA","article_modified_time":"2025-02-20T19:44:05+00:00","twitter_card":"summary_large_image","twitter_misc":{"Est. reading time":"13 minutua"},"schema":{"@context":"https:\/\/schema.org","@graph":[{"@type":"WebPage","@id":"https:\/\/litercreartefestival.com\/festival-litercrearte\/","url":"https:\/\/litercreartefestival.com\/festival-litercrearte\/","name":"Festival Litercrearte - FESTIVAL LITERCREARTE JAIALDIA","isPartOf":{"@id":"https:\/\/litercreartefestival.com\/#website"},"datePublished":"2022-11-09T19:43:25+00:00","dateModified":"2025-02-20T19:44:05+00:00","breadcrumb":{"@id":"https:\/\/litercreartefestival.com\/festival-litercrearte\/#breadcrumb"},"inLanguage":"eu","potentialAction":[{"@type":"ReadAction","target":["https:\/\/litercreartefestival.com\/festival-litercrearte\/"]}]},{"@type":"BreadcrumbList","@id":"https:\/\/litercreartefestival.com\/festival-litercrearte\/#breadcrumb","itemListElement":[{"@type":"ListItem","position":1,"name":"Portada","item":"https:\/\/litercreartefestival.com\/"},{"@type":"ListItem","position":2,"name":"Festival Litercrearte"}]},{"@type":"WebSite","@id":"https:\/\/litercreartefestival.com\/#website","url":"https:\/\/litercreartefestival.com\/","name":"FESTIVAL LITERCREARTE JAIALDIA","description":"Festival que une teatro y literatura","potentialAction":[{"@type":"SearchAction","target":{"@type":"EntryPoint","urlTemplate":"https:\/\/litercreartefestival.com\/?s={search_term_string}"},"query-input":"required name=search_term_string"}],"inLanguage":"eu"}]}},"_links":{"self":[{"href":"https:\/\/litercreartefestival.com\/eu\/wp-json\/wp\/v2\/pages\/6939","targetHints":{"allow":["GET"]}}],"collection":[{"href":"https:\/\/litercreartefestival.com\/eu\/wp-json\/wp\/v2\/pages"}],"about":[{"href":"https:\/\/litercreartefestival.com\/eu\/wp-json\/wp\/v2\/types\/page"}],"author":[{"embeddable":true,"href":"https:\/\/litercreartefestival.com\/eu\/wp-json\/wp\/v2\/users\/1"}],"replies":[{"embeddable":true,"href":"https:\/\/litercreartefestival.com\/eu\/wp-json\/wp\/v2\/comments?post=6939"}],"version-history":[{"count":1,"href":"https:\/\/litercreartefestival.com\/eu\/wp-json\/wp\/v2\/pages\/6939\/revisions"}],"predecessor-version":[{"id":8415,"href":"https:\/\/litercreartefestival.com\/eu\/wp-json\/wp\/v2\/pages\/6939\/revisions\/8415"}],"wp:attachment":[{"href":"https:\/\/litercreartefestival.com\/eu\/wp-json\/wp\/v2\/media?parent=6939"}],"curies":[{"name":"wp","href":"https:\/\/api.w.org\/{rel}","templated":true}]}}