{"id":7304,"date":"2023-10-01T11:19:35","date_gmt":"2023-10-01T11:19:35","guid":{"rendered":"https:\/\/www.produccionesmaestras.com\/?page_id=7304"},"modified":"2025-02-20T19:45:25","modified_gmt":"2025-02-20T19:45:25","slug":"litercrearte-jaialdia-2024","status":"publish","type":"page","link":"https:\/\/litercreartefestival.com\/eu\/litercrearte-jaialdia-2024\/","title":{"rendered":"Litercrearte Jaialdia 2024"},"content":{"rendered":"<div class=\"vc_row wpb_row vc_row-fluid vc_custom_1667416357248 vc_row-has-fill\" ><div class=\"wpb_column vc_column_container vc_col-sm-6\"><div class=\"vc_column-inner\"><div class=\"wpb_wrapper\"><div class=\"mkdf-elements-holder    mkdf-one-column  mkdf-responsive-mode-768\" ><div class=\"mkdf-eh-item\"  data-item-class=\"mkdf-eh-custom-1816\">\n\t<div class=\"mkdf-eh-item-inner\">\n\t\t<div class=\"mkdf-eh-item-content mkdf-eh-custom-1816\" >\n\t\t\t\n\t<div  class=\"wpb_single_image wpb_content_element vc_align_left  wpb_animate_when_almost_visible wpb_flipInX flipInX vc_custom_1697297964215\">\n\t\t\n\t\t<figure class=\"wpb_wrapper vc_figure\">\n\t\t\t<div class=\"vc_single_image-wrapper vc_box_shadow_3d  vc_box_border_grey\"><img loading=\"lazy\" decoding=\"async\" width=\"724\" height=\"1024\" src=\"https:\/\/litercreartefestival.com\/wp-content\/uploads\/2023\/10\/A2_LITERARTE_23-24-scaled-1-724x1024.jpg\" class=\"vc_single_image-img attachment-large\" alt=\"\" srcset=\"https:\/\/litercreartefestival.com\/wp-content\/uploads\/2023\/10\/A2_LITERARTE_23-24-scaled-1-724x1024.jpg 724w, https:\/\/litercreartefestival.com\/wp-content\/uploads\/2023\/10\/A2_LITERARTE_23-24-scaled-1-212x300.jpg 212w, https:\/\/litercreartefestival.com\/wp-content\/uploads\/2023\/10\/A2_LITERARTE_23-24-scaled-1-768x1086.jpg 768w, https:\/\/litercreartefestival.com\/wp-content\/uploads\/2023\/10\/A2_LITERARTE_23-24-scaled-1-1086x1536.jpg 1086w, https:\/\/litercreartefestival.com\/wp-content\/uploads\/2023\/10\/A2_LITERARTE_23-24-scaled-1-1448x2048.jpg 1448w, https:\/\/litercreartefestival.com\/wp-content\/uploads\/2023\/10\/A2_LITERARTE_23-24-scaled-1.jpg 1810w\" sizes=\"auto, (max-width: 724px) 100vw, 724px\" \/><\/div>\n\t\t<\/figure>\n\t<\/div>\n\t\t<\/div>\n\t<\/div>\n<\/div><\/div><\/div><\/div><\/div><div class=\"wpb_column vc_column_container vc_col-sm-6\"><div class=\"vc_column-inner\"><div class=\"wpb_wrapper\"><div class=\"mkdf-elements-holder    mkdf-one-column  mkdf-responsive-mode-768\" ><div class=\"mkdf-eh-item\"  data-item-class=\"mkdf-eh-custom-9012\">\n\t<div class=\"mkdf-eh-item-inner\">\n\t\t<div class=\"mkdf-eh-item-content mkdf-eh-custom-9012\" >\n\t\t\t<div class=\"vc_empty_space  vc_custom_1667907625836\"   style=\"height: 100px\"><span class=\"vc_empty_space_inner\"><\/span><\/div><section class=\"vc_cta3-container vc_cta3-size-md\"><div class=\"vc_general vc_cta3 vc_cta3-style-custom vc_cta3-shape-rounded vc_cta3-align-left vc_cta3-icon-size-md\"><div class=\"vc_cta3_content-container\"><div class=\"vc_cta3-content\"><header class=\"vc_cta3-content-header\"><\/header><h2><span style=\"color: #123c5d;\">Gure motibazioa&#8230;<\/span><\/h2>\n<h5><span style=\"color: #123c5d;\">Literatura eta antzerkia dira gure pasioetako bi. Horiek uztartzeak bultzatu gaitu <strong>LiterArte <\/strong><strong>Jaialdia<\/strong> sortzera.<\/span><\/h5>\n<h5><span style=\"color: #123c5d;\">Bi arte-adierazpen horiek aukera ematen digute butakatik, aulkitik edo besaulkitik gizakiarentzako oinarrizkoak diren esperientzia emozional eta zirraragarriak imajinatzeko, amesteko, gogoratzeko eta, azken batean, bizitzeko.<\/span><\/h5>\n<\/div><\/div><\/div><\/section>\t\t<\/div>\n\t<\/div>\n<\/div><\/div><\/div><\/div><\/div><\/div><div class=\"vc_row wpb_row vc_row-fluid vc_custom_1667416357248 vc_row-has-fill\" ><div class=\"wpb_column vc_column_container vc_col-sm-12\"><div class=\"vc_column-inner\"><div class=\"wpb_wrapper\"><div class=\"vc_empty_space\"   style=\"height: 15px\"><span class=\"vc_empty_space_inner\"><\/span><\/div><div class=\"mkdf-elements-holder    mkdf-one-column  mkdf-responsive-mode-768\" ><div class=\"mkdf-eh-item\"  data-item-class=\"mkdf-eh-custom-6039\">\n\t<div class=\"mkdf-eh-item-inner\">\n\t\t<div class=\"mkdf-eh-item-content mkdf-eh-custom-6039\" >\n\t\t\t\n\t<div class=\"wpb_text_column wpb_content_element  wpb_animate_when_almost_visible wpb_fadeIn fadeIn\" >\n\t\t<div class=\"wpb_wrapper\">\n\t\t\t<h2 style=\"text-align: center;\"><span style=\"color: #123c5d;\">&#8230;eta gure helburuak.<\/span><\/h2>\n\n\t\t<\/div>\n\t<\/div>\n<div class=\"vc_empty_space\"   style=\"height: 15px\"><span class=\"vc_empty_space_inner\"><\/span><\/div>\t\t<\/div>\n\t<\/div>\n<\/div><\/div><\/div><\/div><\/div><\/div><div class=\"mkdf-row-grid-section-wrapper\"  ><div class=\"mkdf-row-grid-section\"><div class=\"vc_row wpb_row vc_row-fluid vc_custom_1663431775374\" ><div class=\"wpb_column vc_column_container vc_col-sm-4\"><div class=\"vc_column-inner\"><div class=\"wpb_wrapper\"><div class=\"mkdf-elements-holder    mkdf-one-column  mkdf-responsive-mode-768\" ><div class=\"mkdf-eh-item   mkdf-horizontal-alignment-center\"  data-item-class=\"mkdf-eh-custom-6553\">\n\t<div class=\"mkdf-eh-item-inner\">\n\t\t<div class=\"mkdf-eh-item-content mkdf-eh-custom-6553\" >\n\t\t\t<div class=\"mkdf-visual-effects-holder  mkdf-veh-uncover mkdf-veh-from-left\" >\n\t<div class=\"mkdf-veh-inner\">\n\t\t\t\t\t<div class=\"mkdf-veh-mask\"  style=\"background-color: #ffffff\"><\/div>\n\t\t\t\t<div class=\"mkdf-veh-content\">\n\t\t\t\n\t<div class=\"wpb_text_column wpb_content_element\" >\n\t\t<div class=\"wpb_wrapper\">\n\t\t\t<h6 style=\"text-align: center;\">Antzerkigintza garaikidea sortzen laguntzea.<\/h6>\n\n\t\t<\/div>\n\t<\/div>\n\t\t<\/div>\n\t<\/div>\n<\/div>\t\t<\/div>\n\t<\/div>\n<\/div><\/div><\/div><\/div><\/div><div class=\"wpb_column vc_column_container vc_col-sm-4\"><div class=\"vc_column-inner\"><div class=\"wpb_wrapper\"><div class=\"mkdf-elements-holder    mkdf-one-column  mkdf-responsive-mode-768\" ><div class=\"mkdf-eh-item   mkdf-horizontal-alignment-center\"  data-item-class=\"mkdf-eh-custom-8018\">\n\t<div class=\"mkdf-eh-item-inner\">\n\t\t<div class=\"mkdf-eh-item-content mkdf-eh-custom-8018\" >\n\t\t\t<div class=\"mkdf-visual-effects-holder  mkdf-veh-uncover mkdf-veh-from-left\" >\n\t<div class=\"mkdf-veh-inner\">\n\t\t\t\t\t<div class=\"mkdf-veh-mask\"  style=\"background-color: #ffffff\"><\/div>\n\t\t\t\t<div class=\"mkdf-veh-content\">\n\t\t\t\n\t<div class=\"wpb_text_column wpb_content_element\" >\n\t\t<div class=\"wpb_wrapper\">\n\t\t\t<h6 style=\"text-align: center;\">Gure erkidegoko egileen jatorrizko testuak sortzen laguntzea, lehendik dagoen literatura-lan bat inspirazio-iturritzat hartuta.<\/h6>\n\n\t\t<\/div>\n\t<\/div>\n\t\t<\/div>\n\t<\/div>\n<\/div>\t\t<\/div>\n\t<\/div>\n<\/div><\/div><\/div><\/div><\/div><div class=\"wpb_column vc_column_container vc_col-sm-4\"><div class=\"vc_column-inner\"><div class=\"wpb_wrapper\"><div class=\"mkdf-elements-holder    mkdf-one-column  mkdf-responsive-mode-768\" ><div class=\"mkdf-eh-item   mkdf-horizontal-alignment-center\"  data-item-class=\"mkdf-eh-custom-2665\">\n\t<div class=\"mkdf-eh-item-inner\">\n\t\t<div class=\"mkdf-eh-item-content mkdf-eh-custom-2665\" >\n\t\t\t<div class=\"mkdf-visual-effects-holder  mkdf-veh-uncover mkdf-veh-from-left\" >\n\t<div class=\"mkdf-veh-inner\">\n\t\t\t\t\t<div class=\"mkdf-veh-mask\"  style=\"background-color: #ffffff\"><\/div>\n\t\t\t\t<div class=\"mkdf-veh-content\">\n\t\t\t\n\t<div class=\"wpb_text_column wpb_content_element\" >\n\t\t<div class=\"wpb_wrapper\">\n\t\t\t<h6 style=\"text-align: center;\">Nafarroako antzerkigintza-sorkuntza aitortzea, bultzatzea eta ikusaraztea, gaztelaniaz eta euskaraz..<\/h6>\n\n\t\t<\/div>\n\t<\/div>\n\t\t<\/div>\n\t<\/div>\n<\/div>\t\t<\/div>\n\t<\/div>\n<\/div><\/div><\/div><\/div><\/div><\/div><\/div><\/div><div class=\"mkdf-row-grid-section-wrapper\"  ><div class=\"mkdf-row-grid-section\"><div class=\"vc_row wpb_row vc_row-fluid vc_custom_1663431775374\" ><div class=\"wpb_column vc_column_container vc_col-sm-4\"><div class=\"vc_column-inner\"><div class=\"wpb_wrapper\"><div class=\"mkdf-elements-holder    mkdf-one-column  mkdf-responsive-mode-768\" ><div class=\"mkdf-eh-item   mkdf-horizontal-alignment-center\"  data-item-class=\"mkdf-eh-custom-4759\">\n\t<div class=\"mkdf-eh-item-inner\">\n\t\t<div class=\"mkdf-eh-item-content mkdf-eh-custom-4759\" >\n\t\t\t<div class=\"mkdf-visual-effects-holder  mkdf-veh-uncover mkdf-veh-from-left\" >\n\t<div class=\"mkdf-veh-inner\">\n\t\t\t\t\t<div class=\"mkdf-veh-mask\"  style=\"background-color: #ffffff\"><\/div>\n\t\t\t\t<div class=\"mkdf-veh-content\">\n\t\t\t\n\t<div class=\"wpb_text_column wpb_content_element\" >\n\t\t<div class=\"wpb_wrapper\">\n\t\t\t<h6 style=\"text-align: center;\"><a href=\"https:\/\/www.navarra.es\/eu\/liburutegiak\">Nafarroako Liburutegien Sareko<\/a> irakurketa-kluben jardueran laguntzea, klub horiek sustatzea, ikusaraztea eta babestea.<\/h6>\n\n\t\t<\/div>\n\t<\/div>\n\t\t<\/div>\n\t<\/div>\n<\/div>\t\t<\/div>\n\t<\/div>\n<\/div><\/div><\/div><\/div><\/div><div class=\"wpb_column vc_column_container vc_col-sm-4\"><div class=\"vc_column-inner\"><div class=\"wpb_wrapper\"><div class=\"mkdf-elements-holder    mkdf-one-column  mkdf-responsive-mode-768\" ><div class=\"mkdf-eh-item   mkdf-horizontal-alignment-center\"  data-item-class=\"mkdf-eh-custom-8297\">\n\t<div class=\"mkdf-eh-item-inner\">\n\t\t<div class=\"mkdf-eh-item-content mkdf-eh-custom-8297\" >\n\t\t\t<div class=\"mkdf-visual-effects-holder  mkdf-veh-uncover mkdf-veh-from-left\" >\n\t<div class=\"mkdf-veh-inner\">\n\t\t\t\t\t<div class=\"mkdf-veh-mask\"  style=\"background-color: #ffffff\"><\/div>\n\t\t\t\t<div class=\"mkdf-veh-content\">\n\t\t\t\n\t<div class=\"wpb_text_column wpb_content_element\" >\n\t\t<div class=\"wpb_wrapper\">\n\t\t\t<h6 style=\"text-align: center;\">\u00a0<span lang=\"EU\">Parte hartzen duten herrietako kultura-etxeen, jokaespazioen eta liburutegien lana babestea, tokiko kultura-ekosistema propio baten dinamizatzaile gisa.<\/span>.<\/h6>\n\n\t\t<\/div>\n\t<\/div>\n\t\t<\/div>\n\t<\/div>\n<\/div>\t\t<\/div>\n\t<\/div>\n<\/div><\/div><\/div><\/div><\/div><div class=\"wpb_column vc_column_container vc_col-sm-4\"><div class=\"vc_column-inner\"><div class=\"wpb_wrapper\"><div class=\"mkdf-elements-holder    mkdf-one-column  mkdf-responsive-mode-768\" ><div class=\"mkdf-eh-item   mkdf-horizontal-alignment-center\"  data-item-class=\"mkdf-eh-custom-4687\">\n\t<div class=\"mkdf-eh-item-inner\">\n\t\t<div class=\"mkdf-eh-item-content mkdf-eh-custom-4687\" >\n\t\t\t<div class=\"mkdf-visual-effects-holder  mkdf-veh-uncover mkdf-veh-from-left\" >\n\t<div class=\"mkdf-veh-inner\">\n\t\t\t\t\t<div class=\"mkdf-veh-mask\"  style=\"background-color: #ffffff\"><\/div>\n\t\t\t\t<div class=\"mkdf-veh-content\">\n\t\t\t\n\t<div class=\"wpb_text_column wpb_content_element\" >\n\t\t<div class=\"wpb_wrapper\">\n\t\t\t<h6 style=\"text-align: center;\">Jendeari prozesua ezagutzeko eta antzerki-proposamen bat sortzeak esan nahi duenaren esperientzia partekatzako aukera eskaintzea.<\/h6>\n\n\t\t<\/div>\n\t<\/div>\n\t\t<\/div>\n\t<\/div>\n<\/div>\t\t<\/div>\n\t<\/div>\n<\/div><\/div><\/div><\/div><\/div><\/div><\/div><\/div><div class=\"vc_row wpb_row vc_row-fluid vc_custom_1667416357248 vc_row-has-fill\" ><div class=\"wpb_column vc_column_container vc_col-sm-12\"><div class=\"vc_column-inner\"><div class=\"wpb_wrapper\"><div class=\"mkdf-elements-holder    mkdf-one-column  mkdf-responsive-mode-768\" ><div class=\"mkdf-eh-item\"  data-item-class=\"mkdf-eh-custom-8454\">\n\t<div class=\"mkdf-eh-item-inner\">\n\t\t<div class=\"mkdf-eh-item-content mkdf-eh-custom-8454\" >\n\t\t\t<div class=\"vc_empty_space\"   style=\"height: 15px\"><span class=\"vc_empty_space_inner\"><\/span><\/div>\n\t<div class=\"wpb_text_column wpb_content_element\" >\n\t\t<div class=\"wpb_wrapper\">\n\t\t\t<h2 style=\"text-align: center;\"><span style=\"color: #123c5d;\">Eszenara&#8230;<\/span><\/h2>\n\n\t\t<\/div>\n\t<\/div>\n\t\t<\/div>\n\t<\/div>\n<\/div><\/div><\/div><\/div><\/div><\/div><div class=\"mkdf-row-grid-section-wrapper mkdf-content-aligment-center\"  ><div class=\"mkdf-row-grid-section\"><div class=\"vc_row wpb_row vc_row-fluid vc_custom_1663431812009\" ><div class=\"wpb_column vc_column_container vc_col-sm-2\"><div class=\"vc_column-inner\"><div class=\"wpb_wrapper\"><\/div><\/div><\/div><div class=\"wpb_column vc_column_container vc_col-sm-8\"><div class=\"vc_column-inner\"><div class=\"wpb_wrapper\"><div class=\"mkdf-elements-holder    mkdf-one-column  mkdf-responsive-mode-768\" ><div class=\"mkdf-eh-item\"  data-item-class=\"mkdf-eh-custom-3113\">\n\t<div class=\"mkdf-eh-item-inner\">\n\t\t<div class=\"mkdf-eh-item-content mkdf-eh-custom-3113\" >\n\t\t\t<div class=\"mkdf-show-list-holder mkdf-sl-gallery  mkdf-no-space mkdf-sl-one-columns mkdf-sl-pag-no-pagination\"  data-type=\"gallery\" data-number-of-columns=\"1\" data-space-between-items=\"no\" data-number-of-items=\"-1\" data-category=\"literarte\" data-selected-shows=\"7536\" data-title-tag=\"h3\" data-image-proportions=\"medium\" data-enable-fixed-proportions=\"no\" data-orderby=\"date\" data-order=\"ASC\" data-show-single-layout=\"info-bellow\" data-show-slider=\"no\" data-slider-navigation=\"no\" data-slider-pagination=\"no\" data-pagination-type=\"no-pagination\" data-slider-autoplay=\"no\" data-max-num-pages=\"0\" data-next-page=\"2\">\n\t<div class=\"mkdf-sl-inner mkdf-outer-space\" data-number-of-items=\"1\" data-enable-navigation=\"no\" data-enable-pagination=\"no\" data-enable-autoplay=\"no\">\n\t\tSorry, no posts matched your criteria.\t<\/div>\n\t<\/div>\t\t<\/div>\n\t<\/div>\n<\/div><\/div><\/div><\/div><\/div><div class=\"wpb_column vc_column_container vc_col-sm-2\"><div class=\"vc_column-inner\"><div class=\"wpb_wrapper\"><\/div><\/div><\/div><\/div><\/div><\/div><div class=\"mkdf-row-grid-section-wrapper mkdf-content-aligment-center\"  ><div class=\"mkdf-row-grid-section\"><div class=\"vc_row wpb_row vc_row-fluid vc_custom_1663431812009\" ><div class=\"wpb_column vc_column_container vc_col-sm-2\"><div class=\"vc_column-inner\"><div class=\"wpb_wrapper\"><\/div><\/div><\/div><div class=\"wpb_column vc_column_container vc_col-sm-8\"><div class=\"vc_column-inner\"><div class=\"wpb_wrapper\"><div class=\"mkdf-elements-holder    mkdf-one-column  mkdf-responsive-mode-768\" ><div class=\"mkdf-eh-item\"  data-item-class=\"mkdf-eh-custom-3498\">\n\t<div class=\"mkdf-eh-item-inner\">\n\t\t<div class=\"mkdf-eh-item-content mkdf-eh-custom-3498\" >\n\t\t\t<div class=\"mec-wrap mec-skin-list-container\" id=\"mec_skin_6842\">\r\n\r\n    \r\n        <div class=\"mec-skin-list-events-container\" id=\"mec_skin_events_6842\">\r\n        No event found!    <\/div>\r\n    \r\n    \r\n<\/div>\r\n\t\t<\/div>\n\t<\/div>\n<\/div><\/div><\/div><\/div><\/div><div class=\"wpb_column vc_column_container vc_col-sm-2\"><div class=\"vc_column-inner\"><div class=\"wpb_wrapper\"><\/div><\/div><\/div><\/div><\/div><\/div><div class=\"vc_row wpb_row vc_row-fluid vc_custom_1667416357248 vc_row-has-fill\" ><div class=\"wpb_column vc_column_container vc_col-sm-12\"><div class=\"vc_column-inner\"><div class=\"wpb_wrapper\"><div class=\"vc_empty_space\"   style=\"height: 15px\"><span class=\"vc_empty_space_inner\"><\/span><\/div><div class=\"mkdf-elements-holder    mkdf-one-column  mkdf-responsive-mode-768\" ><div class=\"mkdf-eh-item\"  data-item-class=\"mkdf-eh-custom-1418\">\n\t<div class=\"mkdf-eh-item-inner\">\n\t\t<div class=\"mkdf-eh-item-content mkdf-eh-custom-1418\" >\n\t\t\t\n\t<div class=\"wpb_text_column wpb_content_element\" >\n\t\t<div class=\"wpb_wrapper\">\n\t\t\t<h2 style=\"text-align: center;\"><span style=\"color: #123c5d;\">Antzerkigintza<\/span><span style=\"color: #123c5d;\">&#8230;<\/span><\/h2>\n\n\t\t<\/div>\n\t<\/div>\n\t\t<\/div>\n\t<\/div>\n<\/div><\/div><\/div><\/div><\/div><div class=\"wpb_column vc_column_container vc_col-sm-12\"><div class=\"vc_column-inner\"><div class=\"wpb_wrapper\"><div class=\"mkdf-elements-holder    mkdf-one-column  mkdf-responsive-mode-768\" ><div class=\"mkdf-eh-item\"  data-item-class=\"mkdf-eh-custom-6602\">\n\t<div class=\"mkdf-eh-item-inner\">\n\t\t<div class=\"mkdf-eh-item-content mkdf-eh-custom-6602\" style=\"padding: 0 16.5% 0\">\n\t\t\t<div class=\"mkdf-role-list-holder mkdf-normal-space mkdf-rl-two-columns mkdf-rl-appear-fx\">\n\t<div class=\"mkdf-rl-inner mkdf-outer-space\" data-number-of-items=\"2\" data-enable-navigation=\"no\" data-enable-pagination=\"no\">\n\t\t\n<div class=\"mkdf-role mkdf-item-space info-bellow mkdf-hidden-item\">\n\t<div class=\"mkdf-role-inner\">\n\t\t\t\t\t<div class=\"mkdf-role-image\">\n\t\t\t\t<a itemprop=\"url\" href=\"https:\/\/litercreartefestival.com\/eu\/role-member\/literarte-miguel-goikoetxandia-eus\/\" target=\"_self\">\n\t\t\t\t\t\t\t\t\t\t\t<img loading=\"lazy\" decoding=\"async\" width=\"912\" height=\"912\" src=\"https:\/\/litercreartefestival.com\/wp-content\/uploads\/2016\/08\/Miguel-Goikoetxandia-web.jpg\" class=\"attachment-full size-full wp-post-image\" alt=\"\" srcset=\"https:\/\/litercreartefestival.com\/wp-content\/uploads\/2016\/08\/Miguel-Goikoetxandia-web.jpg 912w, https:\/\/litercreartefestival.com\/wp-content\/uploads\/2016\/08\/Miguel-Goikoetxandia-web-300x300.jpg 300w, https:\/\/litercreartefestival.com\/wp-content\/uploads\/2016\/08\/Miguel-Goikoetxandia-web-150x150.jpg 150w, https:\/\/litercreartefestival.com\/wp-content\/uploads\/2016\/08\/Miguel-Goikoetxandia-web-768x768.jpg 768w, https:\/\/litercreartefestival.com\/wp-content\/uploads\/2016\/08\/Miguel-Goikoetxandia-web-550x550.jpg 550w\" sizes=\"auto, (max-width: 912px) 100vw, 912px\" \/>\t\t\t\t\t\t\t\t\t<\/a>\n\t\t\t<\/div>\n\t\t\t\t<div class=\"mkdf-role-info\">\n            <div class=\"mkdf-role-title-holder\">\n                <h5 itemprop=\"name\" class=\"mkdf-role-name entry-title\">\n                    <a itemprop=\"url\" href=\"https:\/\/litercreartefestival.com\/eu\/role-member\/literarte-miguel-goikoetxandia-eus\/\">Miguel Goikoetxandia<\/a>\n                <\/h5>\n\n                                    <h6 class=\"mkdf-role-position\">Antzerkigile<\/h6>\n                            <\/div>\n\t\t\t\t\t\t\t\t<\/div>\n\t<\/div>\n<\/div>\n<div class=\"mkdf-role mkdf-item-space info-bellow mkdf-hidden-item\">\n\t<div class=\"mkdf-role-inner\">\n\t\t\t\t\t<div class=\"mkdf-role-image\">\n\t\t\t\t<a itemprop=\"url\" href=\"https:\/\/litercreartefestival.com\/eu\/role-member\/literarte-ana-maestrojuan-eus\/\" target=\"_self\">\n\t\t\t\t\t\t\t\t\t\t\t<img loading=\"lazy\" decoding=\"async\" width=\"912\" height=\"912\" src=\"https:\/\/litercreartefestival.com\/wp-content\/uploads\/2016\/08\/Ana-Maestrojuan-web.jpg\" class=\"attachment-full size-full wp-post-image\" alt=\"\" srcset=\"https:\/\/litercreartefestival.com\/wp-content\/uploads\/2016\/08\/Ana-Maestrojuan-web.jpg 912w, https:\/\/litercreartefestival.com\/wp-content\/uploads\/2016\/08\/Ana-Maestrojuan-web-300x300.jpg 300w, https:\/\/litercreartefestival.com\/wp-content\/uploads\/2016\/08\/Ana-Maestrojuan-web-150x150.jpg 150w, https:\/\/litercreartefestival.com\/wp-content\/uploads\/2016\/08\/Ana-Maestrojuan-web-768x768.jpg 768w, https:\/\/litercreartefestival.com\/wp-content\/uploads\/2016\/08\/Ana-Maestrojuan-web-550x550.jpg 550w\" sizes=\"auto, (max-width: 912px) 100vw, 912px\" \/>\t\t\t\t\t\t\t\t\t<\/a>\n\t\t\t<\/div>\n\t\t\t\t<div class=\"mkdf-role-info\">\n            <div class=\"mkdf-role-title-holder\">\n                <h5 itemprop=\"name\" class=\"mkdf-role-name entry-title\">\n                    <a itemprop=\"url\" href=\"https:\/\/litercreartefestival.com\/eu\/role-member\/literarte-ana-maestrojuan-eus\/\">Ana Maestroju\u00e1n<\/a>\n                <\/h5>\n\n                                    <h6 class=\"mkdf-role-position\">Antzerkigile<\/h6>\n                            <\/div>\n\t\t\t\t\t\t\t\t<\/div>\n\t<\/div>\n<\/div>\n<div class=\"mkdf-role mkdf-item-space info-bellow mkdf-hidden-item\">\n\t<div class=\"mkdf-role-inner\">\n\t\t\t\t\t<div class=\"mkdf-role-image\">\n\t\t\t\t<a itemprop=\"url\" href=\"https:\/\/litercreartefestival.com\/eu\/role-member\/yolanda-almeida\/\" target=\"_self\">\n\t\t\t\t\t\t\t\t\t\t\t<img loading=\"lazy\" decoding=\"async\" width=\"920\" height=\"920\" src=\"https:\/\/litercreartefestival.com\/wp-content\/uploads\/2016\/08\/Yolanda-Almeida-web.jpg\" class=\"attachment-full size-full wp-post-image\" alt=\"\" srcset=\"https:\/\/litercreartefestival.com\/wp-content\/uploads\/2016\/08\/Yolanda-Almeida-web.jpg 920w, https:\/\/litercreartefestival.com\/wp-content\/uploads\/2016\/08\/Yolanda-Almeida-web-300x300.jpg 300w, https:\/\/litercreartefestival.com\/wp-content\/uploads\/2016\/08\/Yolanda-Almeida-web-150x150.jpg 150w, https:\/\/litercreartefestival.com\/wp-content\/uploads\/2016\/08\/Yolanda-Almeida-web-768x768.jpg 768w, https:\/\/litercreartefestival.com\/wp-content\/uploads\/2016\/08\/Yolanda-Almeida-web-550x550.jpg 550w\" sizes=\"auto, (max-width: 920px) 100vw, 920px\" \/>\t\t\t\t\t\t\t\t\t<\/a>\n\t\t\t<\/div>\n\t\t\t\t<div class=\"mkdf-role-info\">\n            <div class=\"mkdf-role-title-holder\">\n                <h5 itemprop=\"name\" class=\"mkdf-role-name entry-title\">\n                    <a itemprop=\"url\" href=\"https:\/\/litercreartefestival.com\/eu\/role-member\/yolanda-almeida\/\">Yolanda Almeida<\/a>\n                <\/h5>\n\n                                    <h6 class=\"mkdf-role-position\">Antzerkigile<\/h6>\n                            <\/div>\n\t\t\t\t\t\t\t\t<\/div>\n\t<\/div>\n<\/div>\n<div class=\"mkdf-role mkdf-item-space info-bellow mkdf-hidden-item\">\n\t<div class=\"mkdf-role-inner\">\n\t\t\t\t\t<div class=\"mkdf-role-image\">\n\t\t\t\t<a itemprop=\"url\" href=\"https:\/\/litercreartefestival.com\/eu\/role-member\/iratxe-uriz\/\" target=\"_self\">\n\t\t\t\t\t\t\t\t\t\t\t<img loading=\"lazy\" decoding=\"async\" width=\"912\" height=\"912\" src=\"https:\/\/litercreartefestival.com\/wp-content\/uploads\/2023\/10\/Iratxe-Uriz-web.jpg\" class=\"attachment-full size-full wp-post-image\" alt=\"Iratxe \u00dariz\" srcset=\"https:\/\/litercreartefestival.com\/wp-content\/uploads\/2023\/10\/Iratxe-Uriz-web.jpg 912w, https:\/\/litercreartefestival.com\/wp-content\/uploads\/2023\/10\/Iratxe-Uriz-web-300x300.jpg 300w, https:\/\/litercreartefestival.com\/wp-content\/uploads\/2023\/10\/Iratxe-Uriz-web-150x150.jpg 150w, https:\/\/litercreartefestival.com\/wp-content\/uploads\/2023\/10\/Iratxe-Uriz-web-768x768.jpg 768w, https:\/\/litercreartefestival.com\/wp-content\/uploads\/2023\/10\/Iratxe-Uriz-web-550x550.jpg 550w\" sizes=\"auto, (max-width: 912px) 100vw, 912px\" \/>\t\t\t\t\t\t\t\t\t<\/a>\n\t\t\t<\/div>\n\t\t\t\t<div class=\"mkdf-role-info\">\n            <div class=\"mkdf-role-title-holder\">\n                <h5 itemprop=\"name\" class=\"mkdf-role-name entry-title\">\n                    <a itemprop=\"url\" href=\"https:\/\/litercreartefestival.com\/eu\/role-member\/iratxe-uriz\/\">Iratxe Uriz<\/a>\n                <\/h5>\n\n                                    <h6 class=\"mkdf-role-position\">Antzerkigile<\/h6>\n                            <\/div>\n\t\t\t\t\t\t\t\t<\/div>\n\t<\/div>\n<\/div>\t<\/div>\n<\/div>\t\t<\/div>\n\t<\/div>\n<\/div><\/div><\/div><\/div><\/div><\/div><div class=\"vc_row wpb_row vc_row-fluid vc_custom_1667416357248 vc_row-has-fill\" ><div class=\"wpb_column vc_column_container vc_col-sm-12\"><div class=\"vc_column-inner\"><div class=\"wpb_wrapper\"><div class=\"mkdf-elements-holder    mkdf-one-column  mkdf-responsive-mode-768\" ><div class=\"mkdf-eh-item\"  data-item-class=\"mkdf-eh-custom-6389\">\n\t<div class=\"mkdf-eh-item-inner\">\n\t\t<div class=\"mkdf-eh-item-content mkdf-eh-custom-6389\" >\n\t\t\t<div class=\"vc_empty_space\"   style=\"height: 15px\"><span class=\"vc_empty_space_inner\"><\/span><\/div>\n\t<div class=\"wpb_text_column wpb_content_element\" >\n\t\t<div class=\"wpb_wrapper\">\n\t\t\t<h2 style=\"text-align: center;\"><span style=\"color: #123c5d;\">&#8230;eta literatura.<\/span><\/h2>\n\n\t\t<\/div>\n\t<\/div>\n\t\t<\/div>\n\t<\/div>\n<\/div><\/div><\/div><\/div><\/div><\/div><div class=\"vc_row wpb_row vc_row-fluid\" ><div class=\"wpb_column vc_column_container vc_col-sm-3\"><div class=\"vc_column-inner\"><div class=\"wpb_wrapper\"><\/div><\/div><\/div><div class=\"wpb_column vc_column_container vc_col-sm-3\"><div class=\"vc_column-inner\"><div class=\"wpb_wrapper\"><div class=\"mkdf-image-with-text-holder  mkdf-has-shadow\">\n    <div class=\"mkdf-iwt-image\">\n                                    <img loading=\"lazy\" decoding=\"async\" width=\"1063\" height=\"1618\" src=\"https:\/\/litercreartefestival.com\/wp-content\/uploads\/2016\/08\/carrere-el-adversario.jpeg\" class=\"attachment-full size-full\" alt=\"Portada de &quot; El adversario&quot; de Emmanuel Carr\u00e9re\" srcset=\"https:\/\/litercreartefestival.com\/wp-content\/uploads\/2016\/08\/carrere-el-adversario.jpeg 1063w, https:\/\/litercreartefestival.com\/wp-content\/uploads\/2016\/08\/carrere-el-adversario-197x300.jpeg 197w, https:\/\/litercreartefestival.com\/wp-content\/uploads\/2016\/08\/carrere-el-adversario-673x1024.jpeg 673w, https:\/\/litercreartefestival.com\/wp-content\/uploads\/2016\/08\/carrere-el-adversario-768x1169.jpeg 768w, https:\/\/litercreartefestival.com\/wp-content\/uploads\/2016\/08\/carrere-el-adversario-1009x1536.jpeg 1009w\" sizes=\"auto, (max-width: 1063px) 100vw, 1063px\" \/>                        <\/div>\n    <div class=\"mkdf-iwt-text-holder\">\n        \t\t    <\/div>\n<\/div><\/div><\/div><\/div><div class=\"wpb_column vc_column_container vc_col-sm-3\"><div class=\"vc_column-inner\"><div class=\"wpb_wrapper\"><div class=\"vc_empty_space\"   style=\"height: 50px\"><span class=\"vc_empty_space_inner\"><\/span><\/div><div  class=\"vc_wp_text wpb_content_element\"><div class=\"widget widget_text\">\t\t\t<div class=\"textwidget\"><\/p>\n<h4 style=\"text-align: left;\"><span style=\"color: #123c5d;\"><strong>El adversario<\/strong><\/span><\/h4>\n<h5 style=\"text-align: left;\"><em>\u00abLiburu aparta; ispilu hautsia, gaur egungo gure bizitzak islatzen dituena.\u00bb<\/em><\/h5>\n<h6 style=\"text-align: left;\">Marie-Laure Delorme, <em>Lire.<\/em><\/h6>\n<p>\n<\/div>\n\t\t<\/div><\/div><\/div><\/div><\/div><div class=\"wpb_column vc_column_container vc_col-sm-3\"><div class=\"vc_column-inner\"><div class=\"wpb_wrapper\"><\/div><\/div><\/div><\/div><div class=\"vc_row wpb_row vc_row-fluid\" ><div class=\"wpb_column vc_column_container vc_col-sm-3\"><div class=\"vc_column-inner\"><div class=\"wpb_wrapper\"><\/div><\/div><\/div><div class=\"wpb_column vc_column_container vc_col-sm-3\"><div class=\"vc_column-inner\"><div class=\"wpb_wrapper\"><div class=\"vc_empty_space\"   style=\"height: 50px\"><span class=\"vc_empty_space_inner\"><\/span><\/div><div  class=\"vc_wp_text wpb_content_element\"><div class=\"widget widget_text\">\t\t\t<div class=\"textwidget\"><\/p>\n<h4 style=\"text-align: right;\"><span style=\"color: #123c5d;\"><strong>Nork daki bihar hemen jarraituko dugun<\/strong><\/span><\/h4>\n<h5 style=\"text-align: right;\"><em>\u00ab<\/em>Nihilismo ona, betikoa. Hau <em><strong>noir <\/strong><\/em>korearra da<em>\u00ab<\/em><\/h5>\n<h6 style=\"text-align: right;\">Los \u00c1ngeles Times<\/h6>\n<p>\n<\/div>\n\t\t<\/div><\/div><\/div><\/div><\/div><div class=\"wpb_column vc_column_container vc_col-sm-3\"><div class=\"vc_column-inner\"><div class=\"wpb_wrapper\"><div class=\"mkdf-image-with-text-holder  mkdf-has-shadow\">\n    <div class=\"mkdf-iwt-image\">\n                                    <img loading=\"lazy\" decoding=\"async\" width=\"782\" height=\"1200\" src=\"https:\/\/litercreartefestival.com\/wp-content\/uploads\/2016\/08\/portada_quien-sabe-si-manana-seguiremos-aqui_kim-young-ha.png\" class=\"attachment-full size-full\" alt=\"Portada de Quien-sabe-si-manana-seguiremos-aqui de Kim Young-Ha\" srcset=\"https:\/\/litercreartefestival.com\/wp-content\/uploads\/2016\/08\/portada_quien-sabe-si-manana-seguiremos-aqui_kim-young-ha.png 782w, https:\/\/litercreartefestival.com\/wp-content\/uploads\/2016\/08\/portada_quien-sabe-si-manana-seguiremos-aqui_kim-young-ha-196x300.png 196w, https:\/\/litercreartefestival.com\/wp-content\/uploads\/2016\/08\/portada_quien-sabe-si-manana-seguiremos-aqui_kim-young-ha-667x1024.png 667w, https:\/\/litercreartefestival.com\/wp-content\/uploads\/2016\/08\/portada_quien-sabe-si-manana-seguiremos-aqui_kim-young-ha-768x1179.png 768w\" sizes=\"auto, (max-width: 782px) 100vw, 782px\" \/>                        <\/div>\n    <div class=\"mkdf-iwt-text-holder\">\n        \t\t    <\/div>\n<\/div><\/div><\/div><\/div><div class=\"wpb_column vc_column_container vc_col-sm-3\"><div class=\"vc_column-inner\"><div class=\"wpb_wrapper\"><\/div><\/div><\/div><\/div><div class=\"vc_row wpb_row vc_row-fluid\" ><div class=\"wpb_column vc_column_container vc_col-sm-3\"><div class=\"vc_column-inner\"><div class=\"wpb_wrapper\"><\/div><\/div><\/div><div class=\"wpb_column vc_column_container vc_col-sm-3\"><div class=\"vc_column-inner\"><div class=\"wpb_wrapper\"><div class=\"mkdf-image-with-text-holder  mkdf-has-shadow\">\n    <div class=\"mkdf-iwt-image\">\n                                    <img loading=\"lazy\" decoding=\"async\" width=\"1063\" height=\"1707\" src=\"https:\/\/litercreartefestival.com\/wp-content\/uploads\/2016\/08\/el-baile-de-las-locas-txalaparta-eus.jpg\" class=\"attachment-full size-full\" alt=\"Portada de El baile de las locas de Victoria Mas\" srcset=\"https:\/\/litercreartefestival.com\/wp-content\/uploads\/2016\/08\/el-baile-de-las-locas-txalaparta-eus.jpg 1063w, https:\/\/litercreartefestival.com\/wp-content\/uploads\/2016\/08\/el-baile-de-las-locas-txalaparta-eus-187x300.jpg 187w, https:\/\/litercreartefestival.com\/wp-content\/uploads\/2016\/08\/el-baile-de-las-locas-txalaparta-eus-638x1024.jpg 638w, https:\/\/litercreartefestival.com\/wp-content\/uploads\/2016\/08\/el-baile-de-las-locas-txalaparta-eus-768x1233.jpg 768w, https:\/\/litercreartefestival.com\/wp-content\/uploads\/2016\/08\/el-baile-de-las-locas-txalaparta-eus-957x1536.jpg 957w\" sizes=\"auto, (max-width: 1063px) 100vw, 1063px\" \/>                        <\/div>\n    <div class=\"mkdf-iwt-text-holder\">\n        \t\t    <\/div>\n<\/div><\/div><\/div><\/div><div class=\"wpb_column vc_column_container vc_col-sm-3\"><div class=\"vc_column-inner\"><div class=\"wpb_wrapper\"><div class=\"vc_empty_space\"   style=\"height: 50px\"><span class=\"vc_empty_space_inner\"><\/span><\/div><div  class=\"vc_wp_text wpb_content_element\"><div class=\"widget widget_text\">\t\t\t<div class=\"textwidget\"><\/p>\n<h4 style=\"text-align: left;\"><span style=\"color: #123c5d;\"><strong>El baile de las locas<\/strong><\/span><\/h4>\n<h5 style=\"text-align: left;\"><em>\u00abMaisulana, indarkeria matxistaren aurkako alegatua, askatasunaren aldeko ereserkia, guztiontzako liburua\u00bb.<\/em><\/h5>\n<h6 style=\"text-align: left;\">Gema Veiga, <em>Elle.<\/em><\/h6>\n<p>\n<\/div>\n\t\t<\/div><\/div><\/div><\/div><\/div><div class=\"wpb_column vc_column_container vc_col-sm-3\"><div class=\"vc_column-inner\"><div class=\"wpb_wrapper\"><\/div><\/div><\/div><\/div><div class=\"vc_row wpb_row vc_row-fluid\" ><div class=\"wpb_column vc_column_container vc_col-sm-3\"><div class=\"vc_column-inner\"><div class=\"wpb_wrapper\"><\/div><\/div><\/div><div class=\"wpb_column vc_column_container vc_col-sm-3\"><div class=\"vc_column-inner\"><div class=\"wpb_wrapper\"><div class=\"vc_empty_space\"   style=\"height: 50px\"><span class=\"vc_empty_space_inner\"><\/span><\/div><div  class=\"vc_wp_text wpb_content_element\"><div class=\"widget widget_text\">\t\t\t<div class=\"textwidget\"><\/p>\n<h4 style=\"text-align: right;\"><span style=\"color: #123c5d;\"><strong>Emakume izostua<\/strong><\/span><\/h4>\n<h5 style=\"text-align: right;\"><em>\u00abEmakume izoztuak nire ibilbidea, emakume gisa, birplanteatzeko aukera eman zidan\u201d.<\/em><\/h5>\n<h6 style=\"text-align: right;\">Annie Ernaux. 2022ko literaturako Nobel-saria<\/h6>\n<p>\n<\/div>\n\t\t<\/div><\/div><\/div><\/div><\/div><div class=\"wpb_column vc_column_container vc_col-sm-3\"><div class=\"vc_column-inner\"><div class=\"wpb_wrapper\"><div class=\"mkdf-image-with-text-holder  mkdf-has-shadow\">\n    <div class=\"mkdf-iwt-image\">\n                                    <img loading=\"lazy\" decoding=\"async\" width=\"1400\" height=\"2111\" src=\"https:\/\/litercreartefestival.com\/wp-content\/uploads\/2016\/08\/ernaux-la-mujer-helada.jpeg\" class=\"attachment-full size-full\" alt=\"Portada de La mujer helada de Annie Ernaux\" srcset=\"https:\/\/litercreartefestival.com\/wp-content\/uploads\/2016\/08\/ernaux-la-mujer-helada.jpeg 1400w, https:\/\/litercreartefestival.com\/wp-content\/uploads\/2016\/08\/ernaux-la-mujer-helada-199x300.jpeg 199w, https:\/\/litercreartefestival.com\/wp-content\/uploads\/2016\/08\/ernaux-la-mujer-helada-679x1024.jpeg 679w, https:\/\/litercreartefestival.com\/wp-content\/uploads\/2016\/08\/ernaux-la-mujer-helada-768x1158.jpeg 768w, https:\/\/litercreartefestival.com\/wp-content\/uploads\/2016\/08\/ernaux-la-mujer-helada-1019x1536.jpeg 1019w, https:\/\/litercreartefestival.com\/wp-content\/uploads\/2016\/08\/ernaux-la-mujer-helada-1358x2048.jpeg 1358w\" sizes=\"auto, (max-width: 1400px) 100vw, 1400px\" \/>                        <\/div>\n    <div class=\"mkdf-iwt-text-holder\">\n        \t\t    <\/div>\n<\/div><\/div><\/div><\/div><div class=\"wpb_column vc_column_container vc_col-sm-3\"><div class=\"vc_column-inner\"><div class=\"wpb_wrapper\"><\/div><\/div><\/div><\/div><div class=\"vc_row wpb_row vc_row-fluid vc_custom_1667416357248 vc_row-has-fill\" ><div class=\"wpb_column vc_column_container vc_col-sm-3\"><div class=\"vc_column-inner\"><div class=\"wpb_wrapper\"><\/div><\/div><\/div><div class=\"wpb_column vc_column_container vc_col-sm-6\"><div class=\"vc_column-inner\"><div class=\"wpb_wrapper\"><div class=\"mkdf-elements-holder    mkdf-one-column  mkdf-responsive-mode-768\" ><div class=\"mkdf-eh-item\"  data-item-class=\"mkdf-eh-custom-8215\">\n\t<div class=\"mkdf-eh-item-inner\">\n\t\t<div class=\"mkdf-eh-item-content mkdf-eh-custom-8215\" >\n\t\t\t<div class=\"vc_empty_space\"   style=\"height: 15px\"><span class=\"vc_empty_space_inner\"><\/span><\/div>\n\t<div class=\"wpb_text_column wpb_content_element\" >\n\t\t<div class=\"wpb_wrapper\">\n\t\t\t<h2 style=\"text-align: center;\"><span style=\"color: #123c5d;\">Topaketak&#8230;<\/span><\/h2>\n\n\t\t<\/div>\n\t<\/div>\n\t\t<\/div>\n\t<\/div>\n<\/div><\/div><\/div><\/div><\/div><div class=\"wpb_column vc_column_container vc_col-sm-3\"><div class=\"vc_column-inner\"><div class=\"wpb_wrapper\"><\/div><\/div><\/div><\/div><div class=\"vc_row wpb_row vc_row-fluid vc_custom_1667416357248 vc_row-has-fill\" ><div class=\"wpb_column vc_column_container vc_col-sm-3\"><div class=\"vc_column-inner\"><div class=\"wpb_wrapper\"><\/div><\/div><\/div><div class=\"wpb_column vc_column_container vc_col-sm-6\"><div class=\"vc_column-inner\"><div class=\"wpb_wrapper\"><div class=\"mkdf-elements-holder    mkdf-three-columns  mkdf-responsive-mode-768\" ><div class=\"mkdf-eh-item   mkdf-horizontal-alignment-center\"  data-item-class=\"mkdf-eh-custom-8064\">\n\t<div class=\"mkdf-eh-item-inner\">\n\t\t<div class=\"mkdf-eh-item-content mkdf-eh-custom-8064\" >\n\t\t\t\n\t<div class=\"wpb_gallery wpb_posts_slider wpb_content_element\" >\n\t\t<div class=\"wpb_wrapper\">\n\t\t\t\n\t\t\t<div class=\"wpb_gallery_slides wpb_flexslider flexslider_slide flexslider\" data-interval=\"3\" data-flex_fx=\"slide\"><ul class=\"slides\"><li><a class=\"link_image\" href=\"https:\/\/litercreartefestival.com\/eu\/7730-2\/\" title=\"Permalink to Yamaguchi liburutegian\"><img loading=\"lazy\" decoding=\"async\" width=\"1024\" height=\"468\" src=\"https:\/\/litercreartefestival.com\/wp-content\/uploads\/2024\/03\/PAMPLONA-YAMAGUCHI-18-de-abril-ENCUENTRO-scaled-e1715101873750-1024x468.jpg\" class=\"attachment-large\" alt=\"PAMPLONA-YAMAGUCHI 18 de abril ENCUENTRO\" srcset=\"https:\/\/litercreartefestival.com\/wp-content\/uploads\/2024\/03\/PAMPLONA-YAMAGUCHI-18-de-abril-ENCUENTRO-scaled-e1715101873750-1024x468.jpg 1024w, https:\/\/litercreartefestival.com\/wp-content\/uploads\/2024\/03\/PAMPLONA-YAMAGUCHI-18-de-abril-ENCUENTRO-scaled-e1715101873750-300x137.jpg 300w, https:\/\/litercreartefestival.com\/wp-content\/uploads\/2024\/03\/PAMPLONA-YAMAGUCHI-18-de-abril-ENCUENTRO-scaled-e1715101873750-768x351.jpg 768w, https:\/\/litercreartefestival.com\/wp-content\/uploads\/2024\/03\/PAMPLONA-YAMAGUCHI-18-de-abril-ENCUENTRO-scaled-e1715101873750-1536x701.jpg 1536w\" sizes=\"auto, (max-width: 1024px) 100vw, 1024px\" \/><\/a><div class=\"flex-caption\"><h2 class=\"post-title\"><a class=\"link_image\" href=\"https:\/\/litercreartefestival.com\/eu\/7730-2\/\" title=\"Permalink to Yamaguchi liburutegian\">Yamaguchi liburutegian<\/a><\/h2>...Yamaguchi liburutegian Topaketa bakoitzak, bateratze-lan bakoitzak besteekiko irekitzea esan nahi du. Propio aukeratutako leku eta denbora-tarte batean lasaitasun osoz hitz egin ahal izateak topaketa horiek berez garrantzia hartzea dakar. Lasaitasunez eta entzunez hainbat ikuspuntu partekatzeak eta ikuspuntu horietan bat ez etortzeak aberastu egiten zaitu prozesu sortzailean. Idazle gisa itxi gabeko testu bat, testu aldakor eta iragazkor bat partekatzeak [...]<\/div><\/li><li><a class=\"link_image\" href=\"https:\/\/litercreartefestival.com\/eu\/7622-2\/\" title=\"Permalink to Berriozarko Liburutegian\"><img loading=\"lazy\" decoding=\"async\" width=\"1024\" height=\"472\" src=\"https:\/\/litercreartefestival.com\/wp-content\/uploads\/2024\/01\/Berriozar-OK-1024x472.jpg\" class=\"attachment-large\" alt=\"Participantes Literarte Biblioteca Berriozar 2024\" srcset=\"https:\/\/litercreartefestival.com\/wp-content\/uploads\/2024\/01\/Berriozar-OK-1024x472.jpg 1024w, https:\/\/litercreartefestival.com\/wp-content\/uploads\/2024\/01\/Berriozar-OK-300x138.jpg 300w, https:\/\/litercreartefestival.com\/wp-content\/uploads\/2024\/01\/Berriozar-OK-768x354.jpg 768w, https:\/\/litercreartefestival.com\/wp-content\/uploads\/2024\/01\/Berriozar-OK.jpg 1518w\" sizes=\"auto, (max-width: 1024px) 100vw, 1024px\" \/><\/a><div class=\"flex-caption\"><h2 class=\"post-title\"><a class=\"link_image\" href=\"https:\/\/litercreartefestival.com\/eu\/7622-2\/\" title=\"Permalink to Berriozarko Liburutegian\">Berriozarko Liburutegian<\/a><\/h2>...Berriozarko Liburutegian Topaketa bakoitzak, bateratze-lan bakoitzak besteekiko irekitzea esan nahi du. Propio aukeratutako leku eta denbora-tarte batean lasaitasun osoz hitz egin ahal izateak topaketa horiek berez garrantzia hartzea dakar. Lasaitasunez eta entzunez hainbat ikuspuntu partekatzeak eta ikuspuntu horietan bat ez etortzeak aberastu egiten zaitu prozesu sortzailean. Idazle gisa itxi gabeko testu bat, testu aldakor eta iragazkor bat partekatzeak [...]<\/div><\/li><li><a class=\"link_image\" href=\"https:\/\/litercreartefestival.com\/eu\/7623-2\/\" title=\"Permalink to Cintru\u00e9nigo liburutegian\"><img loading=\"lazy\" decoding=\"async\" width=\"1024\" height=\"461\" src=\"https:\/\/litercreartefestival.com\/wp-content\/uploads\/2024\/01\/Cintruenigo-OK-1024x461.jpg\" class=\"attachment-large\" alt=\"Participantes Literarte Biblioteca Cintru\u00e9nigo 2024\" srcset=\"https:\/\/litercreartefestival.com\/wp-content\/uploads\/2024\/01\/Cintruenigo-OK-1024x461.jpg 1024w, https:\/\/litercreartefestival.com\/wp-content\/uploads\/2024\/01\/Cintruenigo-OK-300x135.jpg 300w, https:\/\/litercreartefestival.com\/wp-content\/uploads\/2024\/01\/Cintruenigo-OK-768x346.jpg 768w, https:\/\/litercreartefestival.com\/wp-content\/uploads\/2024\/01\/Cintruenigo-OK-1536x691.jpg 1536w, https:\/\/litercreartefestival.com\/wp-content\/uploads\/2024\/01\/Cintruenigo-OK.jpg 1556w\" sizes=\"auto, (max-width: 1024px) 100vw, 1024px\" \/><\/a><div class=\"flex-caption\"><h2 class=\"post-title\"><a class=\"link_image\" href=\"https:\/\/litercreartefestival.com\/eu\/7623-2\/\" title=\"Permalink to Cintru\u00e9nigo liburutegian\">Cintru\u00e9nigo liburutegian<\/a><\/h2>...Cintru\u00e9nigo liburutegian Topaketa bakoitzak, bateratze-lan bakoitzak besteekiko irekitzea esan nahi du. Propio aukeratutako leku eta denbora-tarte batean lasaitasun osoz hitz egin ahal izateak topaketa horiek berez garrantzia hartzea dakar. Lasaitasunez eta entzunez hainbat ikuspuntu partekatzeak eta ikuspuntu horietan bat ez etortzeak aberastu egiten zaitu prozesu sortzailean. Idazle gisa itxi gabeko testu bat, testu aldakor eta iragazkor bat partekatzeak [...]<\/div><\/li><li><a class=\"link_image\" href=\"https:\/\/litercreartefestival.com\/eu\/7624-2\/\" title=\"Permalink to Ablitas liburutegian\"><img loading=\"lazy\" decoding=\"async\" width=\"1024\" height=\"394\" src=\"https:\/\/litercreartefestival.com\/wp-content\/uploads\/2024\/01\/Ablitas-OK-1024x394.jpg\" class=\"attachment-large\" alt=\"Participantes Literarte Biblioteca Ablitas 2024\" srcset=\"https:\/\/litercreartefestival.com\/wp-content\/uploads\/2024\/01\/Ablitas-OK-1024x394.jpg 1024w, https:\/\/litercreartefestival.com\/wp-content\/uploads\/2024\/01\/Ablitas-OK-300x115.jpg 300w, https:\/\/litercreartefestival.com\/wp-content\/uploads\/2024\/01\/Ablitas-OK-768x295.jpg 768w, https:\/\/litercreartefestival.com\/wp-content\/uploads\/2024\/01\/Ablitas-OK-1536x590.jpg 1536w, https:\/\/litercreartefestival.com\/wp-content\/uploads\/2024\/01\/Ablitas-OK.jpg 1821w\" sizes=\"auto, (max-width: 1024px) 100vw, 1024px\" \/><\/a><div class=\"flex-caption\"><h2 class=\"post-title\"><a class=\"link_image\" href=\"https:\/\/litercreartefestival.com\/eu\/7624-2\/\" title=\"Permalink to Ablitas liburutegian\">Ablitas liburutegian<\/a><\/h2>...Ablitas liburutegian Aurten hiru irakurketa-klubekin egindako hitzaldietan parte hartzeko esperientzia errepikatu ahal izan dut. Lehenik eta behin, hitzaldi horietako bakoitzean eman didaten tratua, adeitasuna eta arreta eskertu behar ditut. Denak zereginak ondo eginda etorri ziren, liburua errepasatuta eta partekatzeko gogoz. Liburuaren gaia (emakumeek garai zailean egindako borrokari buruzko kontakizuna, beren buruak garatzeko trabak, inposizioa, indarkeria) eta, bestalde, elkarri [...]<\/div><\/li><li><a class=\"link_image\" href=\"https:\/\/litercreartefestival.com\/eu\/7625-2\/\" title=\"Permalink to Alloko liburutegian 2022\"><img loading=\"lazy\" decoding=\"async\" width=\"1024\" height=\"482\" src=\"https:\/\/litercreartefestival.com\/wp-content\/uploads\/2024\/01\/Allo-OK-1024x482.jpg\" class=\"attachment-large\" alt=\"Participantes Literarte Biblioteca Allo 2024\" srcset=\"https:\/\/litercreartefestival.com\/wp-content\/uploads\/2024\/01\/Allo-OK-1024x482.jpg 1024w, https:\/\/litercreartefestival.com\/wp-content\/uploads\/2024\/01\/Allo-OK-300x141.jpg 300w, https:\/\/litercreartefestival.com\/wp-content\/uploads\/2024\/01\/Allo-OK-768x362.jpg 768w, https:\/\/litercreartefestival.com\/wp-content\/uploads\/2024\/01\/Allo-OK.jpg 1487w\" sizes=\"auto, (max-width: 1024px) 100vw, 1024px\" \/><\/a><div class=\"flex-caption\"><h2 class=\"post-title\"><a class=\"link_image\" href=\"https:\/\/litercreartefestival.com\/eu\/7625-2\/\" title=\"Permalink to Alloko liburutegian 2022\">Alloko liburutegian 2022<\/a><\/h2>...Alloko liburutegian Liburutegietako topaketak esperientzia benetan zirraragarriak izaten ari dira. Aukeratutako liburuez hitz egiteko topaketa bat baino gehiago da. Esperientziei eta zirrarei buruz hitz egitea da, une eta liburu horren bidez bizitzen zati bat partekatzea da. Herri horien bizitza kulturala mugitzen duen jendearen (gehiengoa beti, emakumeak) indarra sentitzea da. Bidaia horren nahitaezko zatia da. Iratxe \u00dariz<\/div><\/li><li><a class=\"link_image\" href=\"https:\/\/litercreartefestival.com\/eu\/7627-2\/\" title=\"Permalink to Agoizko liburutegian\"><img loading=\"lazy\" decoding=\"async\" width=\"1024\" height=\"494\" src=\"https:\/\/litercreartefestival.com\/wp-content\/uploads\/2024\/01\/AOIZ-ok-1024x494.jpg\" class=\"attachment-large\" alt=\"Participantes Literarte Biblioteca Aoiz 2024\" srcset=\"https:\/\/litercreartefestival.com\/wp-content\/uploads\/2024\/01\/AOIZ-ok-1024x494.jpg 1024w, https:\/\/litercreartefestival.com\/wp-content\/uploads\/2024\/01\/AOIZ-ok-300x145.jpg 300w, https:\/\/litercreartefestival.com\/wp-content\/uploads\/2024\/01\/AOIZ-ok-768x371.jpg 768w, https:\/\/litercreartefestival.com\/wp-content\/uploads\/2024\/01\/AOIZ-ok.jpg 1451w\" sizes=\"auto, (max-width: 1024px) 100vw, 1024px\" \/><\/a><div class=\"flex-caption\"><h2 class=\"post-title\"><a class=\"link_image\" href=\"https:\/\/litercreartefestival.com\/eu\/7627-2\/\" title=\"Permalink to Agoizko liburutegian\">Agoizko liburutegian<\/a><\/h2>...Agoizko liburutegian Liburutegietako topaketak esperientzia benetan zirraragarriak izaten ari dira. Aukeratutako liburuez hitz egiteko topaketa bat baino gehiago da. Esperientziei eta zirrarei buruz hitz egitea da, une eta liburu horren bidez bizitzen zati bat partekatzea da. Herri horien bizitza kulturala mugitzen duen jendearen (gehiengoa beti, emakumeak) indarra sentitzea da. Bidaia horren nahitaezko zatia da. Iratxe \u00dariz<\/div><\/li><li><a class=\"link_image\" href=\"https:\/\/litercreartefestival.com\/eu\/7629-2\/\" title=\"Permalink to Tuterako liburutegian\"><img loading=\"lazy\" decoding=\"async\" width=\"1024\" height=\"513\" src=\"https:\/\/litercreartefestival.com\/wp-content\/uploads\/2024\/01\/Tudela-OK-1024x513.jpg\" class=\"attachment-large\" alt=\"Participantes Literarte Los finales no escritos Tudela 23\/24\" srcset=\"https:\/\/litercreartefestival.com\/wp-content\/uploads\/2024\/01\/Tudela-OK-1024x513.jpg 1024w, https:\/\/litercreartefestival.com\/wp-content\/uploads\/2024\/01\/Tudela-OK-300x150.jpg 300w, https:\/\/litercreartefestival.com\/wp-content\/uploads\/2024\/01\/Tudela-OK-768x385.jpg 768w, https:\/\/litercreartefestival.com\/wp-content\/uploads\/2024\/01\/Tudela-OK-1100x550.jpg 1100w, https:\/\/litercreartefestival.com\/wp-content\/uploads\/2024\/01\/Tudela-OK.jpg 1396w\" sizes=\"auto, (max-width: 1024px) 100vw, 1024px\" \/><\/a><div class=\"flex-caption\"><h2 class=\"post-title\"><a class=\"link_image\" href=\"https:\/\/litercreartefestival.com\/eu\/7629-2\/\" title=\"Permalink to Tuterako liburutegian\">Tuterako liburutegian<\/a><\/h2>...Tuterako liburutegian Hau izan da nire lehen urtea denetan eta, egia esan, klubekin elkartzera itxaropenik gabe eta, aldi berean, beldur handiz joaten nintzen, ez bainekien zer aurkituko nuen. Baina gerora esperientzia paregabea izan da. Liburuarekiko gure iritziak bateratzeaz gozatzea, besteen ideiekin eta esperientziekin aberastea, norberaren bizitzarekin aberastea... Eta ondoren, idatzita zegoen testua partekatu. Isiltasuna, haien ikusmina, gustuko izatea, [...]<\/div><\/li><li><a class=\"link_image\" href=\"https:\/\/litercreartefestival.com\/eu\/7628-2\/\" title=\"Permalink to Cascanteko liburutegian\"><img loading=\"lazy\" decoding=\"async\" width=\"1024\" height=\"404\" src=\"https:\/\/litercreartefestival.com\/wp-content\/uploads\/2024\/01\/Cascante-OK-1024x404.jpg\" class=\"attachment-large\" alt=\"Participantes Literarte Biblioteca Cascante 2024\" srcset=\"https:\/\/litercreartefestival.com\/wp-content\/uploads\/2024\/01\/Cascante-OK-1024x404.jpg 1024w, https:\/\/litercreartefestival.com\/wp-content\/uploads\/2024\/01\/Cascante-OK-300x118.jpg 300w, https:\/\/litercreartefestival.com\/wp-content\/uploads\/2024\/01\/Cascante-OK-768x303.jpg 768w, https:\/\/litercreartefestival.com\/wp-content\/uploads\/2024\/01\/Cascante-OK-1536x606.jpg 1536w, https:\/\/litercreartefestival.com\/wp-content\/uploads\/2024\/01\/Cascante-OK.jpg 1774w\" sizes=\"auto, (max-width: 1024px) 100vw, 1024px\" \/><\/a><div class=\"flex-caption\"><h2 class=\"post-title\"><a class=\"link_image\" href=\"https:\/\/litercreartefestival.com\/eu\/7628-2\/\" title=\"Permalink to Cascanteko liburutegian\">Cascanteko liburutegian<\/a><\/h2>...Cascanteko liburutegian Aurten hiru irakurketa-klubekin egindako hitzaldietan parte hartzeko esperientzia errepikatu ahal izan dut. Lehenik eta behin, hitzaldi horietako bakoitzean eman didaten tratua, adeitasuna eta arreta eskertu behar ditut. Denak zereginak ondo eginda etorri ziren, liburua errepasatuta eta partekatzeko gogoz. Liburuaren gaia (emakumeek garai zailean egindako borrokari buruzko kontakizuna, beren buruak garatzeko trabak, inposizioa, indarkeria) eta, bestalde, elkarri [...]<\/div><\/li><\/ul><\/div>\n\t\t<\/div>\n\t<\/div>\n\t\t<\/div>\n\t<\/div>\n<\/div><\/div><\/div><\/div><\/div><div class=\"wpb_column vc_column_container vc_col-sm-3\"><div class=\"vc_column-inner\"><div class=\"wpb_wrapper\"><\/div><\/div><\/div><\/div><div class=\"vc_row wpb_row vc_row-fluid vc_custom_1667416357248 vc_row-has-fill\" ><div class=\"wpb_column vc_column_container vc_col-sm-3\"><div class=\"vc_column-inner\"><div class=\"wpb_wrapper\"><\/div><\/div><\/div><div class=\"wpb_column vc_column_container vc_col-sm-6\"><div class=\"vc_column-inner\"><div class=\"wpb_wrapper\"><div class=\"mkdf-elements-holder    mkdf-one-column  mkdf-responsive-mode-768\" ><div class=\"mkdf-eh-item\"  data-item-class=\"mkdf-eh-custom-8507\">\n\t<div class=\"mkdf-eh-item-inner\">\n\t\t<div class=\"mkdf-eh-item-content mkdf-eh-custom-8507\" >\n\t\t\t<div class=\"vc_empty_space\"   style=\"height: 15px\"><span class=\"vc_empty_space_inner\"><\/span><\/div>\n\t<div class=\"wpb_text_column wpb_content_element\" >\n\t\t<div class=\"wpb_wrapper\">\n\t\t\t<h2 style=\"text-align: center;\"><span style=\"color: #123c5d;\">Emanaldia&#8230;<\/span><\/h2>\n\n\t\t<\/div>\n\t<\/div>\n\t\t<\/div>\n\t<\/div>\n<\/div><\/div><\/div><\/div><\/div><div class=\"wpb_column vc_column_container vc_col-sm-3\"><div class=\"vc_column-inner\"><div class=\"wpb_wrapper\"><\/div><\/div><\/div><\/div><div class=\"vc_row wpb_row vc_row-fluid vc_custom_1667416357248 vc_row-has-fill\" ><div class=\"wpb_column vc_column_container vc_col-sm-3\"><div class=\"vc_column-inner\"><div class=\"wpb_wrapper\"><\/div><\/div><\/div><div class=\"wpb_column vc_column_container vc_col-sm-6\"><div class=\"vc_column-inner\"><div class=\"wpb_wrapper\"><div class=\"wpb_gallery wpb_content_element vc_clearfix\" ><div class=\"wpb_wrapper\"><div class=\"wpb_gallery_slides wpb_slider_nivo theme-default\" data-interval=\"3\"><div class=\"nivoSlider\"><a class=\"prettyphoto\" href=\"https:\/\/litercreartefestival.com\/wp-content\/uploads\/2024\/01\/BIBLIOTECA-DE-NAVARRA-30-de-enero-de-2023-e1707912615340-1024x557.jpeg\" data-rel=\"prettyPhoto[rel-7628-4271181607]\"><img loading=\"lazy\" decoding=\"async\" class=\"\" src=\"https:\/\/litercreartefestival.com\/wp-content\/uploads\/2024\/01\/BIBLIOTECA-DE-NAVARRA-30-de-enero-de-2023-e1707912615340-800x600.jpeg\" width=\"800\" height=\"600\" alt=\"BIBLIOTECA DE NAVARRA 30 de enero de 2024\" title=\"BIBLIOTECA DE NAVARRA 30 de enero de 2024\" \/><\/a><a class=\"prettyphoto\" href=\"https:\/\/litercreartefestival.com\/wp-content\/uploads\/2024\/01\/ARTAJONA-1-de-febrero-de-2023-1024x768.jpeg\" data-rel=\"prettyPhoto[rel-7628-4271181607]\"><img loading=\"lazy\" decoding=\"async\" class=\"\" src=\"https:\/\/litercreartefestival.com\/wp-content\/uploads\/2024\/01\/ARTAJONA-1-de-febrero-de-2023-800x600.jpeg\" width=\"800\" height=\"600\" alt=\"ARTAJONA 1 de febrero de 2024\" title=\"ARTAJONA 1 de febrero de 2024\" \/><\/a><a class=\"prettyphoto\" href=\"https:\/\/litercreartefestival.com\/wp-content\/uploads\/2024\/01\/ALLO-6-de-marzo-1-1024x768.jpeg\" data-rel=\"prettyPhoto[rel-7628-4271181607]\"><img loading=\"lazy\" decoding=\"async\" class=\"\" src=\"https:\/\/litercreartefestival.com\/wp-content\/uploads\/2024\/01\/ALLO-6-de-marzo-1-800x600.jpeg\" width=\"800\" height=\"600\" alt=\"ALLO 6 de marzo 2024\" title=\"ALLO 6 de marzo 2024\" \/><\/a><a class=\"prettyphoto\" href=\"https:\/\/litercreartefestival.com\/wp-content\/uploads\/2024\/01\/ULTZAMA-16-de-febrero-1024x872.jpeg\" data-rel=\"prettyPhoto[rel-7628-4271181607]\"><img loading=\"lazy\" decoding=\"async\" class=\"\" src=\"https:\/\/litercreartefestival.com\/wp-content\/uploads\/2024\/01\/ULTZAMA-16-de-febrero-800x600.jpeg\" width=\"800\" height=\"600\" alt=\"ULTZAMA 16 de febrero 2024\" title=\"ULTZAMA 16 de febrero 2024\" \/><\/a><a class=\"prettyphoto\" href=\"https:\/\/litercreartefestival.com\/wp-content\/uploads\/2024\/01\/ZIZUR-29-de-febrero-1024x768.jpeg\" data-rel=\"prettyPhoto[rel-7628-4271181607]\"><img loading=\"lazy\" decoding=\"async\" class=\"\" src=\"https:\/\/litercreartefestival.com\/wp-content\/uploads\/2024\/01\/ZIZUR-29-de-febrero-800x600.jpeg\" width=\"800\" height=\"600\" alt=\"ZIZUR 29 de febrero 2024\" title=\"ZIZUR 29 de febrero 2024\" \/><\/a><a class=\"prettyphoto\" href=\"https:\/\/litercreartefestival.com\/wp-content\/uploads\/2024\/01\/CINTRUENIGO-7-de-marzo-768x1024.jpeg\" data-rel=\"prettyPhoto[rel-7628-4271181607]\"><img loading=\"lazy\" decoding=\"async\" class=\"\" src=\"https:\/\/litercreartefestival.com\/wp-content\/uploads\/2024\/01\/CINTRUENIGO-7-de-marzo-800x600.jpeg\" width=\"800\" height=\"600\" alt=\"CINTRU\u00c9NIGO 7 de marzo 2024\" title=\"CINTRU\u00c9NIGO 7 de marzo 2024\" \/><\/a><a class=\"prettyphoto\" href=\"https:\/\/litercreartefestival.com\/wp-content\/uploads\/2024\/01\/BERRIOZAR-14-de-marzo-768x1024.jpeg\" data-rel=\"prettyPhoto[rel-7628-4271181607]\"><img loading=\"lazy\" decoding=\"async\" class=\"\" src=\"https:\/\/litercreartefestival.com\/wp-content\/uploads\/2024\/01\/BERRIOZAR-14-de-marzo-800x600.jpeg\" width=\"800\" height=\"600\" alt=\"BERRIOZAR 14 de marzo 2024\" title=\"BERRIOZAR 14 de marzo 2024\" \/><\/a><a class=\"prettyphoto\" href=\"https:\/\/litercreartefestival.com\/wp-content\/uploads\/2024\/03\/CASCANTE-20-de-marzo-768x1024.jpeg\" data-rel=\"prettyPhoto[rel-7628-4271181607]\"><img loading=\"lazy\" decoding=\"async\" class=\"\" src=\"https:\/\/litercreartefestival.com\/wp-content\/uploads\/2024\/03\/CASCANTE-20-de-marzo-800x600.jpeg\" width=\"800\" height=\"600\" alt=\"CASCANTE 20 de marzo 2024\" title=\"CASCANTE 20 de marzo 2024\" \/><\/a><a class=\"prettyphoto\" href=\"https:\/\/litercreartefestival.com\/wp-content\/uploads\/2024\/03\/DONEZTEBE-21-de-marzo-1024x768.jpeg\" data-rel=\"prettyPhoto[rel-7628-4271181607]\"><img loading=\"lazy\" decoding=\"async\" class=\"\" src=\"https:\/\/litercreartefestival.com\/wp-content\/uploads\/2024\/03\/DONEZTEBE-21-de-marzo-800x600.jpeg\" width=\"800\" height=\"600\" alt=\"DONEZTEBE 21 de marzo 2024\" title=\"DONEZTEBE 21 de marzo 2024\" \/><\/a><a class=\"prettyphoto\" href=\"https:\/\/litercreartefestival.com\/wp-content\/uploads\/2024\/03\/ABLITAS-12-de-abril-1-1024x768.jpeg\" data-rel=\"prettyPhoto[rel-7628-4271181607]\"><img loading=\"lazy\" decoding=\"async\" class=\"\" src=\"https:\/\/litercreartefestival.com\/wp-content\/uploads\/2024\/03\/ABLITAS-12-de-abril-1-800x600.jpeg\" width=\"800\" height=\"600\" alt=\"ABLITAS 12 de abril 2024\" title=\"ABLITAS 12 de abril 2024\" \/><\/a><a class=\"prettyphoto\" href=\"https:\/\/litercreartefestival.com\/wp-content\/uploads\/2024\/03\/PAMPLONA-CONDESTABLE-21-de-abril-1024x768.jpeg\" data-rel=\"prettyPhoto[rel-7628-4271181607]\"><img loading=\"lazy\" decoding=\"async\" class=\"\" src=\"https:\/\/litercreartefestival.com\/wp-content\/uploads\/2024\/03\/PAMPLONA-CONDESTABLE-21-de-abril-800x600.jpeg\" width=\"800\" height=\"600\" alt=\"PAMPLONA-CONDESTABLE 21 de abril 2024\" title=\"PAMPLONA-CONDESTABLE 21 de abril 2024\" \/><\/a><a class=\"prettyphoto\" href=\"https:\/\/litercreartefestival.com\/wp-content\/uploads\/2024\/03\/PAMPLONA-YAMAGUCHI-18-de-abril-1024x768.jpeg\" data-rel=\"prettyPhoto[rel-7628-4271181607]\"><img loading=\"lazy\" decoding=\"async\" class=\"\" src=\"https:\/\/litercreartefestival.com\/wp-content\/uploads\/2024\/03\/PAMPLONA-YAMAGUCHI-18-de-abril-800x600.jpeg\" width=\"800\" height=\"600\" alt=\"PAMPLONA-YAMAGUCHI 18 de abril 2024\" title=\"PAMPLONA-YAMAGUCHI 18 de abril 2024\" \/><\/a><a class=\"prettyphoto\" href=\"https:\/\/litercreartefestival.com\/wp-content\/uploads\/2024\/03\/SAN-ADRIAN-19-de-abril-1024x768.jpeg\" data-rel=\"prettyPhoto[rel-7628-4271181607]\"><img loading=\"lazy\" decoding=\"async\" class=\"\" src=\"https:\/\/litercreartefestival.com\/wp-content\/uploads\/2024\/03\/SAN-ADRIAN-19-de-abril-800x600.jpeg\" width=\"800\" height=\"600\" alt=\"SAN ADRIAN 19 de abril 2024\" title=\"SAN ADRIAN 19 de abril 2024\" \/><\/a><a class=\"prettyphoto\" href=\"https:\/\/litercreartefestival.com\/wp-content\/uploads\/2024\/03\/LUMBIER-25-de-abril-1024x768.jpeg\" data-rel=\"prettyPhoto[rel-7628-4271181607]\"><img loading=\"lazy\" decoding=\"async\" class=\"\" src=\"https:\/\/litercreartefestival.com\/wp-content\/uploads\/2024\/03\/LUMBIER-25-de-abril-800x600.jpeg\" width=\"800\" height=\"600\" alt=\"LUMBIER 25 de abril 2024\" title=\"LUMBIER 25 de abril 2024\" \/><\/a><a class=\"prettyphoto\" href=\"https:\/\/litercreartefestival.com\/wp-content\/uploads\/2024\/03\/MARCILLA-27-de-abril-e1715104159802-1024x694.jpeg\" data-rel=\"prettyPhoto[rel-7628-4271181607]\"><img loading=\"lazy\" decoding=\"async\" class=\"\" src=\"https:\/\/litercreartefestival.com\/wp-content\/uploads\/2024\/03\/MARCILLA-27-de-abril-e1715104159802-800x600.jpeg\" width=\"800\" height=\"600\" alt=\"MARCILLA 27 de abril\" title=\"MARCILLA 27 de abril 2024\" \/><\/a><a class=\"prettyphoto\" href=\"https:\/\/litercreartefestival.com\/wp-content\/uploads\/2024\/03\/AOIZ-28-de-abril-1024x756.jpeg\" data-rel=\"prettyPhoto[rel-7628-4271181607]\"><img loading=\"lazy\" decoding=\"async\" class=\"\" src=\"https:\/\/litercreartefestival.com\/wp-content\/uploads\/2024\/03\/AOIZ-28-de-abril-800x600.jpeg\" width=\"800\" height=\"600\" alt=\"AOIZ 28 de abril 2024\" title=\"AOIZ 28 de abril 2024\" \/><\/a><a class=\"prettyphoto\" href=\"https:\/\/litercreartefestival.com\/wp-content\/uploads\/2024\/01\/RONCAL-8-de-febrero-de-2023-e1715104091960-1024x618.jpeg\" data-rel=\"prettyPhoto[rel-7628-4271181607]\"><img loading=\"lazy\" decoding=\"async\" class=\"\" src=\"https:\/\/litercreartefestival.com\/wp-content\/uploads\/2024\/01\/RONCAL-8-de-febrero-de-2023-e1715104091960-800x600.jpeg\" width=\"800\" height=\"600\" alt=\"RONCAL 8 de febrero de 2024\" title=\"RONCAL 8 de febrero de 2024\" \/><\/a><a class=\"prettyphoto\" href=\"https:\/\/litercreartefestival.com\/wp-content\/uploads\/2024\/01\/ALLO-6-de-marzo-2-1024x768.jpeg\" data-rel=\"prettyPhoto[rel-7628-4271181607]\"><img loading=\"lazy\" decoding=\"async\" class=\"\" src=\"https:\/\/litercreartefestival.com\/wp-content\/uploads\/2024\/01\/ALLO-6-de-marzo-2-800x600.jpeg\" width=\"800\" height=\"600\" alt=\"ALLO 6 de marzo 2024\" title=\"ALLO 6 de marzo 2024\" \/><\/a><\/div><\/div><\/div><\/div><\/div><\/div><\/div><div class=\"wpb_column vc_column_container vc_col-sm-3\"><div class=\"vc_column-inner\"><div class=\"wpb_wrapper\"><\/div><\/div><\/div><\/div><div class=\"mkdf-row-grid-section-wrapper mkdf-content-aligment-center\"  ><div class=\"mkdf-row-grid-section\"><div class=\"vc_row wpb_row vc_row-fluid vc_custom_1663431812009\" ><div class=\"wpb_column vc_column_container vc_col-sm-12\"><div class=\"vc_column-inner\"><div class=\"wpb_wrapper\"><div class=\"mkdf-elements-holder    mkdf-one-column  mkdf-responsive-mode-768\" ><div class=\"mkdf-eh-item\"  data-item-class=\"mkdf-eh-custom-2250\">\n\t<div class=\"mkdf-eh-item-inner\">\n\t\t<div class=\"mkdf-eh-item-content mkdf-eh-custom-2250\" >\n\t\t\t<div class=\"vc_empty_space\"   style=\"height: 15px\"><span class=\"vc_empty_space_inner\"><\/span><\/div>\n\t<div class=\"wpb_text_column wpb_content_element\" >\n\t\t<div class=\"wpb_wrapper\">\n\t\t\t<h2 style=\"text-align: center;\"><span style=\"color: #123c5d;\">Nola?<\/span><\/h2>\n\n\t\t<\/div>\n\t<\/div>\n\t\t<\/div>\n\t<\/div>\n<\/div><\/div><\/div><\/div><\/div><\/div><\/div><\/div><div class=\"mkdf-row-grid-section-wrapper mkdf-content-aligment-center\"  ><div class=\"mkdf-row-grid-section\"><div class=\"vc_row wpb_row vc_row-fluid vc_custom_1663431812009\" ><div class=\"wpb_column vc_column_container vc_col-sm-4\"><div class=\"vc_column-inner\"><div class=\"wpb_wrapper\"><div class=\"mkdf-elements-holder    mkdf-one-column  mkdf-responsive-mode-768\" ><div class=\"mkdf-eh-item\"  data-item-class=\"mkdf-eh-custom-5736\">\n\t<div class=\"mkdf-eh-item-inner\">\n\t\t<div class=\"mkdf-eh-item-content mkdf-eh-custom-5736\" >\n\t\t\t<div class=\"mkdf-visual-effects-holder  mkdf-veh-parallax\" data-parallax=\"{&quot;y&quot;: -60, &quot;smoothness&quot;: 40}\">\n\t<div class=\"mkdf-veh-inner\">\n\t\t\t\t<div class=\"mkdf-veh-content\">\n\t\t\t\n\t<div class=\"wpb_text_column wpb_content_element  wpb_animate_when_almost_visible wpb_bounceIn bounceIn\" >\n\t\t<div class=\"wpb_wrapper\">\n\t\t\t<h6 style=\"text-align: left;\"><span style=\"color: #123c5d;\">\u00a0Antzerki-emanaldiaren aurretik, aukeratutako literatura-lana ezagutuz, udal-liburutegiek eta horien irakurketa-klubek eskaintzen duten plataformatik bultzatutako proposamen eszenikorako erreferentzia sortzaile izanen dena.<\/span><\/h6>\n\n\t\t<\/div>\n\t<\/div>\n\t\t<\/div>\n\t<\/div>\n<\/div>\t\t<\/div>\n\t<\/div>\n<\/div><\/div><\/div><\/div><\/div><div class=\"wpb_column vc_column_container vc_col-sm-4\"><div class=\"vc_column-inner\"><div class=\"wpb_wrapper\"><div class=\"mkdf-elements-holder    mkdf-one-column  mkdf-responsive-mode-768\" ><div class=\"mkdf-eh-item\"  data-item-class=\"mkdf-eh-custom-8532\">\n\t<div class=\"mkdf-eh-item-inner\">\n\t\t<div class=\"mkdf-eh-item-content mkdf-eh-custom-8532\" >\n\t\t\t<div class=\"mkdf-visual-effects-holder  mkdf-veh-parallax\" data-parallax=\"{&quot;y&quot;: -60, &quot;smoothness&quot;: 40}\">\n\t<div class=\"mkdf-veh-inner\">\n\t\t\t\t<div class=\"mkdf-veh-content\">\n\t\t\t\n\t<div class=\"wpb_text_column wpb_content_element  wpb_animate_when_almost_visible wpb_bounceIn bounceIn\" >\n\t\t<div class=\"wpb_wrapper\">\n\t\t\t<h6 style=\"text-align: left;\"><span style=\"color: #123c5d;\">Jaialdiaren programazioaren barnean zure herrian sortutako ikuskizunera joanez.<\/span><\/h6>\n\n\t\t<\/div>\n\t<\/div>\n\t\t<\/div>\n\t<\/div>\n<\/div>\t\t<\/div>\n\t<\/div>\n<\/div><\/div><\/div><\/div><\/div><div class=\"wpb_column vc_column_container vc_col-sm-4\"><div class=\"vc_column-inner\"><div class=\"wpb_wrapper\"><div class=\"mkdf-elements-holder    mkdf-one-column  mkdf-responsive-mode-768\" ><div class=\"mkdf-eh-item\"  data-item-class=\"mkdf-eh-custom-7057\">\n\t<div class=\"mkdf-eh-item-inner\">\n\t\t<div class=\"mkdf-eh-item-content mkdf-eh-custom-7057\" >\n\t\t\t<div class=\"mkdf-visual-effects-holder  mkdf-veh-parallax\" data-parallax=\"{&quot;y&quot;: -60, &quot;smoothness&quot;: 40}\">\n\t<div class=\"mkdf-veh-inner\">\n\t\t\t\t<div class=\"mkdf-veh-content\">\n\t\t\t\n\t<div class=\"wpb_text_column wpb_content_element  wpb_animate_when_almost_visible wpb_bounceIn bounceIn\" >\n\t\t<div class=\"wpb_wrapper\">\n\t\t\t<h6 style=\"text-align: left;\"><span style=\"color: #123c5d;\"><strong>\u201cPArtekatzeko\u201d espazio <\/strong>batean esku hartuz. Antzerki-ikuskizuna amaitzean, arte- eta sorkuntza-taldearekin elkartzeko, hitz egiteko eta trukatzeko une irekia.<\/span><\/h6>\n\n\t\t<\/div>\n\t<\/div>\n\t\t<\/div>\n\t<\/div>\n<\/div>\t\t<\/div>\n\t<\/div>\n<\/div><\/div><\/div><\/div><\/div><\/div><\/div><\/div><div class=\"mkdf-row-grid-section-wrapper mkdf-content-aligment-center\"  ><div class=\"mkdf-row-grid-section\"><div class=\"vc_row wpb_row vc_row-fluid vc_custom_1696158782902\" ><div class=\"wpb_column vc_column_container vc_col-sm-12\"><div class=\"vc_column-inner\"><div class=\"wpb_wrapper\"><div class=\"mkdf-elements-holder    mkdf-one-column  mkdf-responsive-mode-768\" ><div class=\"mkdf-eh-item\"  data-item-class=\"mkdf-eh-custom-8029\">\n\t<div class=\"mkdf-eh-item-inner\">\n\t\t<div class=\"mkdf-eh-item-content mkdf-eh-custom-8029\" >\n\t\t\t<div class=\"vc_empty_space\"   style=\"height: 15px\"><span class=\"vc_empty_space_inner\"><\/span><\/div>\n\t<div class=\"wpb_text_column wpb_content_element\" >\n\t\t<div class=\"wpb_wrapper\">\n\t\t\t<h2 style=\"text-align: center;\"><span style=\"color: #123c5d;\">2022\/2023ko edizioa<\/span><\/h2>\n\n\t\t<\/div>\n\t<\/div>\n\t\t<\/div>\n\t<\/div>\n<\/div><\/div><\/div><\/div><\/div><\/div><\/div><\/div><div class=\"mkdf-row-grid-section-wrapper mkdf-content-aligment-center\"  ><div class=\"mkdf-row-grid-section\"><div class=\"vc_row wpb_row vc_row-fluid vc_custom_1696158811058\" ><div class=\"wpb_column vc_column_container vc_col-sm-12\"><div class=\"vc_column-inner\"><div class=\"wpb_wrapper\"><div class=\"mkdf-elements-holder    mkdf-one-column  mkdf-responsive-mode-768\" ><div class=\"mkdf-eh-item\"  data-item-class=\"mkdf-eh-custom-2443\">\n\t<div class=\"mkdf-eh-item-inner\">\n\t\t<div class=\"mkdf-eh-item-content mkdf-eh-custom-2443\" >\n\t\t\t\n\t<div  class=\"wpb_single_image wpb_content_element vc_align_center\">\n\t\t\n\t\t<figure class=\"wpb_wrapper vc_figure\">\n\t\t\t<a href=\"\/eu\/https:\/\/www.produccionesmaestras.com\/literarte-jaialdia\/\" target=\"_self\" class=\"vc_single_image-wrapper vc_box_shadow  vc_box_border_grey\"><\/a>\n\t\t<\/figure>\n\t<\/div>\n\t\t<\/div>\n\t<\/div>\n<\/div><\/div><\/div><\/div><\/div><\/div><\/div><\/div><div class=\"mkdf-row-grid-section-wrapper mkdf-content-aligment-center\"  ><div class=\"mkdf-row-grid-section\"><div class=\"vc_row wpb_row vc_row-fluid vc_custom_1663431812009\" ><div class=\"wpb_column vc_column_container vc_col-sm-12\"><div class=\"vc_column-inner\"><div class=\"wpb_wrapper\"><div class=\"mkdf-elements-holder    mkdf-one-column  mkdf-responsive-mode-768\" ><div class=\"mkdf-eh-item\"  data-item-class=\"mkdf-eh-custom-2914\">\n\t<div class=\"mkdf-eh-item-inner\">\n\t\t<div class=\"mkdf-eh-item-content mkdf-eh-custom-2914\" >\n\t\t\t<div class=\"vc_empty_space\"   style=\"height: 15px\"><span class=\"vc_empty_space_inner\"><\/span><\/div>\n\t<div class=\"wpb_text_column wpb_content_element\" >\n\t\t<div class=\"wpb_wrapper\">\n\t\t\t<h2 style=\"text-align: center;\"><span style=\"color: #123c5d;\">Gure sareak<\/span><\/h2>\n\n\t\t<\/div>\n\t<\/div>\n\t\t<\/div>\n\t<\/div>\n<\/div><\/div><\/div><\/div><\/div><\/div><\/div><\/div><div class=\"mkdf-row-grid-section-wrapper mkdf-content-aligment-center\"  ><div class=\"mkdf-row-grid-section\"><div class=\"vc_row wpb_row vc_row-fluid vc_custom_1663431812009\" ><div class=\"wpb_column vc_column_container vc_col-sm-6\"><div class=\"vc_column-inner\"><div class=\"wpb_wrapper\"><div class=\"mkdf-elements-holder    mkdf-one-column  mkdf-responsive-mode-768\" ><div class=\"mkdf-eh-item\"  data-item-class=\"mkdf-eh-custom-6810\">\n\t<div class=\"mkdf-eh-item-inner\">\n\t\t<div class=\"mkdf-eh-item-content mkdf-eh-custom-6810\" >\n\t\t\t\n\t<div class=\"wpb_raw_code wpb_content_element wpb_raw_html\" >\n\t\t<div class=\"wpb_wrapper\">\n\t\t\t\t\t<div id=\"sbi_mod_error\" >\n\t\t\t<span>This error message is only visible to WordPress admins<\/span><br \/>\n\t\t\t<p><strong>Error: No feed with the ID 2 found.<\/strong>\n\t\t\t<p>Please go to the Instagram Feed settings page to create a feed.<\/p>\n\t\t<\/div>\n\t\t\n\t\t<\/div>\n\t<\/div>\n\t\t<\/div>\n\t<\/div>\n<\/div><\/div><\/div><\/div><\/div><div class=\"wpb_column vc_column_container vc_col-sm-6\"><div class=\"vc_column-inner\"><div class=\"wpb_wrapper\"><div class=\"mkdf-elements-holder    mkdf-one-column  mkdf-responsive-mode-768\" ><div class=\"mkdf-eh-item\"  data-item-class=\"mkdf-eh-custom-8992\">\n\t<div class=\"mkdf-eh-item-inner\">\n\t\t<div class=\"mkdf-eh-item-content mkdf-eh-custom-8992\" >\n\t\t\t\n\t<div class=\"wpb_raw_code wpb_content_element wpb_raw_html\" >\n\t\t<div class=\"wpb_wrapper\">\n\t\t\t<div class=\"cff-wrapper\"><div class=\"cff-wrapper-ctn\" ><div id=\"cff\"  class=\"cff cff-list-container  cff-default-styles  cff-mob-cols-1 cff-tab-cols-1\"    data-char=\"400\" ><div class=\"cff-posts-wrap\"><div id=\"cff_612362558800814_1515433107051340\" class=\"cff-item cff-status-post cff-album author-producciones-maestras\"  style=\"border-bottom: 1px solid #870064;\">\n\t<div class=\"cff-author\">\n\t<div class=\"cff-author-text\">\n\t\t\t\t\t<div class=\"cff-page-name cff-author-date\" >\n\t\t\t\t<a href=\"https:\/\/facebook.com\/612362558800814\" target=\"_blank\" rel=\"nofollow noopener\" >Producciones Maestras<\/a>\n\t\t\t\t<span class=\"cff-story\"> <\/span>\n\t\t\t<\/div>\n\t\t\t\n<p class=\"cff-date\" > 4 days ago <\/p>\n\t\t\t<\/div>\n\t<div class=\"cff-author-img\" data-avatar=\"https:\/\/scontent-mad2-1.xx.fbcdn.net\/v\/t39.30808-1\/241190316_288463319748331_6927936027917116524_n.jpg?stp=cp0_dst-jpg_s50x50_tt6&#038;_nc_cat=109&#038;ccb=1-7&#038;_nc_sid=f907e8&#038;_nc_ohc=aNhc_f4-_x8Q7kNvwEQ7Ytx&#038;_nc_oc=Adpcoh73sniKVTxQAj2NZDqjLYRFQsuPs7yLD8TOla9QEI-PJmCwfIbIVwxmAvC6HVk&#038;_nc_zt=24&#038;_nc_ht=scontent-mad2-1.xx&#038;edm=AKIiGfEEAAAA&#038;_nc_gid=w0zkC8BKDOi-Upr1Nm8L7Q&#038;_nc_tpa=Q5bMBQKXjKbwukb1LMs982jAZpEW4ef_dKIL34iHx6-ULkSi1LJXxx_w4slyjNqXq_fD-nkYKTh9dToj4w&#038;oh=00_AQK--yyXyideLMNUkfY8TcYS7YBbNy1Rxg8zibg_XdZ1kw&#038;oe=6A992C03\">\n\t\t<a href=\"https:\/\/facebook.com\/612362558800814\" target=\"_blank\" rel=\"nofollow noopener\" ><img decoding=\"async\" src=\"https:\/\/scontent-mad2-1.xx.fbcdn.net\/v\/t39.30808-1\/241190316_288463319748331_6927936027917116524_n.jpg?stp=cp0_dst-jpg_s50x50_tt6&#038;_nc_cat=109&#038;ccb=1-7&#038;_nc_sid=f907e8&#038;_nc_ohc=aNhc_f4-_x8Q7kNvwEQ7Ytx&#038;_nc_oc=Adpcoh73sniKVTxQAj2NZDqjLYRFQsuPs7yLD8TOla9QEI-PJmCwfIbIVwxmAvC6HVk&#038;_nc_zt=24&#038;_nc_ht=scontent-mad2-1.xx&#038;edm=AKIiGfEEAAAA&#038;_nc_gid=w0zkC8BKDOi-Upr1Nm8L7Q&#038;_nc_tpa=Q5bMBQKXjKbwukb1LMs982jAZpEW4ef_dKIL34iHx6-ULkSi1LJXxx_w4slyjNqXq_fD-nkYKTh9dToj4w&#038;oh=00_AQK--yyXyideLMNUkfY8TcYS7YBbNy1Rxg8zibg_XdZ1kw&#038;oe=6A992C03\" title=\"Producciones Maestras\" alt=\"Producciones Maestras\" width=\"40\" height=\"40\" onerror=\"this.style.display='none'\"><\/a>\n\t<\/div>\n<\/div>\n\n<div class=\"cff-post-text\" >\n\t<span class=\"cff-text\" data-color=\"\">\n\t\t\ud83e\udd29\ud83d\udc49Disfrutando de estos d\u00edas en Ciudad Rodrigo. \u2728\ud83e\udd29\t\t\t<\/span>\n\t<span class=\"cff-expand\">... <a href=\"#\" style=\"color: #\"><span class=\"cff-more\">See More<\/span><span class=\"cff-less\">See Less<\/span><\/a><\/span>\n\n<\/div>\n\n<p class=\"cff-media-link\">\n\t<a href=\"https:\/\/www.facebook.com\/778044197456905\/posts\/1515433107051340\" target=\"_blank\" style=\"color: #\">\n\t\t<span style=\"padding-right: 5px;\" class=\"fa fas fa-picture-o fa-image\"><\/span>Photo\t<\/a>\n<\/p>\n\t<div class=\"cff-post-links\">\n\t\t\t\t\t<a class=\"cff-viewpost-facebook\" href=\"https:\/\/www.facebook.com\/778044197456905\/posts\/1515433107051340\" title=\"Ver en Facebook\" target=\"_blank\" rel=\"nofollow noopener\" >Ver en Facebook<\/a>\n\t\t\t\t\t\t\t<div class=\"cff-share-container\">\n\t\t\t\t\t\t\t\t\t<span class=\"cff-dot\" >&middot;<\/span>\n\t\t\t\t\t\t\t\t<a class=\"cff-share-link\" href=\"https:\/\/www.facebook.com\/sharer\/sharer.php?u=https%3A%2F%2Fwww.facebook.com%2F778044197456905%2Fposts%2F1515433107051340\" title=\"Compartir\" >Compartir<\/a>\n\t\t\t\t<p class=\"cff-share-tooltip\">\n\t\t\t\t\t\t\t\t\t\t\t<a href=\"https:\/\/www.facebook.com\/sharer\/sharer.php?u=https%3A%2F%2Fwww.facebook.com%2F778044197456905%2Fposts%2F1515433107051340\" target=\"_blank\" rel=\"noopener noreferrer\" class=\"cff-facebook-icon\">\n\t\t\t\t\t\t\t<span class=\"fa fab fa-facebook-square\" aria-hidden=\"true\"><\/span>\n\t\t\t\t\t\t\t<span class=\"cff-screenreader\">Share on Facebook<\/span>\n\t\t\t\t\t\t<\/a>\n\t\t\t\t\t\t\t\t\t\t\t<a href=\"https:\/\/twitter.com\/intent\/tweet?text=https%3A%2F%2Fwww.facebook.com%2F778044197456905%2Fposts%2F1515433107051340\" target=\"_blank\" rel=\"noopener noreferrer\" class=\"cff-twitter-icon\">\n\t\t\t\t\t\t\t<span class=\"fa fab fa-twitter\" aria-hidden=\"true\"><\/span>\n\t\t\t\t\t\t\t<span class=\"cff-screenreader\">Share on Twitter<\/span>\n\t\t\t\t\t\t<\/a>\n\t\t\t\t\t\t\t\t\t\t\t<a href=\"https:\/\/www.linkedin.com\/shareArticle?mini=true&#038;url=https%3A%2F%2Fwww.facebook.com%2F778044197456905%2Fposts%2F1515433107051340&#038;title=%09%09%09%F0%9F%A4%A9%F0%9F%91%89Disfrutando%20de%20estos%20d%C3%ADas%20en%20Ciudad%20Rodrigo.%20%E2%9C%A8%F0%9F%A4%A9%09%09%09%09\" target=\"_blank\" rel=\"noopener noreferrer\" class=\"cff-linkedin-icon\">\n\t\t\t\t\t\t\t<span class=\"fa fab fa-linkedin\" aria-hidden=\"true\"><\/span>\n\t\t\t\t\t\t\t<span class=\"cff-screenreader\">Share on Linked In<\/span>\n\t\t\t\t\t\t<\/a>\n\t\t\t\t\t\t\t\t\t\t\t<a href=\"mailto:?subject=Facebook&#038;body=https%3A%2F%2Fwww.facebook.com%2F778044197456905%2Fposts%2F1515433107051340%20-%20%0A%0A%09%0A%09%09%F0%9F%A4%A9%F0%9F%91%89Disfrutando%20de%20estos%20d%C3%ADas%20en%20Ciudad%20Rodrigo.%20%E2%9C%A8%F0%9F%A4%A9%09%09%09%0A%09\" target=\"_blank\" rel=\"noopener noreferrer\" class=\"cff-email-icon\">\n\t\t\t\t\t\t\t<span class=\"fa fab fa-envelope\" aria-hidden=\"true\"><\/span>\n\t\t\t\t\t\t\t<span class=\"cff-screenreader\">Share by Email<\/span>\n\t\t\t\t\t\t<\/a>\n\t\t\t\t\t\t\t\t\t<\/p>\n\t\t\t<\/div>\n\t\t\t<\/div>\n\t<\/div>\n\n\n\n<div id=\"cff_612362558800814_1514911857103465\" class=\"cff-item cff-status-post cff-album author-producciones-maestras\"  style=\"border-bottom: 1px solid #870064;\">\n\t<div class=\"cff-author\">\n\t<div class=\"cff-author-text\">\n\t\t\t\t\t<div class=\"cff-page-name cff-author-date\" >\n\t\t\t\t<a href=\"https:\/\/facebook.com\/612362558800814\" target=\"_blank\" rel=\"nofollow noopener\" >Producciones Maestras<\/a>\n\t\t\t\t<span class=\"cff-story\"> <\/span>\n\t\t\t<\/div>\n\t\t\t\n<p class=\"cff-date\" > 4 days ago <\/p>\n\t\t\t<\/div>\n\t<div class=\"cff-author-img\" data-avatar=\"https:\/\/scontent-mad2-1.xx.fbcdn.net\/v\/t39.30808-1\/241190316_288463319748331_6927936027917116524_n.jpg?stp=cp0_dst-jpg_s50x50_tt6&#038;_nc_cat=109&#038;ccb=1-7&#038;_nc_sid=f907e8&#038;_nc_ohc=aNhc_f4-_x8Q7kNvwEQ7Ytx&#038;_nc_oc=Adpcoh73sniKVTxQAj2NZDqjLYRFQsuPs7yLD8TOla9QEI-PJmCwfIbIVwxmAvC6HVk&#038;_nc_zt=24&#038;_nc_ht=scontent-mad2-1.xx&#038;edm=AKIiGfEEAAAA&#038;_nc_gid=w0zkC8BKDOi-Upr1Nm8L7Q&#038;_nc_tpa=Q5bMBQKXjKbwukb1LMs982jAZpEW4ef_dKIL34iHx6-ULkSi1LJXxx_w4slyjNqXq_fD-nkYKTh9dToj4w&#038;oh=00_AQK--yyXyideLMNUkfY8TcYS7YBbNy1Rxg8zibg_XdZ1kw&#038;oe=6A992C03\">\n\t\t<a href=\"https:\/\/facebook.com\/612362558800814\" target=\"_blank\" rel=\"nofollow noopener\" ><img decoding=\"async\" src=\"https:\/\/scontent-mad2-1.xx.fbcdn.net\/v\/t39.30808-1\/241190316_288463319748331_6927936027917116524_n.jpg?stp=cp0_dst-jpg_s50x50_tt6&#038;_nc_cat=109&#038;ccb=1-7&#038;_nc_sid=f907e8&#038;_nc_ohc=aNhc_f4-_x8Q7kNvwEQ7Ytx&#038;_nc_oc=Adpcoh73sniKVTxQAj2NZDqjLYRFQsuPs7yLD8TOla9QEI-PJmCwfIbIVwxmAvC6HVk&#038;_nc_zt=24&#038;_nc_ht=scontent-mad2-1.xx&#038;edm=AKIiGfEEAAAA&#038;_nc_gid=w0zkC8BKDOi-Upr1Nm8L7Q&#038;_nc_tpa=Q5bMBQKXjKbwukb1LMs982jAZpEW4ef_dKIL34iHx6-ULkSi1LJXxx_w4slyjNqXq_fD-nkYKTh9dToj4w&#038;oh=00_AQK--yyXyideLMNUkfY8TcYS7YBbNy1Rxg8zibg_XdZ1kw&#038;oe=6A992C03\" title=\"Producciones Maestras\" alt=\"Producciones Maestras\" width=\"40\" height=\"40\" onerror=\"this.style.display='none'\"><\/a>\n\t<\/div>\n<\/div>\n\n<div class=\"cff-post-text\" >\n\t<span class=\"cff-text\" data-color=\"\">\n\t\t\ud83c\udfad Un recuerdo de agosto.<img class=\"cff-linebreak\" \/><img class=\"cff-linebreak\" \/>Esta semana recordamos el paso de 'Una mera curiosidad' por la Feria de Teatro de Ciudad Rodrigo justo hace un a\u00f1o. Una experiencia magn\u00edfica compartiendo la historia de Artemisia Gentileschi con el p\u00fablico.<img class=\"cff-linebreak\" \/><img class=\"cff-linebreak\" \/>Feria de Teatro de Castilla y Le\u00f3n-Ciudad Rodrigo <img class=\"cff-linebreak\" \/><img class=\"cff-linebreak\" \/>#ProduccionesMaestras #UnaMeraCuriosidad #FeriaCiudadRodrigo\t\t\t<\/span>\n\t<span class=\"cff-expand\">... <a href=\"#\" style=\"color: #\"><span class=\"cff-more\">See More<\/span><span class=\"cff-less\">See Less<\/span><\/a><\/span>\n\n<\/div>\n\n<p class=\"cff-media-link\">\n\t<a href=\"https:\/\/www.facebook.com\/778044197456905\/posts\/1514911857103465\" target=\"_blank\" style=\"color: #\">\n\t\t<span style=\"padding-right: 5px;\" class=\"fa fas fa-picture-o fa-image\"><\/span>Photo\t<\/a>\n<\/p>\n\t<div class=\"cff-post-links\">\n\t\t\t\t\t<a class=\"cff-viewpost-facebook\" href=\"https:\/\/www.facebook.com\/778044197456905\/posts\/1514911857103465\" title=\"Ver en Facebook\" target=\"_blank\" rel=\"nofollow noopener\" >Ver en Facebook<\/a>\n\t\t\t\t\t\t\t<div class=\"cff-share-container\">\n\t\t\t\t\t\t\t\t\t<span class=\"cff-dot\" >&middot;<\/span>\n\t\t\t\t\t\t\t\t<a class=\"cff-share-link\" href=\"https:\/\/www.facebook.com\/sharer\/sharer.php?u=https%3A%2F%2Fwww.facebook.com%2F778044197456905%2Fposts%2F1514911857103465\" title=\"Compartir\" >Compartir<\/a>\n\t\t\t\t<p class=\"cff-share-tooltip\">\n\t\t\t\t\t\t\t\t\t\t\t<a href=\"https:\/\/www.facebook.com\/sharer\/sharer.php?u=https%3A%2F%2Fwww.facebook.com%2F778044197456905%2Fposts%2F1514911857103465\" target=\"_blank\" rel=\"noopener noreferrer\" class=\"cff-facebook-icon\">\n\t\t\t\t\t\t\t<span class=\"fa fab fa-facebook-square\" aria-hidden=\"true\"><\/span>\n\t\t\t\t\t\t\t<span class=\"cff-screenreader\">Share on Facebook<\/span>\n\t\t\t\t\t\t<\/a>\n\t\t\t\t\t\t\t\t\t\t\t<a href=\"https:\/\/twitter.com\/intent\/tweet?text=https%3A%2F%2Fwww.facebook.com%2F778044197456905%2Fposts%2F1514911857103465\" target=\"_blank\" rel=\"noopener noreferrer\" class=\"cff-twitter-icon\">\n\t\t\t\t\t\t\t<span class=\"fa fab fa-twitter\" aria-hidden=\"true\"><\/span>\n\t\t\t\t\t\t\t<span class=\"cff-screenreader\">Share on Twitter<\/span>\n\t\t\t\t\t\t<\/a>\n\t\t\t\t\t\t\t\t\t\t\t<a href=\"https:\/\/www.linkedin.com\/shareArticle?mini=true&#038;url=https%3A%2F%2Fwww.facebook.com%2F778044197456905%2Fposts%2F1514911857103465&#038;title=%09%09%09%F0%9F%8E%AD%20Un%20recuerdo%20de%20agosto.Esta%20semana%20recordamos%20el%20paso%20de%20%27Una%20mera%20curiosidad%27%20por%20la%20Feria%20de%20Teatro%20de%20Ciudad%20Rodrigo%20justo%20hace%20un%20a%C3%B1o.%20Una%20experiencia%20magn%C3%ADfica%20compartiendo%20la%20historia%20de%20Artemisia%20Gentileschi%20con%20el%20p%C3%BAblico.Feria%20de%20Teatro%20de%20Castilla%20y%20Le%C3%B3n-Ciudad%20Rodrigo%20%23ProduccionesMaestras%20%23UnaMeraCuriosidad%20%23FeriaCiudadRodrigo%09%09%09%09\" target=\"_blank\" rel=\"noopener noreferrer\" class=\"cff-linkedin-icon\">\n\t\t\t\t\t\t\t<span class=\"fa fab fa-linkedin\" aria-hidden=\"true\"><\/span>\n\t\t\t\t\t\t\t<span class=\"cff-screenreader\">Share on Linked In<\/span>\n\t\t\t\t\t\t<\/a>\n\t\t\t\t\t\t\t\t\t\t\t<a href=\"mailto:?subject=Facebook&#038;body=https%3A%2F%2Fwww.facebook.com%2F778044197456905%2Fposts%2F1514911857103465%20-%20%0A%0A%09%0A%09%09%F0%9F%8E%AD%20Un%20recuerdo%20de%20agosto.Esta%20semana%20recordamos%20el%20paso%20de%20%27Una%20mera%20curiosidad%27%20por%20la%20Feria%20de%20Teatro%20de%20Ciudad%20Rodrigo%20justo%20hace%20un%20a%C3%B1o.%20Una%20experiencia%20magn%C3%ADfica%20compartiendo%20la%20historia%20de%20Artemisia%20Gentileschi%20con%20el%20p%C3%BAblico.Feria%20de%20Teatro%20de%20Castilla%20y%20Le%C3%B3n-Ciudad%20Rodrigo%20%23ProduccionesMaestras%20%23UnaMeraCuriosidad%20%23FeriaCiudadRodrigo%09%09%09%0A%09\" target=\"_blank\" rel=\"noopener noreferrer\" class=\"cff-email-icon\">\n\t\t\t\t\t\t\t<span class=\"fa fab fa-envelope\" aria-hidden=\"true\"><\/span>\n\t\t\t\t\t\t\t<span class=\"cff-screenreader\">Share by Email<\/span>\n\t\t\t\t\t\t<\/a>\n\t\t\t\t\t\t\t\t\t<\/p>\n\t\t\t<\/div>\n\t\t\t<\/div>\n\t<\/div>\n\n\n\n\n<div class=\"cff-likebox cff-bottom\" >\n\t\t<iframe title=\"Likebox Iframe\" src=\"\" class=\"fb_iframe_widget\" data-likebox-id=\"612362558800814\" data-likebox-width=\"300\" data-likebox-header=\"1\" data-hide-cover=\"\" data-hide-cta=\"\" data-likebox-faces=\"\" data-height=\"70\" data-locale=\"en_US\" scrolling=\"no\" allowtransparency=\"true\" allow=\"encrypted-media\" ><\/iframe>\n<\/div>\n<\/div><input class=\"cff-pag-url\" type=\"hidden\" data-locatornonce=\"ee80d3a085\" data-cff-shortcode=\"{&quot;feed&quot;: &quot;3&quot;}\" data-post-id=\"7628\" data-feed-id=\"612362558800814\"><\/div><\/div><div class=\"cff-clear\"><\/div><\/div>\n\t\t<\/div>\n\t<\/div>\n\t\t<\/div>\n\t<\/div>\n<\/div><\/div><\/div><\/div><\/div><\/div><\/div><\/div><div class=\"vc_row wpb_row vc_row-fluid vc_row-o-content-middle vc_row-flex\" ><div class=\"wpb_column vc_column_container vc_col-sm-6\"><div class=\"vc_column-inner vc_custom_1667767050522\"><div class=\"wpb_wrapper\">\n\t<div class=\"wpb_text_column wpb_content_element\" >\n\t\t<div class=\"wpb_wrapper\">\n\t\t\t<h6><strong><span style=\"color: #0b5c73;\">ANTOLATU:<\/span><\/strong><\/h6>\n\n\t\t<\/div>\n\t<\/div>\n<div class=\"vc_empty_space\"   style=\"height: 10px\"><span class=\"vc_empty_space_inner\"><\/span><\/div><div class=\"mkdf-elements-holder    mkdf-one-column  mkdf-responsive-mode-768\" ><div class=\"mkdf-eh-item   mkdf-horizontal-alignment-center\"  data-item-class=\"mkdf-eh-custom-8979\">\n\t<div class=\"mkdf-eh-item-inner\">\n\t\t<div class=\"mkdf-eh-item-content mkdf-eh-custom-8979\" >\n\t\t\t<div class=\"mkdf-clients-carousel-holder mkdf-cc-hover-switch-images\">\n\t<div class=\"mkdf-cc-inner mkdf-owl-slider\" data-number-of-items=\"1\" data-enable-loop=\"yes\" data-enable-autoplay=\"yes\" data-slider-speed=\"5000\" data-slider-speed-animation=\"600\" data-enable-navigation=\"no\" data-enable-pagination=\"no\">\n\t\t<div class=\"mkdf-cc-item\">\n\t\t\t<a itemprop=\"url\" class=\"mkdf-cc-link mkdf-block-drag-link\" href=\"http:\/\/www.produccionesmaestras.com\" target=\"_blank\">\n\t\t\t\t\t\t<img decoding=\"async\" itemprop=\"image\" class=\"mkdf-cc-image\" src=\"\" alt=\"\" \/>\n\t\t\t\t\t\t\t<img decoding=\"async\" itemprop=\"image\" class=\"mkdf-cc-hover-image\" src=\"\" alt=\"\" \/>\n\t\t\t\t\t<\/a>\n\t<\/div><div class=\"mkdf-cc-item\">\n\t\t\t<a itemprop=\"url\" class=\"mkdf-cc-link mkdf-block-drag-link\" href=\"https:\/\/www.navarra.es\/eu\/liburutegiak\" target=\"_blank\">\n\t\t\t\t\t\t<img decoding=\"async\" itemprop=\"image\" class=\"mkdf-cc-image\" src=\"\" alt=\"\" \/>\n\t\t\t\t\t\t\t<img decoding=\"async\" itemprop=\"image\" class=\"mkdf-cc-hover-image\" src=\"\" alt=\"\" \/>\n\t\t\t\t\t<\/a>\n\t<\/div>\t<\/div>\n<\/div>\t\t<\/div>\n\t<\/div>\n<\/div><\/div><\/div><\/div><\/div><div class=\"wpb_column vc_column_container vc_col-sm-6\"><div class=\"vc_column-inner\"><div class=\"wpb_wrapper\">\n\t<div class=\"wpb_text_column wpb_content_element\" >\n\t\t<div class=\"wpb_wrapper\">\n\t\t\t<h6><strong><span style=\"color: #0b5c73;\">HONAKO HAUEN LANKIDETZAREKIN:<\/span><\/strong><\/h6>\n\n\t\t<\/div>\n\t<\/div>\n<div class=\"vc_empty_space\"   style=\"height: 10px\"><span class=\"vc_empty_space_inner\"><\/span><\/div><div class=\"mkdf-elements-holder    mkdf-one-column  mkdf-responsive-mode-768\" ><div class=\"mkdf-eh-item   mkdf-horizontal-alignment-center\"  data-item-class=\"mkdf-eh-custom-1145\">\n\t<div class=\"mkdf-eh-item-inner\">\n\t\t<div class=\"mkdf-eh-item-content mkdf-eh-custom-1145\" >\n\t\t\t<div class=\"mkdf-clients-carousel-holder mkdf-cc-hover-switch-images\">\n\t<div class=\"mkdf-cc-inner mkdf-owl-slider\" data-number-of-items=\"1\" data-enable-loop=\"yes\" data-enable-autoplay=\"yes\" data-slider-speed=\"5000\" data-slider-speed-animation=\"600\" data-enable-navigation=\"no\" data-enable-pagination=\"no\">\n\t\t<div class=\"mkdf-cc-item\">\n\t\t\t<a itemprop=\"url\" class=\"mkdf-cc-link mkdf-block-drag-link\" href=\"https:\/\/www.navarra.es\/eu\/hasiera\" target=\"_blank\">\n\t\t\t\t\t\t<img decoding=\"async\" itemprop=\"image\" class=\"mkdf-cc-image\" src=\"\" alt=\"\" \/>\n\t\t\t\t\t\t\t<img decoding=\"async\" itemprop=\"image\" class=\"mkdf-cc-hover-image\" src=\"\" alt=\"\" \/>\n\t\t\t\t\t<\/a>\n\t<\/div><div class=\"mkdf-cc-item\">\n\t\t\t<a itemprop=\"url\" class=\"mkdf-cc-link mkdf-block-drag-link\" href=\"https:\/\/www.navarra.es\/eu\/hasiera\" target=\"_blank\">\n\t\t\t\t\t\t<img decoding=\"async\" itemprop=\"image\" class=\"mkdf-cc-image\" src=\"\" alt=\"\" \/>\n\t\t\t\t\t\t\t<\/a>\n\t<\/div><div class=\"mkdf-cc-item\">\n\t\t\t<a itemprop=\"url\" class=\"mkdf-cc-link mkdf-block-drag-link\" href=\"https:\/\/www.culturaydeporte.gob.es\/cultura\/artesescenicas\/portada.html\" target=\"_blank\">\n\t\t\t\t\t\t<img decoding=\"async\" itemprop=\"image\" class=\"mkdf-cc-image\" src=\"\" alt=\"\" \/>\n\t\t\t\t\t\t\t<img decoding=\"async\" itemprop=\"image\" class=\"mkdf-cc-hover-image\" src=\"\" alt=\"\" \/>\n\t\t\t\t\t<\/a>\n\t<\/div><div class=\"mkdf-cc-item\">\n\t\t\t<a itemprop=\"url\" class=\"mkdf-cc-link mkdf-block-drag-link\" href=\"https:\/\/www.fundacioncajanavarra.es\/eu\" target=\"_blank\">\n\t\t\t\t\t\t<img decoding=\"async\" itemprop=\"image\" class=\"mkdf-cc-image\" src=\"https:\/\/litercreartefestival.com\/wp-content\/uploads\/2023\/10\/InnovaFund-Horiz-1500-e1697285355349.png\" alt=\"\" \/>\n\t\t\t\t\t\t\t<img decoding=\"async\" itemprop=\"image\" class=\"mkdf-cc-hover-image\" src=\"https:\/\/litercreartefestival.com\/wp-content\/uploads\/2023\/10\/InnovaFund-Horiz-hover-e1697285388317.png\" alt=\"\" \/>\n\t\t\t\t\t<\/a>\n\t<\/div>\t<\/div>\n<\/div>\t\t<\/div>\n\t<\/div>\n<\/div><\/div><\/div><\/div><\/div><\/div>","protected":false},"excerpt":{"rendered":"...Cascanteko liburutegian Aurten hiru irakurketa-klubekin egindako hitzaldietan parte hartzeko esperientzia errepikatu ahal izan dut. Lehenik eta behin, hitzaldi horietako bakoitzean eman didaten tratua, adeitasuna eta arreta eskertu behar ditut. Denak zereginak ondo eginda etorri ziren, liburua errepasatuta eta partekatzeko gogoz. Liburuaren gaia (emakumeek garai zailean egindako borrokari buruzko kontakizuna, beren buruak garatzeko trabak, inposizioa, indarkeria) eta, bestalde, elkarri [...]","protected":false},"author":1,"featured_media":0,"parent":0,"menu_order":0,"comment_status":"closed","ping_status":"closed","template":"full-width.php","meta":{"footnotes":""},"class_list":["post-7304","page","type-page","status-publish","hentry"],"yoast_head":"<!-- This site is optimized with the Yoast SEO plugin v23.3 - https:\/\/yoast.com\/wordpress\/plugins\/seo\/ -->\n<title>Litercrearte Jaialdia 2024 - FESTIVAL LITERCREARTE JAIALDIA<\/title>\n<meta name=\"robots\" content=\"index, follow, max-snippet:-1, max-image-preview:large, max-video-preview:-1\" \/>\n<link rel=\"canonical\" href=\"https:\/\/litercreartefestival.com\/eu\/litercrearte-jaialdia-2024\/\" \/>\n<meta property=\"og:locale\" content=\"en_US\" \/>\n<meta property=\"og:type\" content=\"article\" \/>\n<meta property=\"og:title\" content=\"Litercrearte Jaialdia 2024 - FESTIVAL LITERCREARTE JAIALDIA\" \/>\n<meta property=\"og:url\" content=\"https:\/\/litercreartefestival.com\/eu\/litercrearte-jaialdia-2024\/\" \/>\n<meta property=\"og:site_name\" content=\"FESTIVAL LITERCREARTE JAIALDIA\" \/>\n<meta property=\"article:modified_time\" content=\"2025-02-20T19:45:25+00:00\" \/>\n<meta name=\"twitter:card\" content=\"summary_large_image\" \/>\n<meta name=\"twitter:label1\" content=\"Est. reading time\" \/>\n\t<meta name=\"twitter:data1\" content=\"4 minutua\" \/>\n<script type=\"application\/ld+json\" class=\"yoast-schema-graph\">{\"@context\":\"https:\/\/schema.org\",\"@graph\":[{\"@type\":\"WebPage\",\"@id\":\"https:\/\/litercreartefestival.com\/litercrearte-jaialdia-2024\/\",\"url\":\"https:\/\/litercreartefestival.com\/litercrearte-jaialdia-2024\/\",\"name\":\"Litercrearte Jaialdia 2024 - FESTIVAL LITERCREARTE JAIALDIA\",\"isPartOf\":{\"@id\":\"https:\/\/litercreartefestival.com\/#website\"},\"datePublished\":\"2023-10-01T11:19:35+00:00\",\"dateModified\":\"2025-02-20T19:45:25+00:00\",\"breadcrumb\":{\"@id\":\"https:\/\/litercreartefestival.com\/litercrearte-jaialdia-2024\/#breadcrumb\"},\"inLanguage\":\"eu\",\"potentialAction\":[{\"@type\":\"ReadAction\",\"target\":[\"https:\/\/litercreartefestival.com\/litercrearte-jaialdia-2024\/\"]}]},{\"@type\":\"BreadcrumbList\",\"@id\":\"https:\/\/litercreartefestival.com\/litercrearte-jaialdia-2024\/#breadcrumb\",\"itemListElement\":[{\"@type\":\"ListItem\",\"position\":1,\"name\":\"Portada\",\"item\":\"https:\/\/litercreartefestival.com\/\"},{\"@type\":\"ListItem\",\"position\":2,\"name\":\"Litercrearte Jaialdia 2024\"}]},{\"@type\":\"WebSite\",\"@id\":\"https:\/\/litercreartefestival.com\/#website\",\"url\":\"https:\/\/litercreartefestival.com\/\",\"name\":\"FESTIVAL LITERCREARTE JAIALDIA\",\"description\":\"Festival que une teatro y literatura\",\"potentialAction\":[{\"@type\":\"SearchAction\",\"target\":{\"@type\":\"EntryPoint\",\"urlTemplate\":\"https:\/\/litercreartefestival.com\/?s={search_term_string}\"},\"query-input\":\"required name=search_term_string\"}],\"inLanguage\":\"eu\"}]}<\/script>\n<!-- \/ Yoast SEO plugin. -->","yoast_head_json":{"title":"Litercrearte Jaialdia 2024 - FESTIVAL LITERCREARTE JAIALDIA","robots":{"index":"index","follow":"follow","max-snippet":"max-snippet:-1","max-image-preview":"max-image-preview:large","max-video-preview":"max-video-preview:-1"},"canonical":"https:\/\/litercreartefestival.com\/eu\/litercrearte-jaialdia-2024\/","og_locale":"en_US","og_type":"article","og_title":"Litercrearte Jaialdia 2024 - FESTIVAL LITERCREARTE JAIALDIA","og_url":"https:\/\/litercreartefestival.com\/eu\/litercrearte-jaialdia-2024\/","og_site_name":"FESTIVAL LITERCREARTE JAIALDIA","article_modified_time":"2025-02-20T19:45:25+00:00","twitter_card":"summary_large_image","twitter_misc":{"Est. reading time":"4 minutua"},"schema":{"@context":"https:\/\/schema.org","@graph":[{"@type":"WebPage","@id":"https:\/\/litercreartefestival.com\/litercrearte-jaialdia-2024\/","url":"https:\/\/litercreartefestival.com\/litercrearte-jaialdia-2024\/","name":"Litercrearte Jaialdia 2024 - FESTIVAL LITERCREARTE JAIALDIA","isPartOf":{"@id":"https:\/\/litercreartefestival.com\/#website"},"datePublished":"2023-10-01T11:19:35+00:00","dateModified":"2025-02-20T19:45:25+00:00","breadcrumb":{"@id":"https:\/\/litercreartefestival.com\/litercrearte-jaialdia-2024\/#breadcrumb"},"inLanguage":"eu","potentialAction":[{"@type":"ReadAction","target":["https:\/\/litercreartefestival.com\/litercrearte-jaialdia-2024\/"]}]},{"@type":"BreadcrumbList","@id":"https:\/\/litercreartefestival.com\/litercrearte-jaialdia-2024\/#breadcrumb","itemListElement":[{"@type":"ListItem","position":1,"name":"Portada","item":"https:\/\/litercreartefestival.com\/"},{"@type":"ListItem","position":2,"name":"Litercrearte Jaialdia 2024"}]},{"@type":"WebSite","@id":"https:\/\/litercreartefestival.com\/#website","url":"https:\/\/litercreartefestival.com\/","name":"FESTIVAL LITERCREARTE JAIALDIA","description":"Festival que une teatro y literatura","potentialAction":[{"@type":"SearchAction","target":{"@type":"EntryPoint","urlTemplate":"https:\/\/litercreartefestival.com\/?s={search_term_string}"},"query-input":"required name=search_term_string"}],"inLanguage":"eu"}]}},"_links":{"self":[{"href":"https:\/\/litercreartefestival.com\/eu\/wp-json\/wp\/v2\/pages\/7304","targetHints":{"allow":["GET"]}}],"collection":[{"href":"https:\/\/litercreartefestival.com\/eu\/wp-json\/wp\/v2\/pages"}],"about":[{"href":"https:\/\/litercreartefestival.com\/eu\/wp-json\/wp\/v2\/types\/page"}],"author":[{"embeddable":true,"href":"https:\/\/litercreartefestival.com\/eu\/wp-json\/wp\/v2\/users\/1"}],"replies":[{"embeddable":true,"href":"https:\/\/litercreartefestival.com\/eu\/wp-json\/wp\/v2\/comments?post=7304"}],"version-history":[{"count":3,"href":"https:\/\/litercreartefestival.com\/eu\/wp-json\/wp\/v2\/pages\/7304\/revisions"}],"predecessor-version":[{"id":8419,"href":"https:\/\/litercreartefestival.com\/eu\/wp-json\/wp\/v2\/pages\/7304\/revisions\/8419"}],"wp:attachment":[{"href":"https:\/\/litercreartefestival.com\/eu\/wp-json\/wp\/v2\/media?parent=7304"}],"curies":[{"name":"wp","href":"https:\/\/api.w.org\/{rel}","templated":true}]}}