{"id":7306,"date":"2023-09-27T16:33:02","date_gmt":"2023-09-27T16:33:02","guid":{"rendered":"https:\/\/www.produccionesmaestras.com\/?page_id=7306"},"modified":"2025-02-20T19:43:25","modified_gmt":"2025-02-20T19:43:25","slug":"festival-litercrearte-2024","status":"publish","type":"page","link":"https:\/\/litercreartefestival.com\/eu\/festival-litercrearte-2024\/","title":{"rendered":"Festival Litercrearte 2024"},"content":{"rendered":"<div class=\"vc_row wpb_row vc_row-fluid vc_custom_1667416357248 vc_row-has-fill\" ><div class=\"wpb_column vc_column_container vc_col-sm-6\"><div class=\"vc_column-inner\"><div class=\"wpb_wrapper\"><div class=\"mkdf-elements-holder    mkdf-one-column  mkdf-responsive-mode-768\" ><div class=\"mkdf-eh-item\"  data-item-class=\"mkdf-eh-custom-7278\">\n\t<div class=\"mkdf-eh-item-inner\">\n\t\t<div class=\"mkdf-eh-item-content mkdf-eh-custom-7278\" >\n\t\t\t\n\t<div  class=\"wpb_single_image wpb_content_element vc_align_left  wpb_animate_when_almost_visible wpb_flipInX flipInX vc_custom_1697298093153\">\n\t\t\n\t\t<figure class=\"wpb_wrapper vc_figure\">\n\t\t\t<div class=\"vc_single_image-wrapper vc_box_shadow_3d  vc_box_border_grey\"><img loading=\"lazy\" decoding=\"async\" width=\"724\" height=\"1024\" src=\"https:\/\/litercreartefestival.com\/wp-content\/uploads\/2023\/10\/A2_LITERARTE_23-24-scaled-1-724x1024.jpg\" class=\"vc_single_image-img attachment-large\" alt=\"\" srcset=\"https:\/\/litercreartefestival.com\/wp-content\/uploads\/2023\/10\/A2_LITERARTE_23-24-scaled-1-724x1024.jpg 724w, https:\/\/litercreartefestival.com\/wp-content\/uploads\/2023\/10\/A2_LITERARTE_23-24-scaled-1-212x300.jpg 212w, https:\/\/litercreartefestival.com\/wp-content\/uploads\/2023\/10\/A2_LITERARTE_23-24-scaled-1-768x1086.jpg 768w, https:\/\/litercreartefestival.com\/wp-content\/uploads\/2023\/10\/A2_LITERARTE_23-24-scaled-1-1086x1536.jpg 1086w, https:\/\/litercreartefestival.com\/wp-content\/uploads\/2023\/10\/A2_LITERARTE_23-24-scaled-1-1448x2048.jpg 1448w, https:\/\/litercreartefestival.com\/wp-content\/uploads\/2023\/10\/A2_LITERARTE_23-24-scaled-1.jpg 1810w\" sizes=\"auto, (max-width: 724px) 100vw, 724px\" \/><\/div>\n\t\t<\/figure>\n\t<\/div>\n\t\t<\/div>\n\t<\/div>\n<\/div><\/div><\/div><\/div><\/div><div class=\"wpb_column vc_column_container vc_col-sm-6\"><div class=\"vc_column-inner\"><div class=\"wpb_wrapper\"><div class=\"mkdf-elements-holder    mkdf-one-column  mkdf-responsive-mode-768\" ><div class=\"mkdf-eh-item\"  data-item-class=\"mkdf-eh-custom-7930\">\n\t<div class=\"mkdf-eh-item-inner\">\n\t\t<div class=\"mkdf-eh-item-content mkdf-eh-custom-7930\" >\n\t\t\t<div class=\"vc_empty_space  vc_custom_1667907625836\"   style=\"height: 100px\"><span class=\"vc_empty_space_inner\"><\/span><\/div><section class=\"vc_cta3-container vc_cta3-size-md\"><div class=\"vc_general vc_cta3 vc_cta3-style-custom vc_cta3-shape-rounded vc_cta3-align-left vc_cta3-icon-size-md\"><div class=\"vc_cta3_content-container\"><div class=\"vc_cta3-content\"><header class=\"vc_cta3-content-header\"><\/header><h2><span style=\"color: #123c5d;\">Nuestra motivaci\u00f3n&#8230;<\/span><\/h2>\n<h5 class=\"translation-block\">Literatura eta antzerkia dira gure pasioetako bi. Horiek uztartzeak bultzatu gaitu <strong>LiterArte Jaialdia sortzera.<\/strong><\/h5>\n<h5><span style=\"color: #123c5d;\">Bi arte-adierazpen horiek aukera ematen digute butakatik, aulkitik edo besaulkitik gizakiarentzako oinarrizkoak diren esperientzia emozional eta zirraragarriak imajinatzeko, amesteko, gogoratzeko eta, azken batean, bizitzeko.<\/span><\/h5>\n<\/div><\/div><\/div><\/section>\t\t<\/div>\n\t<\/div>\n<\/div><\/div><\/div><\/div><\/div><\/div><div class=\"vc_row wpb_row vc_row-fluid vc_custom_1667416357248 vc_row-has-fill\" ><div class=\"wpb_column vc_column_container vc_col-sm-12\"><div class=\"vc_column-inner\"><div class=\"wpb_wrapper\"><div class=\"vc_empty_space\"   style=\"height: 15px\"><span class=\"vc_empty_space_inner\"><\/span><\/div><div class=\"mkdf-elements-holder    mkdf-one-column  mkdf-responsive-mode-768\" ><div class=\"mkdf-eh-item\"  data-item-class=\"mkdf-eh-custom-4310\">\n\t<div class=\"mkdf-eh-item-inner\">\n\t\t<div class=\"mkdf-eh-item-content mkdf-eh-custom-4310\" >\n\t\t\t\n\t<div class=\"wpb_text_column wpb_content_element  wpb_animate_when_almost_visible wpb_fadeIn fadeIn\" >\n\t\t<div class=\"wpb_wrapper\">\n\t\t\t<h2 style=\"text-align: center;\"><span style=\"color: #123c5d;\">\u2026eta gure helburuak.<\/span><\/h2>\n\n\t\t<\/div>\n\t<\/div>\n<div class=\"vc_empty_space\"   style=\"height: 15px\"><span class=\"vc_empty_space_inner\"><\/span><\/div>\t\t<\/div>\n\t<\/div>\n<\/div><\/div><\/div><\/div><\/div><\/div><div class=\"mkdf-row-grid-section-wrapper\"  ><div class=\"mkdf-row-grid-section\"><div class=\"vc_row wpb_row vc_row-fluid vc_custom_1663431775374\" ><div class=\"wpb_column vc_column_container vc_col-sm-4\"><div class=\"vc_column-inner\"><div class=\"wpb_wrapper\"><div class=\"mkdf-elements-holder    mkdf-one-column  mkdf-responsive-mode-768\" ><div class=\"mkdf-eh-item   mkdf-horizontal-alignment-center\"  data-item-class=\"mkdf-eh-custom-6698\">\n\t<div class=\"mkdf-eh-item-inner\">\n\t\t<div class=\"mkdf-eh-item-content mkdf-eh-custom-6698\" >\n\t\t\t<div class=\"mkdf-visual-effects-holder  mkdf-veh-uncover mkdf-veh-from-left\" >\n\t<div class=\"mkdf-veh-inner\">\n\t\t\t\t\t<div class=\"mkdf-veh-mask\"  style=\"background-color: #ffffff\"><\/div>\n\t\t\t\t<div class=\"mkdf-veh-content\">\n\t\t\t\n\t<div class=\"wpb_text_column wpb_content_element\" >\n\t\t<div class=\"wpb_wrapper\">\n\t\t\t<h6 style=\"text-align: center;\">Antzergintza garaikidea sortzen laguntzea.<\/h6>\n\n\t\t<\/div>\n\t<\/div>\n\t\t<\/div>\n\t<\/div>\n<\/div>\t\t<\/div>\n\t<\/div>\n<\/div><\/div><\/div><\/div><\/div><div class=\"wpb_column vc_column_container vc_col-sm-4\"><div class=\"vc_column-inner\"><div class=\"wpb_wrapper\"><div class=\"mkdf-elements-holder    mkdf-one-column  mkdf-responsive-mode-768\" ><div class=\"mkdf-eh-item   mkdf-horizontal-alignment-center\"  data-item-class=\"mkdf-eh-custom-9066\">\n\t<div class=\"mkdf-eh-item-inner\">\n\t\t<div class=\"mkdf-eh-item-content mkdf-eh-custom-9066\" >\n\t\t\t<div class=\"mkdf-visual-effects-holder  mkdf-veh-uncover mkdf-veh-from-left\" >\n\t<div class=\"mkdf-veh-inner\">\n\t\t\t\t\t<div class=\"mkdf-veh-mask\"  style=\"background-color: #ffffff\"><\/div>\n\t\t\t\t<div class=\"mkdf-veh-content\">\n\t\t\t\n\t<div class=\"wpb_text_column wpb_content_element\" >\n\t\t<div class=\"wpb_wrapper\">\n\t\t\t<h6 style=\"text-align: center;\">Gure erkidegoko egileen jatorrizko testuak sortzen laguntzea, lehendik dagoen literatura-lan bat inspirazio-iturritzat hartuta.<\/h6>\n\n\t\t<\/div>\n\t<\/div>\n\t\t<\/div>\n\t<\/div>\n<\/div>\t\t<\/div>\n\t<\/div>\n<\/div><\/div><\/div><\/div><\/div><div class=\"wpb_column vc_column_container vc_col-sm-4\"><div class=\"vc_column-inner\"><div class=\"wpb_wrapper\"><div class=\"mkdf-elements-holder    mkdf-one-column  mkdf-responsive-mode-768\" ><div class=\"mkdf-eh-item   mkdf-horizontal-alignment-center\"  data-item-class=\"mkdf-eh-custom-8069\">\n\t<div class=\"mkdf-eh-item-inner\">\n\t\t<div class=\"mkdf-eh-item-content mkdf-eh-custom-8069\" >\n\t\t\t<div class=\"mkdf-visual-effects-holder  mkdf-veh-uncover mkdf-veh-from-left\" >\n\t<div class=\"mkdf-veh-inner\">\n\t\t\t\t\t<div class=\"mkdf-veh-mask\"  style=\"background-color: #ffffff\"><\/div>\n\t\t\t\t<div class=\"mkdf-veh-content\">\n\t\t\t\n\t<div class=\"wpb_text_column wpb_content_element\" >\n\t\t<div class=\"wpb_wrapper\">\n\t\t\t<h6 style=\"text-align: center;\">Nafarroako antzerkigintza-sorkuntza aitortzea, bultzatzea eta ikusaraztea, gaztelaniaz eta euskaraz.<\/h6>\n\n\t\t<\/div>\n\t<\/div>\n\t\t<\/div>\n\t<\/div>\n<\/div>\t\t<\/div>\n\t<\/div>\n<\/div><\/div><\/div><\/div><\/div><\/div><\/div><\/div><div class=\"mkdf-row-grid-section-wrapper\"  ><div class=\"mkdf-row-grid-section\"><div class=\"vc_row wpb_row vc_row-fluid vc_custom_1663431775374\" ><div class=\"wpb_column vc_column_container vc_col-sm-4\"><div class=\"vc_column-inner\"><div class=\"wpb_wrapper\"><div class=\"mkdf-elements-holder    mkdf-one-column  mkdf-responsive-mode-768\" ><div class=\"mkdf-eh-item   mkdf-horizontal-alignment-center\"  data-item-class=\"mkdf-eh-custom-5767\">\n\t<div class=\"mkdf-eh-item-inner\">\n\t\t<div class=\"mkdf-eh-item-content mkdf-eh-custom-5767\" >\n\t\t\t<div class=\"mkdf-visual-effects-holder  mkdf-veh-uncover mkdf-veh-from-left\" >\n\t<div class=\"mkdf-veh-inner\">\n\t\t\t\t\t<div class=\"mkdf-veh-mask\"  style=\"background-color: #ffffff\"><\/div>\n\t\t\t\t<div class=\"mkdf-veh-content\">\n\t\t\t\n\t<div class=\"wpb_text_column wpb_content_element\" >\n\t\t<div class=\"wpb_wrapper\">\n\t\t\t<h6 style=\"text-align: center;\" class=\"translation-block\"><a href=\"https:\/\/www.navarra.es\/es\/bibliotecas\" target=\"_self\"><strong>Nafarroako liburutegien sareko<\/strong><\/a> irakurketa-kluben jardueran laguntzea, klub horiek sustatzea, ikusaraztea eta babestea.<\/h6>\n\n\t\t<\/div>\n\t<\/div>\n\t\t<\/div>\n\t<\/div>\n<\/div>\t\t<\/div>\n\t<\/div>\n<\/div><\/div><\/div><\/div><\/div><div class=\"wpb_column vc_column_container vc_col-sm-4\"><div class=\"vc_column-inner\"><div class=\"wpb_wrapper\"><div class=\"mkdf-elements-holder    mkdf-one-column  mkdf-responsive-mode-768\" ><div class=\"mkdf-eh-item   mkdf-horizontal-alignment-center\"  data-item-class=\"mkdf-eh-custom-6709\">\n\t<div class=\"mkdf-eh-item-inner\">\n\t\t<div class=\"mkdf-eh-item-content mkdf-eh-custom-6709\" >\n\t\t\t<div class=\"mkdf-visual-effects-holder  mkdf-veh-uncover mkdf-veh-from-left\" >\n\t<div class=\"mkdf-veh-inner\">\n\t\t\t\t\t<div class=\"mkdf-veh-mask\"  style=\"background-color: #ffffff\"><\/div>\n\t\t\t\t<div class=\"mkdf-veh-content\">\n\t\t\t\n\t<div class=\"wpb_text_column wpb_content_element\" >\n\t\t<div class=\"wpb_wrapper\">\n\t\t\t<h6 style=\"text-align: center;\">Parte hartzen duten herrietako kultura-etxeen, jokaespazioe\nn eta liburutegien lana babestea, tokiko kultura-ekosistema propio baten dinamizatzaile gisa.<\/h6>\n\n\t\t<\/div>\n\t<\/div>\n\t\t<\/div>\n\t<\/div>\n<\/div>\t\t<\/div>\n\t<\/div>\n<\/div><\/div><\/div><\/div><\/div><div class=\"wpb_column vc_column_container vc_col-sm-4\"><div class=\"vc_column-inner\"><div class=\"wpb_wrapper\"><div class=\"mkdf-elements-holder    mkdf-one-column  mkdf-responsive-mode-768\" ><div class=\"mkdf-eh-item   mkdf-horizontal-alignment-center\"  data-item-class=\"mkdf-eh-custom-4741\">\n\t<div class=\"mkdf-eh-item-inner\">\n\t\t<div class=\"mkdf-eh-item-content mkdf-eh-custom-4741\" >\n\t\t\t<div class=\"mkdf-visual-effects-holder  mkdf-veh-uncover mkdf-veh-from-left\" >\n\t<div class=\"mkdf-veh-inner\">\n\t\t\t\t\t<div class=\"mkdf-veh-mask\"  style=\"background-color: #ffffff\"><\/div>\n\t\t\t\t<div class=\"mkdf-veh-content\">\n\t\t\t\n\t<div class=\"wpb_text_column wpb_content_element\" >\n\t\t<div class=\"wpb_wrapper\">\n\t\t\t<h6 style=\"text-align: center;\">Jendeari prozesua ezagutzeko eta antzerki-proposamen bat sortzeak esan nahi duenaren esperientzia partekatzako aukera eskaintzea<\/h6>\n\n\t\t<\/div>\n\t<\/div>\n\t\t<\/div>\n\t<\/div>\n<\/div>\t\t<\/div>\n\t<\/div>\n<\/div><\/div><\/div><\/div><\/div><\/div><\/div><\/div><div class=\"vc_row wpb_row vc_row-fluid vc_custom_1667416357248 vc_row-has-fill\" ><div class=\"wpb_column vc_column_container vc_col-sm-12\"><div class=\"vc_column-inner\"><div class=\"wpb_wrapper\"><div class=\"mkdf-elements-holder    mkdf-one-column  mkdf-responsive-mode-768\" ><div class=\"mkdf-eh-item\"  data-item-class=\"mkdf-eh-custom-1828\">\n\t<div class=\"mkdf-eh-item-inner\">\n\t\t<div class=\"mkdf-eh-item-content mkdf-eh-custom-1828\" >\n\t\t\t<div class=\"vc_empty_space\"   style=\"height: 15px\"><span class=\"vc_empty_space_inner\"><\/span><\/div>\n\t<div class=\"wpb_text_column wpb_content_element\" >\n\t\t<div class=\"wpb_wrapper\">\n\t\t\t<h2 style=\"text-align: center;\"><span style=\"color: #123c5d;\">Emanaldia...<\/span><\/h2>\n\n\t\t<\/div>\n\t<\/div>\n\t\t<\/div>\n\t<\/div>\n<\/div><\/div><\/div><\/div><\/div><\/div><div class=\"mkdf-row-grid-section-wrapper mkdf-content-aligment-center\"  ><div class=\"mkdf-row-grid-section\"><div class=\"vc_row wpb_row vc_row-fluid vc_custom_1663431812009\" ><div class=\"wpb_column vc_column_container vc_col-sm-2\"><div class=\"vc_column-inner\"><div class=\"wpb_wrapper\"><\/div><\/div><\/div><div class=\"wpb_column vc_column_container vc_col-sm-8\"><div class=\"vc_column-inner\"><div class=\"wpb_wrapper\"><div class=\"mkdf-elements-holder    mkdf-one-column  mkdf-responsive-mode-768\" ><div class=\"mkdf-eh-item\"  data-item-class=\"mkdf-eh-custom-4588\">\n\t<div class=\"mkdf-eh-item-inner\">\n\t\t<div class=\"mkdf-eh-item-content mkdf-eh-custom-4588\" >\n\t\t\t<div class=\"mkdf-show-list-holder mkdf-sl-gallery  mkdf-no-space mkdf-sl-one-columns mkdf-sl-pag-no-pagination\"  data-type=\"gallery\" data-number-of-columns=\"1\" data-space-between-items=\"no\" data-number-of-items=\"-1\" data-category=\"literarte\" data-selected-shows=\"7532\" data-title-tag=\"h3\" data-image-proportions=\"medium\" data-enable-fixed-proportions=\"no\" data-orderby=\"date\" data-order=\"ASC\" data-show-single-layout=\"info-bellow\" data-show-slider=\"no\" data-slider-navigation=\"no\" data-slider-pagination=\"no\" data-pagination-type=\"no-pagination\" data-slider-autoplay=\"no\" data-max-num-pages=\"0\" data-next-page=\"2\">\n\t<div class=\"mkdf-sl-inner mkdf-outer-space\" data-number-of-items=\"1\" data-enable-navigation=\"no\" data-enable-pagination=\"no\" data-enable-autoplay=\"no\">\n\t\tSorry, no posts matched your criteria.\t<\/div>\n\t<\/div>\t\t<\/div>\n\t<\/div>\n<\/div><\/div><\/div><\/div><\/div><div class=\"wpb_column vc_column_container vc_col-sm-2\"><div class=\"vc_column-inner\"><div class=\"wpb_wrapper\"><\/div><\/div><\/div><\/div><\/div><\/div><div class=\"mkdf-row-grid-section-wrapper mkdf-content-aligment-center\"  ><div class=\"mkdf-row-grid-section\"><div class=\"vc_row wpb_row vc_row-fluid vc_custom_1663431812009\" ><div class=\"wpb_column vc_column_container vc_col-sm-2\"><div class=\"vc_column-inner\"><div class=\"wpb_wrapper\"><\/div><\/div><\/div><div class=\"wpb_column vc_column_container vc_col-sm-8\"><div class=\"vc_column-inner\"><div class=\"wpb_wrapper\"><div class=\"mkdf-elements-holder    mkdf-one-column  mkdf-responsive-mode-768\" ><div class=\"mkdf-eh-item\"  data-item-class=\"mkdf-eh-custom-1080\">\n\t<div class=\"mkdf-eh-item-inner\">\n\t\t<div class=\"mkdf-eh-item-content mkdf-eh-custom-1080\" >\n\t\t\t<div class=\"mec-wrap mec-skin-list-container\" id=\"mec_skin_6842\">\r\n\r\n    \r\n        <div class=\"mec-skin-list-events-container\" id=\"mec_skin_events_6842\">\r\n        No event found!    <\/div>\r\n    \r\n    \r\n<\/div>\r\n\t\t<\/div>\n\t<\/div>\n<\/div><\/div><\/div><\/div><\/div><div class=\"wpb_column vc_column_container vc_col-sm-2\"><div class=\"vc_column-inner\"><div class=\"wpb_wrapper\"><\/div><\/div><\/div><\/div><\/div><\/div><div class=\"vc_row wpb_row vc_row-fluid vc_custom_1667416357248 vc_row-has-fill\" ><div class=\"wpb_column vc_column_container vc_col-sm-12\"><div class=\"vc_column-inner\"><div class=\"wpb_wrapper\"><div class=\"vc_empty_space\"   style=\"height: 15px\"><span class=\"vc_empty_space_inner\"><\/span><\/div><div class=\"mkdf-elements-holder    mkdf-one-column  mkdf-responsive-mode-768\" ><div class=\"mkdf-eh-item\"  data-item-class=\"mkdf-eh-custom-6764\">\n\t<div class=\"mkdf-eh-item-inner\">\n\t\t<div class=\"mkdf-eh-item-content mkdf-eh-custom-6764\" >\n\t\t\t\n\t<div class=\"wpb_text_column wpb_content_element\" >\n\t\t<div class=\"wpb_wrapper\">\n\t\t\t<h2 style=\"text-align: center;\"><span style=\"color: #123c5d;\">Dramaturgia...<\/span><\/h2>\n\n\t\t<\/div>\n\t<\/div>\n\t\t<\/div>\n\t<\/div>\n<\/div><\/div><\/div><\/div><\/div><\/div><div class=\"vc_row wpb_row vc_row-fluid vc_custom_1663410136159\" ><div class=\"wpb_column vc_column_container vc_col-sm-12\"><div class=\"vc_column-inner\"><div class=\"wpb_wrapper\"><\/div><\/div><\/div><div class=\"wpb_column vc_column_container vc_col-sm-12\"><div class=\"vc_column-inner\"><div class=\"wpb_wrapper\"><div class=\"mkdf-elements-holder    mkdf-one-column  mkdf-responsive-mode-768\" ><div class=\"mkdf-eh-item\"  data-item-class=\"mkdf-eh-custom-5070\" data-1366-1600=\"0 4.5% 0\" data-1024-1366=\"0 5.5% 0\" data-768-1024=\"0 4.5% 0\" data-680-768=\"0 4% 0\" data-680=\"0 0% 0\">\n\t<div class=\"mkdf-eh-item-inner\">\n\t\t<div class=\"mkdf-eh-item-content mkdf-eh-custom-5070\" style=\"padding: 0 16.5% 0\">\n\t\t\t<div class=\"mkdf-role-list-holder mkdf-normal-space mkdf-rl-two-columns mkdf-rl-appear-fx\">\n\t<div class=\"mkdf-rl-inner mkdf-outer-space\" data-number-of-items=\"2\" data-enable-navigation=\"no\" data-enable-pagination=\"no\">\n\t\t\n<div class=\"mkdf-role mkdf-item-space info-bellow mkdf-hidden-item\">\n\t<div class=\"mkdf-role-inner\">\n\t\t\t\t\t<div class=\"mkdf-role-image\">\n\t\t\t\t<a itemprop=\"url\" href=\"https:\/\/litercreartefestival.com\/eu\/role-member\/literarte-i-ana-maestrojuan\/\" target=\"_self\">\n\t\t\t\t\t\t\t\t\t\t\t<img loading=\"lazy\" decoding=\"async\" width=\"912\" height=\"912\" src=\"https:\/\/litercreartefestival.com\/wp-content\/uploads\/2016\/08\/Ana-Maestrojuan-web.jpg\" class=\"attachment-full size-full wp-post-image\" alt=\"\" srcset=\"https:\/\/litercreartefestival.com\/wp-content\/uploads\/2016\/08\/Ana-Maestrojuan-web.jpg 912w, https:\/\/litercreartefestival.com\/wp-content\/uploads\/2016\/08\/Ana-Maestrojuan-web-300x300.jpg 300w, https:\/\/litercreartefestival.com\/wp-content\/uploads\/2016\/08\/Ana-Maestrojuan-web-150x150.jpg 150w, https:\/\/litercreartefestival.com\/wp-content\/uploads\/2016\/08\/Ana-Maestrojuan-web-768x768.jpg 768w, https:\/\/litercreartefestival.com\/wp-content\/uploads\/2016\/08\/Ana-Maestrojuan-web-550x550.jpg 550w\" sizes=\"auto, (max-width: 912px) 100vw, 912px\" \/>\t\t\t\t\t\t\t\t\t<\/a>\n\t\t\t<\/div>\n\t\t\t\t<div class=\"mkdf-role-info\">\n            <div class=\"mkdf-role-title-holder\">\n                <h5 itemprop=\"name\" class=\"mkdf-role-name entry-title\">\n                    <a itemprop=\"url\" href=\"https:\/\/litercreartefestival.com\/eu\/role-member\/literarte-i-ana-maestrojuan\/\">LiterArte I: Ana Maestroju\u00e1n<\/a>\n                <\/h5>\n\n                                    <h6 class=\"mkdf-role-position\">Dramaturgia<\/h6>\n                            <\/div>\n\t\t\t\t\t\t\t\t<\/div>\n\t<\/div>\n<\/div>\n<div class=\"mkdf-role mkdf-item-space info-bellow mkdf-hidden-item\">\n\t<div class=\"mkdf-role-inner\">\n\t\t\t\t\t<div class=\"mkdf-role-image\">\n\t\t\t\t<a itemprop=\"url\" href=\"https:\/\/litercreartefestival.com\/eu\/role-member\/literarte-miguel-goikoetxandia\/\" target=\"_self\">\n\t\t\t\t\t\t\t\t\t\t\t<img loading=\"lazy\" decoding=\"async\" width=\"912\" height=\"912\" src=\"https:\/\/litercreartefestival.com\/wp-content\/uploads\/2016\/08\/Miguel-Goikoetxandia-web.jpg\" class=\"attachment-full size-full wp-post-image\" alt=\"\" srcset=\"https:\/\/litercreartefestival.com\/wp-content\/uploads\/2016\/08\/Miguel-Goikoetxandia-web.jpg 912w, https:\/\/litercreartefestival.com\/wp-content\/uploads\/2016\/08\/Miguel-Goikoetxandia-web-300x300.jpg 300w, https:\/\/litercreartefestival.com\/wp-content\/uploads\/2016\/08\/Miguel-Goikoetxandia-web-150x150.jpg 150w, https:\/\/litercreartefestival.com\/wp-content\/uploads\/2016\/08\/Miguel-Goikoetxandia-web-768x768.jpg 768w, https:\/\/litercreartefestival.com\/wp-content\/uploads\/2016\/08\/Miguel-Goikoetxandia-web-550x550.jpg 550w\" sizes=\"auto, (max-width: 912px) 100vw, 912px\" \/>\t\t\t\t\t\t\t\t\t<\/a>\n\t\t\t<\/div>\n\t\t\t\t<div class=\"mkdf-role-info\">\n            <div class=\"mkdf-role-title-holder\">\n                <h5 itemprop=\"name\" class=\"mkdf-role-name entry-title\">\n                    <a itemprop=\"url\" href=\"https:\/\/litercreartefestival.com\/eu\/role-member\/literarte-miguel-goikoetxandia\/\">LiterArte: Miguel Goikoetxandia<\/a>\n                <\/h5>\n\n                                    <h6 class=\"mkdf-role-position\">Dramaturgia<\/h6>\n                            <\/div>\n\t\t\t\t\t\t\t\t<\/div>\n\t<\/div>\n<\/div>\n<div class=\"mkdf-role mkdf-item-space info-bellow mkdf-hidden-item\">\n\t<div class=\"mkdf-role-inner\">\n\t\t\t\t\t<div class=\"mkdf-role-image\">\n\t\t\t\t<a itemprop=\"url\" href=\"https:\/\/litercreartefestival.com\/eu\/role-member\/literarte-iratxe-uriz\/\" target=\"_self\">\n\t\t\t\t\t\t\t\t\t\t\t<img loading=\"lazy\" decoding=\"async\" width=\"912\" height=\"912\" src=\"https:\/\/litercreartefestival.com\/wp-content\/uploads\/2023\/10\/Iratxe-Uriz-web.jpg\" class=\"attachment-full size-full wp-post-image\" alt=\"Iratxe \u00dariz\" srcset=\"https:\/\/litercreartefestival.com\/wp-content\/uploads\/2023\/10\/Iratxe-Uriz-web.jpg 912w, https:\/\/litercreartefestival.com\/wp-content\/uploads\/2023\/10\/Iratxe-Uriz-web-300x300.jpg 300w, https:\/\/litercreartefestival.com\/wp-content\/uploads\/2023\/10\/Iratxe-Uriz-web-150x150.jpg 150w, https:\/\/litercreartefestival.com\/wp-content\/uploads\/2023\/10\/Iratxe-Uriz-web-768x768.jpg 768w, https:\/\/litercreartefestival.com\/wp-content\/uploads\/2023\/10\/Iratxe-Uriz-web-550x550.jpg 550w\" sizes=\"auto, (max-width: 912px) 100vw, 912px\" \/>\t\t\t\t\t\t\t\t\t<\/a>\n\t\t\t<\/div>\n\t\t\t\t<div class=\"mkdf-role-info\">\n            <div class=\"mkdf-role-title-holder\">\n                <h5 itemprop=\"name\" class=\"mkdf-role-name entry-title\">\n                    <a itemprop=\"url\" href=\"https:\/\/litercreartefestival.com\/eu\/role-member\/literarte-iratxe-uriz\/\">LiterArte: Iratxe \u00dariz<\/a>\n                <\/h5>\n\n                                    <h6 class=\"mkdf-role-position\">Dramaturgia<\/h6>\n                            <\/div>\n\t\t\t\t\t\t\t\t<\/div>\n\t<\/div>\n<\/div>\n<div class=\"mkdf-role mkdf-item-space info-bellow mkdf-hidden-item\">\n\t<div class=\"mkdf-role-inner\">\n\t\t\t\t\t<div class=\"mkdf-role-image\">\n\t\t\t\t<a itemprop=\"url\" href=\"https:\/\/litercreartefestival.com\/eu\/role-member\/literarte-yolanda-almeida\/\" target=\"_self\">\n\t\t\t\t\t\t\t\t\t\t\t<img loading=\"lazy\" decoding=\"async\" width=\"920\" height=\"920\" src=\"https:\/\/litercreartefestival.com\/wp-content\/uploads\/2016\/08\/Yolanda-Almeida-web.jpg\" class=\"attachment-full size-full wp-post-image\" alt=\"\" srcset=\"https:\/\/litercreartefestival.com\/wp-content\/uploads\/2016\/08\/Yolanda-Almeida-web.jpg 920w, https:\/\/litercreartefestival.com\/wp-content\/uploads\/2016\/08\/Yolanda-Almeida-web-300x300.jpg 300w, https:\/\/litercreartefestival.com\/wp-content\/uploads\/2016\/08\/Yolanda-Almeida-web-150x150.jpg 150w, https:\/\/litercreartefestival.com\/wp-content\/uploads\/2016\/08\/Yolanda-Almeida-web-768x768.jpg 768w, https:\/\/litercreartefestival.com\/wp-content\/uploads\/2016\/08\/Yolanda-Almeida-web-550x550.jpg 550w\" sizes=\"auto, (max-width: 920px) 100vw, 920px\" \/>\t\t\t\t\t\t\t\t\t<\/a>\n\t\t\t<\/div>\n\t\t\t\t<div class=\"mkdf-role-info\">\n            <div class=\"mkdf-role-title-holder\">\n                <h5 itemprop=\"name\" class=\"mkdf-role-name entry-title\">\n                    <a itemprop=\"url\" href=\"https:\/\/litercreartefestival.com\/eu\/role-member\/literarte-yolanda-almeida\/\">LiterArte: Yolanda Almeida<\/a>\n                <\/h5>\n\n                                    <h6 class=\"mkdf-role-position\">Dramaturgia<\/h6>\n                            <\/div>\n\t\t\t\t\t\t\t\t<\/div>\n\t<\/div>\n<\/div>\t<\/div>\n<\/div>\t\t<\/div>\n\t<\/div>\n<\/div><\/div><\/div><\/div><\/div><\/div><div class=\"vc_row wpb_row vc_row-fluid vc_custom_1667416357248 vc_row-has-fill\" ><div class=\"wpb_column vc_column_container vc_col-sm-12\"><div class=\"vc_column-inner\"><div class=\"wpb_wrapper\"><div class=\"mkdf-elements-holder    mkdf-one-column  mkdf-responsive-mode-768\" ><div class=\"mkdf-eh-item\"  data-item-class=\"mkdf-eh-custom-5218\">\n\t<div class=\"mkdf-eh-item-inner\">\n\t\t<div class=\"mkdf-eh-item-content mkdf-eh-custom-5218\" >\n\t\t\t<div class=\"vc_empty_space\"   style=\"height: 15px\"><span class=\"vc_empty_space_inner\"><\/span><\/div>\n\t<div class=\"wpb_text_column wpb_content_element\" >\n\t\t<div class=\"wpb_wrapper\">\n\t\t\t<h2 style=\"text-align: center;\"><span style=\"color: #123c5d;\">...eta literatura<\/span><\/h2>\n\n\t\t<\/div>\n\t<\/div>\n\t\t<\/div>\n\t<\/div>\n<\/div><\/div><\/div><\/div><\/div><\/div><div class=\"vc_row wpb_row vc_row-fluid\" ><div class=\"wpb_column vc_column_container vc_col-sm-3\"><div class=\"vc_column-inner\"><div class=\"wpb_wrapper\"><\/div><\/div><\/div><div class=\"wpb_column vc_column_container vc_col-sm-3\"><div class=\"vc_column-inner\"><div class=\"wpb_wrapper\"><div class=\"mkdf-image-with-text-holder La t\u00eda Tula mkdf-has-shadow\">\n    <div class=\"mkdf-iwt-image\">\n                                    <img loading=\"lazy\" decoding=\"async\" width=\"1063\" height=\"1618\" src=\"https:\/\/litercreartefestival.com\/wp-content\/uploads\/2016\/08\/carrere-el-adversario.jpeg\" class=\"attachment-full size-full\" alt=\"Portada de &quot; El adversario&quot; de Emmanuel Carr\u00e9re\" srcset=\"https:\/\/litercreartefestival.com\/wp-content\/uploads\/2016\/08\/carrere-el-adversario.jpeg 1063w, https:\/\/litercreartefestival.com\/wp-content\/uploads\/2016\/08\/carrere-el-adversario-197x300.jpeg 197w, https:\/\/litercreartefestival.com\/wp-content\/uploads\/2016\/08\/carrere-el-adversario-673x1024.jpeg 673w, https:\/\/litercreartefestival.com\/wp-content\/uploads\/2016\/08\/carrere-el-adversario-768x1169.jpeg 768w, https:\/\/litercreartefestival.com\/wp-content\/uploads\/2016\/08\/carrere-el-adversario-1009x1536.jpeg 1009w\" sizes=\"auto, (max-width: 1063px) 100vw, 1063px\" \/>                        <\/div>\n    <div class=\"mkdf-iwt-text-holder\">\n        \t\t    <\/div>\n<\/div><\/div><\/div><\/div><div class=\"wpb_column vc_column_container vc_col-sm-3\"><div class=\"vc_column-inner\"><div class=\"wpb_wrapper\"><div class=\"vc_empty_space\"   style=\"height: 50px\"><span class=\"vc_empty_space_inner\"><\/span><\/div><div  class=\"vc_wp_text wpb_content_element\"><div class=\"widget widget_text\">\t\t\t<div class=\"textwidget\"><\/p>\n<h4 style=\"text-align: left;\"><span style=\"color: #123c5d;\"><strong>El Adversario<\/strong><\/span><\/h4>\n<h5 style=\"text-align: left;\"><em>\u00abUn libro extraordinario; un espejo roto en el que se reflejan nuestras vidas actuales\u00bb<\/em><\/h5>\n<h6 style=\"text-align: left;\">Marie-Laure Delorme, <em>Lire<\/em><\/h6>\n<p>\n<\/div>\n\t\t<\/div><\/div><\/div><\/div><\/div><div class=\"wpb_column vc_column_container vc_col-sm-3\"><div class=\"vc_column-inner\"><div class=\"wpb_wrapper\"><\/div><\/div><\/div><\/div><div class=\"vc_row wpb_row vc_row-fluid\" ><div class=\"wpb_column vc_column_container vc_col-sm-3\"><div class=\"vc_column-inner\"><div class=\"wpb_wrapper\"><\/div><\/div><\/div><div class=\"wpb_column vc_column_container vc_col-sm-3\"><div class=\"vc_column-inner\"><div class=\"wpb_wrapper\"><div class=\"vc_empty_space\"   style=\"height: 50px\"><span class=\"vc_empty_space_inner\"><\/span><\/div><div  class=\"vc_wp_text wpb_content_element\"><div class=\"widget widget_text\">\t\t\t<div class=\"textwidget\"><\/p>\n<h4 style=\"text-align: right;\"><span style=\"color: #123c5d;\"><strong>Qui\u00e9n sabe si ma\u00f1ana seguiremos aqu\u00ed<\/strong><\/span><\/h4>\n<h5 style=\"text-align: right;\"><em>\u00abNihilismo del bueno, del de toda la vida. Esto es noir coreano\u00bb<\/em><\/h5>\n<h6 style=\"text-align: right;\"><em>Los \u00c1ngeles Times<\/em><\/h6>\n<p>\n<\/div>\n\t\t<\/div><\/div><\/div><\/div><\/div><div class=\"wpb_column vc_column_container vc_col-sm-3\"><div class=\"vc_column-inner\"><div class=\"wpb_wrapper\"><div class=\"mkdf-image-with-text-holder Rewind mkdf-has-shadow\">\n    <div class=\"mkdf-iwt-image\">\n                                    <img loading=\"lazy\" decoding=\"async\" width=\"782\" height=\"1200\" src=\"https:\/\/litercreartefestival.com\/wp-content\/uploads\/2016\/08\/portada_quien-sabe-si-manana-seguiremos-aqui_kim-young-ha.png\" class=\"attachment-full size-full\" alt=\"Portada de Quien-sabe-si-manana-seguiremos-aqui de Kim Young-Ha\" srcset=\"https:\/\/litercreartefestival.com\/wp-content\/uploads\/2016\/08\/portada_quien-sabe-si-manana-seguiremos-aqui_kim-young-ha.png 782w, https:\/\/litercreartefestival.com\/wp-content\/uploads\/2016\/08\/portada_quien-sabe-si-manana-seguiremos-aqui_kim-young-ha-196x300.png 196w, https:\/\/litercreartefestival.com\/wp-content\/uploads\/2016\/08\/portada_quien-sabe-si-manana-seguiremos-aqui_kim-young-ha-667x1024.png 667w, https:\/\/litercreartefestival.com\/wp-content\/uploads\/2016\/08\/portada_quien-sabe-si-manana-seguiremos-aqui_kim-young-ha-768x1179.png 768w\" sizes=\"auto, (max-width: 782px) 100vw, 782px\" \/>                        <\/div>\n    <div class=\"mkdf-iwt-text-holder\">\n        \t\t    <\/div>\n<\/div><\/div><\/div><\/div><div class=\"wpb_column vc_column_container vc_col-sm-3\"><div class=\"vc_column-inner\"><div class=\"wpb_wrapper\"><\/div><\/div><\/div><\/div><div class=\"vc_row wpb_row vc_row-fluid\" ><div class=\"wpb_column vc_column_container vc_col-sm-3\"><div class=\"vc_column-inner\"><div class=\"wpb_wrapper\"><\/div><\/div><\/div><div class=\"wpb_column vc_column_container vc_col-sm-3\"><div class=\"vc_column-inner\"><div class=\"wpb_wrapper\"><div class=\"mkdf-image-with-text-holder  mkdf-has-shadow\">\n    <div class=\"mkdf-iwt-image\">\n                                    <img loading=\"lazy\" decoding=\"async\" width=\"1400\" height=\"2111\" src=\"https:\/\/litercreartefestival.com\/wp-content\/uploads\/2016\/08\/ernaux-la-mujer-helada.jpeg\" class=\"attachment-full size-full\" alt=\"Portada de La mujer helada de Annie Ernaux\" srcset=\"https:\/\/litercreartefestival.com\/wp-content\/uploads\/2016\/08\/ernaux-la-mujer-helada.jpeg 1400w, https:\/\/litercreartefestival.com\/wp-content\/uploads\/2016\/08\/ernaux-la-mujer-helada-199x300.jpeg 199w, https:\/\/litercreartefestival.com\/wp-content\/uploads\/2016\/08\/ernaux-la-mujer-helada-679x1024.jpeg 679w, https:\/\/litercreartefestival.com\/wp-content\/uploads\/2016\/08\/ernaux-la-mujer-helada-768x1158.jpeg 768w, https:\/\/litercreartefestival.com\/wp-content\/uploads\/2016\/08\/ernaux-la-mujer-helada-1019x1536.jpeg 1019w, https:\/\/litercreartefestival.com\/wp-content\/uploads\/2016\/08\/ernaux-la-mujer-helada-1358x2048.jpeg 1358w\" sizes=\"auto, (max-width: 1400px) 100vw, 1400px\" \/>                        <\/div>\n    <div class=\"mkdf-iwt-text-holder\">\n        \t\t    <\/div>\n<\/div><\/div><\/div><\/div><div class=\"wpb_column vc_column_container vc_col-sm-3\"><div class=\"vc_column-inner\"><div class=\"wpb_wrapper\"><div class=\"vc_empty_space\"   style=\"height: 50px\"><span class=\"vc_empty_space_inner\"><\/span><\/div><div  class=\"vc_wp_text wpb_content_element\"><div class=\"widget widget_text\">\t\t\t<div class=\"textwidget\"><\/p>\n<h4 style=\"text-align: left;\"><span style=\"color: #123c5d;\"><strong>La mujer helada<\/strong><\/span><\/h4>\n<h5 style=\"text-align: left;\"><em>\u00abLa mujer helada me permiti\u00f3 replantearme mi itinerario como mujer\u00bb.<\/em><\/h5>\n<h6 style=\"text-align: left;\">Annie Ernaux. <em>Premio Nobel de literatura 2022<\/em><\/h6>\n<p>\n<\/div>\n\t\t<\/div><\/div><\/div><\/div><\/div><div class=\"wpb_column vc_column_container vc_col-sm-3\"><div class=\"vc_column-inner\"><div class=\"wpb_wrapper\"><\/div><\/div><\/div><\/div><div class=\"vc_row wpb_row vc_row-fluid\" ><div class=\"wpb_column vc_column_container vc_col-sm-3\"><div class=\"vc_column-inner\"><div class=\"wpb_wrapper\"><\/div><\/div><\/div><div class=\"wpb_column vc_column_container vc_col-sm-3\"><div class=\"vc_column-inner\"><div class=\"wpb_wrapper\"><div class=\"vc_empty_space\"   style=\"height: 50px\"><span class=\"vc_empty_space_inner\"><\/span><\/div><div  class=\"vc_wp_text wpb_content_element\"><div class=\"widget widget_text\">\t\t\t<div class=\"textwidget\"><\/p>\n<h4 style=\"text-align: right;\"><span style=\"color: #123c5d;\"><strong>El baile de las locas<\/strong><\/span><\/h4>\n<h5 style=\"text-align: right;\"><em>\u00abUna obra maestra, un alegato contra la violencia machista, un himno a la libertad, un libro para todas\u00bb.<\/em><\/h5>\n<h6 style=\"text-align: right;\">Gema Veiga, <em>Elle<\/em><\/h6>\n<p>\n<\/div>\n\t\t<\/div><\/div><\/div><\/div><\/div><div class=\"wpb_column vc_column_container vc_col-sm-3\"><div class=\"vc_column-inner\"><div class=\"wpb_wrapper\"><div class=\"mkdf-image-with-text-holder  mkdf-has-shadow\">\n    <div class=\"mkdf-iwt-image\">\n                                    <img loading=\"lazy\" decoding=\"async\" width=\"1063\" height=\"1707\" src=\"https:\/\/litercreartefestival.com\/wp-content\/uploads\/2016\/08\/el-baile-de-las-locas-txalaparta-eus.jpg\" class=\"attachment-full size-full\" alt=\"Portada de El baile de las locas de Victoria Mas\" srcset=\"https:\/\/litercreartefestival.com\/wp-content\/uploads\/2016\/08\/el-baile-de-las-locas-txalaparta-eus.jpg 1063w, https:\/\/litercreartefestival.com\/wp-content\/uploads\/2016\/08\/el-baile-de-las-locas-txalaparta-eus-187x300.jpg 187w, https:\/\/litercreartefestival.com\/wp-content\/uploads\/2016\/08\/el-baile-de-las-locas-txalaparta-eus-638x1024.jpg 638w, https:\/\/litercreartefestival.com\/wp-content\/uploads\/2016\/08\/el-baile-de-las-locas-txalaparta-eus-768x1233.jpg 768w, https:\/\/litercreartefestival.com\/wp-content\/uploads\/2016\/08\/el-baile-de-las-locas-txalaparta-eus-957x1536.jpg 957w\" sizes=\"auto, (max-width: 1063px) 100vw, 1063px\" \/>                        <\/div>\n    <div class=\"mkdf-iwt-text-holder\">\n        \t\t    <\/div>\n<\/div><\/div><\/div><\/div><div class=\"wpb_column vc_column_container vc_col-sm-3\"><div class=\"vc_column-inner\"><div class=\"wpb_wrapper\"><\/div><\/div><\/div><\/div><div class=\"vc_row wpb_row vc_row-fluid vc_custom_1667416357248 vc_row-has-fill\" ><div class=\"wpb_column vc_column_container vc_col-sm-3\"><div class=\"vc_column-inner\"><div class=\"wpb_wrapper\"><\/div><\/div><\/div><div class=\"wpb_column vc_column_container vc_col-sm-6\"><div class=\"vc_column-inner\"><div class=\"wpb_wrapper\"><div class=\"mkdf-elements-holder    mkdf-one-column  mkdf-responsive-mode-768\" ><div class=\"mkdf-eh-item\"  data-item-class=\"mkdf-eh-custom-3943\">\n\t<div class=\"mkdf-eh-item-inner\">\n\t\t<div class=\"mkdf-eh-item-content mkdf-eh-custom-3943\" >\n\t\t\t<div class=\"vc_empty_space\"   style=\"height: 15px\"><span class=\"vc_empty_space_inner\"><\/span><\/div>\n\t<div class=\"wpb_text_column wpb_content_element\" >\n\t\t<div class=\"wpb_wrapper\">\n\t\t\t<h2 style=\"text-align: center;\"><span style=\"color: #123c5d;\">Los encuentros&#8230;<\/span><\/h2>\n\n\t\t<\/div>\n\t<\/div>\n\t\t<\/div>\n\t<\/div>\n<\/div><\/div><\/div><\/div><\/div><div class=\"wpb_column vc_column_container vc_col-sm-3\"><div class=\"vc_column-inner\"><div class=\"wpb_wrapper\"><\/div><\/div><\/div><\/div><div class=\"vc_row wpb_row vc_row-fluid vc_custom_1667416357248 vc_row-has-fill\" ><div class=\"wpb_column vc_column_container vc_col-sm-3\"><div class=\"vc_column-inner\"><div class=\"wpb_wrapper\"><\/div><\/div><\/div><div class=\"wpb_column vc_column_container vc_col-sm-6\"><div class=\"vc_column-inner\"><div class=\"wpb_wrapper\"><div class=\"mkdf-elements-holder    mkdf-three-columns  mkdf-responsive-mode-768\" ><div class=\"mkdf-eh-item   mkdf-horizontal-alignment-center\"  data-item-class=\"mkdf-eh-custom-4610\">\n\t<div class=\"mkdf-eh-item-inner\">\n\t\t<div class=\"mkdf-eh-item-content mkdf-eh-custom-4610\" >\n\t\t\t\n\t<div class=\"wpb_gallery wpb_posts_slider wpb_content_element\" >\n\t\t<div class=\"wpb_wrapper\">\n\t\t\t\n\t\t\t<div class=\"wpb_gallery_slides wpb_flexslider flexslider_slide flexslider\" data-interval=\"3\" data-flex_fx=\"slide\"><ul class=\"slides\"><li><a class=\"link_image\" href=\"https:\/\/litercreartefestival.com\/eu\/en-la-biblioteca-de-yamaguchi\/\" title=\"Permalink to Yamaguchi 2022\"><img loading=\"lazy\" decoding=\"async\" width=\"1024\" height=\"468\" src=\"https:\/\/litercreartefestival.com\/wp-content\/uploads\/2024\/03\/PAMPLONA-YAMAGUCHI-18-de-abril-ENCUENTRO-scaled-e1715101873750-1024x468.jpg\" class=\"attachment-large\" alt=\"PAMPLONA-YAMAGUCHI 18 de abril ENCUENTRO\" srcset=\"https:\/\/litercreartefestival.com\/wp-content\/uploads\/2024\/03\/PAMPLONA-YAMAGUCHI-18-de-abril-ENCUENTRO-scaled-e1715101873750-1024x468.jpg 1024w, https:\/\/litercreartefestival.com\/wp-content\/uploads\/2024\/03\/PAMPLONA-YAMAGUCHI-18-de-abril-ENCUENTRO-scaled-e1715101873750-300x137.jpg 300w, https:\/\/litercreartefestival.com\/wp-content\/uploads\/2024\/03\/PAMPLONA-YAMAGUCHI-18-de-abril-ENCUENTRO-scaled-e1715101873750-768x351.jpg 768w, https:\/\/litercreartefestival.com\/wp-content\/uploads\/2024\/03\/PAMPLONA-YAMAGUCHI-18-de-abril-ENCUENTRO-scaled-e1715101873750-1536x701.jpg 1536w\" sizes=\"auto, (max-width: 1024px) 100vw, 1024px\" \/><\/a><div class=\"flex-caption\"><h2 class=\"post-title\"><a class=\"link_image\" href=\"https:\/\/litercreartefestival.com\/eu\/en-la-biblioteca-de-yamaguchi\/\" title=\"Permalink to Yamaguchi 2022\">Yamaguchi 2022<\/a><\/h2>...en la Biblioteca de Pamplona Yamaguchi Cada encuentro, cada puesta en com\u00fan supone una apertura hacia los dem\u00e1s. Poder charlar con total tranquilidad en un espacio y tiempo destinado a ello, hace que estos encuentros cobren entidad en s\u00ed mismos. Compartir y discrepar en distintos puntos de vista desde la calma y la escucha te enriquece dentro del [...]<\/div><\/li><li><a class=\"link_image\" href=\"https:\/\/litercreartefestival.com\/eu\/7695-2\/\" title=\"Permalink to Santesteban 2022\"><img loading=\"lazy\" decoding=\"async\" width=\"1024\" height=\"458\" src=\"https:\/\/litercreartefestival.com\/wp-content\/uploads\/2024\/01\/04-03-DONEZTEBE-ENCUENTRO-e1711137719168-1024x458.jpeg\" class=\"attachment-large\" alt=\"DONEZTEBE ENCUENTRO 4 de marzo\" srcset=\"https:\/\/litercreartefestival.com\/wp-content\/uploads\/2024\/01\/04-03-DONEZTEBE-ENCUENTRO-e1711137719168-1024x458.jpeg 1024w, https:\/\/litercreartefestival.com\/wp-content\/uploads\/2024\/01\/04-03-DONEZTEBE-ENCUENTRO-e1711137719168-300x134.jpeg 300w, https:\/\/litercreartefestival.com\/wp-content\/uploads\/2024\/01\/04-03-DONEZTEBE-ENCUENTRO-e1711137719168-768x344.jpeg 768w, https:\/\/litercreartefestival.com\/wp-content\/uploads\/2024\/01\/04-03-DONEZTEBE-ENCUENTRO-e1711137719168-1536x687.jpeg 1536w\" sizes=\"auto, (max-width: 1024px) 100vw, 1024px\" \/><\/a><div class=\"flex-caption\"><h2 class=\"post-title\"><a class=\"link_image\" href=\"https:\/\/litercreartefestival.com\/eu\/7695-2\/\" title=\"Permalink to Santesteban 2022\">Santesteban 2022<\/a><\/h2>...en la Biblioteca de Santesteban Los encuentros en las bibliotecas est\u00e1n siendo unas experiencias muy emocionantes. Hay algo m\u00e1s que un encuentro para hablar de los libros asignados. Es hablar de experiencias, de emociones, es compartir parte de las vidas a trav\u00e9s de ese momento y de ese libro. Es sentir la fuerza de la gente (mayor\u00eda siempre, [...]<\/div><\/li><li><a class=\"link_image\" href=\"https:\/\/litercreartefestival.com\/eu\/7572-2\/\" title=\"Permalink to Cintru\u00e9nigo\"><img loading=\"lazy\" decoding=\"async\" width=\"1024\" height=\"461\" src=\"https:\/\/litercreartefestival.com\/wp-content\/uploads\/2024\/01\/Cintruenigo-OK-1024x461.jpg\" class=\"attachment-large\" alt=\"Participantes Literarte Biblioteca Cintru\u00e9nigo 2024\" srcset=\"https:\/\/litercreartefestival.com\/wp-content\/uploads\/2024\/01\/Cintruenigo-OK-1024x461.jpg 1024w, https:\/\/litercreartefestival.com\/wp-content\/uploads\/2024\/01\/Cintruenigo-OK-300x135.jpg 300w, https:\/\/litercreartefestival.com\/wp-content\/uploads\/2024\/01\/Cintruenigo-OK-768x346.jpg 768w, https:\/\/litercreartefestival.com\/wp-content\/uploads\/2024\/01\/Cintruenigo-OK-1536x691.jpg 1536w, https:\/\/litercreartefestival.com\/wp-content\/uploads\/2024\/01\/Cintruenigo-OK.jpg 1556w\" sizes=\"auto, (max-width: 1024px) 100vw, 1024px\" \/><\/a><div class=\"flex-caption\"><h2 class=\"post-title\"><a class=\"link_image\" href=\"https:\/\/litercreartefestival.com\/eu\/7572-2\/\" title=\"Permalink to Cintru\u00e9nigo\">Cintru\u00e9nigo<\/a><\/h2>...en la Biblioteca de Cintru\u00e9nigo Cada encuentro, cada puesta en com\u00fan supone una apertura hacia los dem\u00e1s. Poder charlar con total tranquilidad en un espacio y tiempo destinado a ello, hace que estos encuentros cobren entidad en s\u00ed mismos. Compartir y discrepar en distintos puntos de vista desde la calma y la escucha te enriquece dentro del proceso [...]<\/div><\/li><li><a class=\"link_image\" href=\"https:\/\/litercreartefestival.com\/eu\/7570-2\/\" title=\"Permalink to Berriozar\"><img loading=\"lazy\" decoding=\"async\" width=\"1024\" height=\"472\" src=\"https:\/\/litercreartefestival.com\/wp-content\/uploads\/2024\/01\/Berriozar-OK-1024x472.jpg\" class=\"attachment-large\" alt=\"Participantes Literarte Biblioteca Berriozar 2024\" srcset=\"https:\/\/litercreartefestival.com\/wp-content\/uploads\/2024\/01\/Berriozar-OK-1024x472.jpg 1024w, https:\/\/litercreartefestival.com\/wp-content\/uploads\/2024\/01\/Berriozar-OK-300x138.jpg 300w, https:\/\/litercreartefestival.com\/wp-content\/uploads\/2024\/01\/Berriozar-OK-768x354.jpg 768w, https:\/\/litercreartefestival.com\/wp-content\/uploads\/2024\/01\/Berriozar-OK.jpg 1518w\" sizes=\"auto, (max-width: 1024px) 100vw, 1024px\" \/><\/a><div class=\"flex-caption\"><h2 class=\"post-title\"><a class=\"link_image\" href=\"https:\/\/litercreartefestival.com\/eu\/7570-2\/\" title=\"Permalink to Berriozar\">Berriozar<\/a><\/h2>...en la Biblioteca de Berriozar Cada encuentro, cada puesta en com\u00fan supone una apertura hacia los dem\u00e1s. Poder charlar con total tranquilidad en un espacio y tiempo destinado a ello, hace que estos encuentros cobren entidad en s\u00ed mismos. Compartir y discrepar en distintos puntos de vista desde la calma y la escucha te enriquece dentro del proceso [...]<\/div><\/li><li><a class=\"link_image\" href=\"https:\/\/litercreartefestival.com\/eu\/7568-2\/\" title=\"Permalink to Ablitas\"><img loading=\"lazy\" decoding=\"async\" width=\"1024\" height=\"394\" src=\"https:\/\/litercreartefestival.com\/wp-content\/uploads\/2024\/01\/Ablitas-OK-1024x394.jpg\" class=\"attachment-large\" alt=\"Participantes Literarte Biblioteca Ablitas 2024\" srcset=\"https:\/\/litercreartefestival.com\/wp-content\/uploads\/2024\/01\/Ablitas-OK-1024x394.jpg 1024w, https:\/\/litercreartefestival.com\/wp-content\/uploads\/2024\/01\/Ablitas-OK-300x115.jpg 300w, https:\/\/litercreartefestival.com\/wp-content\/uploads\/2024\/01\/Ablitas-OK-768x295.jpg 768w, https:\/\/litercreartefestival.com\/wp-content\/uploads\/2024\/01\/Ablitas-OK-1536x590.jpg 1536w, https:\/\/litercreartefestival.com\/wp-content\/uploads\/2024\/01\/Ablitas-OK.jpg 1821w\" sizes=\"auto, (max-width: 1024px) 100vw, 1024px\" \/><\/a><div class=\"flex-caption\"><h2 class=\"post-title\"><a class=\"link_image\" href=\"https:\/\/litercreartefestival.com\/eu\/7568-2\/\" title=\"Permalink to Ablitas\">Ablitas<\/a><\/h2>...en la Biblioteca de Ablitas Este a\u00f1o he podido repetir la experiencia de participar en charlas con tres clubes de lectura. En primer lugar, debo agradecer el trato que me han dado en cada uno de ellos, su amabilidad y su atenci\u00f3n. Todas ven\u00edan con las tareas bien hechas, con el libro repasado y con ganas de compartir. [...]<\/div><\/li><li><a class=\"link_image\" href=\"https:\/\/litercreartefestival.com\/eu\/7566-2\/\" title=\"Permalink to Allo\"><img loading=\"lazy\" decoding=\"async\" width=\"1024\" height=\"482\" src=\"https:\/\/litercreartefestival.com\/wp-content\/uploads\/2024\/01\/Allo-OK-1024x482.jpg\" class=\"attachment-large\" alt=\"Participantes Literarte Biblioteca Allo 2024\" srcset=\"https:\/\/litercreartefestival.com\/wp-content\/uploads\/2024\/01\/Allo-OK-1024x482.jpg 1024w, https:\/\/litercreartefestival.com\/wp-content\/uploads\/2024\/01\/Allo-OK-300x141.jpg 300w, https:\/\/litercreartefestival.com\/wp-content\/uploads\/2024\/01\/Allo-OK-768x362.jpg 768w, https:\/\/litercreartefestival.com\/wp-content\/uploads\/2024\/01\/Allo-OK.jpg 1487w\" sizes=\"auto, (max-width: 1024px) 100vw, 1024px\" \/><\/a><div class=\"flex-caption\"><h2 class=\"post-title\"><a class=\"link_image\" href=\"https:\/\/litercreartefestival.com\/eu\/7566-2\/\" title=\"Permalink to Allo\">Allo<\/a><\/h2>...en la Biblioteca de Allo Los encuentros en las bibliotecas est\u00e1n siendo unas experiencias muy emocionantes. Hay algo m\u00e1s que un encuentro para hablar de los libros asignados. Es hablar de experiencias, de emociones, es compartir parte de las vidas a trav\u00e9s de ese momento y de ese libro. Es sentir la fuerza de la gente (mayor\u00eda siempre, [...]<\/div><\/li><li><a class=\"link_image\" href=\"https:\/\/litercreartefestival.com\/eu\/7563-2\/\" title=\"Permalink to San Adri\u00e1n\"><img loading=\"lazy\" decoding=\"async\" width=\"1024\" height=\"594\" src=\"https:\/\/litercreartefestival.com\/wp-content\/uploads\/2024\/01\/San-Adrian-OK-1024x594.jpg\" class=\"attachment-large\" alt=\"Participantes Literarte Biblioteca San Adri\u00e1n 2024\" srcset=\"https:\/\/litercreartefestival.com\/wp-content\/uploads\/2024\/01\/San-Adrian-OK-1024x594.jpg 1024w, https:\/\/litercreartefestival.com\/wp-content\/uploads\/2024\/01\/San-Adrian-OK-300x174.jpg 300w, https:\/\/litercreartefestival.com\/wp-content\/uploads\/2024\/01\/San-Adrian-OK-768x445.jpg 768w, https:\/\/litercreartefestival.com\/wp-content\/uploads\/2024\/01\/San-Adrian-OK.jpg 1207w\" sizes=\"auto, (max-width: 1024px) 100vw, 1024px\" \/><\/a><div class=\"flex-caption\"><h2 class=\"post-title\"><a class=\"link_image\" href=\"https:\/\/litercreartefestival.com\/eu\/7563-2\/\" title=\"Permalink to San Adri\u00e1n\">San Adri\u00e1n<\/a><\/h2>...en la Biblioteca de San Adri\u00e1n Este a\u00f1o he podido repetir la experiencia de participar en charlas con tres clubes de lectura. En primer lugar, debo agradecer el trato que me han dado en cada uno de ellos, su amabilidad y su atenci\u00f3n. Todas ven\u00edan con las tareas bien hechas, con el libro repasado y con ganas de [...]<\/div><\/li><li><a class=\"link_image\" href=\"https:\/\/litercreartefestival.com\/eu\/7560-2\/\" title=\"Permalink to Aoiz\"><img loading=\"lazy\" decoding=\"async\" width=\"1024\" height=\"494\" src=\"https:\/\/litercreartefestival.com\/wp-content\/uploads\/2024\/01\/AOIZ-ok-1024x494.jpg\" class=\"attachment-large\" alt=\"Participantes Literarte Biblioteca Aoiz 2024\" srcset=\"https:\/\/litercreartefestival.com\/wp-content\/uploads\/2024\/01\/AOIZ-ok-1024x494.jpg 1024w, https:\/\/litercreartefestival.com\/wp-content\/uploads\/2024\/01\/AOIZ-ok-300x145.jpg 300w, https:\/\/litercreartefestival.com\/wp-content\/uploads\/2024\/01\/AOIZ-ok-768x371.jpg 768w, https:\/\/litercreartefestival.com\/wp-content\/uploads\/2024\/01\/AOIZ-ok.jpg 1451w\" sizes=\"auto, (max-width: 1024px) 100vw, 1024px\" \/><\/a><div class=\"flex-caption\"><h2 class=\"post-title\"><a class=\"link_image\" href=\"https:\/\/litercreartefestival.com\/eu\/7560-2\/\" title=\"Permalink to Aoiz\">Aoiz<\/a><\/h2>...en la Biblioteca de Aoiz Los encuentros en las bibliotecas est\u00e1n siendo unas experiencias muy emocionantes. Hay algo m\u00e1s que un encuentro para hablar de los libros asignados. Es hablar de experiencias, de emociones, es compartir parte de las vidas a trav\u00e9s de ese momento y de ese libro. Es sentir la fuerza de la gente (mayor\u00eda siempre, [...]<\/div><\/li><li><a class=\"link_image\" href=\"https:\/\/litercreartefestival.com\/eu\/7558-2\/\" title=\"Permalink to Cascante\"><img loading=\"lazy\" decoding=\"async\" width=\"1024\" height=\"404\" src=\"https:\/\/litercreartefestival.com\/wp-content\/uploads\/2024\/01\/Cascante-OK-1024x404.jpg\" class=\"attachment-large\" alt=\"Participantes Literarte Biblioteca Cascante 2024\" srcset=\"https:\/\/litercreartefestival.com\/wp-content\/uploads\/2024\/01\/Cascante-OK-1024x404.jpg 1024w, https:\/\/litercreartefestival.com\/wp-content\/uploads\/2024\/01\/Cascante-OK-300x118.jpg 300w, https:\/\/litercreartefestival.com\/wp-content\/uploads\/2024\/01\/Cascante-OK-768x303.jpg 768w, https:\/\/litercreartefestival.com\/wp-content\/uploads\/2024\/01\/Cascante-OK-1536x606.jpg 1536w, https:\/\/litercreartefestival.com\/wp-content\/uploads\/2024\/01\/Cascante-OK.jpg 1774w\" sizes=\"auto, (max-width: 1024px) 100vw, 1024px\" \/><\/a><div class=\"flex-caption\"><h2 class=\"post-title\"><a class=\"link_image\" href=\"https:\/\/litercreartefestival.com\/eu\/7558-2\/\" title=\"Permalink to Cascante\">Cascante<\/a><\/h2>...en la Biblioteca de Cascante Este a\u00f1o he podido repetir la experiencia de participar en charlas con tres clubes de lectura. En primer lugar, debo agradecer el trato que me han dado en cada uno de ellos, su amabilidad y su atenci\u00f3n. Todas ven\u00edan con las tareas bien hechas, con el libro repasado y con ganas de compartir. [...]<\/div><\/li><li><a class=\"link_image\" href=\"https:\/\/litercreartefestival.com\/eu\/7543-2\/\" title=\"Permalink to Tudela\"><img loading=\"lazy\" decoding=\"async\" width=\"1024\" height=\"513\" src=\"https:\/\/litercreartefestival.com\/wp-content\/uploads\/2024\/01\/Tudela-OK-1024x513.jpg\" class=\"attachment-large\" alt=\"Participantes Literarte Los finales no escritos Tudela 23\/24\" srcset=\"https:\/\/litercreartefestival.com\/wp-content\/uploads\/2024\/01\/Tudela-OK-1024x513.jpg 1024w, https:\/\/litercreartefestival.com\/wp-content\/uploads\/2024\/01\/Tudela-OK-300x150.jpg 300w, https:\/\/litercreartefestival.com\/wp-content\/uploads\/2024\/01\/Tudela-OK-768x385.jpg 768w, https:\/\/litercreartefestival.com\/wp-content\/uploads\/2024\/01\/Tudela-OK-1100x550.jpg 1100w, https:\/\/litercreartefestival.com\/wp-content\/uploads\/2024\/01\/Tudela-OK.jpg 1396w\" sizes=\"auto, (max-width: 1024px) 100vw, 1024px\" \/><\/a><div class=\"flex-caption\"><h2 class=\"post-title\"><a class=\"link_image\" href=\"https:\/\/litercreartefestival.com\/eu\/7543-2\/\" title=\"Permalink to Tudela\">Tudela<\/a><\/h2>...en la Biblioteca de Tudela Este ha sido mi primer a\u00f1o en todo y lo cierto es que al encuentro con los clubs iba sin expectativa, porque no sab\u00eda lo que me iba a encontrar y a la vez con mucho miedo. Pero despu\u00e9s ha sido una experiencia \u00fanica. Disfrutar de poner en com\u00fan nuestras impresiones hacia el [...]<\/div><\/li><\/ul><\/div>\n\t\t<\/div>\n\t<\/div>\n\t\t<\/div>\n\t<\/div>\n<\/div><\/div><\/div><\/div><\/div><div class=\"wpb_column vc_column_container vc_col-sm-3\"><div class=\"vc_column-inner\"><div class=\"wpb_wrapper\"><\/div><\/div><\/div><\/div><div class=\"vc_row wpb_row vc_row-fluid vc_custom_1667416357248 vc_row-has-fill\" ><div class=\"wpb_column vc_column_container vc_col-sm-3\"><div class=\"vc_column-inner\"><div class=\"wpb_wrapper\"><\/div><\/div><\/div><div class=\"wpb_column vc_column_container vc_col-sm-6\"><div class=\"vc_column-inner\"><div class=\"wpb_wrapper\"><div class=\"mkdf-elements-holder    mkdf-one-column  mkdf-responsive-mode-768\" ><div class=\"mkdf-eh-item\"  data-item-class=\"mkdf-eh-custom-1633\">\n\t<div class=\"mkdf-eh-item-inner\">\n\t\t<div class=\"mkdf-eh-item-content mkdf-eh-custom-1633\" >\n\t\t\t<div class=\"vc_empty_space\"   style=\"height: 15px\"><span class=\"vc_empty_space_inner\"><\/span><\/div>\n\t<div class=\"wpb_text_column wpb_content_element\" >\n\t\t<div class=\"wpb_wrapper\">\n\t\t\t<h2 style=\"text-align: center;\"><span style=\"color: #123c5d;\">Compartiendo en&#8230;<\/span><\/h2>\n\n\t\t<\/div>\n\t<\/div>\n\t\t<\/div>\n\t<\/div>\n<\/div><\/div><\/div><\/div><\/div><div class=\"wpb_column vc_column_container vc_col-sm-3\"><div class=\"vc_column-inner\"><div class=\"wpb_wrapper\"><\/div><\/div><\/div><\/div><div class=\"vc_row wpb_row vc_row-fluid vc_custom_1667416357248 vc_row-has-fill\" ><div class=\"wpb_column vc_column_container vc_col-sm-3\"><div class=\"vc_column-inner\"><div class=\"wpb_wrapper\"><\/div><\/div><\/div><div class=\"wpb_column vc_column_container vc_col-sm-6\"><div class=\"vc_column-inner\"><div class=\"wpb_wrapper\"><div class=\"mkdf-elements-holder    mkdf-three-columns  mkdf-responsive-mode-768\" ><div class=\"mkdf-eh-item   mkdf-horizontal-alignment-center\"  data-item-class=\"mkdf-eh-custom-7684\">\n\t<div class=\"mkdf-eh-item-inner\">\n\t\t<div class=\"mkdf-eh-item-content mkdf-eh-custom-7684\" >\n\t\t\t<div class=\"wpb_gallery wpb_content_element vc_clearfix\" ><div class=\"wpb_wrapper\"><div class=\"wpb_gallery_slides wpb_slider_nivo theme-default\" data-interval=\"3\"><div class=\"nivoSlider\"><a class=\"prettyphoto\" href=\"https:\/\/litercreartefestival.com\/wp-content\/uploads\/2024\/01\/ARTAJONA-1-de-febrero-de-2023-1024x768.jpeg\" data-rel=\"prettyPhoto[rel-7543-3926524434]\"><img loading=\"lazy\" decoding=\"async\" class=\"\" src=\"https:\/\/litercreartefestival.com\/wp-content\/uploads\/2024\/01\/ARTAJONA-1-de-febrero-de-2023-800x600.jpeg\" width=\"800\" height=\"600\" alt=\"ARTAJONA 1 de febrero de 2024\" title=\"ARTAJONA 1 de febrero de 2024\" \/><\/a><a class=\"prettyphoto\" href=\"https:\/\/litercreartefestival.com\/wp-content\/uploads\/2024\/01\/BIBLIOTECA-DE-NAVARRA-30-de-enero-de-2023-e1707912615340-1024x557.jpeg\" data-rel=\"prettyPhoto[rel-7543-3926524434]\"><img loading=\"lazy\" decoding=\"async\" class=\"\" src=\"https:\/\/litercreartefestival.com\/wp-content\/uploads\/2024\/01\/BIBLIOTECA-DE-NAVARRA-30-de-enero-de-2023-e1707912615340-800x600.jpeg\" width=\"800\" height=\"600\" alt=\"BIBLIOTECA DE NAVARRA 30 de enero de 2024\" title=\"BIBLIOTECA DE NAVARRA 30 de enero de 2024\" \/><\/a><a class=\"prettyphoto\" href=\"https:\/\/litercreartefestival.com\/wp-content\/uploads\/2024\/01\/ALLO-6-de-marzo-1-1024x768.jpeg\" data-rel=\"prettyPhoto[rel-7543-3926524434]\"><img loading=\"lazy\" decoding=\"async\" class=\"\" src=\"https:\/\/litercreartefestival.com\/wp-content\/uploads\/2024\/01\/ALLO-6-de-marzo-1-800x600.jpeg\" width=\"800\" height=\"600\" alt=\"ALLO 6 de marzo 2024\" title=\"ALLO 6 de marzo 2024\" \/><\/a><a class=\"prettyphoto\" href=\"https:\/\/litercreartefestival.com\/wp-content\/uploads\/2024\/01\/ULTZAMA-16-de-febrero-1024x872.jpeg\" data-rel=\"prettyPhoto[rel-7543-3926524434]\"><img loading=\"lazy\" decoding=\"async\" class=\"\" src=\"https:\/\/litercreartefestival.com\/wp-content\/uploads\/2024\/01\/ULTZAMA-16-de-febrero-800x600.jpeg\" width=\"800\" height=\"600\" alt=\"ULTZAMA 16 de febrero 2024\" title=\"ULTZAMA 16 de febrero 2024\" \/><\/a><a class=\"prettyphoto\" href=\"https:\/\/litercreartefestival.com\/wp-content\/uploads\/2024\/01\/ZIZUR-29-de-febrero-1024x768.jpeg\" data-rel=\"prettyPhoto[rel-7543-3926524434]\"><img loading=\"lazy\" decoding=\"async\" class=\"\" src=\"https:\/\/litercreartefestival.com\/wp-content\/uploads\/2024\/01\/ZIZUR-29-de-febrero-800x600.jpeg\" width=\"800\" height=\"600\" alt=\"ZIZUR 29 de febrero 2024\" title=\"ZIZUR 29 de febrero 2024\" \/><\/a><a class=\"prettyphoto\" href=\"https:\/\/litercreartefestival.com\/wp-content\/uploads\/2024\/01\/CINTRUENIGO-7-de-marzo-768x1024.jpeg\" data-rel=\"prettyPhoto[rel-7543-3926524434]\"><img loading=\"lazy\" decoding=\"async\" class=\"\" src=\"https:\/\/litercreartefestival.com\/wp-content\/uploads\/2024\/01\/CINTRUENIGO-7-de-marzo-800x600.jpeg\" width=\"800\" height=\"600\" alt=\"CINTRU\u00c9NIGO 7 de marzo 2024\" title=\"CINTRU\u00c9NIGO 7 de marzo 2024\" \/><\/a><a class=\"prettyphoto\" href=\"https:\/\/litercreartefestival.com\/wp-content\/uploads\/2024\/01\/BERRIOZAR-14-de-marzo-768x1024.jpeg\" data-rel=\"prettyPhoto[rel-7543-3926524434]\"><img loading=\"lazy\" decoding=\"async\" class=\"\" src=\"https:\/\/litercreartefestival.com\/wp-content\/uploads\/2024\/01\/BERRIOZAR-14-de-marzo-800x600.jpeg\" width=\"800\" height=\"600\" alt=\"BERRIOZAR 14 de marzo 2024\" title=\"BERRIOZAR 14 de marzo 2024\" \/><\/a><a class=\"prettyphoto\" href=\"https:\/\/litercreartefestival.com\/wp-content\/uploads\/2024\/03\/CASCANTE-20-de-marzo-768x1024.jpeg\" data-rel=\"prettyPhoto[rel-7543-3926524434]\"><img loading=\"lazy\" decoding=\"async\" class=\"\" src=\"https:\/\/litercreartefestival.com\/wp-content\/uploads\/2024\/03\/CASCANTE-20-de-marzo-800x600.jpeg\" width=\"800\" height=\"600\" alt=\"CASCANTE 20 de marzo 2024\" title=\"CASCANTE 20 de marzo 2024\" \/><\/a><a class=\"prettyphoto\" href=\"https:\/\/litercreartefestival.com\/wp-content\/uploads\/2024\/03\/DONEZTEBE-21-de-marzo-1024x768.jpeg\" data-rel=\"prettyPhoto[rel-7543-3926524434]\"><img loading=\"lazy\" decoding=\"async\" class=\"\" src=\"https:\/\/litercreartefestival.com\/wp-content\/uploads\/2024\/03\/DONEZTEBE-21-de-marzo-800x600.jpeg\" width=\"800\" height=\"600\" alt=\"DONEZTEBE 21 de marzo 2024\" title=\"DONEZTEBE 21 de marzo 2024\" \/><\/a><a class=\"prettyphoto\" href=\"https:\/\/litercreartefestival.com\/wp-content\/uploads\/2024\/03\/ABLITAS-12-de-abril-1-1024x768.jpeg\" data-rel=\"prettyPhoto[rel-7543-3926524434]\"><img loading=\"lazy\" decoding=\"async\" class=\"\" src=\"https:\/\/litercreartefestival.com\/wp-content\/uploads\/2024\/03\/ABLITAS-12-de-abril-1-800x600.jpeg\" width=\"800\" height=\"600\" alt=\"ABLITAS 12 de abril 2024\" title=\"ABLITAS 12 de abril 2024\" \/><\/a><a class=\"prettyphoto\" href=\"https:\/\/litercreartefestival.com\/wp-content\/uploads\/2024\/03\/PAMPLONA-CONDESTABLE-21-de-abril-1024x768.jpeg\" data-rel=\"prettyPhoto[rel-7543-3926524434]\"><img loading=\"lazy\" decoding=\"async\" class=\"\" src=\"https:\/\/litercreartefestival.com\/wp-content\/uploads\/2024\/03\/PAMPLONA-CONDESTABLE-21-de-abril-800x600.jpeg\" width=\"800\" height=\"600\" alt=\"PAMPLONA-CONDESTABLE 21 de abril 2024\" title=\"PAMPLONA-CONDESTABLE 21 de abril 2024\" \/><\/a><a class=\"prettyphoto\" href=\"https:\/\/litercreartefestival.com\/wp-content\/uploads\/2024\/03\/PAMPLONA-YAMAGUCHI-18-de-abril-1024x768.jpeg\" data-rel=\"prettyPhoto[rel-7543-3926524434]\"><img loading=\"lazy\" decoding=\"async\" class=\"\" src=\"https:\/\/litercreartefestival.com\/wp-content\/uploads\/2024\/03\/PAMPLONA-YAMAGUCHI-18-de-abril-800x600.jpeg\" width=\"800\" height=\"600\" alt=\"PAMPLONA-YAMAGUCHI 18 de abril 2024\" title=\"PAMPLONA-YAMAGUCHI 18 de abril 2024\" \/><\/a><a class=\"prettyphoto\" href=\"https:\/\/litercreartefestival.com\/wp-content\/uploads\/2024\/03\/SAN-ADRIAN-19-de-abril-1024x768.jpeg\" data-rel=\"prettyPhoto[rel-7543-3926524434]\"><img loading=\"lazy\" decoding=\"async\" class=\"\" src=\"https:\/\/litercreartefestival.com\/wp-content\/uploads\/2024\/03\/SAN-ADRIAN-19-de-abril-800x600.jpeg\" width=\"800\" height=\"600\" alt=\"SAN ADRIAN 19 de abril 2024\" title=\"SAN ADRIAN 19 de abril 2024\" \/><\/a><a class=\"prettyphoto\" href=\"https:\/\/litercreartefestival.com\/wp-content\/uploads\/2024\/03\/LUMBIER-25-de-abril-1024x768.jpeg\" data-rel=\"prettyPhoto[rel-7543-3926524434]\"><img loading=\"lazy\" decoding=\"async\" class=\"\" src=\"https:\/\/litercreartefestival.com\/wp-content\/uploads\/2024\/03\/LUMBIER-25-de-abril-800x600.jpeg\" width=\"800\" height=\"600\" alt=\"LUMBIER 25 de abril 2024\" title=\"LUMBIER 25 de abril 2024\" \/><\/a><a class=\"prettyphoto\" href=\"https:\/\/litercreartefestival.com\/wp-content\/uploads\/2024\/03\/MARCILLA-27-de-abril-e1715104159802-1024x694.jpeg\" data-rel=\"prettyPhoto[rel-7543-3926524434]\"><img loading=\"lazy\" decoding=\"async\" class=\"\" src=\"https:\/\/litercreartefestival.com\/wp-content\/uploads\/2024\/03\/MARCILLA-27-de-abril-e1715104159802-800x600.jpeg\" width=\"800\" height=\"600\" alt=\"MARCILLA 27 de abril\" title=\"MARCILLA 27 de abril 2024\" \/><\/a><a class=\"prettyphoto\" href=\"https:\/\/litercreartefestival.com\/wp-content\/uploads\/2024\/03\/AOIZ-28-de-abril-1024x756.jpeg\" data-rel=\"prettyPhoto[rel-7543-3926524434]\"><img loading=\"lazy\" decoding=\"async\" class=\"\" src=\"https:\/\/litercreartefestival.com\/wp-content\/uploads\/2024\/03\/AOIZ-28-de-abril-800x600.jpeg\" width=\"800\" height=\"600\" alt=\"AOIZ 28 de abril 2024\" title=\"AOIZ 28 de abril 2024\" \/><\/a><a class=\"prettyphoto\" href=\"https:\/\/litercreartefestival.com\/wp-content\/uploads\/2024\/05\/NOAIN-10-de-mayo-1024x768.jpeg\" data-rel=\"prettyPhoto[rel-7543-3926524434]\"><img loading=\"lazy\" decoding=\"async\" class=\"\" src=\"https:\/\/litercreartefestival.com\/wp-content\/uploads\/2024\/05\/NOAIN-10-de-mayo-800x600.jpeg\" width=\"800\" height=\"600\" alt=\"NOAIN 10 de mayo\" title=\"NOAIN 10 de mayo\" \/><\/a><a class=\"prettyphoto\" href=\"https:\/\/litercreartefestival.com\/wp-content\/uploads\/2024\/05\/VILLAVA-14-de-mayo-1024x768.jpeg\" data-rel=\"prettyPhoto[rel-7543-3926524434]\"><img loading=\"lazy\" decoding=\"async\" class=\"\" src=\"https:\/\/litercreartefestival.com\/wp-content\/uploads\/2024\/05\/VILLAVA-14-de-mayo-800x600.jpeg\" width=\"800\" height=\"600\" alt=\"VILLAVA 14 de mayo\" title=\"VILLAVA 14 de mayo\" \/><\/a><a class=\"prettyphoto\" href=\"https:\/\/litercreartefestival.com\/wp-content\/uploads\/2024\/03\/SANGUESA-5-de-junio-768x1024.jpeg\" data-rel=\"prettyPhoto[rel-7543-3926524434]\"><img loading=\"lazy\" decoding=\"async\" class=\"\" src=\"https:\/\/litercreartefestival.com\/wp-content\/uploads\/2024\/03\/SANGUESA-5-de-junio-800x600.jpeg\" width=\"800\" height=\"600\" alt=\"SANG\u00dcESA 5 de junio\" title=\"SANG\u00dcESA 5 de junio\" \/><\/a><a class=\"prettyphoto\" href=\"https:\/\/litercreartefestival.com\/wp-content\/uploads\/2024\/03\/MANERU-8-de-junio-1024x768.jpeg\" data-rel=\"prettyPhoto[rel-7543-3926524434]\"><img loading=\"lazy\" decoding=\"async\" class=\"\" src=\"https:\/\/litercreartefestival.com\/wp-content\/uploads\/2024\/03\/MANERU-8-de-junio-800x600.jpeg\" width=\"800\" height=\"600\" alt=\"MA\u00d1ERU 8 de junio\" title=\"MA\u00d1ERU 8 de junio\" \/><\/a><a class=\"prettyphoto\" href=\"https:\/\/litercreartefestival.com\/wp-content\/uploads\/2024\/06\/CIVICAN-13-de-junio-768x1024.jpeg\" data-rel=\"prettyPhoto[rel-7543-3926524434]\"><img loading=\"lazy\" decoding=\"async\" class=\"\" src=\"https:\/\/litercreartefestival.com\/wp-content\/uploads\/2024\/06\/CIVICAN-13-de-junio-800x600.jpeg\" width=\"800\" height=\"600\" alt=\"CIVICAN 13 de junio\" title=\"CIVICAN 13 de junio\" \/><\/a><a class=\"prettyphoto\" href=\"https:\/\/litercreartefestival.com\/wp-content\/uploads\/2024\/03\/RONCAL-8-de-febrero-de-2023-768x1024.jpeg\" data-rel=\"prettyPhoto[rel-7543-3926524434]\"><img loading=\"lazy\" decoding=\"async\" class=\"\" src=\"https:\/\/litercreartefestival.com\/wp-content\/uploads\/2024\/03\/RONCAL-8-de-febrero-de-2023-800x600.jpeg\" width=\"800\" height=\"600\" alt=\"RONCAL 8 de febrero de 2023\" title=\"RONCAL 8 de febrero de 2023\" \/><\/a><\/div><\/div><\/div><\/div>\t\t<\/div>\n\t<\/div>\n<\/div><\/div><\/div><\/div><\/div><div class=\"wpb_column vc_column_container vc_col-sm-3\"><div class=\"vc_column-inner\"><div class=\"wpb_wrapper\"><\/div><\/div><\/div><\/div><div class=\"mkdf-row-grid-section-wrapper mkdf-content-aligment-center\"  ><div class=\"mkdf-row-grid-section\"><div class=\"vc_row wpb_row vc_row-fluid vc_custom_1663431812009\" ><div class=\"wpb_column vc_column_container vc_col-sm-12\"><div class=\"vc_column-inner\"><div class=\"wpb_wrapper\"><div class=\"mkdf-elements-holder    mkdf-one-column  mkdf-responsive-mode-768\" ><div class=\"mkdf-eh-item\"  data-item-class=\"mkdf-eh-custom-8244\">\n\t<div class=\"mkdf-eh-item-inner\">\n\t\t<div class=\"mkdf-eh-item-content mkdf-eh-custom-8244\" >\n\t\t\t<div class=\"vc_empty_space\"   style=\"height: 15px\"><span class=\"vc_empty_space_inner\"><\/span><\/div>\n\t<div class=\"wpb_text_column wpb_content_element\" >\n\t\t<div class=\"wpb_wrapper\">\n\t\t\t<h2 style=\"text-align: center;\"><span style=\"color: #123c5d;\">Nola parte hartu?<\/span><\/h2>\n\n\t\t<\/div>\n\t<\/div>\n\t\t<\/div>\n\t<\/div>\n<\/div><\/div><\/div><\/div><\/div><\/div><\/div><\/div><div class=\"mkdf-row-grid-section-wrapper mkdf-content-aligment-center\"  ><div class=\"mkdf-row-grid-section\"><div class=\"vc_row wpb_row vc_row-fluid vc_custom_1663431812009\" ><div class=\"wpb_column vc_column_container vc_col-sm-4\"><div class=\"vc_column-inner\"><div class=\"wpb_wrapper\"><div class=\"mkdf-elements-holder    mkdf-one-column  mkdf-responsive-mode-768\" ><div class=\"mkdf-eh-item\"  data-item-class=\"mkdf-eh-custom-2728\">\n\t<div class=\"mkdf-eh-item-inner\">\n\t\t<div class=\"mkdf-eh-item-content mkdf-eh-custom-2728\" >\n\t\t\t<div class=\"mkdf-visual-effects-holder  mkdf-veh-parallax\" data-parallax=\"{&quot;y&quot;: -60, &quot;smoothness&quot;: 40}\">\n\t<div class=\"mkdf-veh-inner\">\n\t\t\t\t<div class=\"mkdf-veh-content\">\n\t\t\t\n\t<div class=\"wpb_text_column wpb_content_element  wpb_animate_when_almost_visible wpb_bounceIn bounceIn\" >\n\t\t<div class=\"wpb_wrapper\">\n\t\t\t<h6 style=\"text-align: left;\" class=\"translation-block\">Antzerki-emanaldiaren aurretik, aukeratutako literatura-lana ezagutuz, udal-liburutegiek eta horien irakurketa-klubek eskaintzen duten plataformatik bultzatutako proposamen eszenikorako erreferentzia sortzaile izanen dena.<\/h6>\n\n\t\t<\/div>\n\t<\/div>\n\t\t<\/div>\n\t<\/div>\n<\/div>\t\t<\/div>\n\t<\/div>\n<\/div><\/div><\/div><\/div><\/div><div class=\"wpb_column vc_column_container vc_col-sm-4\"><div class=\"vc_column-inner\"><div class=\"wpb_wrapper\"><div class=\"mkdf-elements-holder    mkdf-one-column  mkdf-responsive-mode-768\" ><div class=\"mkdf-eh-item\"  data-item-class=\"mkdf-eh-custom-9349\">\n\t<div class=\"mkdf-eh-item-inner\">\n\t\t<div class=\"mkdf-eh-item-content mkdf-eh-custom-9349\" >\n\t\t\t<div class=\"mkdf-visual-effects-holder  mkdf-veh-parallax\" data-parallax=\"{&quot;y&quot;: -60, &quot;smoothness&quot;: 40}\">\n\t<div class=\"mkdf-veh-inner\">\n\t\t\t\t<div class=\"mkdf-veh-content\">\n\t\t\t\n\t<div class=\"wpb_text_column wpb_content_element  wpb_animate_when_almost_visible wpb_bounceIn bounceIn\" >\n\t\t<div class=\"wpb_wrapper\">\n\t\t\t<h6 style=\"text-align: left;\" class=\"translation-block\">Jaialdiaren programazioaren barnean zure herrian sortutako ikuskizunera joanez.<\/h6>\n\n\t\t<\/div>\n\t<\/div>\n\t\t<\/div>\n\t<\/div>\n<\/div>\t\t<\/div>\n\t<\/div>\n<\/div><\/div><\/div><\/div><\/div><div class=\"wpb_column vc_column_container vc_col-sm-4\"><div class=\"vc_column-inner\"><div class=\"wpb_wrapper\"><div class=\"mkdf-elements-holder    mkdf-one-column  mkdf-responsive-mode-768\" ><div class=\"mkdf-eh-item\"  data-item-class=\"mkdf-eh-custom-7999\">\n\t<div class=\"mkdf-eh-item-inner\">\n\t\t<div class=\"mkdf-eh-item-content mkdf-eh-custom-7999\" >\n\t\t\t<div class=\"mkdf-visual-effects-holder  mkdf-veh-parallax\" data-parallax=\"{&quot;y&quot;: -60, &quot;smoothness&quot;: 40}\">\n\t<div class=\"mkdf-veh-inner\">\n\t\t\t\t<div class=\"mkdf-veh-content\">\n\t\t\t\n\t<div class=\"wpb_text_column wpb_content_element  wpb_animate_when_almost_visible wpb_bounceIn bounceIn\" >\n\t\t<div class=\"wpb_wrapper\">\n\t\t\t<h6 style=\"text-align: left;\" class=\"translation-block\">\u201cPartekatzeko\u201d espazio batean esku hartuz. antzerki-ikuskizuna amaitzean, arte- eta sorkuntza-taldearekin elkartzeko, hitz egiteko eta trukatzeko une irekia.<\/h6>\n\n\t\t<\/div>\n\t<\/div>\n\t\t<\/div>\n\t<\/div>\n<\/div>\t\t<\/div>\n\t<\/div>\n<\/div><\/div><\/div><\/div><\/div><\/div><\/div><\/div><div class=\"mkdf-row-grid-section-wrapper mkdf-content-aligment-center\"  ><div class=\"mkdf-row-grid-section\"><div class=\"vc_row wpb_row vc_row-fluid vc_custom_1663431812009\" ><div class=\"wpb_column vc_column_container vc_col-sm-12\"><div class=\"vc_column-inner\"><div class=\"wpb_wrapper\"><div class=\"mkdf-elements-holder    mkdf-one-column  mkdf-responsive-mode-768\" ><div class=\"mkdf-eh-item\"  data-item-class=\"mkdf-eh-custom-6728\">\n\t<div class=\"mkdf-eh-item-inner\">\n\t\t<div class=\"mkdf-eh-item-content mkdf-eh-custom-6728\" >\n\t\t\t<div class=\"vc_empty_space\"   style=\"height: 15px\"><span class=\"vc_empty_space_inner\"><\/span><\/div>\n\t<div class=\"wpb_text_column wpb_content_element\" >\n\t\t<div class=\"wpb_wrapper\">\n\t\t\t<h2 style=\"text-align: center;\"><span style=\"color: #123c5d;\">Edici\u00f3n 2022\/2023<\/span><\/h2>\n\n\t\t<\/div>\n\t<\/div>\n\t\t<\/div>\n\t<\/div>\n<\/div><\/div><\/div><\/div><\/div><\/div><\/div><\/div><div class=\"mkdf-row-grid-section-wrapper mkdf-content-aligment-center\"  ><div class=\"mkdf-row-grid-section\"><div class=\"vc_row wpb_row vc_row-fluid vc_custom_1663431812009\" ><div class=\"wpb_column vc_column_container vc_col-sm-12\"><div class=\"vc_column-inner\"><div class=\"wpb_wrapper\"><div class=\"mkdf-elements-holder    mkdf-one-column  mkdf-responsive-mode-768\" ><div class=\"mkdf-eh-item\"  data-item-class=\"mkdf-eh-custom-3288\">\n\t<div class=\"mkdf-eh-item-inner\">\n\t\t<div class=\"mkdf-eh-item-content mkdf-eh-custom-3288\" >\n\t\t\t\n\t<div  class=\"wpb_single_image wpb_content_element vc_align_center\">\n\t\t\n\t\t<figure class=\"wpb_wrapper vc_figure\">\n\t\t\t<a href=\"https:\/\/www.produccionesmaestras.com\/literarte-jaialdia\" target=\"_self\" class=\"vc_single_image-wrapper vc_box_shadow  vc_box_border_grey\"><\/a>\n\t\t<\/figure>\n\t<\/div>\n\t\t<\/div>\n\t<\/div>\n<\/div><\/div><\/div><\/div><\/div><\/div><\/div><\/div><div class=\"mkdf-row-grid-section-wrapper mkdf-content-aligment-center\"  ><div class=\"mkdf-row-grid-section\"><div class=\"vc_row wpb_row vc_row-fluid vc_custom_1663431812009\" ><div class=\"wpb_column vc_column_container vc_col-sm-12\"><div class=\"vc_column-inner\"><div class=\"wpb_wrapper\"><div class=\"mkdf-elements-holder    mkdf-one-column  mkdf-responsive-mode-768\" ><div class=\"mkdf-eh-item\"  data-item-class=\"mkdf-eh-custom-9231\">\n\t<div class=\"mkdf-eh-item-inner\">\n\t\t<div class=\"mkdf-eh-item-content mkdf-eh-custom-9231\" >\n\t\t\t\n\t<div class=\"wpb_text_column wpb_content_element\" >\n\t\t<div class=\"wpb_wrapper\">\n\t\t\t<h2 style=\"text-align: center;\"><span style=\"color: #123c5d;\">Gure sareak<\/span><\/h2>\n\n\t\t<\/div>\n\t<\/div>\n\t\t<\/div>\n\t<\/div>\n<\/div><\/div><\/div><\/div><\/div><\/div><\/div><\/div><div class=\"mkdf-row-grid-section-wrapper mkdf-content-aligment-center\"  ><div class=\"mkdf-row-grid-section\"><div class=\"vc_row wpb_row vc_row-fluid vc_custom_1696157149711\" ><div class=\"wpb_column vc_column_container vc_col-sm-6\"><div class=\"vc_column-inner\"><div class=\"wpb_wrapper\"><div class=\"mkdf-elements-holder    mkdf-one-column  mkdf-responsive-mode-768\" ><div class=\"mkdf-eh-item\"  data-item-class=\"mkdf-eh-custom-4227\">\n\t<div class=\"mkdf-eh-item-inner\">\n\t\t<div class=\"mkdf-eh-item-content mkdf-eh-custom-4227\" >\n\t\t\t\n\t<div class=\"wpb_raw_code wpb_content_element wpb_raw_html\" >\n\t\t<div class=\"wpb_wrapper\">\n\t\t\t\n<div id=\"sb_instagram\"  class=\"sbi sbi_mob_col_1 sbi_tab_col_2 sbi_col_3 sbi_width_resp\" style=\"padding-bottom: 10px;\" data-feedid=\"*1\"  data-res=\"auto\" data-cols=\"3\" data-colsmobile=\"1\" data-colstablet=\"2\" data-num=\"6\" data-nummobile=\"6\" data-item-padding=\"5\" data-shortcode-atts=\"{&quot;feed&quot;:&quot;1&quot;}\"  data-postid=\"7543\" data-locatornonce=\"44ecf5937f\" data-imageaspectratio=\"1:1\" data-sbi-flags=\"favorLocal\">\n\t<div class=\"sb_instagram_header\"   >\n\t<a class=\"sbi_header_link\" target=\"_blank\" rel=\"nofollow noopener\" href=\"https:\/\/www.instagram.com\/produccionesmaestras\/\" title=\"@produccionesmaestras\">\n\t\t<div class=\"sbi_header_text\">\n\t\t\t<div class=\"sbi_header_img\"  data-avatar-url=\"https:\/\/scontent-mad2-1.cdninstagram.com\/v\/t51.2885-19\/403906560_313353624840320_3063346206035166707_n.jpg?stp=dst-jpg_s206x206_tt6&amp;_nc_cat=109&amp;ccb=7-5&amp;_nc_sid=bf7eb4&amp;efg=eyJ2ZW5jb2RlX3RhZyI6InByb2ZpbGVfcGljLnd3dy4xMDgwLkMzIn0%3D&amp;_nc_ohc=TR6jcWoAdlcQ7kNvwHiZMV-&amp;_nc_oc=AdpKoSLH8zCYUHrvEgFxKGBfhnKZBl1xETkJFtRWt4XEk48wT0J4pau_vBu3W5o-IiM&amp;_nc_zt=24&amp;_nc_ht=scontent-mad2-1.cdninstagram.com&amp;edm=AP4hL3IEAAAA&amp;_nc_tpa=Q5bMBQLGDH8foyRXLOrV9HAvb22gToHWp2VFNisPm2VX-xA8WmlJ1QZlo6GBykzrzR3f9ksQvgbvEMKjCQ&amp;oh=00_AQLMYxp15JckhqUKusE2TjYMFJM1t8CiuJC_gV-6zsG6CQ&amp;oe=6A9C2349\">\n\t\t\t\t\t\t\t\t\t<div class=\"sbi_header_img_hover\"  ><svg class=\"sbi_new_logo fa-instagram fa-w-14\" aria-hidden=\"true\" data-fa-processed=\"\" aria-label=\"Instagram\" data-prefix=\"fab\" data-icon=\"instagram\" role=\"img\" viewbox=\"0 0 448 512\">\n\t                <path fill=\"currentColor\" d=\"M224.1 141c-63.6 0-114.9 51.3-114.9 114.9s51.3 114.9 114.9 114.9S339 319.5 339 255.9 287.7 141 224.1 141zm0 189.6c-41.1 0-74.7-33.5-74.7-74.7s33.5-74.7 74.7-74.7 74.7 33.5 74.7 74.7-33.6 74.7-74.7 74.7zm146.4-194.3c0 14.9-12 26.8-26.8 26.8-14.9 0-26.8-12-26.8-26.8s12-26.8 26.8-26.8 26.8 12 26.8 26.8zm76.1 27.2c-1.7-35.9-9.9-67.7-36.2-93.9-26.2-26.2-58-34.4-93.9-36.2-37-2.1-147.9-2.1-184.9 0-35.8 1.7-67.6 9.9-93.9 36.1s-34.4 58-36.2 93.9c-2.1 37-2.1 147.9 0 184.9 1.7 35.9 9.9 67.7 36.2 93.9s58 34.4 93.9 36.2c37 2.1 147.9 2.1 184.9 0 35.9-1.7 67.7-9.9 93.9-36.2 26.2-26.2 34.4-58 36.2-93.9 2.1-37 2.1-147.8 0-184.8zM398.8 388c-7.8 19.6-22.9 34.7-42.6 42.6-29.5 11.7-99.5 9-132.1 9s-102.7 2.6-132.1-9c-19.6-7.8-34.7-22.9-42.6-42.6-11.7-29.5-9-99.5-9-132.1s-2.6-102.7 9-132.1c7.8-19.6 22.9-34.7 42.6-42.6 29.5-11.7 99.5-9 132.1-9s102.7-2.6 132.1 9c19.6 7.8 34.7 22.9 42.6 42.6 11.7 29.5 9 99.5 9 132.1s2.7 102.7-9 132.1z\"><\/path>\n\t            <\/svg><\/div>\n\t\t\t\t\t<img loading=\"lazy\" decoding=\"async\"  src=\"https:\/\/litercreartefestival.com\/wp-content\/uploads\/2016\/08\/cropped-Logo-literarte-para-web-negro-01.png\" alt=\"Producciones Maestras C\u00aa Teatral\" width=\"50\" height=\"50\">\n\t\t\t\t\t\t\t\t\t\t\t<\/div>\n\n\t\t\t<div class=\"sbi_feedtheme_header_text\">\n\t\t\t\t<h3 style=\"color: rgb(135,0,100);\">produccionesmaestras<\/h3>\n\t\t\t\t\t\t\t\t\t<p class=\"sbi_bio\" style=\"color: rgb(135,0,100);\">Creamos y producimos espect\u00e1culos teatrales sobre textos propios con la firme vocaci\u00f3n de superarnos en cada nuevo espect\u00e1culo<\/p>\n\t\t\t\t\t\t\t<\/div>\n\t\t<\/div>\n\t<\/a>\n<\/div>\n\n    <div id=\"sbi_images\"  style=\"gap: 10px;\">\n\t\t<div class=\"sbi_item sbi_type_carousel sbi_new sbi_transition\" id=\"sbi_18622042546048980\" data-date=\"1787914821\">\n    <div class=\"sbi_photo_wrap\">\n        <a class=\"sbi_photo\" href=\"https:\/\/www.instagram.com\/p\/DclNILXCNZ7\/\" target=\"_blank\" rel=\"noopener nofollow\" data-full-res=\"https:\/\/scontent-mad1-1.cdninstagram.com\/v\/t39.30808-6\/788141630_1515386577055993_3953383608379648314_n.jpg?stp=dst-jpg_e35_tt6&#038;_nc_cat=106&#038;ccb=7-5&#038;_nc_sid=18de74&#038;efg=eyJlZmdfdGFnIjoiQ0FST1VTRUxfSVRFTS5iZXN0X2ltYWdlX3VybGdlbi5DMyJ9&#038;_nc_ohc=392QhFKhkZ4Q7kNvwGmVtDl&#038;_nc_oc=AdqxY_SOq0Wk4XTZZ3YYM4yXmDf-4xEf_XDir5cZcLeay6R3x560vNRS1ovUxwgljhc&#038;_nc_zt=23&#038;_nc_ht=scontent-mad1-1.cdninstagram.com&#038;edm=ANo9K5cEAAAA&#038;_nc_gid=VQlDu7m3LlsK8UWiF044MA&#038;_nc_tpa=Q5bMBQIUBJdkOAk7RJMJzxMxzeYHvkmbcx2DA6mf8n8piRaD1nUGLFbDdkoo68v2fjjOWwqSMCZ05M4fqA&#038;oh=00_AQLp9pscV23jUMeh_aeQP1HzGzUTEBF5ztbyaKpho_w7lA&#038;oe=6A9C2801\" data-img-src-set=\"{&quot;d&quot;:&quot;https:\\\/\\\/scontent-mad1-1.cdninstagram.com\\\/v\\\/t39.30808-6\\\/788141630_1515386577055993_3953383608379648314_n.jpg?stp=dst-jpg_e35_tt6&amp;_nc_cat=106&amp;ccb=7-5&amp;_nc_sid=18de74&amp;efg=eyJlZmdfdGFnIjoiQ0FST1VTRUxfSVRFTS5iZXN0X2ltYWdlX3VybGdlbi5DMyJ9&amp;_nc_ohc=392QhFKhkZ4Q7kNvwGmVtDl&amp;_nc_oc=AdqxY_SOq0Wk4XTZZ3YYM4yXmDf-4xEf_XDir5cZcLeay6R3x560vNRS1ovUxwgljhc&amp;_nc_zt=23&amp;_nc_ht=scontent-mad1-1.cdninstagram.com&amp;edm=ANo9K5cEAAAA&amp;_nc_gid=VQlDu7m3LlsK8UWiF044MA&amp;_nc_tpa=Q5bMBQIUBJdkOAk7RJMJzxMxzeYHvkmbcx2DA6mf8n8piRaD1nUGLFbDdkoo68v2fjjOWwqSMCZ05M4fqA&amp;oh=00_AQLp9pscV23jUMeh_aeQP1HzGzUTEBF5ztbyaKpho_w7lA&amp;oe=6A9C2801&quot;,&quot;150&quot;:&quot;https:\\\/\\\/scontent-mad1-1.cdninstagram.com\\\/v\\\/t39.30808-6\\\/788141630_1515386577055993_3953383608379648314_n.jpg?stp=dst-jpg_e35_tt6&amp;_nc_cat=106&amp;ccb=7-5&amp;_nc_sid=18de74&amp;efg=eyJlZmdfdGFnIjoiQ0FST1VTRUxfSVRFTS5iZXN0X2ltYWdlX3VybGdlbi5DMyJ9&amp;_nc_ohc=392QhFKhkZ4Q7kNvwGmVtDl&amp;_nc_oc=AdqxY_SOq0Wk4XTZZ3YYM4yXmDf-4xEf_XDir5cZcLeay6R3x560vNRS1ovUxwgljhc&amp;_nc_zt=23&amp;_nc_ht=scontent-mad1-1.cdninstagram.com&amp;edm=ANo9K5cEAAAA&amp;_nc_gid=VQlDu7m3LlsK8UWiF044MA&amp;_nc_tpa=Q5bMBQIUBJdkOAk7RJMJzxMxzeYHvkmbcx2DA6mf8n8piRaD1nUGLFbDdkoo68v2fjjOWwqSMCZ05M4fqA&amp;oh=00_AQLp9pscV23jUMeh_aeQP1HzGzUTEBF5ztbyaKpho_w7lA&amp;oe=6A9C2801&quot;,&quot;320&quot;:&quot;https:\\\/\\\/scontent-mad1-1.cdninstagram.com\\\/v\\\/t39.30808-6\\\/788141630_1515386577055993_3953383608379648314_n.jpg?stp=dst-jpg_e35_tt6&amp;_nc_cat=106&amp;ccb=7-5&amp;_nc_sid=18de74&amp;efg=eyJlZmdfdGFnIjoiQ0FST1VTRUxfSVRFTS5iZXN0X2ltYWdlX3VybGdlbi5DMyJ9&amp;_nc_ohc=392QhFKhkZ4Q7kNvwGmVtDl&amp;_nc_oc=AdqxY_SOq0Wk4XTZZ3YYM4yXmDf-4xEf_XDir5cZcLeay6R3x560vNRS1ovUxwgljhc&amp;_nc_zt=23&amp;_nc_ht=scontent-mad1-1.cdninstagram.com&amp;edm=ANo9K5cEAAAA&amp;_nc_gid=VQlDu7m3LlsK8UWiF044MA&amp;_nc_tpa=Q5bMBQIUBJdkOAk7RJMJzxMxzeYHvkmbcx2DA6mf8n8piRaD1nUGLFbDdkoo68v2fjjOWwqSMCZ05M4fqA&amp;oh=00_AQLp9pscV23jUMeh_aeQP1HzGzUTEBF5ztbyaKpho_w7lA&amp;oe=6A9C2801&quot;,&quot;640&quot;:&quot;https:\\\/\\\/scontent-mad1-1.cdninstagram.com\\\/v\\\/t39.30808-6\\\/788141630_1515386577055993_3953383608379648314_n.jpg?stp=dst-jpg_e35_tt6&amp;_nc_cat=106&amp;ccb=7-5&amp;_nc_sid=18de74&amp;efg=eyJlZmdfdGFnIjoiQ0FST1VTRUxfSVRFTS5iZXN0X2ltYWdlX3VybGdlbi5DMyJ9&amp;_nc_ohc=392QhFKhkZ4Q7kNvwGmVtDl&amp;_nc_oc=AdqxY_SOq0Wk4XTZZ3YYM4yXmDf-4xEf_XDir5cZcLeay6R3x560vNRS1ovUxwgljhc&amp;_nc_zt=23&amp;_nc_ht=scontent-mad1-1.cdninstagram.com&amp;edm=ANo9K5cEAAAA&amp;_nc_gid=VQlDu7m3LlsK8UWiF044MA&amp;_nc_tpa=Q5bMBQIUBJdkOAk7RJMJzxMxzeYHvkmbcx2DA6mf8n8piRaD1nUGLFbDdkoo68v2fjjOWwqSMCZ05M4fqA&amp;oh=00_AQLp9pscV23jUMeh_aeQP1HzGzUTEBF5ztbyaKpho_w7lA&amp;oe=6A9C2801&quot;}\">\n            <span class=\"sbi-screenreader\">\ud83e\udd29\ud83d\udc49Disfrutando de estos d\u00edas en Ciudad Rodri<\/span>\n            <svg class=\"svg-inline--fa fa-clone fa-w-16 sbi_lightbox_carousel_icon\" aria-hidden=\"true\" aria-label=\"Clone\" data-fa-pro\u0192cessed=\"\" data-prefix=\"far\" data-icon=\"clone\" role=\"img\" xmlns=\"http:\/\/www.w3.org\/2000\/svg\" viewbox=\"0 0 512 512\">\n\t                <path fill=\"currentColor\" d=\"M464 0H144c-26.51 0-48 21.49-48 48v48H48c-26.51 0-48 21.49-48 48v320c0 26.51 21.49 48 48 48h320c26.51 0 48-21.49 48-48v-48h48c26.51 0 48-21.49 48-48V48c0-26.51-21.49-48-48-48zM362 464H54a6 6 0 0 1-6-6V150a6 6 0 0 1 6-6h42v224c0 26.51 21.49 48 48 48h224v42a6 6 0 0 1-6 6zm96-96H150a6 6 0 0 1-6-6V54a6 6 0 0 1 6-6h308a6 6 0 0 1 6 6v308a6 6 0 0 1-6 6z\"><\/path>\n\t            <\/svg>\t                    <img decoding=\"async\" src=\"https:\/\/litercreartefestival.com\/wp-content\/plugins\/instagram-feed\/img\/placeholder.png\" alt=\"\ud83e\udd29\ud83d\udc49Disfrutando de estos d\u00edas en Ciudad Rodrigo. \u2728\ud83e\udd29\">\n        <\/a>\n    <\/div>\n<\/div><div class=\"sbi_item sbi_type_carousel sbi_new sbi_transition\" id=\"sbi_18128418775780032\" data-date=\"1787850021\">\n    <div class=\"sbi_photo_wrap\">\n        <a class=\"sbi_photo\" href=\"https:\/\/www.instagram.com\/p\/DcjRiB-DdsD\/\" target=\"_blank\" rel=\"noopener nofollow\" data-full-res=\"https:\/\/scontent-mad1-1.cdninstagram.com\/v\/t39.30808-6\/731525380_1462057059055612_5466432731428637033_n.jpg?stp=dst-jpg_e35_tt6&#038;_nc_cat=103&#038;ccb=7-5&#038;_nc_sid=18de74&#038;efg=eyJlZmdfdGFnIjoiQ0FST1VTRUxfSVRFTS5iZXN0X2ltYWdlX3VybGdlbi5DMyJ9&#038;_nc_ohc=qxwR5OjrhfUQ7kNvwHiZHtB&#038;_nc_oc=AdqU_TTSRj6h9JqYyrMmwjI4Nfg95OotRyTo_8i78pt878A1QSlpfxfecXjwu4Or2-U&#038;_nc_zt=23&#038;_nc_ht=scontent-mad1-1.cdninstagram.com&#038;edm=ANo9K5cEAAAA&#038;_nc_gid=VQlDu7m3LlsK8UWiF044MA&#038;_nc_tpa=Q5bMBQJHAEG-1L4XB0ils6AQ2znXcjjnwCr2DgqdaQL6poriBUzHQG25ELSB8BqyXm63YCbPmt3OWyjReA&#038;oh=00_AQLETM47g4hrSoGiKz00-opGhIepZUeNgiZGb97VjI2KJQ&#038;oe=6A9C36BC\" data-img-src-set=\"{&quot;d&quot;:&quot;https:\\\/\\\/scontent-mad1-1.cdninstagram.com\\\/v\\\/t39.30808-6\\\/731525380_1462057059055612_5466432731428637033_n.jpg?stp=dst-jpg_e35_tt6&amp;_nc_cat=103&amp;ccb=7-5&amp;_nc_sid=18de74&amp;efg=eyJlZmdfdGFnIjoiQ0FST1VTRUxfSVRFTS5iZXN0X2ltYWdlX3VybGdlbi5DMyJ9&amp;_nc_ohc=qxwR5OjrhfUQ7kNvwHiZHtB&amp;_nc_oc=AdqU_TTSRj6h9JqYyrMmwjI4Nfg95OotRyTo_8i78pt878A1QSlpfxfecXjwu4Or2-U&amp;_nc_zt=23&amp;_nc_ht=scontent-mad1-1.cdninstagram.com&amp;edm=ANo9K5cEAAAA&amp;_nc_gid=VQlDu7m3LlsK8UWiF044MA&amp;_nc_tpa=Q5bMBQJHAEG-1L4XB0ils6AQ2znXcjjnwCr2DgqdaQL6poriBUzHQG25ELSB8BqyXm63YCbPmt3OWyjReA&amp;oh=00_AQLETM47g4hrSoGiKz00-opGhIepZUeNgiZGb97VjI2KJQ&amp;oe=6A9C36BC&quot;,&quot;150&quot;:&quot;https:\\\/\\\/scontent-mad1-1.cdninstagram.com\\\/v\\\/t39.30808-6\\\/731525380_1462057059055612_5466432731428637033_n.jpg?stp=dst-jpg_e35_tt6&amp;_nc_cat=103&amp;ccb=7-5&amp;_nc_sid=18de74&amp;efg=eyJlZmdfdGFnIjoiQ0FST1VTRUxfSVRFTS5iZXN0X2ltYWdlX3VybGdlbi5DMyJ9&amp;_nc_ohc=qxwR5OjrhfUQ7kNvwHiZHtB&amp;_nc_oc=AdqU_TTSRj6h9JqYyrMmwjI4Nfg95OotRyTo_8i78pt878A1QSlpfxfecXjwu4Or2-U&amp;_nc_zt=23&amp;_nc_ht=scontent-mad1-1.cdninstagram.com&amp;edm=ANo9K5cEAAAA&amp;_nc_gid=VQlDu7m3LlsK8UWiF044MA&amp;_nc_tpa=Q5bMBQJHAEG-1L4XB0ils6AQ2znXcjjnwCr2DgqdaQL6poriBUzHQG25ELSB8BqyXm63YCbPmt3OWyjReA&amp;oh=00_AQLETM47g4hrSoGiKz00-opGhIepZUeNgiZGb97VjI2KJQ&amp;oe=6A9C36BC&quot;,&quot;320&quot;:&quot;https:\\\/\\\/scontent-mad1-1.cdninstagram.com\\\/v\\\/t39.30808-6\\\/731525380_1462057059055612_5466432731428637033_n.jpg?stp=dst-jpg_e35_tt6&amp;_nc_cat=103&amp;ccb=7-5&amp;_nc_sid=18de74&amp;efg=eyJlZmdfdGFnIjoiQ0FST1VTRUxfSVRFTS5iZXN0X2ltYWdlX3VybGdlbi5DMyJ9&amp;_nc_ohc=qxwR5OjrhfUQ7kNvwHiZHtB&amp;_nc_oc=AdqU_TTSRj6h9JqYyrMmwjI4Nfg95OotRyTo_8i78pt878A1QSlpfxfecXjwu4Or2-U&amp;_nc_zt=23&amp;_nc_ht=scontent-mad1-1.cdninstagram.com&amp;edm=ANo9K5cEAAAA&amp;_nc_gid=VQlDu7m3LlsK8UWiF044MA&amp;_nc_tpa=Q5bMBQJHAEG-1L4XB0ils6AQ2znXcjjnwCr2DgqdaQL6poriBUzHQG25ELSB8BqyXm63YCbPmt3OWyjReA&amp;oh=00_AQLETM47g4hrSoGiKz00-opGhIepZUeNgiZGb97VjI2KJQ&amp;oe=6A9C36BC&quot;,&quot;640&quot;:&quot;https:\\\/\\\/scontent-mad1-1.cdninstagram.com\\\/v\\\/t39.30808-6\\\/731525380_1462057059055612_5466432731428637033_n.jpg?stp=dst-jpg_e35_tt6&amp;_nc_cat=103&amp;ccb=7-5&amp;_nc_sid=18de74&amp;efg=eyJlZmdfdGFnIjoiQ0FST1VTRUxfSVRFTS5iZXN0X2ltYWdlX3VybGdlbi5DMyJ9&amp;_nc_ohc=qxwR5OjrhfUQ7kNvwHiZHtB&amp;_nc_oc=AdqU_TTSRj6h9JqYyrMmwjI4Nfg95OotRyTo_8i78pt878A1QSlpfxfecXjwu4Or2-U&amp;_nc_zt=23&amp;_nc_ht=scontent-mad1-1.cdninstagram.com&amp;edm=ANo9K5cEAAAA&amp;_nc_gid=VQlDu7m3LlsK8UWiF044MA&amp;_nc_tpa=Q5bMBQJHAEG-1L4XB0ils6AQ2znXcjjnwCr2DgqdaQL6poriBUzHQG25ELSB8BqyXm63YCbPmt3OWyjReA&amp;oh=00_AQLETM47g4hrSoGiKz00-opGhIepZUeNgiZGb97VjI2KJQ&amp;oe=6A9C36BC&quot;}\">\n            <span class=\"sbi-screenreader\">\ud83c\udfad HACE UN A\u00d1O, actuamos con &quot;Una mera curiosid<\/span>\n            <svg class=\"svg-inline--fa fa-clone fa-w-16 sbi_lightbox_carousel_icon\" aria-hidden=\"true\" aria-label=\"Clone\" data-fa-pro\u0192cessed=\"\" data-prefix=\"far\" data-icon=\"clone\" role=\"img\" xmlns=\"http:\/\/www.w3.org\/2000\/svg\" viewbox=\"0 0 512 512\">\n\t                <path fill=\"currentColor\" d=\"M464 0H144c-26.51 0-48 21.49-48 48v48H48c-26.51 0-48 21.49-48 48v320c0 26.51 21.49 48 48 48h320c26.51 0 48-21.49 48-48v-48h48c26.51 0 48-21.49 48-48V48c0-26.51-21.49-48-48-48zM362 464H54a6 6 0 0 1-6-6V150a6 6 0 0 1 6-6h42v224c0 26.51 21.49 48 48 48h224v42a6 6 0 0 1-6 6zm96-96H150a6 6 0 0 1-6-6V54a6 6 0 0 1 6-6h308a6 6 0 0 1 6 6v308a6 6 0 0 1-6 6z\"><\/path>\n\t            <\/svg>\t                    <img decoding=\"async\" src=\"https:\/\/litercreartefestival.com\/wp-content\/plugins\/instagram-feed\/img\/placeholder.png\" alt=\"\ud83c\udfad HACE UN A\u00d1O, actuamos con &quot;Una mera curiosidad&quot; en la Feria de Teatro de Ciudad Rodrigo. Una experiencia magn\u00edfica compartiendo la historia de Artemisia Gentileschi con el p\u00fablico.#ProduccionesMaestras #UnaMeraCuriosidad #FeriaCiudadRodrigo @feriadeteatro\">\n        <\/a>\n    <\/div>\n<\/div><div class=\"sbi_item sbi_type_image sbi_new sbi_transition\" id=\"sbi_17960578656189146\" data-date=\"1786478499\">\n    <div class=\"sbi_photo_wrap\">\n        <a class=\"sbi_photo\" href=\"https:\/\/www.instagram.com\/p\/Db6Zjj4DU6P\/\" target=\"_blank\" rel=\"noopener nofollow\" data-full-res=\"https:\/\/scontent-mad1-1.cdninstagram.com\/v\/t51.82787-15\/772233004_18115589042510957_2472170640277374386_n.jpg?stp=dst-jpg_e35_tt6&#038;_nc_cat=100&#038;ccb=7-5&#038;_nc_sid=18de74&#038;efg=eyJlZmdfdGFnIjoiRkVFRC5iZXN0X2ltYWdlX3VybGdlbi5DMyJ9&#038;_nc_ohc=uZsPmfOSYKIQ7kNvwEETqjT&#038;_nc_oc=Adpb0R-nd-Cu3fWnAlChpSxI7iY36-A2hUdqeLy46S2yl2--4o2KIFvm2nPSaMf5Gec&#038;_nc_zt=23&#038;_nc_ht=scontent-mad1-1.cdninstagram.com&#038;edm=ANo9K5cEAAAA&#038;_nc_gid=VQlDu7m3LlsK8UWiF044MA&#038;_nc_tpa=Q5bMBQIaSMpaN7lMLRslCw8RPzUm0hDC6zIbvReXkxydJGXvaTiXkVChdlNtS2WbqwSk_V8N-ywHi6whgA&#038;oh=00_AQJ_B0QivQCRu4MJN0azj75a68h0lOrpW_Cc9zSMb5KfDw&#038;oe=6A9C2D2E\" data-img-src-set=\"{&quot;d&quot;:&quot;https:\\\/\\\/scontent-mad1-1.cdninstagram.com\\\/v\\\/t51.82787-15\\\/772233004_18115589042510957_2472170640277374386_n.jpg?stp=dst-jpg_e35_tt6&amp;_nc_cat=100&amp;ccb=7-5&amp;_nc_sid=18de74&amp;efg=eyJlZmdfdGFnIjoiRkVFRC5iZXN0X2ltYWdlX3VybGdlbi5DMyJ9&amp;_nc_ohc=uZsPmfOSYKIQ7kNvwEETqjT&amp;_nc_oc=Adpb0R-nd-Cu3fWnAlChpSxI7iY36-A2hUdqeLy46S2yl2--4o2KIFvm2nPSaMf5Gec&amp;_nc_zt=23&amp;_nc_ht=scontent-mad1-1.cdninstagram.com&amp;edm=ANo9K5cEAAAA&amp;_nc_gid=VQlDu7m3LlsK8UWiF044MA&amp;_nc_tpa=Q5bMBQIaSMpaN7lMLRslCw8RPzUm0hDC6zIbvReXkxydJGXvaTiXkVChdlNtS2WbqwSk_V8N-ywHi6whgA&amp;oh=00_AQJ_B0QivQCRu4MJN0azj75a68h0lOrpW_Cc9zSMb5KfDw&amp;oe=6A9C2D2E&quot;,&quot;150&quot;:&quot;https:\\\/\\\/scontent-mad1-1.cdninstagram.com\\\/v\\\/t51.82787-15\\\/772233004_18115589042510957_2472170640277374386_n.jpg?stp=dst-jpg_e35_tt6&amp;_nc_cat=100&amp;ccb=7-5&amp;_nc_sid=18de74&amp;efg=eyJlZmdfdGFnIjoiRkVFRC5iZXN0X2ltYWdlX3VybGdlbi5DMyJ9&amp;_nc_ohc=uZsPmfOSYKIQ7kNvwEETqjT&amp;_nc_oc=Adpb0R-nd-Cu3fWnAlChpSxI7iY36-A2hUdqeLy46S2yl2--4o2KIFvm2nPSaMf5Gec&amp;_nc_zt=23&amp;_nc_ht=scontent-mad1-1.cdninstagram.com&amp;edm=ANo9K5cEAAAA&amp;_nc_gid=VQlDu7m3LlsK8UWiF044MA&amp;_nc_tpa=Q5bMBQIaSMpaN7lMLRslCw8RPzUm0hDC6zIbvReXkxydJGXvaTiXkVChdlNtS2WbqwSk_V8N-ywHi6whgA&amp;oh=00_AQJ_B0QivQCRu4MJN0azj75a68h0lOrpW_Cc9zSMb5KfDw&amp;oe=6A9C2D2E&quot;,&quot;320&quot;:&quot;https:\\\/\\\/scontent-mad1-1.cdninstagram.com\\\/v\\\/t51.82787-15\\\/772233004_18115589042510957_2472170640277374386_n.jpg?stp=dst-jpg_e35_tt6&amp;_nc_cat=100&amp;ccb=7-5&amp;_nc_sid=18de74&amp;efg=eyJlZmdfdGFnIjoiRkVFRC5iZXN0X2ltYWdlX3VybGdlbi5DMyJ9&amp;_nc_ohc=uZsPmfOSYKIQ7kNvwEETqjT&amp;_nc_oc=Adpb0R-nd-Cu3fWnAlChpSxI7iY36-A2hUdqeLy46S2yl2--4o2KIFvm2nPSaMf5Gec&amp;_nc_zt=23&amp;_nc_ht=scontent-mad1-1.cdninstagram.com&amp;edm=ANo9K5cEAAAA&amp;_nc_gid=VQlDu7m3LlsK8UWiF044MA&amp;_nc_tpa=Q5bMBQIaSMpaN7lMLRslCw8RPzUm0hDC6zIbvReXkxydJGXvaTiXkVChdlNtS2WbqwSk_V8N-ywHi6whgA&amp;oh=00_AQJ_B0QivQCRu4MJN0azj75a68h0lOrpW_Cc9zSMb5KfDw&amp;oe=6A9C2D2E&quot;,&quot;640&quot;:&quot;https:\\\/\\\/scontent-mad1-1.cdninstagram.com\\\/v\\\/t51.82787-15\\\/772233004_18115589042510957_2472170640277374386_n.jpg?stp=dst-jpg_e35_tt6&amp;_nc_cat=100&amp;ccb=7-5&amp;_nc_sid=18de74&amp;efg=eyJlZmdfdGFnIjoiRkVFRC5iZXN0X2ltYWdlX3VybGdlbi5DMyJ9&amp;_nc_ohc=uZsPmfOSYKIQ7kNvwEETqjT&amp;_nc_oc=Adpb0R-nd-Cu3fWnAlChpSxI7iY36-A2hUdqeLy46S2yl2--4o2KIFvm2nPSaMf5Gec&amp;_nc_zt=23&amp;_nc_ht=scontent-mad1-1.cdninstagram.com&amp;edm=ANo9K5cEAAAA&amp;_nc_gid=VQlDu7m3LlsK8UWiF044MA&amp;_nc_tpa=Q5bMBQIaSMpaN7lMLRslCw8RPzUm0hDC6zIbvReXkxydJGXvaTiXkVChdlNtS2WbqwSk_V8N-ywHi6whgA&amp;oh=00_AQJ_B0QivQCRu4MJN0azj75a68h0lOrpW_Cc9zSMb5KfDw&amp;oe=6A9C2D2E&quot;}\">\n            <span class=\"sbi-screenreader\">\ud83d\udc49 Y aqu\u00ed est\u00e1, meses despu\u00e9s, el resultado d<\/span>\n            \t                    <img decoding=\"async\" src=\"https:\/\/litercreartefestival.com\/wp-content\/plugins\/instagram-feed\/img\/placeholder.png\" alt=\"\ud83d\udc49 Y aqu\u00ed est\u00e1, meses despu\u00e9s, el resultado de la participaci\u00f3n de Ana Maestroju\u00e1n como seleccionada en el programa de Nuevas Dramaturgias.Nuevas Dramaturgias es una iniciativa conjunta impulsada de forma estable por tres de los espacios esc\u00e9nicos m\u00e1s importantes del Pa\u00eds Vasco: el Teatro Principal de Vitoria-Gasteiz, el Teatro Arriaga de Bilbao y el Teatro Victoria Eugenia de San Sebasti\u00e1n (a trav\u00e9s de Donostia Kultura) y que, de forma bienal, selecciona a ocho participantes con el objetivo de fomentar la escritura de nuevos textos teatrales, apoyar a dramaturgos emergentes y facilitar la transici\u00f3n al mundo de las artes esc\u00e9nicas a creadores provenientes de otras disciplinas. \ud83d\udcab@donostiakultura\">\n        <\/a>\n    <\/div>\n<\/div><div class=\"sbi_item sbi_type_image sbi_new sbi_transition\" id=\"sbi_18127966024736791\" data-date=\"1785873706\">\n    <div class=\"sbi_photo_wrap\">\n        <a class=\"sbi_photo\" href=\"https:\/\/www.instagram.com\/p\/DboYAQbFkHL\/\" target=\"_blank\" rel=\"noopener nofollow\" data-full-res=\"https:\/\/scontent-mad1-1.cdninstagram.com\/v\/t51.82787-15\/766287309_18114615749510957_7783085103979697954_n.jpg?stp=dst-jpg_e35_tt6&#038;_nc_cat=102&#038;ccb=7-5&#038;_nc_sid=18de74&#038;efg=eyJlZmdfdGFnIjoiRkVFRC5iZXN0X2ltYWdlX3VybGdlbi5DMyJ9&#038;_nc_ohc=pVHIL1mdnIcQ7kNvwEoinZ3&#038;_nc_oc=AdrjzXqbjmAHKV7p2SHJTEPRV2YyR1J2rwE_9ovS-Dt33P1pJdZUU4VEqvi5KO_KcrQ&#038;_nc_zt=23&#038;_nc_ht=scontent-mad1-1.cdninstagram.com&#038;edm=ANo9K5cEAAAA&#038;_nc_gid=VQlDu7m3LlsK8UWiF044MA&#038;_nc_tpa=Q5bMBQJXprFmNB9qKoEMp_r3eALHA-0kBvr3PaVeOm2Hc2Vfhwbg4OVxHktbYLbo32QhF-wzdBLPfQ91rg&#038;oh=00_AQI2kF2Ka4hSFfTBUEJu122kbqhI3ZriSjn0VrbwZqAOmw&#038;oe=6A9C2617\" data-img-src-set=\"{&quot;d&quot;:&quot;https:\\\/\\\/scontent-mad1-1.cdninstagram.com\\\/v\\\/t51.82787-15\\\/766287309_18114615749510957_7783085103979697954_n.jpg?stp=dst-jpg_e35_tt6&amp;_nc_cat=102&amp;ccb=7-5&amp;_nc_sid=18de74&amp;efg=eyJlZmdfdGFnIjoiRkVFRC5iZXN0X2ltYWdlX3VybGdlbi5DMyJ9&amp;_nc_ohc=pVHIL1mdnIcQ7kNvwEoinZ3&amp;_nc_oc=AdrjzXqbjmAHKV7p2SHJTEPRV2YyR1J2rwE_9ovS-Dt33P1pJdZUU4VEqvi5KO_KcrQ&amp;_nc_zt=23&amp;_nc_ht=scontent-mad1-1.cdninstagram.com&amp;edm=ANo9K5cEAAAA&amp;_nc_gid=VQlDu7m3LlsK8UWiF044MA&amp;_nc_tpa=Q5bMBQJXprFmNB9qKoEMp_r3eALHA-0kBvr3PaVeOm2Hc2Vfhwbg4OVxHktbYLbo32QhF-wzdBLPfQ91rg&amp;oh=00_AQI2kF2Ka4hSFfTBUEJu122kbqhI3ZriSjn0VrbwZqAOmw&amp;oe=6A9C2617&quot;,&quot;150&quot;:&quot;https:\\\/\\\/scontent-mad1-1.cdninstagram.com\\\/v\\\/t51.82787-15\\\/766287309_18114615749510957_7783085103979697954_n.jpg?stp=dst-jpg_e35_tt6&amp;_nc_cat=102&amp;ccb=7-5&amp;_nc_sid=18de74&amp;efg=eyJlZmdfdGFnIjoiRkVFRC5iZXN0X2ltYWdlX3VybGdlbi5DMyJ9&amp;_nc_ohc=pVHIL1mdnIcQ7kNvwEoinZ3&amp;_nc_oc=AdrjzXqbjmAHKV7p2SHJTEPRV2YyR1J2rwE_9ovS-Dt33P1pJdZUU4VEqvi5KO_KcrQ&amp;_nc_zt=23&amp;_nc_ht=scontent-mad1-1.cdninstagram.com&amp;edm=ANo9K5cEAAAA&amp;_nc_gid=VQlDu7m3LlsK8UWiF044MA&amp;_nc_tpa=Q5bMBQJXprFmNB9qKoEMp_r3eALHA-0kBvr3PaVeOm2Hc2Vfhwbg4OVxHktbYLbo32QhF-wzdBLPfQ91rg&amp;oh=00_AQI2kF2Ka4hSFfTBUEJu122kbqhI3ZriSjn0VrbwZqAOmw&amp;oe=6A9C2617&quot;,&quot;320&quot;:&quot;https:\\\/\\\/scontent-mad1-1.cdninstagram.com\\\/v\\\/t51.82787-15\\\/766287309_18114615749510957_7783085103979697954_n.jpg?stp=dst-jpg_e35_tt6&amp;_nc_cat=102&amp;ccb=7-5&amp;_nc_sid=18de74&amp;efg=eyJlZmdfdGFnIjoiRkVFRC5iZXN0X2ltYWdlX3VybGdlbi5DMyJ9&amp;_nc_ohc=pVHIL1mdnIcQ7kNvwEoinZ3&amp;_nc_oc=AdrjzXqbjmAHKV7p2SHJTEPRV2YyR1J2rwE_9ovS-Dt33P1pJdZUU4VEqvi5KO_KcrQ&amp;_nc_zt=23&amp;_nc_ht=scontent-mad1-1.cdninstagram.com&amp;edm=ANo9K5cEAAAA&amp;_nc_gid=VQlDu7m3LlsK8UWiF044MA&amp;_nc_tpa=Q5bMBQJXprFmNB9qKoEMp_r3eALHA-0kBvr3PaVeOm2Hc2Vfhwbg4OVxHktbYLbo32QhF-wzdBLPfQ91rg&amp;oh=00_AQI2kF2Ka4hSFfTBUEJu122kbqhI3ZriSjn0VrbwZqAOmw&amp;oe=6A9C2617&quot;,&quot;640&quot;:&quot;https:\\\/\\\/scontent-mad1-1.cdninstagram.com\\\/v\\\/t51.82787-15\\\/766287309_18114615749510957_7783085103979697954_n.jpg?stp=dst-jpg_e35_tt6&amp;_nc_cat=102&amp;ccb=7-5&amp;_nc_sid=18de74&amp;efg=eyJlZmdfdGFnIjoiRkVFRC5iZXN0X2ltYWdlX3VybGdlbi5DMyJ9&amp;_nc_ohc=pVHIL1mdnIcQ7kNvwEoinZ3&amp;_nc_oc=AdrjzXqbjmAHKV7p2SHJTEPRV2YyR1J2rwE_9ovS-Dt33P1pJdZUU4VEqvi5KO_KcrQ&amp;_nc_zt=23&amp;_nc_ht=scontent-mad1-1.cdninstagram.com&amp;edm=ANo9K5cEAAAA&amp;_nc_gid=VQlDu7m3LlsK8UWiF044MA&amp;_nc_tpa=Q5bMBQJXprFmNB9qKoEMp_r3eALHA-0kBvr3PaVeOm2Hc2Vfhwbg4OVxHktbYLbo32QhF-wzdBLPfQ91rg&amp;oh=00_AQI2kF2Ka4hSFfTBUEJu122kbqhI3ZriSjn0VrbwZqAOmw&amp;oe=6A9C2617&quot;}\">\n            <span class=\"sbi-screenreader\">\ud83d\udcdaOtra lectura para este verano. Os proponemos u<\/span>\n            \t                    <img decoding=\"async\" src=\"https:\/\/litercreartefestival.com\/wp-content\/plugins\/instagram-feed\/img\/placeholder.png\" alt=\"\ud83d\udcdaOtra lectura para este verano. Os proponemos un regreso a la segunda edici\u00f3n del festival Litercrearte (2023-24) con El baile de las locas, de Victoria Mas.Como curiosidad, la novela fue adaptada al cine por la directora M\u00e9lanie Laurent en 2021. \ud83c\udfac#ProduccionesMaestras #LitercrearteJaialdia #ElBaileDeLasLocas #VictoriaMas #LecturasDeVerano\">\n        <\/a>\n    <\/div>\n<\/div><div class=\"sbi_item sbi_type_carousel sbi_new sbi_transition\" id=\"sbi_18101420882591734\" data-date=\"1785426100\">\n    <div class=\"sbi_photo_wrap\">\n        <a class=\"sbi_photo\" href=\"https:\/\/www.instagram.com\/p\/DbbCRO1jEqk\/\" target=\"_blank\" rel=\"noopener nofollow\" data-full-res=\"https:\/\/scontent-mad2-1.cdninstagram.com\/v\/t51.82787-15\/761530241_18113862662510957_4323654088828060561_n.webp?stp=dst-jpg_e35_tt6&#038;_nc_cat=109&#038;ccb=7-5&#038;_nc_sid=18de74&#038;efg=eyJlZmdfdGFnIjoiQ0FST1VTRUxfSVRFTS5iZXN0X2ltYWdlX3VybGdlbi5DMyJ9&#038;_nc_ohc=UOtji0uikGoQ7kNvwHf-HBX&#038;_nc_oc=AdplwsO_sUhte7S029n8c37g2P-bSB81U-VJD5ovVLRucUB431_n4VW0d_tnyvKHuqA&#038;_nc_zt=23&#038;_nc_ht=scontent-mad2-1.cdninstagram.com&#038;edm=ANo9K5cEAAAA&#038;_nc_gid=VQlDu7m3LlsK8UWiF044MA&#038;_nc_tpa=Q5bMBQLkcuMnS_4HsSQ5MizGtyRU0XES-DOFrXRTyVoOtQY5MlInH6oMGO8zp6Li-WpS031BkZGAmotNGg&#038;oh=00_AQJhBXCNX3hHz1AVJI2Qt1KOtsAMFLMvQg-BBlz0jI5elQ&#038;oe=6A9C320D\" data-img-src-set=\"{&quot;d&quot;:&quot;https:\\\/\\\/scontent-mad2-1.cdninstagram.com\\\/v\\\/t51.82787-15\\\/761530241_18113862662510957_4323654088828060561_n.webp?stp=dst-jpg_e35_tt6&amp;_nc_cat=109&amp;ccb=7-5&amp;_nc_sid=18de74&amp;efg=eyJlZmdfdGFnIjoiQ0FST1VTRUxfSVRFTS5iZXN0X2ltYWdlX3VybGdlbi5DMyJ9&amp;_nc_ohc=UOtji0uikGoQ7kNvwHf-HBX&amp;_nc_oc=AdplwsO_sUhte7S029n8c37g2P-bSB81U-VJD5ovVLRucUB431_n4VW0d_tnyvKHuqA&amp;_nc_zt=23&amp;_nc_ht=scontent-mad2-1.cdninstagram.com&amp;edm=ANo9K5cEAAAA&amp;_nc_gid=VQlDu7m3LlsK8UWiF044MA&amp;_nc_tpa=Q5bMBQLkcuMnS_4HsSQ5MizGtyRU0XES-DOFrXRTyVoOtQY5MlInH6oMGO8zp6Li-WpS031BkZGAmotNGg&amp;oh=00_AQJhBXCNX3hHz1AVJI2Qt1KOtsAMFLMvQg-BBlz0jI5elQ&amp;oe=6A9C320D&quot;,&quot;150&quot;:&quot;https:\\\/\\\/scontent-mad2-1.cdninstagram.com\\\/v\\\/t51.82787-15\\\/761530241_18113862662510957_4323654088828060561_n.webp?stp=dst-jpg_e35_tt6&amp;_nc_cat=109&amp;ccb=7-5&amp;_nc_sid=18de74&amp;efg=eyJlZmdfdGFnIjoiQ0FST1VTRUxfSVRFTS5iZXN0X2ltYWdlX3VybGdlbi5DMyJ9&amp;_nc_ohc=UOtji0uikGoQ7kNvwHf-HBX&amp;_nc_oc=AdplwsO_sUhte7S029n8c37g2P-bSB81U-VJD5ovVLRucUB431_n4VW0d_tnyvKHuqA&amp;_nc_zt=23&amp;_nc_ht=scontent-mad2-1.cdninstagram.com&amp;edm=ANo9K5cEAAAA&amp;_nc_gid=VQlDu7m3LlsK8UWiF044MA&amp;_nc_tpa=Q5bMBQLkcuMnS_4HsSQ5MizGtyRU0XES-DOFrXRTyVoOtQY5MlInH6oMGO8zp6Li-WpS031BkZGAmotNGg&amp;oh=00_AQJhBXCNX3hHz1AVJI2Qt1KOtsAMFLMvQg-BBlz0jI5elQ&amp;oe=6A9C320D&quot;,&quot;320&quot;:&quot;https:\\\/\\\/scontent-mad2-1.cdninstagram.com\\\/v\\\/t51.82787-15\\\/761530241_18113862662510957_4323654088828060561_n.webp?stp=dst-jpg_e35_tt6&amp;_nc_cat=109&amp;ccb=7-5&amp;_nc_sid=18de74&amp;efg=eyJlZmdfdGFnIjoiQ0FST1VTRUxfSVRFTS5iZXN0X2ltYWdlX3VybGdlbi5DMyJ9&amp;_nc_ohc=UOtji0uikGoQ7kNvwHf-HBX&amp;_nc_oc=AdplwsO_sUhte7S029n8c37g2P-bSB81U-VJD5ovVLRucUB431_n4VW0d_tnyvKHuqA&amp;_nc_zt=23&amp;_nc_ht=scontent-mad2-1.cdninstagram.com&amp;edm=ANo9K5cEAAAA&amp;_nc_gid=VQlDu7m3LlsK8UWiF044MA&amp;_nc_tpa=Q5bMBQLkcuMnS_4HsSQ5MizGtyRU0XES-DOFrXRTyVoOtQY5MlInH6oMGO8zp6Li-WpS031BkZGAmotNGg&amp;oh=00_AQJhBXCNX3hHz1AVJI2Qt1KOtsAMFLMvQg-BBlz0jI5elQ&amp;oe=6A9C320D&quot;,&quot;640&quot;:&quot;https:\\\/\\\/scontent-mad2-1.cdninstagram.com\\\/v\\\/t51.82787-15\\\/761530241_18113862662510957_4323654088828060561_n.webp?stp=dst-jpg_e35_tt6&amp;_nc_cat=109&amp;ccb=7-5&amp;_nc_sid=18de74&amp;efg=eyJlZmdfdGFnIjoiQ0FST1VTRUxfSVRFTS5iZXN0X2ltYWdlX3VybGdlbi5DMyJ9&amp;_nc_ohc=UOtji0uikGoQ7kNvwHf-HBX&amp;_nc_oc=AdplwsO_sUhte7S029n8c37g2P-bSB81U-VJD5ovVLRucUB431_n4VW0d_tnyvKHuqA&amp;_nc_zt=23&amp;_nc_ht=scontent-mad2-1.cdninstagram.com&amp;edm=ANo9K5cEAAAA&amp;_nc_gid=VQlDu7m3LlsK8UWiF044MA&amp;_nc_tpa=Q5bMBQLkcuMnS_4HsSQ5MizGtyRU0XES-DOFrXRTyVoOtQY5MlInH6oMGO8zp6Li-WpS031BkZGAmotNGg&amp;oh=00_AQJhBXCNX3hHz1AVJI2Qt1KOtsAMFLMvQg-BBlz0jI5elQ&amp;oe=6A9C320D&quot;}\">\n            <span class=\"sbi-screenreader\">Hoy se han presentado los proyectos INNOVA de Fund<\/span>\n            <svg class=\"svg-inline--fa fa-clone fa-w-16 sbi_lightbox_carousel_icon\" aria-hidden=\"true\" aria-label=\"Clone\" data-fa-pro\u0192cessed=\"\" data-prefix=\"far\" data-icon=\"clone\" role=\"img\" xmlns=\"http:\/\/www.w3.org\/2000\/svg\" viewbox=\"0 0 512 512\">\n\t                <path fill=\"currentColor\" d=\"M464 0H144c-26.51 0-48 21.49-48 48v48H48c-26.51 0-48 21.49-48 48v320c0 26.51 21.49 48 48 48h320c26.51 0 48-21.49 48-48v-48h48c26.51 0 48-21.49 48-48V48c0-26.51-21.49-48-48-48zM362 464H54a6 6 0 0 1-6-6V150a6 6 0 0 1 6-6h42v224c0 26.51 21.49 48 48 48h224v42a6 6 0 0 1-6 6zm96-96H150a6 6 0 0 1-6-6V54a6 6 0 0 1 6-6h308a6 6 0 0 1 6 6v308a6 6 0 0 1-6 6z\"><\/path>\n\t            <\/svg>\t                    <img decoding=\"async\" src=\"https:\/\/litercreartefestival.com\/wp-content\/plugins\/instagram-feed\/img\/placeholder.png\" alt=\"Hoy se han presentado los proyectos INNOVA de Fundaci\u00f3n Caja Navarra y Fundaci\u00f3n &quot;la Caixa&quot;Muy contentos de que LAYA, nuestro nuevo proyecto de mediaci\u00f3n cultural y artes esc\u00e9nicas sea uno de los seleccionados Pronto iremos contando m\u00e1s \ud83d\ude09@programainnova @fundcajanavarra @fundlacaixa @produccionesmaestras @yarleku @culturanavarra @escenanavarra\">\n        <\/a>\n    <\/div>\n<\/div><div class=\"sbi_item sbi_type_carousel sbi_new sbi_transition\" id=\"sbi_18103361999138420\" data-date=\"1785336755\">\n    <div class=\"sbi_photo_wrap\">\n        <a class=\"sbi_photo\" href=\"https:\/\/www.instagram.com\/p\/DbYX28_jPKo\/\" target=\"_blank\" rel=\"noopener nofollow\" data-full-res=\"https:\/\/scontent-mad2-1.cdninstagram.com\/v\/t51.82787-15\/759871963_18113723516510957_4352800308094362935_n.webp?stp=dst-jpg_e35_tt6&#038;_nc_cat=108&#038;ccb=7-5&#038;_nc_sid=18de74&#038;efg=eyJlZmdfdGFnIjoiQ0FST1VTRUxfSVRFTS5iZXN0X2ltYWdlX3VybGdlbi5DMyJ9&#038;_nc_ohc=-STB4IvjIsUQ7kNvwEfORYb&#038;_nc_oc=AdrPCJfYOLLAylXNFo_cwfG3G3lZAum90ZZDqXOdnNJ-cMf_C00q7R3Ho6hjl0RJll4&#038;_nc_zt=23&#038;_nc_ht=scontent-mad2-1.cdninstagram.com&#038;edm=ANo9K5cEAAAA&#038;_nc_gid=VQlDu7m3LlsK8UWiF044MA&#038;_nc_tpa=Q5bMBQLhoT3cnR7-2CCeHkxiAHYSfNJ-OKy2-gFvBNupkiSSJXtrO2NEFdD_4bAmuNmxSac-2R_4-NaooA&#038;oh=00_AQKDCsxv28202tSECuO5zrD3hxu2zDfV-Y081DAB7bonqg&#038;oe=6A9C3E97\" data-img-src-set=\"{&quot;d&quot;:&quot;https:\\\/\\\/scontent-mad2-1.cdninstagram.com\\\/v\\\/t51.82787-15\\\/759871963_18113723516510957_4352800308094362935_n.webp?stp=dst-jpg_e35_tt6&amp;_nc_cat=108&amp;ccb=7-5&amp;_nc_sid=18de74&amp;efg=eyJlZmdfdGFnIjoiQ0FST1VTRUxfSVRFTS5iZXN0X2ltYWdlX3VybGdlbi5DMyJ9&amp;_nc_ohc=-STB4IvjIsUQ7kNvwEfORYb&amp;_nc_oc=AdrPCJfYOLLAylXNFo_cwfG3G3lZAum90ZZDqXOdnNJ-cMf_C00q7R3Ho6hjl0RJll4&amp;_nc_zt=23&amp;_nc_ht=scontent-mad2-1.cdninstagram.com&amp;edm=ANo9K5cEAAAA&amp;_nc_gid=VQlDu7m3LlsK8UWiF044MA&amp;_nc_tpa=Q5bMBQLhoT3cnR7-2CCeHkxiAHYSfNJ-OKy2-gFvBNupkiSSJXtrO2NEFdD_4bAmuNmxSac-2R_4-NaooA&amp;oh=00_AQKDCsxv28202tSECuO5zrD3hxu2zDfV-Y081DAB7bonqg&amp;oe=6A9C3E97&quot;,&quot;150&quot;:&quot;https:\\\/\\\/scontent-mad2-1.cdninstagram.com\\\/v\\\/t51.82787-15\\\/759871963_18113723516510957_4352800308094362935_n.webp?stp=dst-jpg_e35_tt6&amp;_nc_cat=108&amp;ccb=7-5&amp;_nc_sid=18de74&amp;efg=eyJlZmdfdGFnIjoiQ0FST1VTRUxfSVRFTS5iZXN0X2ltYWdlX3VybGdlbi5DMyJ9&amp;_nc_ohc=-STB4IvjIsUQ7kNvwEfORYb&amp;_nc_oc=AdrPCJfYOLLAylXNFo_cwfG3G3lZAum90ZZDqXOdnNJ-cMf_C00q7R3Ho6hjl0RJll4&amp;_nc_zt=23&amp;_nc_ht=scontent-mad2-1.cdninstagram.com&amp;edm=ANo9K5cEAAAA&amp;_nc_gid=VQlDu7m3LlsK8UWiF044MA&amp;_nc_tpa=Q5bMBQLhoT3cnR7-2CCeHkxiAHYSfNJ-OKy2-gFvBNupkiSSJXtrO2NEFdD_4bAmuNmxSac-2R_4-NaooA&amp;oh=00_AQKDCsxv28202tSECuO5zrD3hxu2zDfV-Y081DAB7bonqg&amp;oe=6A9C3E97&quot;,&quot;320&quot;:&quot;https:\\\/\\\/scontent-mad2-1.cdninstagram.com\\\/v\\\/t51.82787-15\\\/759871963_18113723516510957_4352800308094362935_n.webp?stp=dst-jpg_e35_tt6&amp;_nc_cat=108&amp;ccb=7-5&amp;_nc_sid=18de74&amp;efg=eyJlZmdfdGFnIjoiQ0FST1VTRUxfSVRFTS5iZXN0X2ltYWdlX3VybGdlbi5DMyJ9&amp;_nc_ohc=-STB4IvjIsUQ7kNvwEfORYb&amp;_nc_oc=AdrPCJfYOLLAylXNFo_cwfG3G3lZAum90ZZDqXOdnNJ-cMf_C00q7R3Ho6hjl0RJll4&amp;_nc_zt=23&amp;_nc_ht=scontent-mad2-1.cdninstagram.com&amp;edm=ANo9K5cEAAAA&amp;_nc_gid=VQlDu7m3LlsK8UWiF044MA&amp;_nc_tpa=Q5bMBQLhoT3cnR7-2CCeHkxiAHYSfNJ-OKy2-gFvBNupkiSSJXtrO2NEFdD_4bAmuNmxSac-2R_4-NaooA&amp;oh=00_AQKDCsxv28202tSECuO5zrD3hxu2zDfV-Y081DAB7bonqg&amp;oe=6A9C3E97&quot;,&quot;640&quot;:&quot;https:\\\/\\\/scontent-mad2-1.cdninstagram.com\\\/v\\\/t51.82787-15\\\/759871963_18113723516510957_4352800308094362935_n.webp?stp=dst-jpg_e35_tt6&amp;_nc_cat=108&amp;ccb=7-5&amp;_nc_sid=18de74&amp;efg=eyJlZmdfdGFnIjoiQ0FST1VTRUxfSVRFTS5iZXN0X2ltYWdlX3VybGdlbi5DMyJ9&amp;_nc_ohc=-STB4IvjIsUQ7kNvwEfORYb&amp;_nc_oc=AdrPCJfYOLLAylXNFo_cwfG3G3lZAum90ZZDqXOdnNJ-cMf_C00q7R3Ho6hjl0RJll4&amp;_nc_zt=23&amp;_nc_ht=scontent-mad2-1.cdninstagram.com&amp;edm=ANo9K5cEAAAA&amp;_nc_gid=VQlDu7m3LlsK8UWiF044MA&amp;_nc_tpa=Q5bMBQLhoT3cnR7-2CCeHkxiAHYSfNJ-OKy2-gFvBNupkiSSJXtrO2NEFdD_4bAmuNmxSac-2R_4-NaooA&amp;oh=00_AQKDCsxv28202tSECuO5zrD3hxu2zDfV-Y081DAB7bonqg&amp;oe=6A9C3E97&quot;}\">\n            <span class=\"sbi-screenreader\">Ana Maestroju\u00e1n, finalista del Premio Nacional Ci<\/span>\n            <svg class=\"svg-inline--fa fa-clone fa-w-16 sbi_lightbox_carousel_icon\" aria-hidden=\"true\" aria-label=\"Clone\" data-fa-pro\u0192cessed=\"\" data-prefix=\"far\" data-icon=\"clone\" role=\"img\" xmlns=\"http:\/\/www.w3.org\/2000\/svg\" viewbox=\"0 0 512 512\">\n\t                <path fill=\"currentColor\" d=\"M464 0H144c-26.51 0-48 21.49-48 48v48H48c-26.51 0-48 21.49-48 48v320c0 26.51 21.49 48 48 48h320c26.51 0 48-21.49 48-48v-48h48c26.51 0 48-21.49 48-48V48c0-26.51-21.49-48-48-48zM362 464H54a6 6 0 0 1-6-6V150a6 6 0 0 1 6-6h42v224c0 26.51 21.49 48 48 48h224v42a6 6 0 0 1-6 6zm96-96H150a6 6 0 0 1-6-6V54a6 6 0 0 1 6-6h308a6 6 0 0 1 6 6v308a6 6 0 0 1-6 6z\"><\/path>\n\t            <\/svg>\t                    <img decoding=\"async\" src=\"https:\/\/litercreartefestival.com\/wp-content\/plugins\/instagram-feed\/img\/placeholder.png\" alt=\"Ana Maestroju\u00e1n, finalista del Premio Nacional Ciudad de Torrej\u00f3n de ArdozEl trabajo de la directora de escena navarra en &#039;Una mera curiosidad&#039; ha superado a m\u00e1s de cien montajes presentados a la convocatoriaMuy felices de compartir esta gran noticia, &quot;Una mera curiosidad&quot; estar\u00e1 en el XXIX Certamen Nacional de Mujeres Directoras de Torrej\u00f3n de Ardoz en octubre @produccionesmaestras @culturanavarra @escenanavarra  @acronica_producciones @edurneibanez @angelgarciamoneo @travesiasdistribucion @concejaliaigualdadtorrejon\">\n        <\/a>\n    <\/div>\n<\/div>    <\/div>\n\n\t<div id=\"sbi_load\" >\n\n\t\t\t<a class=\"sbi_load_btn\" href=\"javascript:void(0);\">\n\t\t\t<span class=\"sbi_btn_text\">Load More<\/span>\n\t\t\t<span class=\"sbi_loader sbi_hidden\" style=\"background-color: rgb(255, 255, 255);\" aria-hidden=\"true\"><\/span>\n\t\t<\/a>\n\t\n\t\t\t<span class=\"sbi_follow_btn sbi_custom\">\n        <a href=\"https:\/\/www.instagram.com\/produccionesmaestras\/\" style=\"background: rgb(64,139,209);\" target=\"_blank\" rel=\"nofollow noopener\">\n            <svg class=\"svg-inline--fa fa-instagram fa-w-14\" aria-hidden=\"true\" data-fa-processed=\"\" aria-label=\"Instagram\" data-prefix=\"fab\" data-icon=\"instagram\" role=\"img\" viewbox=\"0 0 448 512\">\n\t                <path fill=\"currentColor\" d=\"M224.1 141c-63.6 0-114.9 51.3-114.9 114.9s51.3 114.9 114.9 114.9S339 319.5 339 255.9 287.7 141 224.1 141zm0 189.6c-41.1 0-74.7-33.5-74.7-74.7s33.5-74.7 74.7-74.7 74.7 33.5 74.7 74.7-33.6 74.7-74.7 74.7zm146.4-194.3c0 14.9-12 26.8-26.8 26.8-14.9 0-26.8-12-26.8-26.8s12-26.8 26.8-26.8 26.8 12 26.8 26.8zm76.1 27.2c-1.7-35.9-9.9-67.7-36.2-93.9-26.2-26.2-58-34.4-93.9-36.2-37-2.1-147.9-2.1-184.9 0-35.8 1.7-67.6 9.9-93.9 36.1s-34.4 58-36.2 93.9c-2.1 37-2.1 147.9 0 184.9 1.7 35.9 9.9 67.7 36.2 93.9s58 34.4 93.9 36.2c37 2.1 147.9 2.1 184.9 0 35.9-1.7 67.7-9.9 93.9-36.2 26.2-26.2 34.4-58 36.2-93.9 2.1-37 2.1-147.8 0-184.8zM398.8 388c-7.8 19.6-22.9 34.7-42.6 42.6-29.5 11.7-99.5 9-132.1 9s-102.7 2.6-132.1-9c-19.6-7.8-34.7-22.9-42.6-42.6-11.7-29.5-9-99.5-9-132.1s-2.6-102.7 9-132.1c7.8-19.6 22.9-34.7 42.6-42.6 29.5-11.7 99.5-9 132.1-9s102.7-2.6 132.1 9c19.6 7.8 34.7 22.9 42.6 42.6 11.7 29.5 9 99.5 9 132.1s2.7 102.7-9 132.1z\"><\/path>\n\t            <\/svg>            <span>Follow on Instagram<\/span>\n        <\/a>\n    <\/span>\n\t\n<\/div>\n\n\t    <span class=\"sbi_resized_image_data\" data-feed-id=\"*1\" data-resized=\"{&quot;18103361999138420&quot;:{&quot;id&quot;:&quot;759871963_18113723516510957_4352800308094362935_n&quot;,&quot;ratio&quot;:&quot;1.00&quot;,&quot;sizes&quot;:{&quot;full&quot;:640,&quot;low&quot;:320,&quot;thumb&quot;:150},&quot;extension&quot;:&quot;.webp&quot;},&quot;18101420882591734&quot;:{&quot;id&quot;:&quot;761530241_18113862662510957_4323654088828060561_n&quot;,&quot;ratio&quot;:&quot;1.00&quot;,&quot;sizes&quot;:{&quot;full&quot;:640,&quot;low&quot;:320,&quot;thumb&quot;:150},&quot;extension&quot;:&quot;.webp&quot;},&quot;18127966024736791&quot;:{&quot;id&quot;:&quot;766287309_18114615749510957_7783085103979697954_n&quot;,&quot;ratio&quot;:&quot;0.80&quot;,&quot;sizes&quot;:{&quot;full&quot;:640,&quot;low&quot;:320,&quot;thumb&quot;:150},&quot;extension&quot;:&quot;.webp&quot;},&quot;17960578656189146&quot;:{&quot;id&quot;:&quot;772233004_18115589042510957_2472170640277374386_n&quot;,&quot;ratio&quot;:&quot;1.41&quot;,&quot;sizes&quot;:{&quot;full&quot;:640,&quot;low&quot;:320,&quot;thumb&quot;:150},&quot;extension&quot;:&quot;.webp&quot;},&quot;18128418775780032&quot;:{&quot;id&quot;:&quot;731525380_1462057059055612_5466432731428637033_n&quot;,&quot;ratio&quot;:&quot;1.50&quot;,&quot;sizes&quot;:{&quot;full&quot;:640,&quot;low&quot;:320,&quot;thumb&quot;:150},&quot;extension&quot;:&quot;.webp&quot;},&quot;18622042546048980&quot;:{&quot;id&quot;:&quot;788141630_1515386577055993_3953383608379648314_n&quot;,&quot;ratio&quot;:&quot;0.80&quot;,&quot;sizes&quot;:{&quot;full&quot;:640,&quot;low&quot;:320,&quot;thumb&quot;:150},&quot;extension&quot;:&quot;.webp&quot;}}\">\n\t<\/span>\n\t<\/div>\n\n\n\t\t<\/div>\n\t<\/div>\n\t\t<\/div>\n\t<\/div>\n<\/div><\/div><\/div><\/div><\/div><div class=\"wpb_column vc_column_container vc_col-sm-6\"><div class=\"vc_column-inner\"><div class=\"wpb_wrapper\"><div class=\"mkdf-elements-holder    mkdf-one-column  mkdf-responsive-mode-768\" ><div class=\"mkdf-eh-item\"  data-item-class=\"mkdf-eh-custom-3352\">\n\t<div class=\"mkdf-eh-item-inner\">\n\t\t<div class=\"mkdf-eh-item-content mkdf-eh-custom-3352\" >\n\t\t\t\n\t<div class=\"wpb_raw_code wpb_content_element wpb_raw_html\" >\n\t\t<div class=\"wpb_wrapper\">\n\t\t\t<div class=\"cff-wrapper\"><div class=\"cff-wrapper-ctn\" ><div id=\"cff\"  class=\"cff cff-list-container  cff-default-styles  cff-mob-cols-1 cff-tab-cols-1\"    data-char=\"400\" ><div class=\"cff-posts-wrap\"><div id=\"cff_612362558800814_1515433107051340\" class=\"cff-item cff-status-post cff-album author-producciones-maestras\"  style=\"border-bottom: 1px solid #870064;\">\n\t<div class=\"cff-author\">\n\t<div class=\"cff-author-text\">\n\t\t\t\t\t<div class=\"cff-page-name cff-author-date\" >\n\t\t\t\t<a href=\"https:\/\/facebook.com\/612362558800814\" target=\"_blank\" rel=\"nofollow noopener\" >Producciones Maestras<\/a>\n\t\t\t\t<span class=\"cff-story\"> <\/span>\n\t\t\t<\/div>\n\t\t\t\n<p class=\"cff-date\" > 4 days ago <\/p>\n\t\t\t<\/div>\n\t<div class=\"cff-author-img\" data-avatar=\"https:\/\/scontent-mad2-1.xx.fbcdn.net\/v\/t39.30808-1\/241190316_288463319748331_6927936027917116524_n.jpg?stp=cp0_dst-jpg_s50x50_tt6&#038;_nc_cat=109&#038;ccb=1-7&#038;_nc_sid=f907e8&#038;_nc_ohc=aNhc_f4-_x8Q7kNvwEQ7Ytx&#038;_nc_oc=Adpcoh73sniKVTxQAj2NZDqjLYRFQsuPs7yLD8TOla9QEI-PJmCwfIbIVwxmAvC6HVk&#038;_nc_zt=24&#038;_nc_ht=scontent-mad2-1.xx&#038;edm=AKIiGfEEAAAA&#038;_nc_gid=w0zkC8BKDOi-Upr1Nm8L7Q&#038;_nc_tpa=Q5bMBQKXjKbwukb1LMs982jAZpEW4ef_dKIL34iHx6-ULkSi1LJXxx_w4slyjNqXq_fD-nkYKTh9dToj4w&#038;oh=00_AQK--yyXyideLMNUkfY8TcYS7YBbNy1Rxg8zibg_XdZ1kw&#038;oe=6A992C03\">\n\t\t<a href=\"https:\/\/facebook.com\/612362558800814\" target=\"_blank\" rel=\"nofollow noopener\" ><img decoding=\"async\" src=\"https:\/\/scontent-mad2-1.xx.fbcdn.net\/v\/t39.30808-1\/241190316_288463319748331_6927936027917116524_n.jpg?stp=cp0_dst-jpg_s50x50_tt6&#038;_nc_cat=109&#038;ccb=1-7&#038;_nc_sid=f907e8&#038;_nc_ohc=aNhc_f4-_x8Q7kNvwEQ7Ytx&#038;_nc_oc=Adpcoh73sniKVTxQAj2NZDqjLYRFQsuPs7yLD8TOla9QEI-PJmCwfIbIVwxmAvC6HVk&#038;_nc_zt=24&#038;_nc_ht=scontent-mad2-1.xx&#038;edm=AKIiGfEEAAAA&#038;_nc_gid=w0zkC8BKDOi-Upr1Nm8L7Q&#038;_nc_tpa=Q5bMBQKXjKbwukb1LMs982jAZpEW4ef_dKIL34iHx6-ULkSi1LJXxx_w4slyjNqXq_fD-nkYKTh9dToj4w&#038;oh=00_AQK--yyXyideLMNUkfY8TcYS7YBbNy1Rxg8zibg_XdZ1kw&#038;oe=6A992C03\" title=\"Producciones Maestras\" alt=\"Producciones Maestras\" width=\"40\" height=\"40\" onerror=\"this.style.display='none'\"><\/a>\n\t<\/div>\n<\/div>\n\n<div class=\"cff-post-text\" >\n\t<span class=\"cff-text\" data-color=\"\">\n\t\t\ud83e\udd29\ud83d\udc49Disfrutando de estos d\u00edas en Ciudad Rodrigo. \u2728\ud83e\udd29\t\t\t<\/span>\n\t<span class=\"cff-expand\">... <a href=\"#\" style=\"color: #\"><span class=\"cff-more\">See More<\/span><span class=\"cff-less\">See Less<\/span><\/a><\/span>\n\n<\/div>\n\n<p class=\"cff-media-link\">\n\t<a href=\"https:\/\/www.facebook.com\/778044197456905\/posts\/1515433107051340\" target=\"_blank\" style=\"color: #\">\n\t\t<span style=\"padding-right: 5px;\" class=\"fa fas fa-picture-o fa-image\"><\/span>Photo\t<\/a>\n<\/p>\n\t<div class=\"cff-post-links\">\n\t\t\t\t\t<a class=\"cff-viewpost-facebook\" href=\"https:\/\/www.facebook.com\/778044197456905\/posts\/1515433107051340\" title=\"Ver en Facebook\" target=\"_blank\" rel=\"nofollow noopener\" >Ver en Facebook<\/a>\n\t\t\t\t\t\t\t<div class=\"cff-share-container\">\n\t\t\t\t\t\t\t\t\t<span class=\"cff-dot\" >&middot;<\/span>\n\t\t\t\t\t\t\t\t<a class=\"cff-share-link\" href=\"https:\/\/www.facebook.com\/sharer\/sharer.php?u=https%3A%2F%2Fwww.facebook.com%2F778044197456905%2Fposts%2F1515433107051340\" title=\"Compartir\" >Compartir<\/a>\n\t\t\t\t<p class=\"cff-share-tooltip\">\n\t\t\t\t\t\t\t\t\t\t\t<a href=\"https:\/\/www.facebook.com\/sharer\/sharer.php?u=https%3A%2F%2Fwww.facebook.com%2F778044197456905%2Fposts%2F1515433107051340\" target=\"_blank\" rel=\"noopener noreferrer\" class=\"cff-facebook-icon\">\n\t\t\t\t\t\t\t<span class=\"fa fab fa-facebook-square\" aria-hidden=\"true\"><\/span>\n\t\t\t\t\t\t\t<span class=\"cff-screenreader\">Share on Facebook<\/span>\n\t\t\t\t\t\t<\/a>\n\t\t\t\t\t\t\t\t\t\t\t<a href=\"https:\/\/twitter.com\/intent\/tweet?text=https%3A%2F%2Fwww.facebook.com%2F778044197456905%2Fposts%2F1515433107051340\" target=\"_blank\" rel=\"noopener noreferrer\" class=\"cff-twitter-icon\">\n\t\t\t\t\t\t\t<span class=\"fa fab fa-twitter\" aria-hidden=\"true\"><\/span>\n\t\t\t\t\t\t\t<span class=\"cff-screenreader\">Share on Twitter<\/span>\n\t\t\t\t\t\t<\/a>\n\t\t\t\t\t\t\t\t\t\t\t<a href=\"https:\/\/www.linkedin.com\/shareArticle?mini=true&#038;url=https%3A%2F%2Fwww.facebook.com%2F778044197456905%2Fposts%2F1515433107051340&#038;title=%09%09%09%F0%9F%A4%A9%F0%9F%91%89Disfrutando%20de%20estos%20d%C3%ADas%20en%20Ciudad%20Rodrigo.%20%E2%9C%A8%F0%9F%A4%A9%09%09%09%09\" target=\"_blank\" rel=\"noopener noreferrer\" class=\"cff-linkedin-icon\">\n\t\t\t\t\t\t\t<span class=\"fa fab fa-linkedin\" aria-hidden=\"true\"><\/span>\n\t\t\t\t\t\t\t<span class=\"cff-screenreader\">Share on Linked In<\/span>\n\t\t\t\t\t\t<\/a>\n\t\t\t\t\t\t\t\t\t\t\t<a href=\"mailto:?subject=Facebook&#038;body=https%3A%2F%2Fwww.facebook.com%2F778044197456905%2Fposts%2F1515433107051340%20-%20%0A%0A%09%0A%09%09%F0%9F%A4%A9%F0%9F%91%89Disfrutando%20de%20estos%20d%C3%ADas%20en%20Ciudad%20Rodrigo.%20%E2%9C%A8%F0%9F%A4%A9%09%09%09%0A%09\" target=\"_blank\" rel=\"noopener noreferrer\" class=\"cff-email-icon\">\n\t\t\t\t\t\t\t<span class=\"fa fab fa-envelope\" aria-hidden=\"true\"><\/span>\n\t\t\t\t\t\t\t<span class=\"cff-screenreader\">Share by Email<\/span>\n\t\t\t\t\t\t<\/a>\n\t\t\t\t\t\t\t\t\t<\/p>\n\t\t\t<\/div>\n\t\t\t<\/div>\n\t<\/div>\n\n\n\n<div id=\"cff_612362558800814_1514911857103465\" class=\"cff-item cff-status-post cff-album author-producciones-maestras\"  style=\"border-bottom: 1px solid #870064;\">\n\t<div class=\"cff-author\">\n\t<div class=\"cff-author-text\">\n\t\t\t\t\t<div class=\"cff-page-name cff-author-date\" >\n\t\t\t\t<a href=\"https:\/\/facebook.com\/612362558800814\" target=\"_blank\" rel=\"nofollow noopener\" >Producciones Maestras<\/a>\n\t\t\t\t<span class=\"cff-story\"> <\/span>\n\t\t\t<\/div>\n\t\t\t\n<p class=\"cff-date\" > 4 days ago <\/p>\n\t\t\t<\/div>\n\t<div class=\"cff-author-img\" data-avatar=\"https:\/\/scontent-mad2-1.xx.fbcdn.net\/v\/t39.30808-1\/241190316_288463319748331_6927936027917116524_n.jpg?stp=cp0_dst-jpg_s50x50_tt6&#038;_nc_cat=109&#038;ccb=1-7&#038;_nc_sid=f907e8&#038;_nc_ohc=aNhc_f4-_x8Q7kNvwEQ7Ytx&#038;_nc_oc=Adpcoh73sniKVTxQAj2NZDqjLYRFQsuPs7yLD8TOla9QEI-PJmCwfIbIVwxmAvC6HVk&#038;_nc_zt=24&#038;_nc_ht=scontent-mad2-1.xx&#038;edm=AKIiGfEEAAAA&#038;_nc_gid=w0zkC8BKDOi-Upr1Nm8L7Q&#038;_nc_tpa=Q5bMBQKXjKbwukb1LMs982jAZpEW4ef_dKIL34iHx6-ULkSi1LJXxx_w4slyjNqXq_fD-nkYKTh9dToj4w&#038;oh=00_AQK--yyXyideLMNUkfY8TcYS7YBbNy1Rxg8zibg_XdZ1kw&#038;oe=6A992C03\">\n\t\t<a href=\"https:\/\/facebook.com\/612362558800814\" target=\"_blank\" rel=\"nofollow noopener\" ><img decoding=\"async\" src=\"https:\/\/scontent-mad2-1.xx.fbcdn.net\/v\/t39.30808-1\/241190316_288463319748331_6927936027917116524_n.jpg?stp=cp0_dst-jpg_s50x50_tt6&#038;_nc_cat=109&#038;ccb=1-7&#038;_nc_sid=f907e8&#038;_nc_ohc=aNhc_f4-_x8Q7kNvwEQ7Ytx&#038;_nc_oc=Adpcoh73sniKVTxQAj2NZDqjLYRFQsuPs7yLD8TOla9QEI-PJmCwfIbIVwxmAvC6HVk&#038;_nc_zt=24&#038;_nc_ht=scontent-mad2-1.xx&#038;edm=AKIiGfEEAAAA&#038;_nc_gid=w0zkC8BKDOi-Upr1Nm8L7Q&#038;_nc_tpa=Q5bMBQKXjKbwukb1LMs982jAZpEW4ef_dKIL34iHx6-ULkSi1LJXxx_w4slyjNqXq_fD-nkYKTh9dToj4w&#038;oh=00_AQK--yyXyideLMNUkfY8TcYS7YBbNy1Rxg8zibg_XdZ1kw&#038;oe=6A992C03\" title=\"Producciones Maestras\" alt=\"Producciones Maestras\" width=\"40\" height=\"40\" onerror=\"this.style.display='none'\"><\/a>\n\t<\/div>\n<\/div>\n\n<div class=\"cff-post-text\" >\n\t<span class=\"cff-text\" data-color=\"\">\n\t\t\ud83c\udfad Un recuerdo de agosto.<img class=\"cff-linebreak\" \/><img class=\"cff-linebreak\" \/>Esta semana recordamos el paso de 'Una mera curiosidad' por la Feria de Teatro de Ciudad Rodrigo justo hace un a\u00f1o. Una experiencia magn\u00edfica compartiendo la historia de Artemisia Gentileschi con el p\u00fablico.<img class=\"cff-linebreak\" \/><img class=\"cff-linebreak\" \/>Feria de Teatro de Castilla y Le\u00f3n-Ciudad Rodrigo <img class=\"cff-linebreak\" \/><img class=\"cff-linebreak\" \/>#ProduccionesMaestras #UnaMeraCuriosidad #FeriaCiudadRodrigo\t\t\t<\/span>\n\t<span class=\"cff-expand\">... <a href=\"#\" style=\"color: #\"><span class=\"cff-more\">See More<\/span><span class=\"cff-less\">See Less<\/span><\/a><\/span>\n\n<\/div>\n\n<p class=\"cff-media-link\">\n\t<a href=\"https:\/\/www.facebook.com\/778044197456905\/posts\/1514911857103465\" target=\"_blank\" style=\"color: #\">\n\t\t<span style=\"padding-right: 5px;\" class=\"fa fas fa-picture-o fa-image\"><\/span>Photo\t<\/a>\n<\/p>\n\t<div class=\"cff-post-links\">\n\t\t\t\t\t<a class=\"cff-viewpost-facebook\" href=\"https:\/\/www.facebook.com\/778044197456905\/posts\/1514911857103465\" title=\"Ver en Facebook\" target=\"_blank\" rel=\"nofollow noopener\" >Ver en Facebook<\/a>\n\t\t\t\t\t\t\t<div class=\"cff-share-container\">\n\t\t\t\t\t\t\t\t\t<span class=\"cff-dot\" >&middot;<\/span>\n\t\t\t\t\t\t\t\t<a class=\"cff-share-link\" href=\"https:\/\/www.facebook.com\/sharer\/sharer.php?u=https%3A%2F%2Fwww.facebook.com%2F778044197456905%2Fposts%2F1514911857103465\" title=\"Compartir\" >Compartir<\/a>\n\t\t\t\t<p class=\"cff-share-tooltip\">\n\t\t\t\t\t\t\t\t\t\t\t<a href=\"https:\/\/www.facebook.com\/sharer\/sharer.php?u=https%3A%2F%2Fwww.facebook.com%2F778044197456905%2Fposts%2F1514911857103465\" target=\"_blank\" rel=\"noopener noreferrer\" class=\"cff-facebook-icon\">\n\t\t\t\t\t\t\t<span class=\"fa fab fa-facebook-square\" aria-hidden=\"true\"><\/span>\n\t\t\t\t\t\t\t<span class=\"cff-screenreader\">Share on Facebook<\/span>\n\t\t\t\t\t\t<\/a>\n\t\t\t\t\t\t\t\t\t\t\t<a href=\"https:\/\/twitter.com\/intent\/tweet?text=https%3A%2F%2Fwww.facebook.com%2F778044197456905%2Fposts%2F1514911857103465\" target=\"_blank\" rel=\"noopener noreferrer\" class=\"cff-twitter-icon\">\n\t\t\t\t\t\t\t<span class=\"fa fab fa-twitter\" aria-hidden=\"true\"><\/span>\n\t\t\t\t\t\t\t<span class=\"cff-screenreader\">Share on Twitter<\/span>\n\t\t\t\t\t\t<\/a>\n\t\t\t\t\t\t\t\t\t\t\t<a href=\"https:\/\/www.linkedin.com\/shareArticle?mini=true&#038;url=https%3A%2F%2Fwww.facebook.com%2F778044197456905%2Fposts%2F1514911857103465&#038;title=%09%09%09%F0%9F%8E%AD%20Un%20recuerdo%20de%20agosto.Esta%20semana%20recordamos%20el%20paso%20de%20%27Una%20mera%20curiosidad%27%20por%20la%20Feria%20de%20Teatro%20de%20Ciudad%20Rodrigo%20justo%20hace%20un%20a%C3%B1o.%20Una%20experiencia%20magn%C3%ADfica%20compartiendo%20la%20historia%20de%20Artemisia%20Gentileschi%20con%20el%20p%C3%BAblico.Feria%20de%20Teatro%20de%20Castilla%20y%20Le%C3%B3n-Ciudad%20Rodrigo%20%23ProduccionesMaestras%20%23UnaMeraCuriosidad%20%23FeriaCiudadRodrigo%09%09%09%09\" target=\"_blank\" rel=\"noopener noreferrer\" class=\"cff-linkedin-icon\">\n\t\t\t\t\t\t\t<span class=\"fa fab fa-linkedin\" aria-hidden=\"true\"><\/span>\n\t\t\t\t\t\t\t<span class=\"cff-screenreader\">Share on Linked In<\/span>\n\t\t\t\t\t\t<\/a>\n\t\t\t\t\t\t\t\t\t\t\t<a href=\"mailto:?subject=Facebook&#038;body=https%3A%2F%2Fwww.facebook.com%2F778044197456905%2Fposts%2F1514911857103465%20-%20%0A%0A%09%0A%09%09%F0%9F%8E%AD%20Un%20recuerdo%20de%20agosto.Esta%20semana%20recordamos%20el%20paso%20de%20%27Una%20mera%20curiosidad%27%20por%20la%20Feria%20de%20Teatro%20de%20Ciudad%20Rodrigo%20justo%20hace%20un%20a%C3%B1o.%20Una%20experiencia%20magn%C3%ADfica%20compartiendo%20la%20historia%20de%20Artemisia%20Gentileschi%20con%20el%20p%C3%BAblico.Feria%20de%20Teatro%20de%20Castilla%20y%20Le%C3%B3n-Ciudad%20Rodrigo%20%23ProduccionesMaestras%20%23UnaMeraCuriosidad%20%23FeriaCiudadRodrigo%09%09%09%0A%09\" target=\"_blank\" rel=\"noopener noreferrer\" class=\"cff-email-icon\">\n\t\t\t\t\t\t\t<span class=\"fa fab fa-envelope\" aria-hidden=\"true\"><\/span>\n\t\t\t\t\t\t\t<span class=\"cff-screenreader\">Share by Email<\/span>\n\t\t\t\t\t\t<\/a>\n\t\t\t\t\t\t\t\t\t<\/p>\n\t\t\t<\/div>\n\t\t\t<\/div>\n\t<\/div>\n\n\n\n\n<div class=\"cff-likebox cff-bottom\" >\n\t\t<iframe title=\"Likebox Iframe\" src=\"\" class=\"fb_iframe_widget\" data-likebox-id=\"612362558800814\" data-likebox-width=\"300\" data-likebox-header=\"1\" data-hide-cover=\"\" data-hide-cta=\"\" data-likebox-faces=\"\" data-height=\"70\" data-locale=\"en_US\" scrolling=\"no\" allowtransparency=\"true\" allow=\"encrypted-media\" ><\/iframe>\n<\/div>\n<\/div><input class=\"cff-pag-url\" type=\"hidden\" data-locatornonce=\"ff00b5e115\" data-cff-shortcode=\"{&quot;feed&quot;: &quot;3&quot;}\" data-post-id=\"7543\" data-feed-id=\"612362558800814\"><\/div><\/div><div class=\"cff-clear\"><\/div><\/div>\n\t\t<\/div>\n\t<\/div>\n\t\t<\/div>\n\t<\/div>\n<\/div><\/div><\/div><\/div><\/div><\/div><\/div><\/div><div class=\"vc_row wpb_row vc_row-fluid\" ><div class=\"wpb_column vc_column_container vc_col-sm-6\"><div class=\"vc_column-inner vc_custom_1667767069005\"><div class=\"wpb_wrapper\">\n\t<div class=\"wpb_text_column wpb_content_element\" >\n\t\t<div class=\"wpb_wrapper\">\n\t\t\t<h6><strong><span style=\"color: #0b5c73;\">ANTOLAKUNTZA:<\/span><\/strong><\/h6>\n\n\t\t<\/div>\n\t<\/div>\n<div class=\"vc_empty_space\"   style=\"height: 10px\"><span class=\"vc_empty_space_inner\"><\/span><\/div><div class=\"mkdf-elements-holder    mkdf-one-column  mkdf-responsive-mode-768\" ><div class=\"mkdf-eh-item\"  data-item-class=\"mkdf-eh-custom-4069\">\n\t<div class=\"mkdf-eh-item-inner\">\n\t\t<div class=\"mkdf-eh-item-content mkdf-eh-custom-4069\" >\n\t\t\t<div class=\"mkdf-clients-carousel-holder mkdf-cc-hover-switch-images\">\n\t<div class=\"mkdf-cc-inner mkdf-owl-slider\" data-number-of-items=\"1\" data-enable-loop=\"yes\" data-enable-autoplay=\"yes\" data-slider-speed=\"5000\" data-slider-speed-animation=\"600\" data-enable-navigation=\"no\" data-enable-pagination=\"no\">\n\t\t<div class=\"mkdf-cc-item\">\n\t\t\t<a itemprop=\"url\" class=\"mkdf-cc-link mkdf-block-drag-link\" href=\"http:\/\/www.produccionesmaestras.com\" target=\"_blank\">\n\t\t\t\t\t\t<img decoding=\"async\" itemprop=\"image\" class=\"mkdf-cc-image\" src=\"\" alt=\"\" \/>\n\t\t\t\t\t\t\t<img decoding=\"async\" itemprop=\"image\" class=\"mkdf-cc-hover-image\" src=\"\" alt=\"\" \/>\n\t\t\t\t\t<\/a>\n\t<\/div><div class=\"mkdf-cc-item\">\n\t\t\t<a itemprop=\"url\" class=\"mkdf-cc-link mkdf-block-drag-link\" href=\"https:\/\/www.navarra.es\/es\/bibliotecas\" target=\"_blank\">\n\t\t\t\t\t\t<img decoding=\"async\" itemprop=\"image\" class=\"mkdf-cc-image\" src=\"\" alt=\"\" \/>\n\t\t\t\t\t\t\t<img decoding=\"async\" itemprop=\"image\" class=\"mkdf-cc-hover-image\" src=\"\" alt=\"\" \/>\n\t\t\t\t\t<\/a>\n\t<\/div>\t<\/div>\n<\/div>\t\t<\/div>\n\t<\/div>\n<\/div><\/div><\/div><\/div><\/div><div class=\"wpb_column vc_column_container vc_col-sm-6\"><div class=\"vc_column-inner vc_custom_1667767141405\"><div class=\"wpb_wrapper\">\n\t<div class=\"wpb_text_column wpb_content_element\" >\n\t\t<div class=\"wpb_wrapper\">\n\t\t\t<h6><strong><span style=\"color: #0b5c73;\">LANKIDETZAN:<\/span><\/strong><\/h6>\n\n\t\t<\/div>\n\t<\/div>\n<div class=\"vc_empty_space\"   style=\"height: 10px\"><span class=\"vc_empty_space_inner\"><\/span><\/div><div class=\"mkdf-elements-holder    mkdf-one-column  mkdf-responsive-mode-768\" ><div class=\"mkdf-eh-item\"  data-item-class=\"mkdf-eh-custom-8871\">\n\t<div class=\"mkdf-eh-item-inner\">\n\t\t<div class=\"mkdf-eh-item-content mkdf-eh-custom-8871\" >\n\t\t\t<div class=\"mkdf-clients-carousel-holder mkdf-cc-hover-switch-images\">\n\t<div class=\"mkdf-cc-inner mkdf-owl-slider\" data-number-of-items=\"1\" data-enable-loop=\"yes\" data-enable-autoplay=\"yes\" data-slider-speed=\"5000\" data-slider-speed-animation=\"600\" data-enable-navigation=\"no\" data-enable-pagination=\"no\">\n\t\t<div class=\"mkdf-cc-item\">\n\t\t\t<a itemprop=\"url\" class=\"mkdf-cc-link mkdf-block-drag-link\" href=\"https:\/\/www.culturaydeporte.gob.es\/cultura\/artesescenicas\/portada.html\" target=\"_blank\">\n\t\t\t\t\t\t<img decoding=\"async\" itemprop=\"image\" class=\"mkdf-cc-image\" src=\"\" alt=\"\" \/>\n\t\t\t\t\t\t\t<img decoding=\"async\" itemprop=\"image\" class=\"mkdf-cc-hover-image\" src=\"\" alt=\"\" \/>\n\t\t\t\t\t<\/a>\n\t<\/div><div class=\"mkdf-cc-item\">\n\t\t\t<a itemprop=\"url\" class=\"mkdf-cc-link mkdf-block-drag-link\" href=\"https:\/\/www.culturaydeporte.gob.es\/cultura\/artesescenicas\/portada.html\" target=\"_blank\">\n\t\t\t\t\t\t<img decoding=\"async\" itemprop=\"image\" class=\"mkdf-cc-image\" src=\"\" alt=\"\" \/>\n\t\t\t\t\t\t\t<img decoding=\"async\" itemprop=\"image\" class=\"mkdf-cc-hover-image\" src=\"\" alt=\"\" \/>\n\t\t\t\t\t<\/a>\n\t<\/div><div class=\"mkdf-cc-item\">\n\t\t\t<a itemprop=\"url\" class=\"mkdf-cc-link mkdf-block-drag-link\" href=\"https:\/\/www.culturaydeporte.gob.es\/cultura\/artesescenicas\/portada.html\" target=\"_blank\">\n\t\t\t\t\t\t<img decoding=\"async\" itemprop=\"image\" class=\"mkdf-cc-image\" src=\"\" alt=\"\" \/>\n\t\t\t\t\t\t\t<img decoding=\"async\" itemprop=\"image\" class=\"mkdf-cc-hover-image\" src=\"\" alt=\"\" \/>\n\t\t\t\t\t<\/a>\n\t<\/div><div class=\"mkdf-cc-item\">\n\t\t\t<a itemprop=\"url\" class=\"mkdf-cc-link mkdf-block-drag-link\" href=\"https:\/\/www.navarra.es\/es\/inicio\" target=\"_blank\">\n\t\t\t\t\t\t<img decoding=\"async\" itemprop=\"image\" class=\"mkdf-cc-image\" src=\"\" alt=\"\" \/>\n\t\t\t\t\t\t\t<\/a>\n\t<\/div><div class=\"mkdf-cc-item\">\n\t\t\t<a itemprop=\"url\" class=\"mkdf-cc-link mkdf-block-drag-link\" href=\"https:\/\/www.fundacioncajanavarra.es\/es\/\" target=\"_blank\">\n\t\t\t\t\t\t<img decoding=\"async\" itemprop=\"image\" class=\"mkdf-cc-image\" src=\"https:\/\/litercreartefestival.com\/wp-content\/uploads\/2023\/10\/InnovaFund-Horiz-1500-e1697285355349.png\" alt=\"\" \/>\n\t\t\t\t\t\t\t<img decoding=\"async\" itemprop=\"image\" class=\"mkdf-cc-hover-image\" src=\"https:\/\/litercreartefestival.com\/wp-content\/uploads\/2023\/10\/InnovaFund-Horiz-hover-e1697285388317.png\" alt=\"\" \/>\n\t\t\t\t\t<\/a>\n\t<\/div>\t<\/div>\n<\/div>\t\t<\/div>\n\t<\/div>\n<\/div><\/div><\/div><\/div><\/div><\/div>","protected":false},"excerpt":{"rendered":"...en la Biblioteca de Tudela Este ha sido mi primer a\u00f1o en todo y lo cierto es que al encuentro con los clubs iba sin expectativa, porque no sab\u00eda lo que me iba a encontrar y a la vez con mucho miedo. Pero despu\u00e9s ha sido una experiencia \u00fanica. Disfrutar de poner en com\u00fan nuestras impresiones hacia el [...]","protected":false},"author":1,"featured_media":0,"parent":0,"menu_order":0,"comment_status":"closed","ping_status":"closed","template":"full-width.php","meta":{"footnotes":""},"class_list":["post-7306","page","type-page","status-publish","hentry"],"yoast_head":"<!-- This site is optimized with the Yoast SEO plugin v23.3 - https:\/\/yoast.com\/wordpress\/plugins\/seo\/ -->\n<title>Festival Litercrearte 2024 - FESTIVAL LITERCREARTE JAIALDIA<\/title>\n<meta name=\"robots\" content=\"index, follow, max-snippet:-1, max-image-preview:large, max-video-preview:-1\" \/>\n<link rel=\"canonical\" href=\"https:\/\/litercreartefestival.com\/eu\/festival-litercrearte-2024\/\" \/>\n<meta property=\"og:locale\" content=\"en_US\" \/>\n<meta property=\"og:type\" content=\"article\" \/>\n<meta property=\"og:title\" content=\"Festival Litercrearte 2024 - FESTIVAL LITERCREARTE JAIALDIA\" \/>\n<meta property=\"og:url\" content=\"https:\/\/litercreartefestival.com\/eu\/festival-litercrearte-2024\/\" \/>\n<meta property=\"og:site_name\" content=\"FESTIVAL LITERCREARTE JAIALDIA\" \/>\n<meta property=\"article:modified_time\" content=\"2025-02-20T19:43:25+00:00\" \/>\n<meta name=\"twitter:card\" content=\"summary_large_image\" \/>\n<meta name=\"twitter:label1\" content=\"Est. reading time\" \/>\n\t<meta name=\"twitter:data1\" content=\"4 minutua\" \/>\n<script type=\"application\/ld+json\" class=\"yoast-schema-graph\">{\"@context\":\"https:\/\/schema.org\",\"@graph\":[{\"@type\":\"WebPage\",\"@id\":\"https:\/\/litercreartefestival.com\/festival-litercrearte-2024\/\",\"url\":\"https:\/\/litercreartefestival.com\/festival-litercrearte-2024\/\",\"name\":\"Festival Litercrearte 2024 - FESTIVAL LITERCREARTE JAIALDIA\",\"isPartOf\":{\"@id\":\"https:\/\/litercreartefestival.com\/#website\"},\"datePublished\":\"2023-09-27T16:33:02+00:00\",\"dateModified\":\"2025-02-20T19:43:25+00:00\",\"breadcrumb\":{\"@id\":\"https:\/\/litercreartefestival.com\/festival-litercrearte-2024\/#breadcrumb\"},\"inLanguage\":\"eu\",\"potentialAction\":[{\"@type\":\"ReadAction\",\"target\":[\"https:\/\/litercreartefestival.com\/festival-litercrearte-2024\/\"]}]},{\"@type\":\"BreadcrumbList\",\"@id\":\"https:\/\/litercreartefestival.com\/festival-litercrearte-2024\/#breadcrumb\",\"itemListElement\":[{\"@type\":\"ListItem\",\"position\":1,\"name\":\"Portada\",\"item\":\"https:\/\/litercreartefestival.com\/\"},{\"@type\":\"ListItem\",\"position\":2,\"name\":\"Festival Litercrearte 2024\"}]},{\"@type\":\"WebSite\",\"@id\":\"https:\/\/litercreartefestival.com\/#website\",\"url\":\"https:\/\/litercreartefestival.com\/\",\"name\":\"FESTIVAL LITERCREARTE JAIALDIA\",\"description\":\"Festival que une teatro y literatura\",\"potentialAction\":[{\"@type\":\"SearchAction\",\"target\":{\"@type\":\"EntryPoint\",\"urlTemplate\":\"https:\/\/litercreartefestival.com\/?s={search_term_string}\"},\"query-input\":\"required name=search_term_string\"}],\"inLanguage\":\"eu\"}]}<\/script>\n<!-- \/ Yoast SEO plugin. -->","yoast_head_json":{"title":"Festival Litercrearte 2024 - FESTIVAL LITERCREARTE JAIALDIA","robots":{"index":"index","follow":"follow","max-snippet":"max-snippet:-1","max-image-preview":"max-image-preview:large","max-video-preview":"max-video-preview:-1"},"canonical":"https:\/\/litercreartefestival.com\/eu\/festival-litercrearte-2024\/","og_locale":"en_US","og_type":"article","og_title":"Festival Litercrearte 2024 - FESTIVAL LITERCREARTE JAIALDIA","og_url":"https:\/\/litercreartefestival.com\/eu\/festival-litercrearte-2024\/","og_site_name":"FESTIVAL LITERCREARTE JAIALDIA","article_modified_time":"2025-02-20T19:43:25+00:00","twitter_card":"summary_large_image","twitter_misc":{"Est. reading time":"4 minutua"},"schema":{"@context":"https:\/\/schema.org","@graph":[{"@type":"WebPage","@id":"https:\/\/litercreartefestival.com\/festival-litercrearte-2024\/","url":"https:\/\/litercreartefestival.com\/festival-litercrearte-2024\/","name":"Festival Litercrearte 2024 - FESTIVAL LITERCREARTE JAIALDIA","isPartOf":{"@id":"https:\/\/litercreartefestival.com\/#website"},"datePublished":"2023-09-27T16:33:02+00:00","dateModified":"2025-02-20T19:43:25+00:00","breadcrumb":{"@id":"https:\/\/litercreartefestival.com\/festival-litercrearte-2024\/#breadcrumb"},"inLanguage":"eu","potentialAction":[{"@type":"ReadAction","target":["https:\/\/litercreartefestival.com\/festival-litercrearte-2024\/"]}]},{"@type":"BreadcrumbList","@id":"https:\/\/litercreartefestival.com\/festival-litercrearte-2024\/#breadcrumb","itemListElement":[{"@type":"ListItem","position":1,"name":"Portada","item":"https:\/\/litercreartefestival.com\/"},{"@type":"ListItem","position":2,"name":"Festival Litercrearte 2024"}]},{"@type":"WebSite","@id":"https:\/\/litercreartefestival.com\/#website","url":"https:\/\/litercreartefestival.com\/","name":"FESTIVAL LITERCREARTE JAIALDIA","description":"Festival que une teatro y literatura","potentialAction":[{"@type":"SearchAction","target":{"@type":"EntryPoint","urlTemplate":"https:\/\/litercreartefestival.com\/?s={search_term_string}"},"query-input":"required name=search_term_string"}],"inLanguage":"eu"}]}},"_links":{"self":[{"href":"https:\/\/litercreartefestival.com\/eu\/wp-json\/wp\/v2\/pages\/7306","targetHints":{"allow":["GET"]}}],"collection":[{"href":"https:\/\/litercreartefestival.com\/eu\/wp-json\/wp\/v2\/pages"}],"about":[{"href":"https:\/\/litercreartefestival.com\/eu\/wp-json\/wp\/v2\/types\/page"}],"author":[{"embeddable":true,"href":"https:\/\/litercreartefestival.com\/eu\/wp-json\/wp\/v2\/users\/1"}],"replies":[{"embeddable":true,"href":"https:\/\/litercreartefestival.com\/eu\/wp-json\/wp\/v2\/comments?post=7306"}],"version-history":[{"count":4,"href":"https:\/\/litercreartefestival.com\/eu\/wp-json\/wp\/v2\/pages\/7306\/revisions"}],"predecessor-version":[{"id":8413,"href":"https:\/\/litercreartefestival.com\/eu\/wp-json\/wp\/v2\/pages\/7306\/revisions\/8413"}],"wp:attachment":[{"href":"https:\/\/litercreartefestival.com\/eu\/wp-json\/wp\/v2\/media?parent=7306"}],"curies":[{"name":"wp","href":"https:\/\/api.w.org\/{rel}","templated":true}]}}