{"id":7888,"date":"2024-09-16T17:20:00","date_gmt":"2024-09-16T17:20:00","guid":{"rendered":"https:\/\/www.literartefestival.com\/?page_id=7888"},"modified":"2025-09-16T17:52:18","modified_gmt":"2025-09-16T17:52:18","slug":"encontrarte-iii","status":"publish","type":"page","link":"https:\/\/litercreartefestival.com\/eu\/encontrarte-iii\/","title":{"rendered":"encontrArte III"},"content":{"rendered":"<div class=\"vc_row wpb_row vc_row-fluid\" ><div class=\"wpb_column vc_column_container vc_col-sm-2\"><div class=\"vc_column-inner\"><div class=\"wpb_wrapper\"><\/div><\/div><\/div><div class=\"wpb_column vc_column_container vc_col-sm-8\"><div class=\"vc_column-inner\"><div class=\"wpb_wrapper\">\n\t<div  class=\"wpb_single_image wpb_content_element vc_align_center\">\n\t\t\n\t\t<figure class=\"wpb_wrapper vc_figure\">\n\t\t\t<div class=\"vc_single_image-wrapper   vc_box_border_grey\"><img loading=\"lazy\" decoding=\"async\" width=\"300\" height=\"300\" src=\"https:\/\/litercreartefestival.com\/wp-content\/uploads\/2018\/04\/SECCIONES_TRZ_para-web_encontrarte-300x300.png\" class=\"vc_single_image-img attachment-medium\" alt=\"C\u00edrculo encontrarte\" srcset=\"https:\/\/litercreartefestival.com\/wp-content\/uploads\/2018\/04\/SECCIONES_TRZ_para-web_encontrarte-300x300.png 300w, https:\/\/litercreartefestival.com\/wp-content\/uploads\/2018\/04\/SECCIONES_TRZ_para-web_encontrarte-1024x1024.png 1024w, https:\/\/litercreartefestival.com\/wp-content\/uploads\/2018\/04\/SECCIONES_TRZ_para-web_encontrarte-150x150.png 150w, https:\/\/litercreartefestival.com\/wp-content\/uploads\/2018\/04\/SECCIONES_TRZ_para-web_encontrarte-768x768.png 768w, https:\/\/litercreartefestival.com\/wp-content\/uploads\/2018\/04\/SECCIONES_TRZ_para-web_encontrarte-550x550.png 550w, https:\/\/litercreartefestival.com\/wp-content\/uploads\/2018\/04\/SECCIONES_TRZ_para-web_encontrarte-1100x1100.png 1100w, https:\/\/litercreartefestival.com\/wp-content\/uploads\/2018\/04\/SECCIONES_TRZ_para-web_encontrarte.png 1181w\" sizes=\"auto, (max-width: 300px) 100vw, 300px\" \/><\/div>\n\t\t<\/figure>\n\t<\/div>\n<div class=\"mkdf-elements-holder    mkdf-one-column  mkdf-responsive-mode-768\" ><div class=\"mkdf-eh-item\"  data-item-class=\"mkdf-eh-custom-8729\">\n\t<div class=\"mkdf-eh-item-inner\">\n\t\t<div class=\"mkdf-eh-item-content mkdf-eh-custom-8729\" >\n\t\t\t<div  class=\"vc_wp_text wpb_content_element\"><div class=\"widget widget_text\">\t\t\t<div class=\"textwidget\"><\/p>\n<h5 style=\"text-align: center;\">Hausnarketarako, pentsamendu kritikorako eta sorkuntza partekaturako espazio parte-hartzailea, proiektuari eduki artistikoa ematen diona.<\/h5>\n<h5 style=\"text-align: center;\">Irakurketa-klubetan edizio bakoitzeko antzerkigileekin elkartzeko unea eta lekua, modu parte-hartzailean, lankidetzan eta modu horizontalean antzerki-lan bakoitza sortzeko.<\/h5>\n<h4 style=\"text-align: center;\"><span style=\"color: #123c5d;\">Nola parte hartu?<\/span><\/h4>\n<h5 style=\"text-align: center;\">Edizio bakoitzean antzerkigileen jarduera jasotzen duten liburutegi publikoetako irakurketa-klubetako kide izanik.<\/h5>\n<p>\n<\/div>\n\t\t<\/div><\/div><div class=\"vc_empty_space\"   style=\"height: 50px\"><span class=\"vc_empty_space_inner\"><\/span><\/div>\t\t<\/div>\n\t<\/div>\n<\/div><\/div><div class=\"vc_empty_space\"   style=\"height: 50px\"><span class=\"vc_empty_space_inner\"><\/span><\/div>\n\t<div class=\"wpb_gallery wpb_posts_slider wpb_content_element\" >\n\t\t<div class=\"wpb_wrapper\">\n\t\t\t\n\t\t\t<div class=\"wpb_gallery_slides wpb_flexslider flexslider_fade flexslider\" data-interval=\"3\" data-flex_fx=\"fade\"><ul class=\"slides\"><li><a class=\"link_image\" href=\"https:\/\/litercreartefestival.com\/eu\/8284-2\/\" title=\"Permalink to \"><img loading=\"lazy\" decoding=\"async\" width=\"1024\" height=\"576\" src=\"https:\/\/litercreartefestival.com\/wp-content\/uploads\/2024\/12\/17-12-RIBAFORADA-1-1024x576.jpg\" class=\"attachment-large\" alt=\"\" srcset=\"https:\/\/litercreartefestival.com\/wp-content\/uploads\/2024\/12\/17-12-RIBAFORADA-1-1024x576.jpg 1024w, https:\/\/litercreartefestival.com\/wp-content\/uploads\/2024\/12\/17-12-RIBAFORADA-1-300x169.jpg 300w, https:\/\/litercreartefestival.com\/wp-content\/uploads\/2024\/12\/17-12-RIBAFORADA-1-768x432.jpg 768w, https:\/\/litercreartefestival.com\/wp-content\/uploads\/2024\/12\/17-12-RIBAFORADA-1-1536x864.jpg 1536w, https:\/\/litercreartefestival.com\/wp-content\/uploads\/2024\/12\/17-12-RIBAFORADA-1-18x10.jpg 18w\" sizes=\"auto, (max-width: 1024px) 100vw, 1024px\" \/><\/a><div class=\"flex-caption\"><h2 class=\"post-title\"><a class=\"link_image\" href=\"https:\/\/litercreartefestival.com\/eu\/8284-2\/\" title=\"Permalink to \"><\/a><\/h2><p>Encuentro entre el club de lectura de la Biblioteca P\u00fablica de Ribaforada y nuestra dramaturga, Ana Maestroju\u00e1n<\/p>\n<\/div><\/li><li><a class=\"link_image\" href=\"https:\/\/litercreartefestival.com\/eu\/8281-2\/\" title=\"Permalink to \"><img loading=\"lazy\" decoding=\"async\" width=\"1024\" height=\"1024\" src=\"https:\/\/litercreartefestival.com\/wp-content\/uploads\/2024\/12\/17-12-CADREITA-1024x1024.jpg\" class=\"attachment-large\" alt=\"\" srcset=\"https:\/\/litercreartefestival.com\/wp-content\/uploads\/2024\/12\/17-12-CADREITA-1024x1024.jpg 1024w, https:\/\/litercreartefestival.com\/wp-content\/uploads\/2024\/12\/17-12-CADREITA-300x300.jpg 300w, https:\/\/litercreartefestival.com\/wp-content\/uploads\/2024\/12\/17-12-CADREITA-150x150.jpg 150w, https:\/\/litercreartefestival.com\/wp-content\/uploads\/2024\/12\/17-12-CADREITA-768x768.jpg 768w, https:\/\/litercreartefestival.com\/wp-content\/uploads\/2024\/12\/17-12-CADREITA-500x500.jpg 500w, https:\/\/litercreartefestival.com\/wp-content\/uploads\/2024\/12\/17-12-CADREITA-1536x1536.jpg 1536w, https:\/\/litercreartefestival.com\/wp-content\/uploads\/2024\/12\/17-12-CADREITA-12x12.jpg 12w, https:\/\/litercreartefestival.com\/wp-content\/uploads\/2024\/12\/17-12-CADREITA-550x550.jpg 550w, https:\/\/litercreartefestival.com\/wp-content\/uploads\/2024\/12\/17-12-CADREITA-1100x1100.jpg 1100w, https:\/\/litercreartefestival.com\/wp-content\/uploads\/2024\/12\/17-12-CADREITA.jpg 1599w\" sizes=\"auto, (max-width: 1024px) 100vw, 1024px\" \/><\/a><div class=\"flex-caption\"><h2 class=\"post-title\"><a class=\"link_image\" href=\"https:\/\/litercreartefestival.com\/eu\/8281-2\/\" title=\"Permalink to \"><\/a><\/h2><p>Encuentro entre el club de lectura de la Biblioteca de Cadreita y nuestro dramaturgo Asier Andueza<\/p>\n<\/div><\/li><li><a class=\"link_image\" href=\"https:\/\/litercreartefestival.com\/eu\/8276-2\/\" title=\"Permalink to \"><img loading=\"lazy\" decoding=\"async\" width=\"1024\" height=\"677\" src=\"https:\/\/litercreartefestival.com\/wp-content\/uploads\/2024\/12\/Recortada-1024x677.jpg\" class=\"attachment-large\" alt=\"\" srcset=\"https:\/\/litercreartefestival.com\/wp-content\/uploads\/2024\/12\/Recortada-1024x677.jpg 1024w, https:\/\/litercreartefestival.com\/wp-content\/uploads\/2024\/12\/Recortada-300x198.jpg 300w, https:\/\/litercreartefestival.com\/wp-content\/uploads\/2024\/12\/Recortada-768x507.jpg 768w, https:\/\/litercreartefestival.com\/wp-content\/uploads\/2024\/12\/Recortada-391x260.jpg 391w, https:\/\/litercreartefestival.com\/wp-content\/uploads\/2024\/12\/Recortada-1536x1015.jpg 1536w, https:\/\/litercreartefestival.com\/wp-content\/uploads\/2024\/12\/Recortada-18x12.jpg 18w\" sizes=\"auto, (max-width: 1024px) 100vw, 1024px\" \/><\/a><div class=\"flex-caption\"><h2 class=\"post-title\"><a class=\"link_image\" href=\"https:\/\/litercreartefestival.com\/eu\/8276-2\/\" title=\"Permalink to \"><\/a><\/h2><p>EncontrArte entre el club de lectura de la Biblioteca de Villafranca y la dramaturga Ana Maestroju\u00e1n<\/p>\n<\/div><\/li><li><a class=\"link_image\" href=\"https:\/\/litercreartefestival.com\/eu\/8268-2\/\" title=\"Permalink to \"><img loading=\"lazy\" decoding=\"async\" width=\"1024\" height=\"576\" src=\"https:\/\/litercreartefestival.com\/wp-content\/uploads\/2024\/11\/26-11-SAN-JORGE-1024x576.jpg\" class=\"attachment-large\" alt=\"\" srcset=\"https:\/\/litercreartefestival.com\/wp-content\/uploads\/2024\/11\/26-11-SAN-JORGE-1024x576.jpg 1024w, https:\/\/litercreartefestival.com\/wp-content\/uploads\/2024\/11\/26-11-SAN-JORGE-300x169.jpg 300w, https:\/\/litercreartefestival.com\/wp-content\/uploads\/2024\/11\/26-11-SAN-JORGE-768x432.jpg 768w, https:\/\/litercreartefestival.com\/wp-content\/uploads\/2024\/11\/26-11-SAN-JORGE-1536x864.jpg 1536w, https:\/\/litercreartefestival.com\/wp-content\/uploads\/2024\/11\/26-11-SAN-JORGE-18x10.jpg 18w\" sizes=\"auto, (max-width: 1024px) 100vw, 1024px\" \/><\/a><div class=\"flex-caption\"><h2 class=\"post-title\"><a class=\"link_image\" href=\"https:\/\/litercreartefestival.com\/eu\/8268-2\/\" title=\"Permalink to \"><\/a><\/h2><p>Encuentro entre algunos miembros del club de lectura de la Biblioteca de San Jorge y nuestro dramaturgo Patxi Larrea, detr\u00e1s de c\u00e1mara<\/p>\n<\/div><\/li><li><a class=\"link_image\" href=\"https:\/\/litercreartefestival.com\/eu\/8257-2\/\" title=\"Permalink to \"><img loading=\"lazy\" decoding=\"async\" width=\"1024\" height=\"760\" src=\"https:\/\/litercreartefestival.com\/wp-content\/uploads\/2024\/10\/28-10-MELIDA-1024x760.jpg\" class=\"attachment-large\" alt=\"\" srcset=\"https:\/\/litercreartefestival.com\/wp-content\/uploads\/2024\/10\/28-10-MELIDA-1024x760.jpg 1024w, https:\/\/litercreartefestival.com\/wp-content\/uploads\/2024\/10\/28-10-MELIDA-300x223.jpg 300w, https:\/\/litercreartefestival.com\/wp-content\/uploads\/2024\/10\/28-10-MELIDA-768x570.jpg 768w, https:\/\/litercreartefestival.com\/wp-content\/uploads\/2024\/10\/28-10-MELIDA-1536x1139.jpg 1536w, https:\/\/litercreartefestival.com\/wp-content\/uploads\/2024\/10\/28-10-MELIDA-16x12.jpg 16w, https:\/\/litercreartefestival.com\/wp-content\/uploads\/2024\/10\/28-10-MELIDA.jpg 1599w\" sizes=\"auto, (max-width: 1024px) 100vw, 1024px\" \/><\/a><div class=\"flex-caption\"><h2 class=\"post-title\"><a class=\"link_image\" href=\"https:\/\/litercreartefestival.com\/eu\/8257-2\/\" title=\"Permalink to \"><\/a><\/h2><p>EncontrArte entre el club de lectura de la Biblioteca de M\u00e9lida y la dramaturga Ana Maestroju\u00e1n.<\/p>\n<\/div><\/li><li><a class=\"link_image\" href=\"https:\/\/litercreartefestival.com\/eu\/8254-2\/\" title=\"Permalink to \"><img loading=\"lazy\" decoding=\"async\" width=\"1024\" height=\"771\" src=\"https:\/\/litercreartefestival.com\/wp-content\/uploads\/2024\/10\/21-10-MENDILLORRI-1-1024x771.jpg\" class=\"attachment-large\" alt=\"\" srcset=\"https:\/\/litercreartefestival.com\/wp-content\/uploads\/2024\/10\/21-10-MENDILLORRI-1-1024x771.jpg 1024w, https:\/\/litercreartefestival.com\/wp-content\/uploads\/2024\/10\/21-10-MENDILLORRI-1-300x226.jpg 300w, https:\/\/litercreartefestival.com\/wp-content\/uploads\/2024\/10\/21-10-MENDILLORRI-1-768x578.jpg 768w, https:\/\/litercreartefestival.com\/wp-content\/uploads\/2024\/10\/21-10-MENDILLORRI-1-1536x1157.jpg 1536w, https:\/\/litercreartefestival.com\/wp-content\/uploads\/2024\/10\/21-10-MENDILLORRI-1-16x12.jpg 16w\" sizes=\"auto, (max-width: 1024px) 100vw, 1024px\" \/><\/a><div class=\"flex-caption\"><h2 class=\"post-title\"><a class=\"link_image\" href=\"https:\/\/litercreartefestival.com\/eu\/8254-2\/\" title=\"Permalink to \"><\/a><\/h2><p>EncontrArte entre el club de lectura de la Biblioteca de Mendillorri y el dramaturgo Asier Andueza.<\/p>\n<\/div><\/li><li><a class=\"link_image\" href=\"https:\/\/litercreartefestival.com\/eu\/8246-2\/\" title=\"Permalink to \"><img loading=\"lazy\" decoding=\"async\" width=\"1024\" height=\"580\" src=\"https:\/\/litercreartefestival.com\/wp-content\/uploads\/2024\/11\/20-11-CASTEJON-1024x580.jpg\" class=\"attachment-large\" alt=\"\" srcset=\"https:\/\/litercreartefestival.com\/wp-content\/uploads\/2024\/11\/20-11-CASTEJON-1024x580.jpg 1024w, https:\/\/litercreartefestival.com\/wp-content\/uploads\/2024\/11\/20-11-CASTEJON-300x170.jpg 300w, https:\/\/litercreartefestival.com\/wp-content\/uploads\/2024\/11\/20-11-CASTEJON-768x435.jpg 768w, https:\/\/litercreartefestival.com\/wp-content\/uploads\/2024\/11\/20-11-CASTEJON-1536x870.jpg 1536w, https:\/\/litercreartefestival.com\/wp-content\/uploads\/2024\/11\/20-11-CASTEJON-18x10.jpg 18w, https:\/\/litercreartefestival.com\/wp-content\/uploads\/2024\/11\/20-11-CASTEJON.jpg 1817w\" sizes=\"auto, (max-width: 1024px) 100vw, 1024px\" \/><\/a><div class=\"flex-caption\"><h2 class=\"post-title\"><a class=\"link_image\" href=\"https:\/\/litercreartefestival.com\/eu\/8246-2\/\" title=\"Permalink to \"><\/a><\/h2><p>EncontrArte entre el club de lectura de la Biblioteca de Castej\u00f3n y la dramaturga Ventura Ruiz<\/p>\n<\/div><\/li><li><a class=\"link_image\" href=\"https:\/\/litercreartefestival.com\/eu\/8241-2\/\" title=\"Permalink to \"><img loading=\"lazy\" decoding=\"async\" width=\"1024\" height=\"576\" src=\"https:\/\/litercreartefestival.com\/wp-content\/uploads\/2024\/11\/19-11-ANSOAIN-1024x576.jpg\" class=\"attachment-large\" alt=\"\" srcset=\"https:\/\/litercreartefestival.com\/wp-content\/uploads\/2024\/11\/19-11-ANSOAIN-1024x576.jpg 1024w, https:\/\/litercreartefestival.com\/wp-content\/uploads\/2024\/11\/19-11-ANSOAIN-300x169.jpg 300w, https:\/\/litercreartefestival.com\/wp-content\/uploads\/2024\/11\/19-11-ANSOAIN-768x432.jpg 768w, https:\/\/litercreartefestival.com\/wp-content\/uploads\/2024\/11\/19-11-ANSOAIN-1536x864.jpg 1536w, https:\/\/litercreartefestival.com\/wp-content\/uploads\/2024\/11\/19-11-ANSOAIN-18x10.jpg 18w\" sizes=\"auto, (max-width: 1024px) 100vw, 1024px\" \/><\/a><div class=\"flex-caption\"><h2 class=\"post-title\"><a class=\"link_image\" href=\"https:\/\/litercreartefestival.com\/eu\/8241-2\/\" title=\"Permalink to \"><\/a><\/h2><p>EncontrArte entre el club de lectura de la Biblioteca de Anso\u00e1in y el dramaturgo Patxi Larrea<\/p>\n<\/div><\/li><li><a class=\"link_image\" href=\"https:\/\/litercreartefestival.com\/eu\/8214-2\/\" title=\"Permalink to \"><img loading=\"lazy\" decoding=\"async\" width=\"1024\" height=\"771\" src=\"https:\/\/litercreartefestival.com\/wp-content\/uploads\/2024\/11\/16-11-MANERU-1024x771.jpg\" class=\"attachment-large\" alt=\"\" srcset=\"https:\/\/litercreartefestival.com\/wp-content\/uploads\/2024\/11\/16-11-MANERU-1024x771.jpg 1024w, https:\/\/litercreartefestival.com\/wp-content\/uploads\/2024\/11\/16-11-MANERU-300x226.jpg 300w, https:\/\/litercreartefestival.com\/wp-content\/uploads\/2024\/11\/16-11-MANERU-768x578.jpg 768w, https:\/\/litercreartefestival.com\/wp-content\/uploads\/2024\/11\/16-11-MANERU-1536x1156.jpg 1536w, https:\/\/litercreartefestival.com\/wp-content\/uploads\/2024\/11\/16-11-MANERU-16x12.jpg 16w, https:\/\/litercreartefestival.com\/wp-content\/uploads\/2024\/11\/16-11-MANERU.jpg 1600w\" sizes=\"auto, (max-width: 1024px) 100vw, 1024px\" \/><\/a><div class=\"flex-caption\"><h2 class=\"post-title\"><a class=\"link_image\" href=\"https:\/\/litercreartefestival.com\/eu\/8214-2\/\" title=\"Permalink to \"><\/a><\/h2><p>Encuentro el 16 de noviembre entre el club de lectura de la Biblioteca de Ma\u00f1eru y la dramaturga Ana Maestroju\u00e1n<\/p>\n<\/div><\/li><li><a class=\"link_image\" href=\"https:\/\/litercreartefestival.com\/eu\/8205-2\/\" title=\"Permalink to \"><img loading=\"lazy\" decoding=\"async\" width=\"1024\" height=\"768\" src=\"https:\/\/litercreartefestival.com\/wp-content\/uploads\/2024\/10\/Imagen-de-WhatsApp-2024-11-13-a-las-20.55.08_70cb5e20-1024x768.jpg\" class=\"attachment-large\" alt=\"\" srcset=\"https:\/\/litercreartefestival.com\/wp-content\/uploads\/2024\/10\/Imagen-de-WhatsApp-2024-11-13-a-las-20.55.08_70cb5e20-1024x768.jpg 1024w, https:\/\/litercreartefestival.com\/wp-content\/uploads\/2024\/10\/Imagen-de-WhatsApp-2024-11-13-a-las-20.55.08_70cb5e20-300x225.jpg 300w, https:\/\/litercreartefestival.com\/wp-content\/uploads\/2024\/10\/Imagen-de-WhatsApp-2024-11-13-a-las-20.55.08_70cb5e20-768x576.jpg 768w, https:\/\/litercreartefestival.com\/wp-content\/uploads\/2024\/10\/Imagen-de-WhatsApp-2024-11-13-a-las-20.55.08_70cb5e20-1536x1152.jpg 1536w, https:\/\/litercreartefestival.com\/wp-content\/uploads\/2024\/10\/Imagen-de-WhatsApp-2024-11-13-a-las-20.55.08_70cb5e20-16x12.jpg 16w, https:\/\/litercreartefestival.com\/wp-content\/uploads\/2024\/10\/Imagen-de-WhatsApp-2024-11-13-a-las-20.55.08_70cb5e20.jpg 1600w\" sizes=\"auto, (max-width: 1024px) 100vw, 1024px\" \/><\/a><div class=\"flex-caption\"><h2 class=\"post-title\"><a class=\"link_image\" href=\"https:\/\/litercreartefestival.com\/eu\/8205-2\/\" title=\"Permalink to \"><\/a><\/h2><p>Encuentro el 13 de noviembre con el club de lectura de la Biblioteca de Navarra y la dramaturga Ventura Ruiz<\/p>\n<\/div><\/li><li><a class=\"link_image\" href=\"https:\/\/litercreartefestival.com\/eu\/8201-2\/\" title=\"Permalink to \"><img loading=\"lazy\" decoding=\"async\" width=\"1024\" height=\"768\" src=\"https:\/\/litercreartefestival.com\/wp-content\/uploads\/2024\/10\/Imagen-de-WhatsApp-2024-11-13-a-las-13.10.26_d47f919d-1024x768.jpg\" class=\"attachment-large\" alt=\"\" srcset=\"https:\/\/litercreartefestival.com\/wp-content\/uploads\/2024\/10\/Imagen-de-WhatsApp-2024-11-13-a-las-13.10.26_d47f919d-1024x768.jpg 1024w, https:\/\/litercreartefestival.com\/wp-content\/uploads\/2024\/10\/Imagen-de-WhatsApp-2024-11-13-a-las-13.10.26_d47f919d-300x225.jpg 300w, https:\/\/litercreartefestival.com\/wp-content\/uploads\/2024\/10\/Imagen-de-WhatsApp-2024-11-13-a-las-13.10.26_d47f919d-768x576.jpg 768w, https:\/\/litercreartefestival.com\/wp-content\/uploads\/2024\/10\/Imagen-de-WhatsApp-2024-11-13-a-las-13.10.26_d47f919d-1536x1152.jpg 1536w, https:\/\/litercreartefestival.com\/wp-content\/uploads\/2024\/10\/Imagen-de-WhatsApp-2024-11-13-a-las-13.10.26_d47f919d-16x12.jpg 16w\" sizes=\"auto, (max-width: 1024px) 100vw, 1024px\" \/><\/a><div class=\"flex-caption\"><h2 class=\"post-title\"><a class=\"link_image\" href=\"https:\/\/litercreartefestival.com\/eu\/8201-2\/\" title=\"Permalink to \"><\/a><\/h2><p>Encuentro entre el club de lectura de la Biblioteca del Valle de Aranguren y el dramaturgo Asier Andueza el pasado 12 de noviembre<\/p>\n<\/div><\/li><li><a class=\"link_image\" href=\"https:\/\/litercreartefestival.com\/eu\/encuentro-del-21-de-octubre-entre-los-clubs-de-lectura-de-mendillorri-el-dramaturgo-asier-andueza-y-begona-pro-uriarte-autora-de-la-novela-la-dama-blanca-de-chamapana\/\" title=\"Permalink to \"><img loading=\"lazy\" decoding=\"async\" width=\"1024\" height=\"771\" src=\"https:\/\/litercreartefestival.com\/wp-content\/uploads\/2024\/10\/21-10-MENDILLORRI-1-1024x771.jpg\" class=\"attachment-large\" alt=\"\" srcset=\"https:\/\/litercreartefestival.com\/wp-content\/uploads\/2024\/10\/21-10-MENDILLORRI-1-1024x771.jpg 1024w, https:\/\/litercreartefestival.com\/wp-content\/uploads\/2024\/10\/21-10-MENDILLORRI-1-300x226.jpg 300w, https:\/\/litercreartefestival.com\/wp-content\/uploads\/2024\/10\/21-10-MENDILLORRI-1-768x578.jpg 768w, https:\/\/litercreartefestival.com\/wp-content\/uploads\/2024\/10\/21-10-MENDILLORRI-1-1536x1157.jpg 1536w, https:\/\/litercreartefestival.com\/wp-content\/uploads\/2024\/10\/21-10-MENDILLORRI-1-16x12.jpg 16w\" sizes=\"auto, (max-width: 1024px) 100vw, 1024px\" \/><\/a><div class=\"flex-caption\"><h2 class=\"post-title\"><a class=\"link_image\" href=\"https:\/\/litercreartefestival.com\/eu\/encuentro-del-21-de-octubre-entre-los-clubs-de-lectura-de-mendillorri-el-dramaturgo-asier-andueza-y-begona-pro-uriarte-autora-de-la-novela-la-dama-blanca-de-chamapana\/\" title=\"Permalink to \"><\/a><\/h2><p>Encuentro del 21 de octubre entre los clubs de lectura de Mendillorri, el dramaturgo Asier Andueza y Bego\u00f1a Pro Uriarte, autora de la novela \u00abLa dama blanca de Champa\u00f1a\u00bb.<\/p>\n<\/div><\/li><li><a class=\"link_image\" href=\"https:\/\/litercreartefestival.com\/eu\/encuentro-del-28-de-octubre-entre-el-club-de-lectura-de-melida-y-nuestra-dramaturga-ana-maestrojuan\/\" title=\"Permalink to \"><img loading=\"lazy\" decoding=\"async\" width=\"1024\" height=\"760\" src=\"https:\/\/litercreartefestival.com\/wp-content\/uploads\/2024\/10\/28-10-MELIDA-1024x760.jpg\" class=\"attachment-large\" alt=\"\" srcset=\"https:\/\/litercreartefestival.com\/wp-content\/uploads\/2024\/10\/28-10-MELIDA-1024x760.jpg 1024w, https:\/\/litercreartefestival.com\/wp-content\/uploads\/2024\/10\/28-10-MELIDA-300x223.jpg 300w, https:\/\/litercreartefestival.com\/wp-content\/uploads\/2024\/10\/28-10-MELIDA-768x570.jpg 768w, https:\/\/litercreartefestival.com\/wp-content\/uploads\/2024\/10\/28-10-MELIDA-1536x1139.jpg 1536w, https:\/\/litercreartefestival.com\/wp-content\/uploads\/2024\/10\/28-10-MELIDA-16x12.jpg 16w, https:\/\/litercreartefestival.com\/wp-content\/uploads\/2024\/10\/28-10-MELIDA.jpg 1599w\" sizes=\"auto, (max-width: 1024px) 100vw, 1024px\" \/><\/a><div class=\"flex-caption\"><h2 class=\"post-title\"><a class=\"link_image\" href=\"https:\/\/litercreartefestival.com\/eu\/encuentro-del-28-de-octubre-entre-el-club-de-lectura-de-melida-y-nuestra-dramaturga-ana-maestrojuan\/\" title=\"Permalink to \"><\/a><\/h2><p>Encuentro del 28 de octubre entre el club de lectura de M\u00e9lida y nuestra dramaturga Ana Maestroju\u00e1n.<\/p>\n<\/div><\/li><li><a class=\"link_image\" href=\"https:\/\/litercreartefestival.com\/eu\/encuentro-del-5-de-noviembre-entre-el-club-de-lectura-de-ultzama-y-nuestro-dramaturgo-patxi-larrea\/\" title=\"Permalink to \"><img loading=\"lazy\" decoding=\"async\" width=\"1024\" height=\"576\" src=\"https:\/\/litercreartefestival.com\/wp-content\/uploads\/2024\/11\/05-11-ULZAMA-1024x576.jpg\" class=\"attachment-large\" alt=\"\" srcset=\"https:\/\/litercreartefestival.com\/wp-content\/uploads\/2024\/11\/05-11-ULZAMA-1024x576.jpg 1024w, https:\/\/litercreartefestival.com\/wp-content\/uploads\/2024\/11\/05-11-ULZAMA-300x169.jpg 300w, https:\/\/litercreartefestival.com\/wp-content\/uploads\/2024\/11\/05-11-ULZAMA-768x432.jpg 768w, https:\/\/litercreartefestival.com\/wp-content\/uploads\/2024\/11\/05-11-ULZAMA-1536x864.jpg 1536w, https:\/\/litercreartefestival.com\/wp-content\/uploads\/2024\/11\/05-11-ULZAMA-18x10.jpg 18w\" sizes=\"auto, (max-width: 1024px) 100vw, 1024px\" \/><\/a><div class=\"flex-caption\"><h2 class=\"post-title\"><a class=\"link_image\" href=\"https:\/\/litercreartefestival.com\/eu\/encuentro-del-5-de-noviembre-entre-el-club-de-lectura-de-ultzama-y-nuestro-dramaturgo-patxi-larrea\/\" title=\"Permalink to \"><\/a><\/h2><p>Encuentro del 5 de noviembre entre el club de lectura de Ultzama y nuestro dramaturgo Patxi Larrea.<\/p>\n<\/div><\/li><\/ul><\/div>\n\t\t<\/div>\n\t<\/div>\n<\/div><\/div><\/div><div class=\"wpb_column vc_column_container vc_col-sm-2\"><div class=\"vc_column-inner\"><div class=\"wpb_wrapper\"><\/div><\/div><\/div><\/div><div class=\"mkdf-row-grid-section-wrapper mkdf-content-aligment-center\"  ><div class=\"mkdf-row-grid-section\"><div class=\"vc_row wpb_row vc_row-fluid vc_custom_1663431812009\" ><div class=\"wpb_column vc_column_container vc_col-sm-6\"><div class=\"vc_column-inner\"><div class=\"wpb_wrapper\"><div class=\"mkdf-elements-holder    mkdf-one-column  mkdf-responsive-mode-768\" ><div class=\"mkdf-eh-item\"  data-item-class=\"mkdf-eh-custom-7698\">\n\t<div class=\"mkdf-eh-item-inner\">\n\t\t<div class=\"mkdf-eh-item-content mkdf-eh-custom-7698\" >\n\t\t\t\n\t<div class=\"wpb_raw_code wpb_content_element wpb_raw_html\" >\n\t\t<div class=\"wpb_wrapper\">\n\t\t\t\n<div id=\"sb_instagram\"  class=\"sbi sbi_mob_col_1 sbi_tab_col_2 sbi_col_3 sbi_width_resp\" style=\"padding-bottom: 10px;\" data-feedid=\"*1\"  data-res=\"auto\" data-cols=\"3\" data-colsmobile=\"1\" data-colstablet=\"2\" data-num=\"6\" data-nummobile=\"6\" data-item-padding=\"5\" data-shortcode-atts=\"{&quot;feed&quot;:&quot;1&quot;}\"  data-postid=\"8171\" data-locatornonce=\"6fced566b2\" data-imageaspectratio=\"1:1\" data-sbi-flags=\"favorLocal\">\n\t<div class=\"sb_instagram_header\"   >\n\t<a class=\"sbi_header_link\" target=\"_blank\" rel=\"nofollow noopener\" href=\"https:\/\/www.instagram.com\/produccionesmaestras\/\" title=\"@produccionesmaestras\">\n\t\t<div class=\"sbi_header_text\">\n\t\t\t<div class=\"sbi_header_img\"  data-avatar-url=\"https:\/\/scontent-mad2-1.cdninstagram.com\/v\/t51.2885-19\/403906560_313353624840320_3063346206035166707_n.jpg?stp=dst-jpg_s206x206_tt6&amp;_nc_cat=109&amp;ccb=7-5&amp;_nc_sid=bf7eb4&amp;efg=eyJ2ZW5jb2RlX3RhZyI6InByb2ZpbGVfcGljLnd3dy4xMDgwLkMzIn0%3D&amp;_nc_ohc=TR6jcWoAdlcQ7kNvwHiZMV-&amp;_nc_oc=AdpKoSLH8zCYUHrvEgFxKGBfhnKZBl1xETkJFtRWt4XEk48wT0J4pau_vBu3W5o-IiM&amp;_nc_zt=24&amp;_nc_ht=scontent-mad2-1.cdninstagram.com&amp;edm=AP4hL3IEAAAA&amp;_nc_tpa=Q5bMBQLGDH8foyRXLOrV9HAvb22gToHWp2VFNisPm2VX-xA8WmlJ1QZlo6GBykzrzR3f9ksQvgbvEMKjCQ&amp;oh=00_AQLMYxp15JckhqUKusE2TjYMFJM1t8CiuJC_gV-6zsG6CQ&amp;oe=6A9C2349\">\n\t\t\t\t\t\t\t\t\t<div class=\"sbi_header_img_hover\"  ><svg class=\"sbi_new_logo fa-instagram fa-w-14\" aria-hidden=\"true\" data-fa-processed=\"\" aria-label=\"Instagram\" data-prefix=\"fab\" data-icon=\"instagram\" role=\"img\" viewbox=\"0 0 448 512\">\n\t                <path fill=\"currentColor\" d=\"M224.1 141c-63.6 0-114.9 51.3-114.9 114.9s51.3 114.9 114.9 114.9S339 319.5 339 255.9 287.7 141 224.1 141zm0 189.6c-41.1 0-74.7-33.5-74.7-74.7s33.5-74.7 74.7-74.7 74.7 33.5 74.7 74.7-33.6 74.7-74.7 74.7zm146.4-194.3c0 14.9-12 26.8-26.8 26.8-14.9 0-26.8-12-26.8-26.8s12-26.8 26.8-26.8 26.8 12 26.8 26.8zm76.1 27.2c-1.7-35.9-9.9-67.7-36.2-93.9-26.2-26.2-58-34.4-93.9-36.2-37-2.1-147.9-2.1-184.9 0-35.8 1.7-67.6 9.9-93.9 36.1s-34.4 58-36.2 93.9c-2.1 37-2.1 147.9 0 184.9 1.7 35.9 9.9 67.7 36.2 93.9s58 34.4 93.9 36.2c37 2.1 147.9 2.1 184.9 0 35.9-1.7 67.7-9.9 93.9-36.2 26.2-26.2 34.4-58 36.2-93.9 2.1-37 2.1-147.8 0-184.8zM398.8 388c-7.8 19.6-22.9 34.7-42.6 42.6-29.5 11.7-99.5 9-132.1 9s-102.7 2.6-132.1-9c-19.6-7.8-34.7-22.9-42.6-42.6-11.7-29.5-9-99.5-9-132.1s-2.6-102.7 9-132.1c7.8-19.6 22.9-34.7 42.6-42.6 29.5-11.7 99.5-9 132.1-9s102.7-2.6 132.1 9c19.6 7.8 34.7 22.9 42.6 42.6 11.7 29.5 9 99.5 9 132.1s2.7 102.7-9 132.1z\"><\/path>\n\t            <\/svg><\/div>\n\t\t\t\t\t<img loading=\"lazy\" decoding=\"async\"  src=\"https:\/\/litercreartefestival.com\/wp-content\/uploads\/2016\/08\/cropped-Logo-literarte-para-web-negro-01.png\" alt=\"Producciones Maestras C\u00aa Teatral\" width=\"50\" height=\"50\">\n\t\t\t\t\t\t\t\t\t\t\t<\/div>\n\n\t\t\t<div class=\"sbi_feedtheme_header_text\">\n\t\t\t\t<h3 style=\"color: rgb(135,0,100);\">produccionesmaestras<\/h3>\n\t\t\t\t\t\t\t\t\t<p class=\"sbi_bio\" style=\"color: rgb(135,0,100);\">Creamos y producimos espect\u00e1culos teatrales sobre textos propios con la firme vocaci\u00f3n de superarnos en cada nuevo espect\u00e1culo<\/p>\n\t\t\t\t\t\t\t<\/div>\n\t\t<\/div>\n\t<\/a>\n<\/div>\n\n    <div id=\"sbi_images\"  style=\"gap: 10px;\">\n\t\t<div class=\"sbi_item sbi_type_carousel sbi_new sbi_transition\" id=\"sbi_18622042546048980\" data-date=\"1787914821\">\n    <div class=\"sbi_photo_wrap\">\n        <a class=\"sbi_photo\" href=\"https:\/\/www.instagram.com\/p\/DclNILXCNZ7\/\" target=\"_blank\" rel=\"noopener nofollow\" data-full-res=\"https:\/\/scontent-mad1-1.cdninstagram.com\/v\/t39.30808-6\/788141630_1515386577055993_3953383608379648314_n.jpg?stp=dst-jpg_e35_tt6&#038;_nc_cat=106&#038;ccb=7-5&#038;_nc_sid=18de74&#038;efg=eyJlZmdfdGFnIjoiQ0FST1VTRUxfSVRFTS5iZXN0X2ltYWdlX3VybGdlbi5DMyJ9&#038;_nc_ohc=392QhFKhkZ4Q7kNvwGmVtDl&#038;_nc_oc=AdqxY_SOq0Wk4XTZZ3YYM4yXmDf-4xEf_XDir5cZcLeay6R3x560vNRS1ovUxwgljhc&#038;_nc_zt=23&#038;_nc_ht=scontent-mad1-1.cdninstagram.com&#038;edm=ANo9K5cEAAAA&#038;_nc_gid=VQlDu7m3LlsK8UWiF044MA&#038;_nc_tpa=Q5bMBQIUBJdkOAk7RJMJzxMxzeYHvkmbcx2DA6mf8n8piRaD1nUGLFbDdkoo68v2fjjOWwqSMCZ05M4fqA&#038;oh=00_AQLp9pscV23jUMeh_aeQP1HzGzUTEBF5ztbyaKpho_w7lA&#038;oe=6A9C2801\" data-img-src-set=\"{&quot;d&quot;:&quot;https:\\\/\\\/scontent-mad1-1.cdninstagram.com\\\/v\\\/t39.30808-6\\\/788141630_1515386577055993_3953383608379648314_n.jpg?stp=dst-jpg_e35_tt6&amp;_nc_cat=106&amp;ccb=7-5&amp;_nc_sid=18de74&amp;efg=eyJlZmdfdGFnIjoiQ0FST1VTRUxfSVRFTS5iZXN0X2ltYWdlX3VybGdlbi5DMyJ9&amp;_nc_ohc=392QhFKhkZ4Q7kNvwGmVtDl&amp;_nc_oc=AdqxY_SOq0Wk4XTZZ3YYM4yXmDf-4xEf_XDir5cZcLeay6R3x560vNRS1ovUxwgljhc&amp;_nc_zt=23&amp;_nc_ht=scontent-mad1-1.cdninstagram.com&amp;edm=ANo9K5cEAAAA&amp;_nc_gid=VQlDu7m3LlsK8UWiF044MA&amp;_nc_tpa=Q5bMBQIUBJdkOAk7RJMJzxMxzeYHvkmbcx2DA6mf8n8piRaD1nUGLFbDdkoo68v2fjjOWwqSMCZ05M4fqA&amp;oh=00_AQLp9pscV23jUMeh_aeQP1HzGzUTEBF5ztbyaKpho_w7lA&amp;oe=6A9C2801&quot;,&quot;150&quot;:&quot;https:\\\/\\\/scontent-mad1-1.cdninstagram.com\\\/v\\\/t39.30808-6\\\/788141630_1515386577055993_3953383608379648314_n.jpg?stp=dst-jpg_e35_tt6&amp;_nc_cat=106&amp;ccb=7-5&amp;_nc_sid=18de74&amp;efg=eyJlZmdfdGFnIjoiQ0FST1VTRUxfSVRFTS5iZXN0X2ltYWdlX3VybGdlbi5DMyJ9&amp;_nc_ohc=392QhFKhkZ4Q7kNvwGmVtDl&amp;_nc_oc=AdqxY_SOq0Wk4XTZZ3YYM4yXmDf-4xEf_XDir5cZcLeay6R3x560vNRS1ovUxwgljhc&amp;_nc_zt=23&amp;_nc_ht=scontent-mad1-1.cdninstagram.com&amp;edm=ANo9K5cEAAAA&amp;_nc_gid=VQlDu7m3LlsK8UWiF044MA&amp;_nc_tpa=Q5bMBQIUBJdkOAk7RJMJzxMxzeYHvkmbcx2DA6mf8n8piRaD1nUGLFbDdkoo68v2fjjOWwqSMCZ05M4fqA&amp;oh=00_AQLp9pscV23jUMeh_aeQP1HzGzUTEBF5ztbyaKpho_w7lA&amp;oe=6A9C2801&quot;,&quot;320&quot;:&quot;https:\\\/\\\/scontent-mad1-1.cdninstagram.com\\\/v\\\/t39.30808-6\\\/788141630_1515386577055993_3953383608379648314_n.jpg?stp=dst-jpg_e35_tt6&amp;_nc_cat=106&amp;ccb=7-5&amp;_nc_sid=18de74&amp;efg=eyJlZmdfdGFnIjoiQ0FST1VTRUxfSVRFTS5iZXN0X2ltYWdlX3VybGdlbi5DMyJ9&amp;_nc_ohc=392QhFKhkZ4Q7kNvwGmVtDl&amp;_nc_oc=AdqxY_SOq0Wk4XTZZ3YYM4yXmDf-4xEf_XDir5cZcLeay6R3x560vNRS1ovUxwgljhc&amp;_nc_zt=23&amp;_nc_ht=scontent-mad1-1.cdninstagram.com&amp;edm=ANo9K5cEAAAA&amp;_nc_gid=VQlDu7m3LlsK8UWiF044MA&amp;_nc_tpa=Q5bMBQIUBJdkOAk7RJMJzxMxzeYHvkmbcx2DA6mf8n8piRaD1nUGLFbDdkoo68v2fjjOWwqSMCZ05M4fqA&amp;oh=00_AQLp9pscV23jUMeh_aeQP1HzGzUTEBF5ztbyaKpho_w7lA&amp;oe=6A9C2801&quot;,&quot;640&quot;:&quot;https:\\\/\\\/scontent-mad1-1.cdninstagram.com\\\/v\\\/t39.30808-6\\\/788141630_1515386577055993_3953383608379648314_n.jpg?stp=dst-jpg_e35_tt6&amp;_nc_cat=106&amp;ccb=7-5&amp;_nc_sid=18de74&amp;efg=eyJlZmdfdGFnIjoiQ0FST1VTRUxfSVRFTS5iZXN0X2ltYWdlX3VybGdlbi5DMyJ9&amp;_nc_ohc=392QhFKhkZ4Q7kNvwGmVtDl&amp;_nc_oc=AdqxY_SOq0Wk4XTZZ3YYM4yXmDf-4xEf_XDir5cZcLeay6R3x560vNRS1ovUxwgljhc&amp;_nc_zt=23&amp;_nc_ht=scontent-mad1-1.cdninstagram.com&amp;edm=ANo9K5cEAAAA&amp;_nc_gid=VQlDu7m3LlsK8UWiF044MA&amp;_nc_tpa=Q5bMBQIUBJdkOAk7RJMJzxMxzeYHvkmbcx2DA6mf8n8piRaD1nUGLFbDdkoo68v2fjjOWwqSMCZ05M4fqA&amp;oh=00_AQLp9pscV23jUMeh_aeQP1HzGzUTEBF5ztbyaKpho_w7lA&amp;oe=6A9C2801&quot;}\">\n            <span class=\"sbi-screenreader\">\ud83e\udd29\ud83d\udc49Disfrutando de estos d\u00edas en Ciudad Rodri<\/span>\n            <svg class=\"svg-inline--fa fa-clone fa-w-16 sbi_lightbox_carousel_icon\" aria-hidden=\"true\" aria-label=\"Clone\" data-fa-pro\u0192cessed=\"\" data-prefix=\"far\" data-icon=\"clone\" role=\"img\" xmlns=\"http:\/\/www.w3.org\/2000\/svg\" viewbox=\"0 0 512 512\">\n\t                <path fill=\"currentColor\" d=\"M464 0H144c-26.51 0-48 21.49-48 48v48H48c-26.51 0-48 21.49-48 48v320c0 26.51 21.49 48 48 48h320c26.51 0 48-21.49 48-48v-48h48c26.51 0 48-21.49 48-48V48c0-26.51-21.49-48-48-48zM362 464H54a6 6 0 0 1-6-6V150a6 6 0 0 1 6-6h42v224c0 26.51 21.49 48 48 48h224v42a6 6 0 0 1-6 6zm96-96H150a6 6 0 0 1-6-6V54a6 6 0 0 1 6-6h308a6 6 0 0 1 6 6v308a6 6 0 0 1-6 6z\"><\/path>\n\t            <\/svg>\t                    <img decoding=\"async\" src=\"https:\/\/litercreartefestival.com\/wp-content\/plugins\/instagram-feed\/img\/placeholder.png\" alt=\"\ud83e\udd29\ud83d\udc49Disfrutando de estos d\u00edas en Ciudad Rodrigo. \u2728\ud83e\udd29\">\n        <\/a>\n    <\/div>\n<\/div><div class=\"sbi_item sbi_type_carousel sbi_new sbi_transition\" id=\"sbi_18128418775780032\" data-date=\"1787850021\">\n    <div class=\"sbi_photo_wrap\">\n        <a class=\"sbi_photo\" href=\"https:\/\/www.instagram.com\/p\/DcjRiB-DdsD\/\" target=\"_blank\" rel=\"noopener nofollow\" data-full-res=\"https:\/\/scontent-mad1-1.cdninstagram.com\/v\/t39.30808-6\/731525380_1462057059055612_5466432731428637033_n.jpg?stp=dst-jpg_e35_tt6&#038;_nc_cat=103&#038;ccb=7-5&#038;_nc_sid=18de74&#038;efg=eyJlZmdfdGFnIjoiQ0FST1VTRUxfSVRFTS5iZXN0X2ltYWdlX3VybGdlbi5DMyJ9&#038;_nc_ohc=qxwR5OjrhfUQ7kNvwHiZHtB&#038;_nc_oc=AdqU_TTSRj6h9JqYyrMmwjI4Nfg95OotRyTo_8i78pt878A1QSlpfxfecXjwu4Or2-U&#038;_nc_zt=23&#038;_nc_ht=scontent-mad1-1.cdninstagram.com&#038;edm=ANo9K5cEAAAA&#038;_nc_gid=VQlDu7m3LlsK8UWiF044MA&#038;_nc_tpa=Q5bMBQJHAEG-1L4XB0ils6AQ2znXcjjnwCr2DgqdaQL6poriBUzHQG25ELSB8BqyXm63YCbPmt3OWyjReA&#038;oh=00_AQLETM47g4hrSoGiKz00-opGhIepZUeNgiZGb97VjI2KJQ&#038;oe=6A9C36BC\" data-img-src-set=\"{&quot;d&quot;:&quot;https:\\\/\\\/scontent-mad1-1.cdninstagram.com\\\/v\\\/t39.30808-6\\\/731525380_1462057059055612_5466432731428637033_n.jpg?stp=dst-jpg_e35_tt6&amp;_nc_cat=103&amp;ccb=7-5&amp;_nc_sid=18de74&amp;efg=eyJlZmdfdGFnIjoiQ0FST1VTRUxfSVRFTS5iZXN0X2ltYWdlX3VybGdlbi5DMyJ9&amp;_nc_ohc=qxwR5OjrhfUQ7kNvwHiZHtB&amp;_nc_oc=AdqU_TTSRj6h9JqYyrMmwjI4Nfg95OotRyTo_8i78pt878A1QSlpfxfecXjwu4Or2-U&amp;_nc_zt=23&amp;_nc_ht=scontent-mad1-1.cdninstagram.com&amp;edm=ANo9K5cEAAAA&amp;_nc_gid=VQlDu7m3LlsK8UWiF044MA&amp;_nc_tpa=Q5bMBQJHAEG-1L4XB0ils6AQ2znXcjjnwCr2DgqdaQL6poriBUzHQG25ELSB8BqyXm63YCbPmt3OWyjReA&amp;oh=00_AQLETM47g4hrSoGiKz00-opGhIepZUeNgiZGb97VjI2KJQ&amp;oe=6A9C36BC&quot;,&quot;150&quot;:&quot;https:\\\/\\\/scontent-mad1-1.cdninstagram.com\\\/v\\\/t39.30808-6\\\/731525380_1462057059055612_5466432731428637033_n.jpg?stp=dst-jpg_e35_tt6&amp;_nc_cat=103&amp;ccb=7-5&amp;_nc_sid=18de74&amp;efg=eyJlZmdfdGFnIjoiQ0FST1VTRUxfSVRFTS5iZXN0X2ltYWdlX3VybGdlbi5DMyJ9&amp;_nc_ohc=qxwR5OjrhfUQ7kNvwHiZHtB&amp;_nc_oc=AdqU_TTSRj6h9JqYyrMmwjI4Nfg95OotRyTo_8i78pt878A1QSlpfxfecXjwu4Or2-U&amp;_nc_zt=23&amp;_nc_ht=scontent-mad1-1.cdninstagram.com&amp;edm=ANo9K5cEAAAA&amp;_nc_gid=VQlDu7m3LlsK8UWiF044MA&amp;_nc_tpa=Q5bMBQJHAEG-1L4XB0ils6AQ2znXcjjnwCr2DgqdaQL6poriBUzHQG25ELSB8BqyXm63YCbPmt3OWyjReA&amp;oh=00_AQLETM47g4hrSoGiKz00-opGhIepZUeNgiZGb97VjI2KJQ&amp;oe=6A9C36BC&quot;,&quot;320&quot;:&quot;https:\\\/\\\/scontent-mad1-1.cdninstagram.com\\\/v\\\/t39.30808-6\\\/731525380_1462057059055612_5466432731428637033_n.jpg?stp=dst-jpg_e35_tt6&amp;_nc_cat=103&amp;ccb=7-5&amp;_nc_sid=18de74&amp;efg=eyJlZmdfdGFnIjoiQ0FST1VTRUxfSVRFTS5iZXN0X2ltYWdlX3VybGdlbi5DMyJ9&amp;_nc_ohc=qxwR5OjrhfUQ7kNvwHiZHtB&amp;_nc_oc=AdqU_TTSRj6h9JqYyrMmwjI4Nfg95OotRyTo_8i78pt878A1QSlpfxfecXjwu4Or2-U&amp;_nc_zt=23&amp;_nc_ht=scontent-mad1-1.cdninstagram.com&amp;edm=ANo9K5cEAAAA&amp;_nc_gid=VQlDu7m3LlsK8UWiF044MA&amp;_nc_tpa=Q5bMBQJHAEG-1L4XB0ils6AQ2znXcjjnwCr2DgqdaQL6poriBUzHQG25ELSB8BqyXm63YCbPmt3OWyjReA&amp;oh=00_AQLETM47g4hrSoGiKz00-opGhIepZUeNgiZGb97VjI2KJQ&amp;oe=6A9C36BC&quot;,&quot;640&quot;:&quot;https:\\\/\\\/scontent-mad1-1.cdninstagram.com\\\/v\\\/t39.30808-6\\\/731525380_1462057059055612_5466432731428637033_n.jpg?stp=dst-jpg_e35_tt6&amp;_nc_cat=103&amp;ccb=7-5&amp;_nc_sid=18de74&amp;efg=eyJlZmdfdGFnIjoiQ0FST1VTRUxfSVRFTS5iZXN0X2ltYWdlX3VybGdlbi5DMyJ9&amp;_nc_ohc=qxwR5OjrhfUQ7kNvwHiZHtB&amp;_nc_oc=AdqU_TTSRj6h9JqYyrMmwjI4Nfg95OotRyTo_8i78pt878A1QSlpfxfecXjwu4Or2-U&amp;_nc_zt=23&amp;_nc_ht=scontent-mad1-1.cdninstagram.com&amp;edm=ANo9K5cEAAAA&amp;_nc_gid=VQlDu7m3LlsK8UWiF044MA&amp;_nc_tpa=Q5bMBQJHAEG-1L4XB0ils6AQ2znXcjjnwCr2DgqdaQL6poriBUzHQG25ELSB8BqyXm63YCbPmt3OWyjReA&amp;oh=00_AQLETM47g4hrSoGiKz00-opGhIepZUeNgiZGb97VjI2KJQ&amp;oe=6A9C36BC&quot;}\">\n            <span class=\"sbi-screenreader\">\ud83c\udfad HACE UN A\u00d1O, actuamos con &quot;Una mera curiosid<\/span>\n            <svg class=\"svg-inline--fa fa-clone fa-w-16 sbi_lightbox_carousel_icon\" aria-hidden=\"true\" aria-label=\"Clone\" data-fa-pro\u0192cessed=\"\" data-prefix=\"far\" data-icon=\"clone\" role=\"img\" xmlns=\"http:\/\/www.w3.org\/2000\/svg\" viewbox=\"0 0 512 512\">\n\t                <path fill=\"currentColor\" d=\"M464 0H144c-26.51 0-48 21.49-48 48v48H48c-26.51 0-48 21.49-48 48v320c0 26.51 21.49 48 48 48h320c26.51 0 48-21.49 48-48v-48h48c26.51 0 48-21.49 48-48V48c0-26.51-21.49-48-48-48zM362 464H54a6 6 0 0 1-6-6V150a6 6 0 0 1 6-6h42v224c0 26.51 21.49 48 48 48h224v42a6 6 0 0 1-6 6zm96-96H150a6 6 0 0 1-6-6V54a6 6 0 0 1 6-6h308a6 6 0 0 1 6 6v308a6 6 0 0 1-6 6z\"><\/path>\n\t            <\/svg>\t                    <img decoding=\"async\" src=\"https:\/\/litercreartefestival.com\/wp-content\/plugins\/instagram-feed\/img\/placeholder.png\" alt=\"\ud83c\udfad HACE UN A\u00d1O, actuamos con &quot;Una mera curiosidad&quot; en la Feria de Teatro de Ciudad Rodrigo. Una experiencia magn\u00edfica compartiendo la historia de Artemisia Gentileschi con el p\u00fablico.#ProduccionesMaestras #UnaMeraCuriosidad #FeriaCiudadRodrigo @feriadeteatro\">\n        <\/a>\n    <\/div>\n<\/div><div class=\"sbi_item sbi_type_image sbi_new sbi_transition\" id=\"sbi_17960578656189146\" data-date=\"1786478499\">\n    <div class=\"sbi_photo_wrap\">\n        <a class=\"sbi_photo\" href=\"https:\/\/www.instagram.com\/p\/Db6Zjj4DU6P\/\" target=\"_blank\" rel=\"noopener nofollow\" data-full-res=\"https:\/\/scontent-mad1-1.cdninstagram.com\/v\/t51.82787-15\/772233004_18115589042510957_2472170640277374386_n.jpg?stp=dst-jpg_e35_tt6&#038;_nc_cat=100&#038;ccb=7-5&#038;_nc_sid=18de74&#038;efg=eyJlZmdfdGFnIjoiRkVFRC5iZXN0X2ltYWdlX3VybGdlbi5DMyJ9&#038;_nc_ohc=uZsPmfOSYKIQ7kNvwEETqjT&#038;_nc_oc=Adpb0R-nd-Cu3fWnAlChpSxI7iY36-A2hUdqeLy46S2yl2--4o2KIFvm2nPSaMf5Gec&#038;_nc_zt=23&#038;_nc_ht=scontent-mad1-1.cdninstagram.com&#038;edm=ANo9K5cEAAAA&#038;_nc_gid=VQlDu7m3LlsK8UWiF044MA&#038;_nc_tpa=Q5bMBQIaSMpaN7lMLRslCw8RPzUm0hDC6zIbvReXkxydJGXvaTiXkVChdlNtS2WbqwSk_V8N-ywHi6whgA&#038;oh=00_AQJ_B0QivQCRu4MJN0azj75a68h0lOrpW_Cc9zSMb5KfDw&#038;oe=6A9C2D2E\" data-img-src-set=\"{&quot;d&quot;:&quot;https:\\\/\\\/scontent-mad1-1.cdninstagram.com\\\/v\\\/t51.82787-15\\\/772233004_18115589042510957_2472170640277374386_n.jpg?stp=dst-jpg_e35_tt6&amp;_nc_cat=100&amp;ccb=7-5&amp;_nc_sid=18de74&amp;efg=eyJlZmdfdGFnIjoiRkVFRC5iZXN0X2ltYWdlX3VybGdlbi5DMyJ9&amp;_nc_ohc=uZsPmfOSYKIQ7kNvwEETqjT&amp;_nc_oc=Adpb0R-nd-Cu3fWnAlChpSxI7iY36-A2hUdqeLy46S2yl2--4o2KIFvm2nPSaMf5Gec&amp;_nc_zt=23&amp;_nc_ht=scontent-mad1-1.cdninstagram.com&amp;edm=ANo9K5cEAAAA&amp;_nc_gid=VQlDu7m3LlsK8UWiF044MA&amp;_nc_tpa=Q5bMBQIaSMpaN7lMLRslCw8RPzUm0hDC6zIbvReXkxydJGXvaTiXkVChdlNtS2WbqwSk_V8N-ywHi6whgA&amp;oh=00_AQJ_B0QivQCRu4MJN0azj75a68h0lOrpW_Cc9zSMb5KfDw&amp;oe=6A9C2D2E&quot;,&quot;150&quot;:&quot;https:\\\/\\\/scontent-mad1-1.cdninstagram.com\\\/v\\\/t51.82787-15\\\/772233004_18115589042510957_2472170640277374386_n.jpg?stp=dst-jpg_e35_tt6&amp;_nc_cat=100&amp;ccb=7-5&amp;_nc_sid=18de74&amp;efg=eyJlZmdfdGFnIjoiRkVFRC5iZXN0X2ltYWdlX3VybGdlbi5DMyJ9&amp;_nc_ohc=uZsPmfOSYKIQ7kNvwEETqjT&amp;_nc_oc=Adpb0R-nd-Cu3fWnAlChpSxI7iY36-A2hUdqeLy46S2yl2--4o2KIFvm2nPSaMf5Gec&amp;_nc_zt=23&amp;_nc_ht=scontent-mad1-1.cdninstagram.com&amp;edm=ANo9K5cEAAAA&amp;_nc_gid=VQlDu7m3LlsK8UWiF044MA&amp;_nc_tpa=Q5bMBQIaSMpaN7lMLRslCw8RPzUm0hDC6zIbvReXkxydJGXvaTiXkVChdlNtS2WbqwSk_V8N-ywHi6whgA&amp;oh=00_AQJ_B0QivQCRu4MJN0azj75a68h0lOrpW_Cc9zSMb5KfDw&amp;oe=6A9C2D2E&quot;,&quot;320&quot;:&quot;https:\\\/\\\/scontent-mad1-1.cdninstagram.com\\\/v\\\/t51.82787-15\\\/772233004_18115589042510957_2472170640277374386_n.jpg?stp=dst-jpg_e35_tt6&amp;_nc_cat=100&amp;ccb=7-5&amp;_nc_sid=18de74&amp;efg=eyJlZmdfdGFnIjoiRkVFRC5iZXN0X2ltYWdlX3VybGdlbi5DMyJ9&amp;_nc_ohc=uZsPmfOSYKIQ7kNvwEETqjT&amp;_nc_oc=Adpb0R-nd-Cu3fWnAlChpSxI7iY36-A2hUdqeLy46S2yl2--4o2KIFvm2nPSaMf5Gec&amp;_nc_zt=23&amp;_nc_ht=scontent-mad1-1.cdninstagram.com&amp;edm=ANo9K5cEAAAA&amp;_nc_gid=VQlDu7m3LlsK8UWiF044MA&amp;_nc_tpa=Q5bMBQIaSMpaN7lMLRslCw8RPzUm0hDC6zIbvReXkxydJGXvaTiXkVChdlNtS2WbqwSk_V8N-ywHi6whgA&amp;oh=00_AQJ_B0QivQCRu4MJN0azj75a68h0lOrpW_Cc9zSMb5KfDw&amp;oe=6A9C2D2E&quot;,&quot;640&quot;:&quot;https:\\\/\\\/scontent-mad1-1.cdninstagram.com\\\/v\\\/t51.82787-15\\\/772233004_18115589042510957_2472170640277374386_n.jpg?stp=dst-jpg_e35_tt6&amp;_nc_cat=100&amp;ccb=7-5&amp;_nc_sid=18de74&amp;efg=eyJlZmdfdGFnIjoiRkVFRC5iZXN0X2ltYWdlX3VybGdlbi5DMyJ9&amp;_nc_ohc=uZsPmfOSYKIQ7kNvwEETqjT&amp;_nc_oc=Adpb0R-nd-Cu3fWnAlChpSxI7iY36-A2hUdqeLy46S2yl2--4o2KIFvm2nPSaMf5Gec&amp;_nc_zt=23&amp;_nc_ht=scontent-mad1-1.cdninstagram.com&amp;edm=ANo9K5cEAAAA&amp;_nc_gid=VQlDu7m3LlsK8UWiF044MA&amp;_nc_tpa=Q5bMBQIaSMpaN7lMLRslCw8RPzUm0hDC6zIbvReXkxydJGXvaTiXkVChdlNtS2WbqwSk_V8N-ywHi6whgA&amp;oh=00_AQJ_B0QivQCRu4MJN0azj75a68h0lOrpW_Cc9zSMb5KfDw&amp;oe=6A9C2D2E&quot;}\">\n            <span class=\"sbi-screenreader\">\ud83d\udc49 Y aqu\u00ed est\u00e1, meses despu\u00e9s, el resultado d<\/span>\n            \t                    <img decoding=\"async\" src=\"https:\/\/litercreartefestival.com\/wp-content\/plugins\/instagram-feed\/img\/placeholder.png\" alt=\"\ud83d\udc49 Y aqu\u00ed est\u00e1, meses despu\u00e9s, el resultado de la participaci\u00f3n de Ana Maestroju\u00e1n como seleccionada en el programa de Nuevas Dramaturgias.Nuevas Dramaturgias es una iniciativa conjunta impulsada de forma estable por tres de los espacios esc\u00e9nicos m\u00e1s importantes del Pa\u00eds Vasco: el Teatro Principal de Vitoria-Gasteiz, el Teatro Arriaga de Bilbao y el Teatro Victoria Eugenia de San Sebasti\u00e1n (a trav\u00e9s de Donostia Kultura) y que, de forma bienal, selecciona a ocho participantes con el objetivo de fomentar la escritura de nuevos textos teatrales, apoyar a dramaturgos emergentes y facilitar la transici\u00f3n al mundo de las artes esc\u00e9nicas a creadores provenientes de otras disciplinas. \ud83d\udcab@donostiakultura\">\n        <\/a>\n    <\/div>\n<\/div><div class=\"sbi_item sbi_type_image sbi_new sbi_transition\" id=\"sbi_18127966024736791\" data-date=\"1785873706\">\n    <div class=\"sbi_photo_wrap\">\n        <a class=\"sbi_photo\" href=\"https:\/\/www.instagram.com\/p\/DboYAQbFkHL\/\" target=\"_blank\" rel=\"noopener nofollow\" data-full-res=\"https:\/\/scontent-mad1-1.cdninstagram.com\/v\/t51.82787-15\/766287309_18114615749510957_7783085103979697954_n.jpg?stp=dst-jpg_e35_tt6&#038;_nc_cat=102&#038;ccb=7-5&#038;_nc_sid=18de74&#038;efg=eyJlZmdfdGFnIjoiRkVFRC5iZXN0X2ltYWdlX3VybGdlbi5DMyJ9&#038;_nc_ohc=pVHIL1mdnIcQ7kNvwEoinZ3&#038;_nc_oc=AdrjzXqbjmAHKV7p2SHJTEPRV2YyR1J2rwE_9ovS-Dt33P1pJdZUU4VEqvi5KO_KcrQ&#038;_nc_zt=23&#038;_nc_ht=scontent-mad1-1.cdninstagram.com&#038;edm=ANo9K5cEAAAA&#038;_nc_gid=VQlDu7m3LlsK8UWiF044MA&#038;_nc_tpa=Q5bMBQJXprFmNB9qKoEMp_r3eALHA-0kBvr3PaVeOm2Hc2Vfhwbg4OVxHktbYLbo32QhF-wzdBLPfQ91rg&#038;oh=00_AQI2kF2Ka4hSFfTBUEJu122kbqhI3ZriSjn0VrbwZqAOmw&#038;oe=6A9C2617\" data-img-src-set=\"{&quot;d&quot;:&quot;https:\\\/\\\/scontent-mad1-1.cdninstagram.com\\\/v\\\/t51.82787-15\\\/766287309_18114615749510957_7783085103979697954_n.jpg?stp=dst-jpg_e35_tt6&amp;_nc_cat=102&amp;ccb=7-5&amp;_nc_sid=18de74&amp;efg=eyJlZmdfdGFnIjoiRkVFRC5iZXN0X2ltYWdlX3VybGdlbi5DMyJ9&amp;_nc_ohc=pVHIL1mdnIcQ7kNvwEoinZ3&amp;_nc_oc=AdrjzXqbjmAHKV7p2SHJTEPRV2YyR1J2rwE_9ovS-Dt33P1pJdZUU4VEqvi5KO_KcrQ&amp;_nc_zt=23&amp;_nc_ht=scontent-mad1-1.cdninstagram.com&amp;edm=ANo9K5cEAAAA&amp;_nc_gid=VQlDu7m3LlsK8UWiF044MA&amp;_nc_tpa=Q5bMBQJXprFmNB9qKoEMp_r3eALHA-0kBvr3PaVeOm2Hc2Vfhwbg4OVxHktbYLbo32QhF-wzdBLPfQ91rg&amp;oh=00_AQI2kF2Ka4hSFfTBUEJu122kbqhI3ZriSjn0VrbwZqAOmw&amp;oe=6A9C2617&quot;,&quot;150&quot;:&quot;https:\\\/\\\/scontent-mad1-1.cdninstagram.com\\\/v\\\/t51.82787-15\\\/766287309_18114615749510957_7783085103979697954_n.jpg?stp=dst-jpg_e35_tt6&amp;_nc_cat=102&amp;ccb=7-5&amp;_nc_sid=18de74&amp;efg=eyJlZmdfdGFnIjoiRkVFRC5iZXN0X2ltYWdlX3VybGdlbi5DMyJ9&amp;_nc_ohc=pVHIL1mdnIcQ7kNvwEoinZ3&amp;_nc_oc=AdrjzXqbjmAHKV7p2SHJTEPRV2YyR1J2rwE_9ovS-Dt33P1pJdZUU4VEqvi5KO_KcrQ&amp;_nc_zt=23&amp;_nc_ht=scontent-mad1-1.cdninstagram.com&amp;edm=ANo9K5cEAAAA&amp;_nc_gid=VQlDu7m3LlsK8UWiF044MA&amp;_nc_tpa=Q5bMBQJXprFmNB9qKoEMp_r3eALHA-0kBvr3PaVeOm2Hc2Vfhwbg4OVxHktbYLbo32QhF-wzdBLPfQ91rg&amp;oh=00_AQI2kF2Ka4hSFfTBUEJu122kbqhI3ZriSjn0VrbwZqAOmw&amp;oe=6A9C2617&quot;,&quot;320&quot;:&quot;https:\\\/\\\/scontent-mad1-1.cdninstagram.com\\\/v\\\/t51.82787-15\\\/766287309_18114615749510957_7783085103979697954_n.jpg?stp=dst-jpg_e35_tt6&amp;_nc_cat=102&amp;ccb=7-5&amp;_nc_sid=18de74&amp;efg=eyJlZmdfdGFnIjoiRkVFRC5iZXN0X2ltYWdlX3VybGdlbi5DMyJ9&amp;_nc_ohc=pVHIL1mdnIcQ7kNvwEoinZ3&amp;_nc_oc=AdrjzXqbjmAHKV7p2SHJTEPRV2YyR1J2rwE_9ovS-Dt33P1pJdZUU4VEqvi5KO_KcrQ&amp;_nc_zt=23&amp;_nc_ht=scontent-mad1-1.cdninstagram.com&amp;edm=ANo9K5cEAAAA&amp;_nc_gid=VQlDu7m3LlsK8UWiF044MA&amp;_nc_tpa=Q5bMBQJXprFmNB9qKoEMp_r3eALHA-0kBvr3PaVeOm2Hc2Vfhwbg4OVxHktbYLbo32QhF-wzdBLPfQ91rg&amp;oh=00_AQI2kF2Ka4hSFfTBUEJu122kbqhI3ZriSjn0VrbwZqAOmw&amp;oe=6A9C2617&quot;,&quot;640&quot;:&quot;https:\\\/\\\/scontent-mad1-1.cdninstagram.com\\\/v\\\/t51.82787-15\\\/766287309_18114615749510957_7783085103979697954_n.jpg?stp=dst-jpg_e35_tt6&amp;_nc_cat=102&amp;ccb=7-5&amp;_nc_sid=18de74&amp;efg=eyJlZmdfdGFnIjoiRkVFRC5iZXN0X2ltYWdlX3VybGdlbi5DMyJ9&amp;_nc_ohc=pVHIL1mdnIcQ7kNvwEoinZ3&amp;_nc_oc=AdrjzXqbjmAHKV7p2SHJTEPRV2YyR1J2rwE_9ovS-Dt33P1pJdZUU4VEqvi5KO_KcrQ&amp;_nc_zt=23&amp;_nc_ht=scontent-mad1-1.cdninstagram.com&amp;edm=ANo9K5cEAAAA&amp;_nc_gid=VQlDu7m3LlsK8UWiF044MA&amp;_nc_tpa=Q5bMBQJXprFmNB9qKoEMp_r3eALHA-0kBvr3PaVeOm2Hc2Vfhwbg4OVxHktbYLbo32QhF-wzdBLPfQ91rg&amp;oh=00_AQI2kF2Ka4hSFfTBUEJu122kbqhI3ZriSjn0VrbwZqAOmw&amp;oe=6A9C2617&quot;}\">\n            <span class=\"sbi-screenreader\">\ud83d\udcdaOtra lectura para este verano. Os proponemos u<\/span>\n            \t                    <img decoding=\"async\" src=\"https:\/\/litercreartefestival.com\/wp-content\/plugins\/instagram-feed\/img\/placeholder.png\" alt=\"\ud83d\udcdaOtra lectura para este verano. Os proponemos un regreso a la segunda edici\u00f3n del festival Litercrearte (2023-24) con El baile de las locas, de Victoria Mas.Como curiosidad, la novela fue adaptada al cine por la directora M\u00e9lanie Laurent en 2021. \ud83c\udfac#ProduccionesMaestras #LitercrearteJaialdia #ElBaileDeLasLocas #VictoriaMas #LecturasDeVerano\">\n        <\/a>\n    <\/div>\n<\/div><div class=\"sbi_item sbi_type_carousel sbi_new sbi_transition\" id=\"sbi_18101420882591734\" data-date=\"1785426100\">\n    <div class=\"sbi_photo_wrap\">\n        <a class=\"sbi_photo\" href=\"https:\/\/www.instagram.com\/p\/DbbCRO1jEqk\/\" target=\"_blank\" rel=\"noopener nofollow\" data-full-res=\"https:\/\/scontent-mad2-1.cdninstagram.com\/v\/t51.82787-15\/761530241_18113862662510957_4323654088828060561_n.webp?stp=dst-jpg_e35_tt6&#038;_nc_cat=109&#038;ccb=7-5&#038;_nc_sid=18de74&#038;efg=eyJlZmdfdGFnIjoiQ0FST1VTRUxfSVRFTS5iZXN0X2ltYWdlX3VybGdlbi5DMyJ9&#038;_nc_ohc=UOtji0uikGoQ7kNvwHf-HBX&#038;_nc_oc=AdplwsO_sUhte7S029n8c37g2P-bSB81U-VJD5ovVLRucUB431_n4VW0d_tnyvKHuqA&#038;_nc_zt=23&#038;_nc_ht=scontent-mad2-1.cdninstagram.com&#038;edm=ANo9K5cEAAAA&#038;_nc_gid=VQlDu7m3LlsK8UWiF044MA&#038;_nc_tpa=Q5bMBQLkcuMnS_4HsSQ5MizGtyRU0XES-DOFrXRTyVoOtQY5MlInH6oMGO8zp6Li-WpS031BkZGAmotNGg&#038;oh=00_AQJhBXCNX3hHz1AVJI2Qt1KOtsAMFLMvQg-BBlz0jI5elQ&#038;oe=6A9C320D\" data-img-src-set=\"{&quot;d&quot;:&quot;https:\\\/\\\/scontent-mad2-1.cdninstagram.com\\\/v\\\/t51.82787-15\\\/761530241_18113862662510957_4323654088828060561_n.webp?stp=dst-jpg_e35_tt6&amp;_nc_cat=109&amp;ccb=7-5&amp;_nc_sid=18de74&amp;efg=eyJlZmdfdGFnIjoiQ0FST1VTRUxfSVRFTS5iZXN0X2ltYWdlX3VybGdlbi5DMyJ9&amp;_nc_ohc=UOtji0uikGoQ7kNvwHf-HBX&amp;_nc_oc=AdplwsO_sUhte7S029n8c37g2P-bSB81U-VJD5ovVLRucUB431_n4VW0d_tnyvKHuqA&amp;_nc_zt=23&amp;_nc_ht=scontent-mad2-1.cdninstagram.com&amp;edm=ANo9K5cEAAAA&amp;_nc_gid=VQlDu7m3LlsK8UWiF044MA&amp;_nc_tpa=Q5bMBQLkcuMnS_4HsSQ5MizGtyRU0XES-DOFrXRTyVoOtQY5MlInH6oMGO8zp6Li-WpS031BkZGAmotNGg&amp;oh=00_AQJhBXCNX3hHz1AVJI2Qt1KOtsAMFLMvQg-BBlz0jI5elQ&amp;oe=6A9C320D&quot;,&quot;150&quot;:&quot;https:\\\/\\\/scontent-mad2-1.cdninstagram.com\\\/v\\\/t51.82787-15\\\/761530241_18113862662510957_4323654088828060561_n.webp?stp=dst-jpg_e35_tt6&amp;_nc_cat=109&amp;ccb=7-5&amp;_nc_sid=18de74&amp;efg=eyJlZmdfdGFnIjoiQ0FST1VTRUxfSVRFTS5iZXN0X2ltYWdlX3VybGdlbi5DMyJ9&amp;_nc_ohc=UOtji0uikGoQ7kNvwHf-HBX&amp;_nc_oc=AdplwsO_sUhte7S029n8c37g2P-bSB81U-VJD5ovVLRucUB431_n4VW0d_tnyvKHuqA&amp;_nc_zt=23&amp;_nc_ht=scontent-mad2-1.cdninstagram.com&amp;edm=ANo9K5cEAAAA&amp;_nc_gid=VQlDu7m3LlsK8UWiF044MA&amp;_nc_tpa=Q5bMBQLkcuMnS_4HsSQ5MizGtyRU0XES-DOFrXRTyVoOtQY5MlInH6oMGO8zp6Li-WpS031BkZGAmotNGg&amp;oh=00_AQJhBXCNX3hHz1AVJI2Qt1KOtsAMFLMvQg-BBlz0jI5elQ&amp;oe=6A9C320D&quot;,&quot;320&quot;:&quot;https:\\\/\\\/scontent-mad2-1.cdninstagram.com\\\/v\\\/t51.82787-15\\\/761530241_18113862662510957_4323654088828060561_n.webp?stp=dst-jpg_e35_tt6&amp;_nc_cat=109&amp;ccb=7-5&amp;_nc_sid=18de74&amp;efg=eyJlZmdfdGFnIjoiQ0FST1VTRUxfSVRFTS5iZXN0X2ltYWdlX3VybGdlbi5DMyJ9&amp;_nc_ohc=UOtji0uikGoQ7kNvwHf-HBX&amp;_nc_oc=AdplwsO_sUhte7S029n8c37g2P-bSB81U-VJD5ovVLRucUB431_n4VW0d_tnyvKHuqA&amp;_nc_zt=23&amp;_nc_ht=scontent-mad2-1.cdninstagram.com&amp;edm=ANo9K5cEAAAA&amp;_nc_gid=VQlDu7m3LlsK8UWiF044MA&amp;_nc_tpa=Q5bMBQLkcuMnS_4HsSQ5MizGtyRU0XES-DOFrXRTyVoOtQY5MlInH6oMGO8zp6Li-WpS031BkZGAmotNGg&amp;oh=00_AQJhBXCNX3hHz1AVJI2Qt1KOtsAMFLMvQg-BBlz0jI5elQ&amp;oe=6A9C320D&quot;,&quot;640&quot;:&quot;https:\\\/\\\/scontent-mad2-1.cdninstagram.com\\\/v\\\/t51.82787-15\\\/761530241_18113862662510957_4323654088828060561_n.webp?stp=dst-jpg_e35_tt6&amp;_nc_cat=109&amp;ccb=7-5&amp;_nc_sid=18de74&amp;efg=eyJlZmdfdGFnIjoiQ0FST1VTRUxfSVRFTS5iZXN0X2ltYWdlX3VybGdlbi5DMyJ9&amp;_nc_ohc=UOtji0uikGoQ7kNvwHf-HBX&amp;_nc_oc=AdplwsO_sUhte7S029n8c37g2P-bSB81U-VJD5ovVLRucUB431_n4VW0d_tnyvKHuqA&amp;_nc_zt=23&amp;_nc_ht=scontent-mad2-1.cdninstagram.com&amp;edm=ANo9K5cEAAAA&amp;_nc_gid=VQlDu7m3LlsK8UWiF044MA&amp;_nc_tpa=Q5bMBQLkcuMnS_4HsSQ5MizGtyRU0XES-DOFrXRTyVoOtQY5MlInH6oMGO8zp6Li-WpS031BkZGAmotNGg&amp;oh=00_AQJhBXCNX3hHz1AVJI2Qt1KOtsAMFLMvQg-BBlz0jI5elQ&amp;oe=6A9C320D&quot;}\">\n            <span class=\"sbi-screenreader\">Hoy se han presentado los proyectos INNOVA de Fund<\/span>\n            <svg class=\"svg-inline--fa fa-clone fa-w-16 sbi_lightbox_carousel_icon\" aria-hidden=\"true\" aria-label=\"Clone\" data-fa-pro\u0192cessed=\"\" data-prefix=\"far\" data-icon=\"clone\" role=\"img\" xmlns=\"http:\/\/www.w3.org\/2000\/svg\" viewbox=\"0 0 512 512\">\n\t                <path fill=\"currentColor\" d=\"M464 0H144c-26.51 0-48 21.49-48 48v48H48c-26.51 0-48 21.49-48 48v320c0 26.51 21.49 48 48 48h320c26.51 0 48-21.49 48-48v-48h48c26.51 0 48-21.49 48-48V48c0-26.51-21.49-48-48-48zM362 464H54a6 6 0 0 1-6-6V150a6 6 0 0 1 6-6h42v224c0 26.51 21.49 48 48 48h224v42a6 6 0 0 1-6 6zm96-96H150a6 6 0 0 1-6-6V54a6 6 0 0 1 6-6h308a6 6 0 0 1 6 6v308a6 6 0 0 1-6 6z\"><\/path>\n\t            <\/svg>\t                    <img decoding=\"async\" src=\"https:\/\/litercreartefestival.com\/wp-content\/plugins\/instagram-feed\/img\/placeholder.png\" alt=\"Hoy se han presentado los proyectos INNOVA de Fundaci\u00f3n Caja Navarra y Fundaci\u00f3n &quot;la Caixa&quot;Muy contentos de que LAYA, nuestro nuevo proyecto de mediaci\u00f3n cultural y artes esc\u00e9nicas sea uno de los seleccionados Pronto iremos contando m\u00e1s \ud83d\ude09@programainnova @fundcajanavarra @fundlacaixa @produccionesmaestras @yarleku @culturanavarra @escenanavarra\">\n        <\/a>\n    <\/div>\n<\/div><div class=\"sbi_item sbi_type_carousel sbi_new sbi_transition\" id=\"sbi_18103361999138420\" data-date=\"1785336755\">\n    <div class=\"sbi_photo_wrap\">\n        <a class=\"sbi_photo\" href=\"https:\/\/www.instagram.com\/p\/DbYX28_jPKo\/\" target=\"_blank\" rel=\"noopener nofollow\" data-full-res=\"https:\/\/scontent-mad2-1.cdninstagram.com\/v\/t51.82787-15\/759871963_18113723516510957_4352800308094362935_n.webp?stp=dst-jpg_e35_tt6&#038;_nc_cat=108&#038;ccb=7-5&#038;_nc_sid=18de74&#038;efg=eyJlZmdfdGFnIjoiQ0FST1VTRUxfSVRFTS5iZXN0X2ltYWdlX3VybGdlbi5DMyJ9&#038;_nc_ohc=-STB4IvjIsUQ7kNvwEfORYb&#038;_nc_oc=AdrPCJfYOLLAylXNFo_cwfG3G3lZAum90ZZDqXOdnNJ-cMf_C00q7R3Ho6hjl0RJll4&#038;_nc_zt=23&#038;_nc_ht=scontent-mad2-1.cdninstagram.com&#038;edm=ANo9K5cEAAAA&#038;_nc_gid=VQlDu7m3LlsK8UWiF044MA&#038;_nc_tpa=Q5bMBQLhoT3cnR7-2CCeHkxiAHYSfNJ-OKy2-gFvBNupkiSSJXtrO2NEFdD_4bAmuNmxSac-2R_4-NaooA&#038;oh=00_AQKDCsxv28202tSECuO5zrD3hxu2zDfV-Y081DAB7bonqg&#038;oe=6A9C3E97\" data-img-src-set=\"{&quot;d&quot;:&quot;https:\\\/\\\/scontent-mad2-1.cdninstagram.com\\\/v\\\/t51.82787-15\\\/759871963_18113723516510957_4352800308094362935_n.webp?stp=dst-jpg_e35_tt6&amp;_nc_cat=108&amp;ccb=7-5&amp;_nc_sid=18de74&amp;efg=eyJlZmdfdGFnIjoiQ0FST1VTRUxfSVRFTS5iZXN0X2ltYWdlX3VybGdlbi5DMyJ9&amp;_nc_ohc=-STB4IvjIsUQ7kNvwEfORYb&amp;_nc_oc=AdrPCJfYOLLAylXNFo_cwfG3G3lZAum90ZZDqXOdnNJ-cMf_C00q7R3Ho6hjl0RJll4&amp;_nc_zt=23&amp;_nc_ht=scontent-mad2-1.cdninstagram.com&amp;edm=ANo9K5cEAAAA&amp;_nc_gid=VQlDu7m3LlsK8UWiF044MA&amp;_nc_tpa=Q5bMBQLhoT3cnR7-2CCeHkxiAHYSfNJ-OKy2-gFvBNupkiSSJXtrO2NEFdD_4bAmuNmxSac-2R_4-NaooA&amp;oh=00_AQKDCsxv28202tSECuO5zrD3hxu2zDfV-Y081DAB7bonqg&amp;oe=6A9C3E97&quot;,&quot;150&quot;:&quot;https:\\\/\\\/scontent-mad2-1.cdninstagram.com\\\/v\\\/t51.82787-15\\\/759871963_18113723516510957_4352800308094362935_n.webp?stp=dst-jpg_e35_tt6&amp;_nc_cat=108&amp;ccb=7-5&amp;_nc_sid=18de74&amp;efg=eyJlZmdfdGFnIjoiQ0FST1VTRUxfSVRFTS5iZXN0X2ltYWdlX3VybGdlbi5DMyJ9&amp;_nc_ohc=-STB4IvjIsUQ7kNvwEfORYb&amp;_nc_oc=AdrPCJfYOLLAylXNFo_cwfG3G3lZAum90ZZDqXOdnNJ-cMf_C00q7R3Ho6hjl0RJll4&amp;_nc_zt=23&amp;_nc_ht=scontent-mad2-1.cdninstagram.com&amp;edm=ANo9K5cEAAAA&amp;_nc_gid=VQlDu7m3LlsK8UWiF044MA&amp;_nc_tpa=Q5bMBQLhoT3cnR7-2CCeHkxiAHYSfNJ-OKy2-gFvBNupkiSSJXtrO2NEFdD_4bAmuNmxSac-2R_4-NaooA&amp;oh=00_AQKDCsxv28202tSECuO5zrD3hxu2zDfV-Y081DAB7bonqg&amp;oe=6A9C3E97&quot;,&quot;320&quot;:&quot;https:\\\/\\\/scontent-mad2-1.cdninstagram.com\\\/v\\\/t51.82787-15\\\/759871963_18113723516510957_4352800308094362935_n.webp?stp=dst-jpg_e35_tt6&amp;_nc_cat=108&amp;ccb=7-5&amp;_nc_sid=18de74&amp;efg=eyJlZmdfdGFnIjoiQ0FST1VTRUxfSVRFTS5iZXN0X2ltYWdlX3VybGdlbi5DMyJ9&amp;_nc_ohc=-STB4IvjIsUQ7kNvwEfORYb&amp;_nc_oc=AdrPCJfYOLLAylXNFo_cwfG3G3lZAum90ZZDqXOdnNJ-cMf_C00q7R3Ho6hjl0RJll4&amp;_nc_zt=23&amp;_nc_ht=scontent-mad2-1.cdninstagram.com&amp;edm=ANo9K5cEAAAA&amp;_nc_gid=VQlDu7m3LlsK8UWiF044MA&amp;_nc_tpa=Q5bMBQLhoT3cnR7-2CCeHkxiAHYSfNJ-OKy2-gFvBNupkiSSJXtrO2NEFdD_4bAmuNmxSac-2R_4-NaooA&amp;oh=00_AQKDCsxv28202tSECuO5zrD3hxu2zDfV-Y081DAB7bonqg&amp;oe=6A9C3E97&quot;,&quot;640&quot;:&quot;https:\\\/\\\/scontent-mad2-1.cdninstagram.com\\\/v\\\/t51.82787-15\\\/759871963_18113723516510957_4352800308094362935_n.webp?stp=dst-jpg_e35_tt6&amp;_nc_cat=108&amp;ccb=7-5&amp;_nc_sid=18de74&amp;efg=eyJlZmdfdGFnIjoiQ0FST1VTRUxfSVRFTS5iZXN0X2ltYWdlX3VybGdlbi5DMyJ9&amp;_nc_ohc=-STB4IvjIsUQ7kNvwEfORYb&amp;_nc_oc=AdrPCJfYOLLAylXNFo_cwfG3G3lZAum90ZZDqXOdnNJ-cMf_C00q7R3Ho6hjl0RJll4&amp;_nc_zt=23&amp;_nc_ht=scontent-mad2-1.cdninstagram.com&amp;edm=ANo9K5cEAAAA&amp;_nc_gid=VQlDu7m3LlsK8UWiF044MA&amp;_nc_tpa=Q5bMBQLhoT3cnR7-2CCeHkxiAHYSfNJ-OKy2-gFvBNupkiSSJXtrO2NEFdD_4bAmuNmxSac-2R_4-NaooA&amp;oh=00_AQKDCsxv28202tSECuO5zrD3hxu2zDfV-Y081DAB7bonqg&amp;oe=6A9C3E97&quot;}\">\n            <span class=\"sbi-screenreader\">Ana Maestroju\u00e1n, finalista del Premio Nacional Ci<\/span>\n            <svg class=\"svg-inline--fa fa-clone fa-w-16 sbi_lightbox_carousel_icon\" aria-hidden=\"true\" aria-label=\"Clone\" data-fa-pro\u0192cessed=\"\" data-prefix=\"far\" data-icon=\"clone\" role=\"img\" xmlns=\"http:\/\/www.w3.org\/2000\/svg\" viewbox=\"0 0 512 512\">\n\t                <path fill=\"currentColor\" d=\"M464 0H144c-26.51 0-48 21.49-48 48v48H48c-26.51 0-48 21.49-48 48v320c0 26.51 21.49 48 48 48h320c26.51 0 48-21.49 48-48v-48h48c26.51 0 48-21.49 48-48V48c0-26.51-21.49-48-48-48zM362 464H54a6 6 0 0 1-6-6V150a6 6 0 0 1 6-6h42v224c0 26.51 21.49 48 48 48h224v42a6 6 0 0 1-6 6zm96-96H150a6 6 0 0 1-6-6V54a6 6 0 0 1 6-6h308a6 6 0 0 1 6 6v308a6 6 0 0 1-6 6z\"><\/path>\n\t            <\/svg>\t                    <img decoding=\"async\" src=\"https:\/\/litercreartefestival.com\/wp-content\/plugins\/instagram-feed\/img\/placeholder.png\" alt=\"Ana Maestroju\u00e1n, finalista del Premio Nacional Ciudad de Torrej\u00f3n de ArdozEl trabajo de la directora de escena navarra en &#039;Una mera curiosidad&#039; ha superado a m\u00e1s de cien montajes presentados a la convocatoriaMuy felices de compartir esta gran noticia, &quot;Una mera curiosidad&quot; estar\u00e1 en el XXIX Certamen Nacional de Mujeres Directoras de Torrej\u00f3n de Ardoz en octubre @produccionesmaestras @culturanavarra @escenanavarra  @acronica_producciones @edurneibanez @angelgarciamoneo @travesiasdistribucion @concejaliaigualdadtorrejon\">\n        <\/a>\n    <\/div>\n<\/div>    <\/div>\n\n\t<div id=\"sbi_load\" >\n\n\t\t\t<a class=\"sbi_load_btn\" href=\"javascript:void(0);\">\n\t\t\t<span class=\"sbi_btn_text\">Load More<\/span>\n\t\t\t<span class=\"sbi_loader sbi_hidden\" style=\"background-color: rgb(255, 255, 255);\" aria-hidden=\"true\"><\/span>\n\t\t<\/a>\n\t\n\t\t\t<span class=\"sbi_follow_btn sbi_custom\">\n        <a href=\"https:\/\/www.instagram.com\/produccionesmaestras\/\" style=\"background: rgb(64,139,209);\" target=\"_blank\" rel=\"nofollow noopener\">\n            <svg class=\"svg-inline--fa fa-instagram fa-w-14\" aria-hidden=\"true\" data-fa-processed=\"\" aria-label=\"Instagram\" data-prefix=\"fab\" data-icon=\"instagram\" role=\"img\" viewbox=\"0 0 448 512\">\n\t                <path fill=\"currentColor\" d=\"M224.1 141c-63.6 0-114.9 51.3-114.9 114.9s51.3 114.9 114.9 114.9S339 319.5 339 255.9 287.7 141 224.1 141zm0 189.6c-41.1 0-74.7-33.5-74.7-74.7s33.5-74.7 74.7-74.7 74.7 33.5 74.7 74.7-33.6 74.7-74.7 74.7zm146.4-194.3c0 14.9-12 26.8-26.8 26.8-14.9 0-26.8-12-26.8-26.8s12-26.8 26.8-26.8 26.8 12 26.8 26.8zm76.1 27.2c-1.7-35.9-9.9-67.7-36.2-93.9-26.2-26.2-58-34.4-93.9-36.2-37-2.1-147.9-2.1-184.9 0-35.8 1.7-67.6 9.9-93.9 36.1s-34.4 58-36.2 93.9c-2.1 37-2.1 147.9 0 184.9 1.7 35.9 9.9 67.7 36.2 93.9s58 34.4 93.9 36.2c37 2.1 147.9 2.1 184.9 0 35.9-1.7 67.7-9.9 93.9-36.2 26.2-26.2 34.4-58 36.2-93.9 2.1-37 2.1-147.8 0-184.8zM398.8 388c-7.8 19.6-22.9 34.7-42.6 42.6-29.5 11.7-99.5 9-132.1 9s-102.7 2.6-132.1-9c-19.6-7.8-34.7-22.9-42.6-42.6-11.7-29.5-9-99.5-9-132.1s-2.6-102.7 9-132.1c7.8-19.6 22.9-34.7 42.6-42.6 29.5-11.7 99.5-9 132.1-9s102.7-2.6 132.1 9c19.6 7.8 34.7 22.9 42.6 42.6 11.7 29.5 9 99.5 9 132.1s2.7 102.7-9 132.1z\"><\/path>\n\t            <\/svg>            <span>Follow on Instagram<\/span>\n        <\/a>\n    <\/span>\n\t\n<\/div>\n\n\t    <span class=\"sbi_resized_image_data\" data-feed-id=\"*1\" data-resized=\"{&quot;18103361999138420&quot;:{&quot;id&quot;:&quot;759871963_18113723516510957_4352800308094362935_n&quot;,&quot;ratio&quot;:&quot;1.00&quot;,&quot;sizes&quot;:{&quot;full&quot;:640,&quot;low&quot;:320,&quot;thumb&quot;:150},&quot;extension&quot;:&quot;.webp&quot;},&quot;18101420882591734&quot;:{&quot;id&quot;:&quot;761530241_18113862662510957_4323654088828060561_n&quot;,&quot;ratio&quot;:&quot;1.00&quot;,&quot;sizes&quot;:{&quot;full&quot;:640,&quot;low&quot;:320,&quot;thumb&quot;:150},&quot;extension&quot;:&quot;.webp&quot;},&quot;18127966024736791&quot;:{&quot;id&quot;:&quot;766287309_18114615749510957_7783085103979697954_n&quot;,&quot;ratio&quot;:&quot;0.80&quot;,&quot;sizes&quot;:{&quot;full&quot;:640,&quot;low&quot;:320,&quot;thumb&quot;:150},&quot;extension&quot;:&quot;.webp&quot;},&quot;17960578656189146&quot;:{&quot;id&quot;:&quot;772233004_18115589042510957_2472170640277374386_n&quot;,&quot;ratio&quot;:&quot;1.41&quot;,&quot;sizes&quot;:{&quot;full&quot;:640,&quot;low&quot;:320,&quot;thumb&quot;:150},&quot;extension&quot;:&quot;.webp&quot;},&quot;18128418775780032&quot;:{&quot;id&quot;:&quot;731525380_1462057059055612_5466432731428637033_n&quot;,&quot;ratio&quot;:&quot;1.50&quot;,&quot;sizes&quot;:{&quot;full&quot;:640,&quot;low&quot;:320,&quot;thumb&quot;:150},&quot;extension&quot;:&quot;.webp&quot;},&quot;18622042546048980&quot;:{&quot;id&quot;:&quot;788141630_1515386577055993_3953383608379648314_n&quot;,&quot;ratio&quot;:&quot;0.80&quot;,&quot;sizes&quot;:{&quot;full&quot;:640,&quot;low&quot;:320,&quot;thumb&quot;:150},&quot;extension&quot;:&quot;.webp&quot;}}\">\n\t<\/span>\n\t<\/div>\n\n\n\t\t<\/div>\n\t<\/div>\n\t\t<\/div>\n\t<\/div>\n<\/div><\/div><\/div><\/div><\/div><div class=\"wpb_column vc_column_container vc_col-sm-6\"><div class=\"vc_column-inner\"><div class=\"wpb_wrapper\"><div class=\"mkdf-elements-holder    mkdf-one-column  mkdf-responsive-mode-768\" ><div class=\"mkdf-eh-item\"  data-item-class=\"mkdf-eh-custom-8921\">\n\t<div class=\"mkdf-eh-item-inner\">\n\t\t<div class=\"mkdf-eh-item-content mkdf-eh-custom-8921\" >\n\t\t\t\n\t<div class=\"wpb_raw_code wpb_content_element wpb_raw_html\" >\n\t\t<div class=\"wpb_wrapper\">\n\t\t\t<div class=\"cff-wrapper\"><div class=\"cff-wrapper-ctn\" ><div id=\"cff\"  class=\"cff cff-list-container  cff-default-styles  cff-mob-cols-1 cff-tab-cols-1\"   style=\"width:100%;\"   data-char=\"400\" ><div class=\"cff-posts-wrap\"><div id=\"cff_612362558800814_1515433107051340\" class=\"cff-item cff-status-post cff-album author-producciones-maestras\"  style=\"border-bottom: 1px solid #870064;\">\n\t<div class=\"cff-author\">\n\t<div class=\"cff-author-text\">\n\t\t\t\t\t<div class=\"cff-page-name cff-author-date\" >\n\t\t\t\t<a href=\"https:\/\/facebook.com\/612362558800814\" target=\"_blank\" rel=\"nofollow noopener\" >Producciones Maestras<\/a>\n\t\t\t\t<span class=\"cff-story\"> <\/span>\n\t\t\t<\/div>\n\t\t\t\n<p class=\"cff-date\" > 4 days ago <\/p>\n\t\t\t<\/div>\n\t<div class=\"cff-author-img\" data-avatar=\"https:\/\/scontent-mad2-1.xx.fbcdn.net\/v\/t39.30808-1\/241190316_288463319748331_6927936027917116524_n.jpg?stp=cp0_dst-jpg_s50x50_tt6&#038;_nc_cat=109&#038;ccb=1-7&#038;_nc_sid=f907e8&#038;_nc_ohc=aNhc_f4-_x8Q7kNvwEQ7Ytx&#038;_nc_oc=Adpcoh73sniKVTxQAj2NZDqjLYRFQsuPs7yLD8TOla9QEI-PJmCwfIbIVwxmAvC6HVk&#038;_nc_zt=24&#038;_nc_ht=scontent-mad2-1.xx&#038;edm=AKIiGfEEAAAA&#038;_nc_gid=cOcG-E25AvzKV_eG1M_JJQ&#038;_nc_tpa=Q5bMBQJSKr28rbjJ2ajd1jvSR_WM5hcwq7oJHK6G_3QOgVdnsunlCyduTyiyDUNUfmK8RS56EeIsSHG4Qg&#038;oh=00_AQJePP1bA3hjrUWcaMPmKsqwv_8VyYEkYZwjo8VLlucVyQ&#038;oe=6A97DA83\">\n\t\t<a href=\"https:\/\/facebook.com\/612362558800814\" target=\"_blank\" rel=\"nofollow noopener\" ><img decoding=\"async\" src=\"https:\/\/scontent-mad2-1.xx.fbcdn.net\/v\/t39.30808-1\/241190316_288463319748331_6927936027917116524_n.jpg?stp=cp0_dst-jpg_s50x50_tt6&#038;_nc_cat=109&#038;ccb=1-7&#038;_nc_sid=f907e8&#038;_nc_ohc=aNhc_f4-_x8Q7kNvwEQ7Ytx&#038;_nc_oc=Adpcoh73sniKVTxQAj2NZDqjLYRFQsuPs7yLD8TOla9QEI-PJmCwfIbIVwxmAvC6HVk&#038;_nc_zt=24&#038;_nc_ht=scontent-mad2-1.xx&#038;edm=AKIiGfEEAAAA&#038;_nc_gid=cOcG-E25AvzKV_eG1M_JJQ&#038;_nc_tpa=Q5bMBQJSKr28rbjJ2ajd1jvSR_WM5hcwq7oJHK6G_3QOgVdnsunlCyduTyiyDUNUfmK8RS56EeIsSHG4Qg&#038;oh=00_AQJePP1bA3hjrUWcaMPmKsqwv_8VyYEkYZwjo8VLlucVyQ&#038;oe=6A97DA83\" title=\"Producciones Maestras\" alt=\"Producciones Maestras\" width=\"40\" height=\"40\" onerror=\"this.style.display='none'\"><\/a>\n\t<\/div>\n<\/div>\n\n<div class=\"cff-post-text\" >\n\t<span class=\"cff-text\" data-color=\"\">\n\t\t\ud83e\udd29\ud83d\udc49Disfrutando de estos d\u00edas en Ciudad Rodrigo. \u2728\ud83e\udd29\t\t\t<\/span>\n\t<span class=\"cff-expand\">... <a href=\"#\" style=\"color: #\"><span class=\"cff-more\">See More<\/span><span class=\"cff-less\">See Less<\/span><\/a><\/span>\n\n<\/div>\n\n<p class=\"cff-media-link\">\n\t<a href=\"https:\/\/www.facebook.com\/778044197456905\/posts\/1515433107051340\" target=\"_blank\" style=\"color: #\">\n\t\t<span style=\"padding-right: 5px;\" class=\"fa fas fa-picture-o fa-image\"><\/span>Photo\t<\/a>\n<\/p>\n\t<div class=\"cff-post-links\">\n\t\t\t\t\t<a class=\"cff-viewpost-facebook\" href=\"https:\/\/www.facebook.com\/778044197456905\/posts\/1515433107051340\" title=\"Ver en Facebook\" target=\"_blank\" rel=\"nofollow noopener\" >Ver en Facebook<\/a>\n\t\t\t\t\t\t\t<div class=\"cff-share-container\">\n\t\t\t\t\t\t\t\t\t<span class=\"cff-dot\" >&middot;<\/span>\n\t\t\t\t\t\t\t\t<a class=\"cff-share-link\" href=\"https:\/\/www.facebook.com\/sharer\/sharer.php?u=https%3A%2F%2Fwww.facebook.com%2F778044197456905%2Fposts%2F1515433107051340\" title=\"Compartir\" >Compartir<\/a>\n\t\t\t\t<p class=\"cff-share-tooltip\">\n\t\t\t\t\t\t\t\t\t\t\t<a href=\"https:\/\/www.facebook.com\/sharer\/sharer.php?u=https%3A%2F%2Fwww.facebook.com%2F778044197456905%2Fposts%2F1515433107051340\" target=\"_blank\" rel=\"noopener noreferrer\" class=\"cff-facebook-icon\">\n\t\t\t\t\t\t\t<span class=\"fa fab fa-facebook-square\" aria-hidden=\"true\"><\/span>\n\t\t\t\t\t\t\t<span class=\"cff-screenreader\">Share on Facebook<\/span>\n\t\t\t\t\t\t<\/a>\n\t\t\t\t\t\t\t\t\t\t\t<a href=\"https:\/\/twitter.com\/intent\/tweet?text=https%3A%2F%2Fwww.facebook.com%2F778044197456905%2Fposts%2F1515433107051340\" target=\"_blank\" rel=\"noopener noreferrer\" class=\"cff-twitter-icon\">\n\t\t\t\t\t\t\t<span class=\"fa fab fa-twitter\" aria-hidden=\"true\"><\/span>\n\t\t\t\t\t\t\t<span class=\"cff-screenreader\">Share on Twitter<\/span>\n\t\t\t\t\t\t<\/a>\n\t\t\t\t\t\t\t\t\t\t\t<a href=\"https:\/\/www.linkedin.com\/shareArticle?mini=true&#038;url=https%3A%2F%2Fwww.facebook.com%2F778044197456905%2Fposts%2F1515433107051340&#038;title=%09%09%09%F0%9F%A4%A9%F0%9F%91%89Disfrutando%20de%20estos%20d%C3%ADas%20en%20Ciudad%20Rodrigo.%20%E2%9C%A8%F0%9F%A4%A9%09%09%09%09\" target=\"_blank\" rel=\"noopener noreferrer\" class=\"cff-linkedin-icon\">\n\t\t\t\t\t\t\t<span class=\"fa fab fa-linkedin\" aria-hidden=\"true\"><\/span>\n\t\t\t\t\t\t\t<span class=\"cff-screenreader\">Share on Linked In<\/span>\n\t\t\t\t\t\t<\/a>\n\t\t\t\t\t\t\t\t\t\t\t<a href=\"mailto:?subject=Facebook&#038;body=https%3A%2F%2Fwww.facebook.com%2F778044197456905%2Fposts%2F1515433107051340%20-%20%0A%0A%09%0A%09%09%F0%9F%A4%A9%F0%9F%91%89Disfrutando%20de%20estos%20d%C3%ADas%20en%20Ciudad%20Rodrigo.%20%E2%9C%A8%F0%9F%A4%A9%09%09%09%0A%09\" target=\"_blank\" rel=\"noopener noreferrer\" class=\"cff-email-icon\">\n\t\t\t\t\t\t\t<span class=\"fa fab fa-envelope\" aria-hidden=\"true\"><\/span>\n\t\t\t\t\t\t\t<span class=\"cff-screenreader\">Share by Email<\/span>\n\t\t\t\t\t\t<\/a>\n\t\t\t\t\t\t\t\t\t<\/p>\n\t\t\t<\/div>\n\t\t\t<\/div>\n\t<\/div>\n\n\n\n<div id=\"cff_612362558800814_1514911857103465\" class=\"cff-item cff-status-post cff-album author-producciones-maestras\"  style=\"border-bottom: 1px solid #870064;\">\n\t<div class=\"cff-author\">\n\t<div class=\"cff-author-text\">\n\t\t\t\t\t<div class=\"cff-page-name cff-author-date\" >\n\t\t\t\t<a href=\"https:\/\/facebook.com\/612362558800814\" target=\"_blank\" rel=\"nofollow noopener\" >Producciones Maestras<\/a>\n\t\t\t\t<span class=\"cff-story\"> <\/span>\n\t\t\t<\/div>\n\t\t\t\n<p class=\"cff-date\" > 4 days ago <\/p>\n\t\t\t<\/div>\n\t<div class=\"cff-author-img\" data-avatar=\"https:\/\/scontent-mad2-1.xx.fbcdn.net\/v\/t39.30808-1\/241190316_288463319748331_6927936027917116524_n.jpg?stp=cp0_dst-jpg_s50x50_tt6&#038;_nc_cat=109&#038;ccb=1-7&#038;_nc_sid=f907e8&#038;_nc_ohc=aNhc_f4-_x8Q7kNvwEQ7Ytx&#038;_nc_oc=Adpcoh73sniKVTxQAj2NZDqjLYRFQsuPs7yLD8TOla9QEI-PJmCwfIbIVwxmAvC6HVk&#038;_nc_zt=24&#038;_nc_ht=scontent-mad2-1.xx&#038;edm=AKIiGfEEAAAA&#038;_nc_gid=cOcG-E25AvzKV_eG1M_JJQ&#038;_nc_tpa=Q5bMBQJSKr28rbjJ2ajd1jvSR_WM5hcwq7oJHK6G_3QOgVdnsunlCyduTyiyDUNUfmK8RS56EeIsSHG4Qg&#038;oh=00_AQJePP1bA3hjrUWcaMPmKsqwv_8VyYEkYZwjo8VLlucVyQ&#038;oe=6A97DA83\">\n\t\t<a href=\"https:\/\/facebook.com\/612362558800814\" target=\"_blank\" rel=\"nofollow noopener\" ><img decoding=\"async\" src=\"https:\/\/scontent-mad2-1.xx.fbcdn.net\/v\/t39.30808-1\/241190316_288463319748331_6927936027917116524_n.jpg?stp=cp0_dst-jpg_s50x50_tt6&#038;_nc_cat=109&#038;ccb=1-7&#038;_nc_sid=f907e8&#038;_nc_ohc=aNhc_f4-_x8Q7kNvwEQ7Ytx&#038;_nc_oc=Adpcoh73sniKVTxQAj2NZDqjLYRFQsuPs7yLD8TOla9QEI-PJmCwfIbIVwxmAvC6HVk&#038;_nc_zt=24&#038;_nc_ht=scontent-mad2-1.xx&#038;edm=AKIiGfEEAAAA&#038;_nc_gid=cOcG-E25AvzKV_eG1M_JJQ&#038;_nc_tpa=Q5bMBQJSKr28rbjJ2ajd1jvSR_WM5hcwq7oJHK6G_3QOgVdnsunlCyduTyiyDUNUfmK8RS56EeIsSHG4Qg&#038;oh=00_AQJePP1bA3hjrUWcaMPmKsqwv_8VyYEkYZwjo8VLlucVyQ&#038;oe=6A97DA83\" title=\"Producciones Maestras\" alt=\"Producciones Maestras\" width=\"40\" height=\"40\" onerror=\"this.style.display='none'\"><\/a>\n\t<\/div>\n<\/div>\n\n<div class=\"cff-post-text\" >\n\t<span class=\"cff-text\" data-color=\"\">\n\t\t\ud83c\udfad Un recuerdo de agosto.<img class=\"cff-linebreak\" \/><img class=\"cff-linebreak\" \/>Esta semana recordamos el paso de 'Una mera curiosidad' por la Feria de Teatro de Ciudad Rodrigo justo hace un a\u00f1o. Una experiencia magn\u00edfica compartiendo la historia de Artemisia Gentileschi con el p\u00fablico.<img class=\"cff-linebreak\" \/><img class=\"cff-linebreak\" \/><a href=\"https:\/\/facebook.com\/166901580046802\">Feria de Teatro de Castilla y Le\u00f3n-Ciudad Rodrigo<\/a> <img class=\"cff-linebreak\" \/><img class=\"cff-linebreak\" \/><a href=\"https:\/\/facebook.com\/1212039832204004\">#ProduccionesMaestras<\/a> <a href=\"https:\/\/facebook.com\/9515674635212081\">#unameracuriosidad<\/a> <a href=\"https:\/\/facebook.com\/838304066187770\">#feriaciudadrodrigo<\/a>\t\t\t<\/span>\n\t<span class=\"cff-expand\">... <a href=\"#\" style=\"color: #\"><span class=\"cff-more\">See More<\/span><span class=\"cff-less\">See Less<\/span><\/a><\/span>\n\n<\/div>\n\n<p class=\"cff-media-link\">\n\t<a href=\"https:\/\/www.facebook.com\/778044197456905\/posts\/1514911857103465\" target=\"_blank\" style=\"color: #\">\n\t\t<span style=\"padding-right: 5px;\" class=\"fa fas fa-picture-o fa-image\"><\/span>Photo\t<\/a>\n<\/p>\n\t<div class=\"cff-post-links\">\n\t\t\t\t\t<a class=\"cff-viewpost-facebook\" href=\"https:\/\/www.facebook.com\/778044197456905\/posts\/1514911857103465\" title=\"Ver en Facebook\" target=\"_blank\" rel=\"nofollow noopener\" >Ver en Facebook<\/a>\n\t\t\t\t\t\t\t<div class=\"cff-share-container\">\n\t\t\t\t\t\t\t\t\t<span class=\"cff-dot\" >&middot;<\/span>\n\t\t\t\t\t\t\t\t<a class=\"cff-share-link\" href=\"https:\/\/www.facebook.com\/sharer\/sharer.php?u=https%3A%2F%2Fwww.facebook.com%2F778044197456905%2Fposts%2F1514911857103465\" title=\"Compartir\" >Compartir<\/a>\n\t\t\t\t<p class=\"cff-share-tooltip\">\n\t\t\t\t\t\t\t\t\t\t\t<a href=\"https:\/\/www.facebook.com\/sharer\/sharer.php?u=https%3A%2F%2Fwww.facebook.com%2F778044197456905%2Fposts%2F1514911857103465\" target=\"_blank\" rel=\"noopener noreferrer\" class=\"cff-facebook-icon\">\n\t\t\t\t\t\t\t<span class=\"fa fab fa-facebook-square\" aria-hidden=\"true\"><\/span>\n\t\t\t\t\t\t\t<span class=\"cff-screenreader\">Share on Facebook<\/span>\n\t\t\t\t\t\t<\/a>\n\t\t\t\t\t\t\t\t\t\t\t<a href=\"https:\/\/twitter.com\/intent\/tweet?text=https%3A%2F%2Fwww.facebook.com%2F778044197456905%2Fposts%2F1514911857103465\" target=\"_blank\" rel=\"noopener noreferrer\" class=\"cff-twitter-icon\">\n\t\t\t\t\t\t\t<span class=\"fa fab fa-twitter\" aria-hidden=\"true\"><\/span>\n\t\t\t\t\t\t\t<span class=\"cff-screenreader\">Share on Twitter<\/span>\n\t\t\t\t\t\t<\/a>\n\t\t\t\t\t\t\t\t\t\t\t<a href=\"https:\/\/www.linkedin.com\/shareArticle?mini=true&#038;url=https%3A%2F%2Fwww.facebook.com%2F778044197456905%2Fposts%2F1514911857103465&#038;title=%09%09%09%F0%9F%8E%AD%20Un%20recuerdo%20de%20agosto.Esta%20semana%20recordamos%20el%20paso%20de%20%27Una%20mera%20curiosidad%27%20por%20la%20Feria%20de%20Teatro%20de%20Ciudad%20Rodrigo%20justo%20hace%20un%20a%C3%B1o.%20Una%20experiencia%20magn%C3%ADfica%20compartiendo%20la%20historia%20de%20Artemisia%20Gentileschi%20con%20el%20p%C3%BAblico.Feria%20de%20Teatro%20de%20Castilla%20y%20Le%C3%B3n-Ciudad%20Rodrigo%20%23ProduccionesMaestras%20%23unameracuriosidad%20%23feriaciudadrodrigo%09%09%09%09\" target=\"_blank\" rel=\"noopener noreferrer\" class=\"cff-linkedin-icon\">\n\t\t\t\t\t\t\t<span class=\"fa fab fa-linkedin\" aria-hidden=\"true\"><\/span>\n\t\t\t\t\t\t\t<span class=\"cff-screenreader\">Share on Linked In<\/span>\n\t\t\t\t\t\t<\/a>\n\t\t\t\t\t\t\t\t\t\t\t<a href=\"mailto:?subject=Facebook&#038;body=https%3A%2F%2Fwww.facebook.com%2F778044197456905%2Fposts%2F1514911857103465%20-%20%0A%0A%09%0A%09%09%F0%9F%8E%AD%20Un%20recuerdo%20de%20agosto.Esta%20semana%20recordamos%20el%20paso%20de%20%27Una%20mera%20curiosidad%27%20por%20la%20Feria%20de%20Teatro%20de%20Ciudad%20Rodrigo%20justo%20hace%20un%20a%C3%B1o.%20Una%20experiencia%20magn%C3%ADfica%20compartiendo%20la%20historia%20de%20Artemisia%20Gentileschi%20con%20el%20p%C3%BAblico.Feria%20de%20Teatro%20de%20Castilla%20y%20Le%C3%B3n-Ciudad%20Rodrigo%20%23ProduccionesMaestras%20%23unameracuriosidad%20%23feriaciudadrodrigo%09%09%09%0A%09\" target=\"_blank\" rel=\"noopener noreferrer\" class=\"cff-email-icon\">\n\t\t\t\t\t\t\t<span class=\"fa fab fa-envelope\" aria-hidden=\"true\"><\/span>\n\t\t\t\t\t\t\t<span class=\"cff-screenreader\">Share by Email<\/span>\n\t\t\t\t\t\t<\/a>\n\t\t\t\t\t\t\t\t\t<\/p>\n\t\t\t<\/div>\n\t\t\t<\/div>\n\t<\/div>\n\n\n\n<\/div><input class=\"cff-pag-url\" type=\"hidden\" data-locatornonce=\"5924b4c723\" data-cff-shortcode=\"{&quot;feed&quot;: &quot;1&quot;}\" data-post-id=\"8171\" data-feed-id=\"612362558800814\"><\/div><\/div><div class=\"cff-clear\"><\/div><\/div>\n\t\t<\/div>\n\t<\/div>\n\t\t<\/div>\n\t<\/div>\n<\/div><\/div><\/div><\/div><\/div><\/div><\/div><\/div>","protected":false},"excerpt":{"rendered":"Encuentro del 5 de noviembre entre el club de lectura de Ultzama y nuestro dramaturgo Patxi Larrea.","protected":false},"author":1,"featured_media":0,"parent":0,"menu_order":0,"comment_status":"closed","ping_status":"closed","template":"","meta":{"footnotes":""},"class_list":["post-7888","page","type-page","status-publish","hentry"],"yoast_head":"<!-- This site is optimized with the Yoast SEO plugin v23.3 - https:\/\/yoast.com\/wordpress\/plugins\/seo\/ -->\n<title>encontrArte III - FESTIVAL LITERCREARTE JAIALDIA<\/title>\n<meta name=\"robots\" content=\"index, follow, max-snippet:-1, max-image-preview:large, max-video-preview:-1\" \/>\n<link rel=\"canonical\" href=\"https:\/\/litercreartefestival.com\/eu\/encontrarte-iii\/\" \/>\n<meta property=\"og:locale\" content=\"en_US\" \/>\n<meta property=\"og:type\" content=\"article\" \/>\n<meta property=\"og:title\" content=\"encontrArte III - FESTIVAL LITERCREARTE JAIALDIA\" \/>\n<meta property=\"og:url\" content=\"https:\/\/litercreartefestival.com\/eu\/encontrarte-iii\/\" \/>\n<meta property=\"og:site_name\" content=\"FESTIVAL LITERCREARTE JAIALDIA\" \/>\n<meta property=\"article:modified_time\" content=\"2025-09-16T17:52:18+00:00\" \/>\n<meta name=\"twitter:card\" content=\"summary_large_image\" \/>\n<meta name=\"twitter:label1\" content=\"Est. reading time\" \/>\n\t<meta name=\"twitter:data1\" content=\"1 minutua\" \/>\n<script type=\"application\/ld+json\" class=\"yoast-schema-graph\">{\"@context\":\"https:\/\/schema.org\",\"@graph\":[{\"@type\":\"WebPage\",\"@id\":\"https:\/\/litercreartefestival.com\/encontrarte-iii\/\",\"url\":\"https:\/\/litercreartefestival.com\/encontrarte-iii\/\",\"name\":\"encontrArte III - FESTIVAL LITERCREARTE JAIALDIA\",\"isPartOf\":{\"@id\":\"https:\/\/litercreartefestival.com\/#website\"},\"datePublished\":\"2024-09-16T17:20:00+00:00\",\"dateModified\":\"2025-09-16T17:52:18+00:00\",\"breadcrumb\":{\"@id\":\"https:\/\/litercreartefestival.com\/encontrarte-iii\/#breadcrumb\"},\"inLanguage\":\"eu\",\"potentialAction\":[{\"@type\":\"ReadAction\",\"target\":[\"https:\/\/litercreartefestival.com\/encontrarte-iii\/\"]}]},{\"@type\":\"BreadcrumbList\",\"@id\":\"https:\/\/litercreartefestival.com\/encontrarte-iii\/#breadcrumb\",\"itemListElement\":[{\"@type\":\"ListItem\",\"position\":1,\"name\":\"Portada\",\"item\":\"https:\/\/litercreartefestival.com\/\"},{\"@type\":\"ListItem\",\"position\":2,\"name\":\"encontrArte III\"}]},{\"@type\":\"WebSite\",\"@id\":\"https:\/\/litercreartefestival.com\/#website\",\"url\":\"https:\/\/litercreartefestival.com\/\",\"name\":\"FESTIVAL LITERCREARTE JAIALDIA\",\"description\":\"Festival que une teatro y literatura\",\"potentialAction\":[{\"@type\":\"SearchAction\",\"target\":{\"@type\":\"EntryPoint\",\"urlTemplate\":\"https:\/\/litercreartefestival.com\/?s={search_term_string}\"},\"query-input\":\"required name=search_term_string\"}],\"inLanguage\":\"eu\"}]}<\/script>\n<!-- \/ Yoast SEO plugin. -->","yoast_head_json":{"title":"encontrArte III - FESTIVAL LITERCREARTE JAIALDIA","robots":{"index":"index","follow":"follow","max-snippet":"max-snippet:-1","max-image-preview":"max-image-preview:large","max-video-preview":"max-video-preview:-1"},"canonical":"https:\/\/litercreartefestival.com\/eu\/encontrarte-iii\/","og_locale":"en_US","og_type":"article","og_title":"encontrArte III - FESTIVAL LITERCREARTE JAIALDIA","og_url":"https:\/\/litercreartefestival.com\/eu\/encontrarte-iii\/","og_site_name":"FESTIVAL LITERCREARTE JAIALDIA","article_modified_time":"2025-09-16T17:52:18+00:00","twitter_card":"summary_large_image","twitter_misc":{"Est. reading time":"1 minutua"},"schema":{"@context":"https:\/\/schema.org","@graph":[{"@type":"WebPage","@id":"https:\/\/litercreartefestival.com\/encontrarte-iii\/","url":"https:\/\/litercreartefestival.com\/encontrarte-iii\/","name":"encontrArte III - FESTIVAL LITERCREARTE JAIALDIA","isPartOf":{"@id":"https:\/\/litercreartefestival.com\/#website"},"datePublished":"2024-09-16T17:20:00+00:00","dateModified":"2025-09-16T17:52:18+00:00","breadcrumb":{"@id":"https:\/\/litercreartefestival.com\/encontrarte-iii\/#breadcrumb"},"inLanguage":"eu","potentialAction":[{"@type":"ReadAction","target":["https:\/\/litercreartefestival.com\/encontrarte-iii\/"]}]},{"@type":"BreadcrumbList","@id":"https:\/\/litercreartefestival.com\/encontrarte-iii\/#breadcrumb","itemListElement":[{"@type":"ListItem","position":1,"name":"Portada","item":"https:\/\/litercreartefestival.com\/"},{"@type":"ListItem","position":2,"name":"encontrArte III"}]},{"@type":"WebSite","@id":"https:\/\/litercreartefestival.com\/#website","url":"https:\/\/litercreartefestival.com\/","name":"FESTIVAL LITERCREARTE JAIALDIA","description":"Festival que une teatro y literatura","potentialAction":[{"@type":"SearchAction","target":{"@type":"EntryPoint","urlTemplate":"https:\/\/litercreartefestival.com\/?s={search_term_string}"},"query-input":"required name=search_term_string"}],"inLanguage":"eu"}]}},"_links":{"self":[{"href":"https:\/\/litercreartefestival.com\/eu\/wp-json\/wp\/v2\/pages\/7888","targetHints":{"allow":["GET"]}}],"collection":[{"href":"https:\/\/litercreartefestival.com\/eu\/wp-json\/wp\/v2\/pages"}],"about":[{"href":"https:\/\/litercreartefestival.com\/eu\/wp-json\/wp\/v2\/types\/page"}],"author":[{"embeddable":true,"href":"https:\/\/litercreartefestival.com\/eu\/wp-json\/wp\/v2\/users\/1"}],"replies":[{"embeddable":true,"href":"https:\/\/litercreartefestival.com\/eu\/wp-json\/wp\/v2\/comments?post=7888"}],"version-history":[{"count":36,"href":"https:\/\/litercreartefestival.com\/eu\/wp-json\/wp\/v2\/pages\/7888\/revisions"}],"predecessor-version":[{"id":8471,"href":"https:\/\/litercreartefestival.com\/eu\/wp-json\/wp\/v2\/pages\/7888\/revisions\/8471"}],"wp:attachment":[{"href":"https:\/\/litercreartefestival.com\/eu\/wp-json\/wp\/v2\/media?parent=7888"}],"curies":[{"name":"wp","href":"https:\/\/api.w.org\/{rel}","templated":true}]}}